{"id":311,"date":"2024-12-10T17:27:52","date_gmt":"2024-12-10T16:27:52","guid":{"rendered":"https:\/\/userblogs.fu-berlin.de\/dgpuk\/?page_id=311"},"modified":"2025-03-19T12:08:17","modified_gmt":"2025-03-19T11:08:17","slug":"vorprogramm","status":"publish","type":"page","link":"https:\/\/userblogs.fu-berlin.de\/dgpuk\/tagungsprogramm\/vorprogramm\/","title":{"rendered":"Vorprogramm"},"content":{"rendered":"\n<p><\/p>\n\n\n\n<p><strong>Dienstag, 18.03.2025<\/strong><\/p>\n\n\n\n<p><strong>Medienvertrauenskrise?! Ursachen, Trends &amp; L\u00f6sungsans\u00e4tze <\/strong><\/p>\n\n\n\n<p>World Caf\u00e9, Dienstag (18.03.25) 16-19 Uhr &#8211; Weizenbaum Institut (Hardenbergstr. 32, 10623 Berlin)<\/p>\n\n\n\n<p>Das vom DFG-Netzwerk &#8222;Medienvertrauen in der digitalen Welt&#8220; organisierte World Caf\u00e9 dient dem Austausch zwischen Medien, Wissenschaft und Politik und stellt vor diesem Hintergrund die Frage nach einer &#8222;Medienvertrauenskrise&#8220;. An vier Tischen wird sich der Thematik aus verschiedenen Blickwinkeln angenommen:<\/p>\n\n\n\n<p>Tisch 1: Strategien der Vertrauensbildung im Journalismus <\/p>\n\n\n\n<p>Tisch 2: Plattformisierung, Algorithmen, Alternativmedien: Die Rolle von Vertrauen in der aktuellen Nachrichtenlandschaft <\/p>\n\n\n\n<p>Tisch 3: Entt\u00e4uschte Bev\u00f6lkerung, entt\u00e4uschte Eliten? Ein Blick auf Politik-, Medien- und B\u00fcrgerverdrossenheit <\/p>\n\n\n\n<p>Tisch 4: Hate Speech, Fake News &amp; Desinformationen: Ursachen &amp; Folgen f\u00fcr Journalismus und Politik <\/p>\n\n\n\n<p>Im Anschluss an das World Caf\u00e9 laden die Organisierenden zum Umtrunk ein. Anmeldungen sind bis zum <strong>02. M\u00e4rz 2025 \u00fcber Prof. Dr. Nayla Fawzi<\/strong> (<a href=\"mailto:nayla.fawzi@uni-mainz.de\">nayla.fawzi@uni-mainz.de<\/a>) m\u00f6glich. <\/p>\n\n\n\n<hr class=\"wp-block-separator has-alpha-channel-opacity\" \/>\n\n\n\n<p><strong>Mittwoch, 19.03.2025<\/strong><\/p>\n\n\n\n<p><strong>Richtige Fragen statt fertiger Antworten: Eine ethische Entscheidungshilfe f\u00fcr die digitale Gesellschaft<\/strong><\/p>\n\n\n\n<p>Workshop, 14-16 Uhr &#8211; Freie Universit\u00e4t Berlin (Ihnestra\u00dfe 21, Raum 21-E)<\/p>\n\n\n\n<p><em>Annika Franzetti, Susanna Endres, Klaus-Dieter Altmeppen &amp; Alexander Filipovi\u0107<\/em><br><em>Ein Workshop des Redaktions- und Herausgeber:innen-Teams der Zeitschrift Communicatio Socialis<\/em><\/p>\n\n\n\n<p>Medienschaffende in der digitalen Gesellschaft brauchen die F\u00e4higkeit auch unter Druck rasch begr\u00fcndete ethische Entscheidungen zu treffen. Voraussetzung ist jedoch, dass \u00fcberhaupt erkannt wird, dass man vor einer ethisch-relevanten Entscheidungssituation steht.<\/p>\n\n\n\n<div class=\"wp-block-columns is-layout-flex wp-container-core-columns-is-layout-9d6595d7 wp-block-columns-is-layout-flex\">\n<div class=\"wp-block-column is-vertically-aligned-bottom is-layout-flow wp-block-column-is-layout-flow\">\n<div class=\"wp-block-columns is-layout-flex wp-container-core-columns-is-layout-9d6595d7 wp-block-columns-is-layout-flex\">\n<div class=\"wp-block-column is-layout-flow wp-block-column-is-layout-flow\">\n<p>Hierf\u00fcr bedarf es der F\u00e4higkeit, vom Fall betroffene Werte kritisch zu hinterfragen, in Handlungsnormen zu \u00fcberf\u00fchren und anzuwenden. Es gilt, die \u201erichtigen\u201c Fragen stellen zu k\u00f6nnen und sich nicht auf vermeintliche (moralische) Gewissheiten und Antworten zu verlassen. Richtig gestellte Fragen helfen, eine Problemstellung zu analysieren und Rahmenbedingungen sowie Konsequenzen auf unterschiedlichen Ebenen bei der Entscheidungsfindung zu ber\u00fccksichtigen. Doch wie k\u00f6nnte eine Methode des \u201emedienethischen Fragens\u201c aussehen? Der Workshop diskutiert f\u00fcr den Medienbereich relevante Werte. Anschlie\u00dfend wird in mehreren Schritten gemeinsam an einem Entwurf f\u00fcr ein auf systematisierenden Fragen beruhendes, dynamisches Entscheidungsfindungs-Instrument gearbeitet.<\/p>\n<\/div>\n<\/div>\n<\/div>\n\n\n\n<div class=\"wp-block-column is-vertically-aligned-center is-layout-flow wp-block-column-is-layout-flow\">\n<figure class=\"wp-block-image size-large\"><img loading=\"lazy\" decoding=\"async\" width=\"1024\" height=\"576\" src=\"https:\/\/userblogs.fu-berlin.de\/dgpuk\/files\/2024\/11\/Grafik_Methode-1024x576.png\" alt=\"\" class=\"wp-image-283\" srcset=\"https:\/\/userblogs.fu-berlin.de\/dgpuk\/files\/2024\/11\/Grafik_Methode-1024x576.png 1024w, https:\/\/userblogs.fu-berlin.de\/dgpuk\/files\/2024\/11\/Grafik_Methode-300x169.png 300w, https:\/\/userblogs.fu-berlin.de\/dgpuk\/files\/2024\/11\/Grafik_Methode-768x432.png 768w, https:\/\/userblogs.fu-berlin.de\/dgpuk\/files\/2024\/11\/Grafik_Methode-1536x864.png 1536w, https:\/\/userblogs.fu-berlin.de\/dgpuk\/files\/2024\/11\/Grafik_Methode-2048x1152.png 2048w\" sizes=\"auto, (max-width: 1024px) 100vw, 1024px\" \/><figcaption>Ablauf des Workshops<\/figcaption><\/figure>\n<\/div>\n<\/div>\n\n\n\n<p><strong>Die Anmeldung erfolgt \u00fcber folgendes Formular<\/strong>: <a rel=\"noreferrer noopener\" href=\"https:\/\/eveeno.com\/Werte\" target=\"_blank\">https:\/\/eveeno.com\/Werte<\/a><\/p>\n\n\n\n<hr class=\"wp-block-separator has-alpha-channel-opacity\" \/>\n\n\n\n<p><strong>Sozial-\u00f6kologisch transformative Kommunikationswissenschaft: Wie k\u00f6nnte die konkret aussehen?<\/strong><\/p>\n\n\n\n<p>Workshop, 14-16 Uhr &#8211; Freie Universit\u00e4t Berlin (Garystra\u00dfe 55, Raum 55-C)<\/p>\n\n\n\n<p><em>Michael Br\u00fcggemann, Sigrid Kannengie\u00dfer &amp; Franzisca Weder<\/em><\/p>\n\n\n\n<p>Visionen f\u00fcr ein besseres Leben, so vielf\u00e4ltig sie auch sein k\u00f6nnen, m\u00fcssen eine Antwort auf die Frage finden, wie die Menschheit einen Lebensstil entwickeln kann, der der Zerst\u00f6rung der nat\u00fcrlichen Lebensgrundlagen auf demokratische und sozial gerechte Weise Grenzen setzt. Die multiple Krise, die heute schon zahlreiche Arten und \u00d6kosysteme bedroht und mittelfristig auch die Lebensbedingungen f\u00fcr einen Gro\u00dfteil der Menschheit verschlechtern wird, fordert uns nicht nur in unseren Rollen als B\u00fcrger:innen und Konsument:innen heraus, sondern auch in der beruflichen Funktion: als Verantwortungstr\u00e4ger:innen in Universit\u00e4ten, als Forschende und Lehrende in unserem Fach, als Menschen, die in der DGPUK organisiert sind und in der \u00d6ffentlichkeit auftreten.<\/p>\n\n\n\n<p>In diesem Workshop wollen wir \u00fcber die Frage hinauszugehen, <em>ob <\/em>wir uns sozial-\u00f6kologisch transformativ engagieren sollten in unseren beruflichen Rollen, und stattdessen konkret dar\u00fcber zu sprechen, <em>wie <\/em>wir uns <em>gemeinsam <\/em>engagieren k\u00f6nnen und wollen.<\/p>\n\n\n\n<p>Der Workshop wird dreiteilig strukturiert sein: Erstens werden wir einen kurzen Input zu den sozial-\u00f6kologischen Herausforderungen geben, die wir f\u00fcr kommunikationswissenschaftlich relevant halten. Zweitens werden die Teilnehmenden des Workshops in Kleingruppen mit unterschiedlichen Themenschwerpunkten die Frage diskutieren, wie und welche Visionen eines besseren Lebens die Kommunikationswissenschaft mit Bezug zur sozial-\u00f6kologischen Transformation entwickeln kann und muss und wie diese umgesetzt werden k\u00f6nnten. Die Themenschwerpunkte werden sein: Forschung, Lehre, gesellschaftliches Engagement. Drittens werden die Ergebnisse der Kleingruppendiskussion dem Plenum im Anschluss vorgestellt und auf der Basis dieser Pr\u00e4sentationen konkrete Vernetzungsoptionen und Notwendigkeiten von und f\u00fcr Kommunikationswissenschaftler:innen, die sich in Forschung, Lehre und gesellschaftlichem Engagement mit sozial-\u00f6kologisch transformativen Ans\u00e4tzen besch\u00e4ftigen (wollen), eruiert. Letzteres soll eine Perspektive der weiteren Zusammenarbeit nach dem Workshop und der DGPuK-Tagung er\u00f6ffnen.<\/p>\n\n\n\n<p>Interessierte, die am Workshop teilnehmen m\u00f6chten, melden sich per <strong>E-Mail bei Robin Tsch\u00f6tschel<\/strong> an: <a href=\"mailto:robin.tschoetschel@uni-hamburg.de\">robin.tschoetschel@uni-hamburg.de<\/a><\/p>\n\n\n\n<hr class=\"wp-block-separator has-alpha-channel-opacity\" \/>\n\n\n\n<p><strong><strong>Evidenzbasiertes Update f\u00fcr Demokratie und Diskurskultur: B\u00fcrgerr\u00e4te als Forum und Anker f\u00fcr Wissenstransfer<\/strong><\/strong><\/p>\n\n\n\n<p>Workshop \/ Dialogforum, 14-16 Uhr &#8211; Freie Universit\u00e4t Berlin (Garystra\u00dfe 55, Raum 55-105)<\/p>\n\n\n\n<p><em>Marlies Prinzing, Birte Kuhle &amp; Charmaine Voigt<\/em><\/p>\n\n\n\n<p>Die Lage ist komplex: Viele Menschen sorgen sich um den Bestand unserer freiheitlichen Grundordnung. Viele misstrauen der Politik. Etliche w\u00fcnschen sich, dass schneller entschieden und durchgegriffen wird. Andere sehen uns auf dem Weg von der demokratischen in eine autorit\u00e4re Gesellschaft. Immer wieder wird angenommen und unterstellt, es gehe nur um jeweils eigene Interessen, nicht um die der B\u00fcrger:innen. Das <strong>Misstrauen<\/strong> vieler beschr\u00e4nkt sich nicht auf die Politik. Auch andere, darunter die Wissenschaft, verlieren in der Bev\u00f6lkerung an Vertrauen.&nbsp; Desinformation, Bildung, Migration \u2013 in vielen Themenfeldern zeigt sich Verbesserungsbedarf in der politischen Praxis, aber auch in der Diskussionskultur.<\/p>\n\n\n\n<p>Unser Fach ist doppelt angesprochen: \u00dcber die Art, wie aktuelle Themen kommuniziert und vermittelt werden sowie \u00fcber die Art, wie diskutiert und gestritten wird.<\/p>\n\n\n\n<p>Gemeinsam vorankommen und Antworten auf politische sowie gesellschaftliche Fragen finden sowie breit akzeptierte Ma\u00dfnahmen entwickeln, gelingt, wenn alle am Tisch sitzen: Politik, Wirtschaft, Gesellschaft, Wissenschaft. <strong>B\u00fcrgerr\u00e4te <\/strong>sind ein Ansatz, um dies zu f\u00f6rdern. B\u00fcrgerr\u00e4te sind politische Gremien aus zuf\u00e4llig ausgew\u00e4hlten B\u00fcrger:innen. Sie sind ein Instrument der B\u00fcrgerbeteiligung. Sie k\u00f6nnen konstruktiv sein, geraten aber auch leicht in Verdacht, parteipolitische Interessen zu bedienen.<\/p>\n\n\n\n<p>B\u00fcrgerr\u00e4te k\u00f6nnen als Ankerpunkte des <strong>Wissenstransfers<\/strong> verstanden werden. Denn sie werden einberufen, um themenspezifische gesellschaftliche Herausforderungen anzugehen. Sie k\u00f6nnen im Dialog mit allen Seiten stehen und gelingenden Wissenstransfer auch dadurch erzeugen, dass sie als Transmissionsriemen zwischen Beh\u00f6rden und Expert:innen einerseits und der Bev\u00f6lkerung anderseits fungieren. Wissenstransfer nur in die B\u00fcrgerr\u00e4te hinein w\u00e4re zu wenig, ist aber ein wichtiger Teilbereich. Kommunikationswissenschaft w\u00e4re dabei gefordert, B\u00fcrgerr\u00e4te \u00fcber Desinformation, Cyber-Krieg, Fake News, Rolle der Tech-Giganten aufzukl\u00e4ren bzw. aktuelle Expertise bereitzustellen und zu diskutieren.<\/p>\n\n\n\n<p>Die Arbeitsgruppe Third Mission\/Wissenstransfer l\u00e4dt im Rahmen der 70. Jahrestagung der Deutschen Gesellschaft f\u00fcr Publizistik- und Kommunikationswissenschaft in Berlin zu einem interaktiven Workshop-Format ein. Wir treten in den Dialog mit zivilgesellschaftlichen Vertreter:innen u.a. der B\u00fcrgerr\u00e4te \u201eBildung und Lernen\u201c, \u201eForum gegen Fakes\u201c und \u201eZukunft der KI-Forschung\u201c. Eingeladen sind:<\/p>\n\n\n\n<ul class=\"wp-block-list\"><li>Jule Halbach (Jurastudentin aus Berlin) \u2013 Mitglied des B\u00fcrgerrats Bildung und Lernen<\/li><li>Vincenz Kurze (Industriekletterer und K\u00fcnstler aus Stralsund) \u2013 Mitglied des B\u00fcrgerrats Bildung und Lernen<\/li><li><a href=\"https:\/\/www.buergerrat-bildung-lernen.de\/\" target=\"_blank\" rel=\"noreferrer noopener\"><strong>Zum B\u00fcrgerat Bildung und Lernen<\/strong><\/a><\/li><\/ul>\n\n\n\n<ul class=\"wp-block-list\"><li>Dr. Angela Jain (Senior Project Manager Demokratie und Zusammenhalt; Bertelsmann Stiftung) &#8211; B\u00fcrgerrat Forum gegen Fakes<\/li><li>Charlotte Freihse (Projekt Manager, Digitalisierung und Gemeinwohl, Bertelsmann Stiftung: Expertin f\u00fcr Desinformation und Methode B\u00fcrgerrat) \u2013 B\u00fcrgerrat Forum gegen Fakes<\/li><li><a href=\"https:\/\/forum-gegen-fakes.de\/de\/start\" target=\"_blank\" rel=\"noreferrer noopener\"><strong>Zum B\u00fcrgerrat Forum gegen Fakes<\/strong><\/a><\/li><\/ul>\n\n\n\n<ul class=\"wp-block-list\"><li>Patrick Kl\u00fcgel (Public Engagement Manager; Uni T\u00fcbingen) \u2013 B\u00fcrgerrat zur Zukunft der KI-Forschung<\/li><li>Anika Kaiser (Doktorandin \u00fcber B\u00fcrgerr\u00e4te) \u2013 B\u00fcrgerrat zur Zukunft der KI-Forschung<\/li><li><strong><a href=\"https:\/\/rhet.ai\/team\/\" target=\"_blank\" rel=\"noreferrer noopener\">Zum B\u00fcrgerrat zur Zukunft der KI-Forschung<\/a><\/strong><\/li><\/ul>\n\n\n\n<p>Wir haben B\u00fcrgerr\u00e4te ausgew\u00e4hlt, die sich mit Themen befassen, die auch die Kommunikationswissenschaft umtreiben: KI-Anwendungen, Desinformation. Ein zentrales Ziel der Veranstaltung ist es, gemeinsam mit den Vertreter:innen dieser B\u00fcrgerr\u00e4te zu reflektieren, welche Rolle wissenschaftliche Expertise, insbesondere aus unserem Fach, in der Arbeit von B\u00fcrgerr\u00e4ten spielt. Und wir m\u00f6chten innovative Ans\u00e4tze f\u00fcr eine st\u00e4rkere gesellschaftliche Wahrnehmung und Wirksamkeit unserer Forschung entwickeln: Wie kann unsere Forschung zur F\u00f6rderung von Transparenz, Partizipation und Medienkompetenz beitragen? Und wir wollen \u00fcber Erfahrungen reden: Was k\u00f6nnen B\u00fcrgerr\u00e4te leisten? Wo sto\u00dfen sie an Grenzen?<\/p>\n\n\n\n<p>Wir freuen uns auf eine rege Teilnahme!<\/p>\n\n\n\n<p>Der Workshop l\u00e4uft im Vorprogramm der Tagung; er ist kostenfrei und \u00f6ffentlich. Wir bitten um <strong>Anmeldung unter folgender Mail-Adresse: <a href=\"mailto:m.prinzing@macromedia.de\">m.prinzing@macromedia.de<\/a><\/strong>&nbsp; (Marlis Prinzing \/ Hochschule Macromedia);<\/p>\n\n\n\n<p><em>Die AG Third Mission\/Wissenstransfer wurde im Fr\u00fchjahr 2024 vom Vorstand der DGPuK eingesetz und versteht dieses Thema als Querschnittsaufgabe. Weitere Informationen: <a href=\"https:\/\/www.dgpuk.de\/de\/ausschuesse-und-arbeitsgruppen\/ag-third-missionwissenstransfer\">https:\/\/www.dgpuk.de\/de\/ausschuesse-und-arbeitsgruppen\/ag-third-missionwissenstransfer<\/a><\/em><\/p>\n\n\n\n<hr class=\"wp-block-separator has-alpha-channel-opacity\" \/>\n\n\n\n<p><strong>Erosion demokratischer Werte?&nbsp; Antidemokratische Akteure in der \u00d6ffentlichkeit<\/strong><\/p>\n\n\n\n<p>Pre-Conference, 10.00 &#8211; 16.00 Uhr &#8211; Weizenbaum-Institut<\/p>\n\n\n\n<p><em>Ines Engelmann, Emese Domahidi, Anke Stoll, Immanuel von Detten &amp; Antonia Wurm<\/em><\/p>\n\n\n\n<p>Wie k\u00f6nnen wir antidemokratische Akteure in der \u00d6ffentlichkeit und ihren Beitrag zur Erosion demokratischer Werte in der Gesellschaft erforschen? Zu diesem Themenfeld wollen wir Wissenschaftler:innen zusammenf\u00fchren und die Frage in einem Workshop&nbsp;in drei Schritten aufgreifen: Zun\u00e4chst bringen wir uns in kurzen Inputs auf den aktuellen Wissensstand zu antidemokratischen Akteuren in der \u00d6ffentlichkeit. Anschlie\u00dfend diskutieren wir in kleinen Teams Forschungsdefizite und Probleml\u00f6sungen aus verschiedenen Fachperspektiven und entwickeln neue Forschungsziele. Im letzten Teil diskutieren wir Ideen, ob und in welchen Kooperationsformaten wir unsere Forschungsziele kurz- und mittelfristig umsetzen wollen.<\/p>\n\n\n\n<p><em>Eine Anmeldung ist leider nicht mehr m\u00f6glich.<\/em><\/p>\n\n\n\n<hr class=\"wp-block-separator has-alpha-channel-opacity\" \/>\n\n\n\n<p><strong>Com-DTM Co-Creation Workshop: Ein Community-Datentreuh\u00e4nder f\u00fcr digitale Rechtsextremismusstudien<\/strong><\/p>\n\n\n\n<p>Workshop, 10-16 Uhr &#8211; Freie Universit\u00e4t Berlin<\/p>\n\n\n\n<p><em>Nils Jungmann, Jan Rau, Moritz F\u00fcrneisen, Pascal Siegers &amp; Gregor Wiedemann<\/em><\/p>\n\n\n\n<p><em>Der Workshop musste leider abgesagt werden.<\/em><\/p>\n\n\n\n<hr class=\"wp-block-separator has-alpha-channel-opacity\" \/>\n\n\n\n<p><strong>&#8218;Ungerechtigkeiten&#8216; in wissenschaftlichen Karrieren in der PuK: Ein World Caf\u00e9 zur Reflektion der aktuellen Befunde der Befragung des DGPuK-Mittelbaus<\/strong><\/p>\n\n\n\n<p>World Caf\u00e9, 14-16 Uhr &#8211; Freie Universit\u00e4t Berlin<\/p>\n\n\n\n<p><em>Elena Link &amp; Alexander Rihl<\/em><\/p>\n\n\n\n<p><em>Das World Caf\u00e9 musste leider abgesagt werden.<\/em><\/p>\n\n\n\n<hr class=\"wp-block-separator has-alpha-channel-opacity\" \/>\n\n\n\n<p><strong>mijofo-Preconference<\/strong><\/p>\n\n\n\n<p>Pre-Conference, 14-16 Uhr \u2013 Freie Universit\u00e4t (Ihnestra\u00dfe 21, Raum 21-B)<\/p>\n\n\n\n<p><em>Sina Th\u00e4sler-Kordonouri, Korbinian Klinghardt, Lea von den Driesch &amp; Maike K\u00f6rner<\/em><\/p>\n\n\n\n<p>Der Mittelbau Journalismusforschung (mijofo) l\u00e4dt am 19. M\u00e4rz zu seiner Pre-Conference ein. Inhaltlich gibt es eine kurzfristige \u00c4nderung: Anstelle des geplanten Redaktionsbesuchs steht ein Austausch \u00fcber&nbsp;<strong>Potenziale und Herausforderungen von Theorie-und-Praxis-Kooperationen<\/strong>&nbsp;im Mittelpunkt. Erg\u00e4nzt wird das Programm durch einen&nbsp;<strong>Expert:innen-Input<\/strong>.<\/p>\n\n\n\n<p><em>Die Veranstaltung muss krankheitsbedingt leider entfallen<\/em><\/p>\n","protected":false},"excerpt":{"rendered":"<p>Dienstag, 18.03.2025 Medienvertrauenskrise?! Ursachen, Trends &amp; L\u00f6sungsans\u00e4tze World Caf\u00e9, Dienstag (18.03.25) 16-19 Uhr &#8211; Weizenbaum Institut (Hardenbergstr. 32, 10623 Berlin) Das vom DFG-Netzwerk &#8222;Medienvertrauen in der digitalen Welt&#8220; organisierte World Caf\u00e9 dient dem Austausch zwischen Medien, Wissenschaft und Politik und stellt vor diesem Hintergrund die Frage nach einer &#8222;Medienvertrauenskrise&#8220;. An vier Tischen wird sich der &#8230; <a title=\"Vorprogramm\" class=\"read-more\" href=\"https:\/\/userblogs.fu-berlin.de\/dgpuk\/tagungsprogramm\/vorprogramm\/\" aria-label=\"Mehr Informationen \u00fcber Vorprogramm\">Weiterlesen<\/a><\/p>\n","protected":false},"author":8049,"featured_media":0,"parent":47,"menu_order":3,"comment_status":"closed","ping_status":"closed","template":"","meta":{"footnotes":""},"class_list":["post-311","page","type-page","status-publish"],"_links":{"self":[{"href":"https:\/\/userblogs.fu-berlin.de\/dgpuk\/wp-json\/wp\/v2\/pages\/311","targetHints":{"allow":["GET"]}}],"collection":[{"href":"https:\/\/userblogs.fu-berlin.de\/dgpuk\/wp-json\/wp\/v2\/pages"}],"about":[{"href":"https:\/\/userblogs.fu-berlin.de\/dgpuk\/wp-json\/wp\/v2\/types\/page"}],"author":[{"embeddable":true,"href":"https:\/\/userblogs.fu-berlin.de\/dgpuk\/wp-json\/wp\/v2\/users\/8049"}],"replies":[{"embeddable":true,"href":"https:\/\/userblogs.fu-berlin.de\/dgpuk\/wp-json\/wp\/v2\/comments?post=311"}],"version-history":[{"count":24,"href":"https:\/\/userblogs.fu-berlin.de\/dgpuk\/wp-json\/wp\/v2\/pages\/311\/revisions"}],"predecessor-version":[{"id":456,"href":"https:\/\/userblogs.fu-berlin.de\/dgpuk\/wp-json\/wp\/v2\/pages\/311\/revisions\/456"}],"up":[{"embeddable":true,"href":"https:\/\/userblogs.fu-berlin.de\/dgpuk\/wp-json\/wp\/v2\/pages\/47"}],"wp:attachment":[{"href":"https:\/\/userblogs.fu-berlin.de\/dgpuk\/wp-json\/wp\/v2\/media?parent=311"}],"curies":[{"name":"wp","href":"https:\/\/api.w.org\/{rel}","templated":true}]}}