{"id":185,"date":"2020-03-23T22:42:07","date_gmt":"2020-03-23T21:42:07","guid":{"rendered":"https:\/\/userblogs.fu-berlin.de\/dutch\/?page_id=185"},"modified":"2024-01-19T13:06:13","modified_gmt":"2024-01-19T12:06:13","slug":"caribisch-gebied","status":"publish","type":"page","link":"https:\/\/userblogs.fu-berlin.de\/dutch\/nederlands-taalgebied\/caribisch-gebied\/","title":{"rendered":"Caribisch gebied"},"content":{"rendered":"\r\n<div class=\"wp-block-group alignfull\">\r\n<div class=\"wp-block-group__inner-container is-layout-flow wp-block-group-is-layout-flow\">\r\n<h1 class=\"wp-block-heading\">Caribisch gebied<img loading=\"lazy\" decoding=\"async\" class=\"size-full wp-image-635 alignright\" src=\"https:\/\/userblogs.fu-berlin.de\/dutch\/files\/2020\/04\/gehirn-e1585853622174.png\" alt=\"\" width=\"100\" height=\"100\" \/><\/h1>\r\n<\/div>\r\n<\/div>\r\n\r\n\r\n\r\n<div class=\"wp-block-group alignfull\">\r\n<div class=\"wp-block-group__inner-container is-layout-flow wp-block-group-is-layout-flow\">\r\n<div class=\"wp-block-columns is-layout-flex wp-container-core-columns-is-layout-9d6595d7 wp-block-columns-is-layout-flex\">\r\n<div class=\"wp-block-column is-layout-flow wp-block-column-is-layout-flow\" style=\"flex-basis: 66.66%\">\r\n<p>Het Nederlands is offici\u00eble taal op zes eilanden in het Cara\u00efbisch gebied. Deze eilanden liggen in de Cara\u00efbische zee voor de kust van Zuid-Amerika <strong>(zie kaart)<\/strong>. Ze horen bij het Koninkrijk der Nederlanden. Samen hebben ze ongeveer 256 000 inwoners. Deze eilanden zijn Aruba, Cura\u00e7ao, Sint-Maarten en de &#8216;BES-eilanden&#8217;: Bonaire, Sint-Eustatius en Saba. Vroeger werd de naam <em>De Nederlandse Antillen<\/em> gebruikt. In 1986 werd dat <em>De Nederlandse Antillen en Aruba. <\/em>Sinds hervormingen in 2010 zijn Bonaire, Sint-Eustatius en Saba &#8216;bijzondere gemeenten&#8217; van Nederland en spreekt men van <em>Caribisch Nederland<\/em>. De andere drie eilanden, Aruba, Cura\u00e7ao en Sint-Maarten, zijn zelfstandige landen binnen het koninkrijk. Het <strong>boomdiagram <\/strong>rechts verduidelijkt deze indeling.<\/p>\r\n\r\n\r\n\r\n<p>&nbsp;<\/p>\r\n<\/div>\r\n\r\n\r\n\r\n<div class=\"wp-block-column is-layout-flow wp-block-column-is-layout-flow\" style=\"flex-basis: 33.33%\">\r\n<figure class=\"wp-block-table\">\r\n<table>\r\n<tbody>\r\n<tr>\r\n<td><strong>Inhoudsopgave<\/strong><br \/><br \/>1. <a href=\"#taalsituatie\">De taalsituatie in het Caribisch gebied<br \/><\/a>2. <a href=\"#ACSM\">Aruba, Cura\u00e7ao en Sint-Maarten<\/a><br \/>3. <a href=\"#caribischNL\">Caribisch Nederland: Bonaire, Sint-Eustatius en Saba<\/a><\/td>\r\n<\/tr>\r\n<\/tbody>\r\n<\/table>\r\n<\/figure>\r\n\r\n\r\n\r\n<div class=\"wp-block-image wp-image-186\">\r\n<figure class=\"alignright size-medium\"><img loading=\"lazy\" decoding=\"async\" width=\"300\" height=\"185\" class=\"wp-image-186\" src=\"https:\/\/userblogs.fu-berlin.de\/dutch\/files\/2020\/03\/555px-Kingdom_of_the_Netherlands_location_tree.svg_-300x185.png\" alt=\"Structuur van het Koninkrijk der Nederlanden\" srcset=\"https:\/\/userblogs.fu-berlin.de\/dutch\/files\/2020\/03\/555px-Kingdom_of_the_Netherlands_location_tree.svg_-300x185.png 300w, https:\/\/userblogs.fu-berlin.de\/dutch\/files\/2020\/03\/555px-Kingdom_of_the_Netherlands_location_tree.svg_.png 555w\" sizes=\"auto, (max-width: 300px) 100vw, 300px\" \/>\r\n<figcaption>Structuur van het Koninkrijk der Nederlanden<\/figcaption>\r\n<\/figure>\r\n<\/div>\r\n\r\n\r\n\r\n<p>&nbsp;<\/p>\r\n<\/div>\r\n<\/div>\r\n<\/div>\r\n<\/div>\r\n\r\n\r\n\r\n<div class=\"wp-block-group\">\r\n<div class=\"wp-block-group__inner-container is-layout-flow wp-block-group-is-layout-flow\">\r\n<div class=\"wp-block-columns is-layout-flex wp-container-core-columns-is-layout-9d6595d7 wp-block-columns-is-layout-flex\">\r\n<div class=\"wp-block-column is-layout-flow wp-block-column-is-layout-flow\">\r\n<figure class=\"wp-block-image size-large\"><img loading=\"lazy\" decoding=\"async\" width=\"1024\" height=\"623\" class=\"wp-image-2903\" src=\"https:\/\/userblogs.fu-berlin.de\/dutch\/files\/2020\/07\/StepMap-Karte-Saba-Sint-Maarten-Sint-Eustatius-1024x623.jpg\" alt=\"\" srcset=\"https:\/\/userblogs.fu-berlin.de\/dutch\/files\/2020\/07\/StepMap-Karte-Saba-Sint-Maarten-Sint-Eustatius-1024x623.jpg 1024w, https:\/\/userblogs.fu-berlin.de\/dutch\/files\/2020\/07\/StepMap-Karte-Saba-Sint-Maarten-Sint-Eustatius-300x183.jpg 300w, https:\/\/userblogs.fu-berlin.de\/dutch\/files\/2020\/07\/StepMap-Karte-Saba-Sint-Maarten-Sint-Eustatius-768x467.jpg 768w, https:\/\/userblogs.fu-berlin.de\/dutch\/files\/2020\/07\/StepMap-Karte-Saba-Sint-Maarten-Sint-Eustatius-1536x935.jpg 1536w, https:\/\/userblogs.fu-berlin.de\/dutch\/files\/2020\/07\/StepMap-Karte-Saba-Sint-Maarten-Sint-Eustatius-2048x1246.jpg 2048w, https:\/\/userblogs.fu-berlin.de\/dutch\/files\/2020\/07\/StepMap-Karte-Saba-Sint-Maarten-Sint-Eustatius-250x152.jpg 250w, https:\/\/userblogs.fu-berlin.de\/dutch\/files\/2020\/07\/StepMap-Karte-Saba-Sint-Maarten-Sint-Eustatius-550x335.jpg 550w, https:\/\/userblogs.fu-berlin.de\/dutch\/files\/2020\/07\/StepMap-Karte-Saba-Sint-Maarten-Sint-Eustatius-800x487.jpg 800w, https:\/\/userblogs.fu-berlin.de\/dutch\/files\/2020\/07\/StepMap-Karte-Saba-Sint-Maarten-Sint-Eustatius-296x180.jpg 296w, https:\/\/userblogs.fu-berlin.de\/dutch\/files\/2020\/07\/StepMap-Karte-Saba-Sint-Maarten-Sint-Eustatius-493x300.jpg 493w, https:\/\/userblogs.fu-berlin.de\/dutch\/files\/2020\/07\/StepMap-Karte-Saba-Sint-Maarten-Sint-Eustatius-822x500.jpg 822w\" sizes=\"auto, (max-width: 1024px) 100vw, 1024px\" \/>\r\n<figcaption>Bovenwindse eilanden: Sint Maarten, Saba en Sint Eustatius<\/figcaption>\r\n<\/figure>\r\n<\/div>\r\n\r\n\r\n\r\n<div class=\"wp-block-column is-layout-flow wp-block-column-is-layout-flow\">\r\n<figure class=\"wp-block-image size-large\"><img loading=\"lazy\" decoding=\"async\" width=\"1024\" height=\"627\" class=\"wp-image-2900\" src=\"https:\/\/userblogs.fu-berlin.de\/dutch\/files\/2020\/07\/StepMap-Karte-ABC-eilanden-1-1024x627.jpg\" alt=\"\" srcset=\"https:\/\/userblogs.fu-berlin.de\/dutch\/files\/2020\/07\/StepMap-Karte-ABC-eilanden-1-1024x627.jpg 1024w, https:\/\/userblogs.fu-berlin.de\/dutch\/files\/2020\/07\/StepMap-Karte-ABC-eilanden-1-300x184.jpg 300w, https:\/\/userblogs.fu-berlin.de\/dutch\/files\/2020\/07\/StepMap-Karte-ABC-eilanden-1-768x470.jpg 768w, https:\/\/userblogs.fu-berlin.de\/dutch\/files\/2020\/07\/StepMap-Karte-ABC-eilanden-1-1536x940.jpg 1536w, https:\/\/userblogs.fu-berlin.de\/dutch\/files\/2020\/07\/StepMap-Karte-ABC-eilanden-1-2048x1253.jpg 2048w, https:\/\/userblogs.fu-berlin.de\/dutch\/files\/2020\/07\/StepMap-Karte-ABC-eilanden-1-250x153.jpg 250w, https:\/\/userblogs.fu-berlin.de\/dutch\/files\/2020\/07\/StepMap-Karte-ABC-eilanden-1-550x337.jpg 550w, https:\/\/userblogs.fu-berlin.de\/dutch\/files\/2020\/07\/StepMap-Karte-ABC-eilanden-1-800x490.jpg 800w, https:\/\/userblogs.fu-berlin.de\/dutch\/files\/2020\/07\/StepMap-Karte-ABC-eilanden-1-294x180.jpg 294w, https:\/\/userblogs.fu-berlin.de\/dutch\/files\/2020\/07\/StepMap-Karte-ABC-eilanden-1-490x300.jpg 490w, https:\/\/userblogs.fu-berlin.de\/dutch\/files\/2020\/07\/StepMap-Karte-ABC-eilanden-1-817x500.jpg 817w\" sizes=\"auto, (max-width: 1024px) 100vw, 1024px\" \/>\r\n<figcaption>Benedenwindse eilanden (of ABC-eilanden): Aruba, Cura\u00e7ao en Bonaire<\/figcaption>\r\n<\/figure>\r\n\r\n\r\n\r\n<p>&nbsp;<\/p>\r\n<\/div>\r\n<\/div>\r\n<\/div>\r\n<\/div>\r\n\r\n\r\n\r\n<div class=\"lyte-wrapper\" style=\"width:640px;max-width:100%;margin:5px;\"><div class=\"lyMe\" id=\"WYL_bJaLNv5Jy_Q\"><div id=\"lyte_bJaLNv5Jy_Q\" data-src=\"https:\/\/userblogs.fu-berlin.de\/dutch\/wp-content\/plugins\/wp-youtube-lyte\/lyteCache.php?origThumbUrl=%2F%2Fi.ytimg.com%2Fvi%2FbJaLNv5Jy_Q%2Fhqdefault.jpg\" class=\"pL\"><div class=\"tC\"><div class=\"tT\"><\/div><\/div><div class=\"play\"><\/div><div class=\"ctrl\"><div class=\"Lctrl\"><\/div><div class=\"Rctrl\"><\/div><\/div><\/div><noscript><a href=\"https:\/\/youtu.be\/bJaLNv5Jy_Q\" rel=\"nofollow\"><img loading=\"lazy\" decoding=\"async\" src=\"https:\/\/userblogs.fu-berlin.de\/dutch\/wp-content\/plugins\/wp-youtube-lyte\/lyteCache.php?origThumbUrl=https%3A%2F%2Fi.ytimg.com%2Fvi%2FbJaLNv5Jy_Q%2F0.jpg\" alt=\"YouTube video thumbnail\" width=\"640\" height=\"340\" \/><br \/>Bekijk deze video op YouTube<\/a><\/noscript><\/div><\/div><div class=\"lL\" style=\"max-width:100%;width:640px;margin:5px;\"><\/div><\/p>\r\n<p class=\"has-text-align-center\">\r\n\r\n<\/p>\r\n<p>In de <strong>video (Nederlandse Taalunie) <\/strong>vertelt Ronnie Severing over het Nederlands op de Benedenwindse eilanden (Aruba, Bonaire, Cura\u00e7ao) en op de Bovenwindse eilanden (Sint-Maarten, Sint-Eustatius en Saba).<\/p>\r\n<p class=\"has-text-align-center\">\r\n\r\n<\/p>\r\n<p>&nbsp;<\/p>\r\n<p class=\"has-text-align-center\">\r\n\r\n <hr \/><a id=\"taalsituatie\"><\/a> \r\n\r\n\r\n<\/p>\r\n<p><strong>De taalsituatie in het Caribisch gebied<\/strong><\/p>\r\n<p class=\"has-text-align-center\">\r\n\r\n<\/p>\r\n<div class=\"Carib hiddenText text-showed\">\r\n<ul>\r\n<li>Offici\u00eble taal is op alle eilanden het <strong>Nederlands<\/strong>. Dat wil zeggen, bij wet. De <a href=\"https:\/\/userblogs.fu-berlin.de\/dutch\/nederlands-taalgebied\/de-nederlandse-taalunie\/\">Nederlandse Taalunie<\/a> sloot in 2007 een overeenkomst voor samenwerking met de toenmalige Nederlandse Antillen. In 2011 sloot de Taalunie een soortgelijke overeenkomst met Aruba. Het Nederlands is de schriftelijke bestuurstaal en de rechtstaal, al is het zijn positie aan het verliezen (zie <a href=\"\/\/userblogs.fu-berlin.de\/dutch\/literatuur-nederlands-in-het-caraibisch-gebied\/\u201c\">Mijts 2007<\/a>). Het Nederlands wordt vooral gebruikt als instructietaal in het middelbaar onderwijs. In het lager onderwijs wordt het veel minder gebruikt, maar het is er (soms) wel de examentaal. Dat zorgt natuurlijk voor heel veel problemen en uitdagingen voor leerlingen en onderwijzend personeel. In een groot deel van het Caribisch gebied is het Nederlands een vreemde taal, d.w.z., veel mensen hebben een andere moedertaal. Het Nederlands wordt daarom minder gebruikt in mondeling verkeer en in de media (bv. op de radio).<\/li>\r\n<li>Op diverse eilanden is het <strong>Papiaments <\/strong>de omgangstaal. Papiaments is een creooltaal. Het ontstond in een contactsituatie tussen Afrikaanse slaven, Europese planters en indianen. Aan de basis liggen het Spaans en het Portugees. Verder zijn er invloeden van West-Afrikaanse talen, de Cara\u00efbische indianentaal Arawaks, Engels, Frans en Nederlands. In Aruba spreekt men over Papiament<strong>o<\/strong>, op de andere eilanden over Papiament<strong>u<\/strong>; hier gebruiken we de Nederlandse naam, Papiaments.<\/li>\r\n<\/ul>\r\n<p>Meer lezen? Kijk voor geschiedkundige en verdere informatie op <a href=\"http:\/\/neon.niederlandistik.fu-berlin.de\/nl\/nedling\/langvar\/antillen\" target=\"_blank\" rel=\"noopener noreferrer\">NEON<\/a>. Zie ook een artikel van <a href=\"\/\/userblogs.fu-berlin.de\/dutch\/literatuur-nederlands-in-het-caraibisch-gebied\/\u201c\">Eric Mijts 2007<\/a>.<\/p>\r\n<figure><a href=\"#content\"><img loading=\"lazy\" decoding=\"async\" class=\"wp-image-666 alignright\" src=\"https:\/\/userblogs.fu-berlin.de\/dutch\/files\/2020\/04\/erhoehen-ansteigen2-e1585913571900.png\" alt=\"\" width=\"30\" height=\"30\" \/><\/a><\/figure>\r\n<p>&nbsp;<\/p>\r\n<p>&nbsp;<\/p>\r\n<\/div>\r\n<p class=\"has-text-align-center\">\r\n\r\n <hr \/><a id=\"ACSM\"><\/a> \r\n\r\n<\/p>\r\n<p><strong>Aruba, Cura\u00e7ao en Sint-Maarten<\/strong><\/p>\r\n<p class=\"has-text-align-center\">\r\n\r\n<\/p>\r\n<div class=\"Aruba hiddenText text-showed\">\r\n<ul>\r\n<li><strong>Aruba <\/strong>(oranje op het kaartje) is sinds 1986 een zelfstandig land binnen het Koninkrijk der Nederlanden. Het heeft zijn eigen taalbeleid ontwikkeld. De meest gesproken taal op Aruba is het <strong>Papiaments<\/strong>. Sinds 2003 geldt het Papiaments naast het <strong>Nederlands <\/strong>als offici\u00eble taal. Rechtszaken worden bv. steeds vaker in het Papiaments gevoerd, maar de wetten zijn in het Nederlands opgesteld. Papiaments wordt (naast het Nederlands) gebruikt in het kleuter- en lager onderwijs, terwijl het Nederlands wel de enige toets- en examentaal is. Nederlands de instructietaal van het middelbaar onderwijs is. Arubanen gebruiken op hun werk Nederlands en Papiaments door elkaar. De <a href=\"http:\/\/www.ua.aw\/\" target=\"_blank\" rel=\"noopener noreferrer\">Universiteit van Aruba<\/a> is officieel tweetalig <strong>Nederlands\/Engels<\/strong> en biedt dus ook programma&#8217;s in het Engels aan.<\/li>\r\n<li><strong>Cura\u00e7ao <\/strong>(blauw op het kaartje) is sinds 2010 een zelfstandig land binnen het Koninkrijk der Nederlanden. Voor de meeste mensen is het <strong>Papiaments <\/strong>de thuistaal en de dagelijkse omgangstaal. Het <strong>Nederlands <\/strong>wordt, net als op Aruba, naast het Papiaments gebruikt in offici\u00eble werksituaties. En net als op Aruba is het Nederlands de instructietaal in het middelbaar onderwijs en op sommige, daarvoor speciaal aangewezen scholen voor primair onderwijs. Aan de <a href=\"http:\/\/uoc.cw\/\" target=\"_blank\" rel=\"noopener noreferrer\">universiteit van Cura\u00e7ao<\/a> wordt ook gebruik gemaakt van het <strong>Engels<\/strong>.<\/li>\r\n<li><strong>Sint-Maarten<\/strong> (rood op het kaartje) is het derde zelfstandig land binnen het Koninkrijk, ook sinds 2010. Het <strong>Engels <\/strong>is er de dagelijkse omgangstaal. Het speelt ook een belangrijke rol als onderwijstaal. Het <strong>Nederlands <\/strong>wordt er veel minder gebruikt dan op Cura\u00e7ao en Aruba. Zelfs op de Nederlandstalige basisscholen is de instructietaal heel vaak Engels. Zelfs op de enige Nederlandstalige middelbare school (naast vijf Engelstalige) voelen leerkrachten zich vaak gedwongen de instructie (ook) in het Engels te doen.<\/li>\r\n<\/ul>\r\n<figure><a href=\"#content\"><img loading=\"lazy\" decoding=\"async\" class=\"wp-image-666 alignright\" src=\"https:\/\/userblogs.fu-berlin.de\/dutch\/files\/2020\/04\/erhoehen-ansteigen2-e1585913571900.png\" alt=\"\" width=\"30\" height=\"30\" \/><\/a><\/figure>\r\n<p>&nbsp;<\/p>\r\n<p>&nbsp;<\/p>\r\n<\/div>\r\n<p class=\"has-text-align-center\">\r\n\r\n <hr \/><a id=\"caribischNL\"><\/a> \r\n\r\n<\/p>\r\n<p><strong>Caribisch Nederland: Bonaire, Sint-Eustatius en Saba<\/strong><\/p>\r\n<p class=\"has-text-align-center\">\r\n\r\n<\/p>\r\n<div class=\"wp-block-image wp-image-189\">\r\n<figure class=\"alignright\"><img loading=\"lazy\" decoding=\"async\" width=\"300\" height=\"200\" class=\"wp-image-189\" src=\"https:\/\/userblogs.fu-berlin.de\/dutch\/files\/2020\/03\/800px-Bonaire_1-300x200.jpg\" alt=\"Bonaire\" srcset=\"https:\/\/userblogs.fu-berlin.de\/dutch\/files\/2020\/03\/800px-Bonaire_1-300x200.jpg 300w, https:\/\/userblogs.fu-berlin.de\/dutch\/files\/2020\/03\/800px-Bonaire_1-768x512.jpg 768w, https:\/\/userblogs.fu-berlin.de\/dutch\/files\/2020\/03\/800px-Bonaire_1.jpg 800w\" sizes=\"auto, (max-width: 300px) 100vw, 300px\" \/>\r\n<figcaption>Bonaire<\/figcaption>\r\n<\/figure>\r\n<\/div>\r\n<p class=\"has-text-align-center\">\r\n\r\n<\/p>\r\n<p style=\"padding-left: 30px\">De eilanden <strong>Bonaire, Sint-Eustatius en Saba<\/strong> zijn sinds 2010 &#8216;bijzondere gemeenten&#8217; van Nederland. Belangrijk zijn de onderlinge verschillen in het gebruik van het Nederlands. Elk eiland behoeft een eigen beschrijving.<\/p>\r\n<p>\r\n\r\n<\/p>\r\n<ul class=\"wp-block-list\">\r\n<li>Op <strong>Bonaire <\/strong>wordt <strong>Nederlands <\/strong>gesproken in het onderwijsproces in het middelbaar onderwijs. Het Nederlands is niet de taal van de dagelijkse communicatie. Dat is <strong>Papiaments<\/strong>, <strong>Engels <\/strong>of <strong>Spaans<\/strong>.<\/li>\r\n<li>Op <strong>Sint-Eustatius <\/strong>wordt zelfs op de enige (Nederlandse) middelbare school erg weinig <strong>Nederlands <\/strong>gesproken. Zo weinig dat er anno 2014 stemmen opgaan om de instructietaal te veranderen naar <strong>Engels<\/strong>. De taal van dagelijkse communicatie is Engels. Het <strong>Papiaments <\/strong>wordt heel sporadisch gebruikt door oudere mensen afkomstig uit Bonaire, Aruba of Cura\u00e7ao. Ook is er wat <strong>Spaans <\/strong>te horen in thuissituaties, binnengebracht door immigranten gedurende de laatste 20 jaar.<\/li>\r\n<li>Op <strong>Saba <\/strong>is <strong>Nederlands <\/strong>een apart vak op de Engelse middelbare school en wordt er verder op school geen Nederlands gesproken. De taal van dagelijkse communicatie is <strong>Engels<\/strong>. Ook hier is er wat <strong>Spaans<\/strong> te horen in thuissituaties van immigranten. <strong>Papiaments <\/strong>wordt ook hier sporadisch gebezigd door oudere mensen, afkomstig uit (veelal) Cura\u00e7ao.<\/li>\r\n<\/ul>\r\n<p>\r\n\r\n<\/p>\r\n<p>Meer lezen? Bij de <a href=\"https:\/\/www.rijksoverheid.nl\/onderwerpen\/caribische-deel-van-het-koninkrijk\" target=\"_blank\" rel=\"noopener noreferrer\">Rijksoverheid<\/a> vind je informatie over de BES-eilanden.<\/p>\r\n<p>\r\n\r\n<\/p>\r\n<div class=\"wp-block-image\"><img loading=\"lazy\" decoding=\"async\" class=\"wp-image-666 alignright\" src=\"https:\/\/userblogs.fu-berlin.de\/dutch\/files\/2020\/04\/erhoehen-ansteigen2-e1585913571900.png\" alt=\"\" width=\"30\" height=\"30\" \/><\/div>\r\n<p><\/p>","protected":false},"excerpt":{"rendered":"<p>Caribisch gebied Het Nederlands is offici\u00eble taal op zes eilanden in het Cara\u00efbisch gebied. Deze eilanden liggen in de Cara\u00efbische zee voor de kust van Zuid-Amerika (zie kaart). Ze horen bij het Koninkrijk der Nederlanden. Samen hebben ze ongeveer 256 000 inwoners. Deze eilanden zijn Aruba, Cura\u00e7ao, Sint-Maarten en de &#8216;BES-eilanden&#8217;: Bonaire, Sint-Eustatius en Saba. &#8230; <a title=\"Caribisch gebied\" class=\"read-more\" href=\"https:\/\/userblogs.fu-berlin.de\/dutch\/nederlands-taalgebied\/caribisch-gebied\/\" aria-label=\"Lees meer over Caribisch gebied\">Lees verder<\/a><\/p>\n","protected":false},"author":4734,"featured_media":0,"parent":87,"menu_order":0,"comment_status":"closed","ping_status":"closed","template":"","meta":{"footnotes":""},"class_list":["post-185","page","type-page","status-publish"],"_links":{"self":[{"href":"https:\/\/userblogs.fu-berlin.de\/dutch\/wp-json\/wp\/v2\/pages\/185","targetHints":{"allow":["GET"]}}],"collection":[{"href":"https:\/\/userblogs.fu-berlin.de\/dutch\/wp-json\/wp\/v2\/pages"}],"about":[{"href":"https:\/\/userblogs.fu-berlin.de\/dutch\/wp-json\/wp\/v2\/types\/page"}],"author":[{"embeddable":true,"href":"https:\/\/userblogs.fu-berlin.de\/dutch\/wp-json\/wp\/v2\/users\/4734"}],"replies":[{"embeddable":true,"href":"https:\/\/userblogs.fu-berlin.de\/dutch\/wp-json\/wp\/v2\/comments?post=185"}],"version-history":[{"count":37,"href":"https:\/\/userblogs.fu-berlin.de\/dutch\/wp-json\/wp\/v2\/pages\/185\/revisions"}],"predecessor-version":[{"id":4033,"href":"https:\/\/userblogs.fu-berlin.de\/dutch\/wp-json\/wp\/v2\/pages\/185\/revisions\/4033"}],"up":[{"embeddable":true,"href":"https:\/\/userblogs.fu-berlin.de\/dutch\/wp-json\/wp\/v2\/pages\/87"}],"wp:attachment":[{"href":"https:\/\/userblogs.fu-berlin.de\/dutch\/wp-json\/wp\/v2\/media?parent=185"}],"curies":[{"name":"wp","href":"https:\/\/api.w.org\/{rel}","templated":true}]}}