{"id":264,"date":"2020-03-24T20:48:57","date_gmt":"2020-03-24T19:48:57","guid":{"rendered":"https:\/\/userblogs.fu-berlin.de\/dutch\/?page_id=264"},"modified":"2022-08-23T16:15:31","modified_gmt":"2022-08-23T14:15:31","slug":"taalattitude","status":"publish","type":"page","link":"https:\/\/userblogs.fu-berlin.de\/dutch\/begrippen\/taalattitude\/","title":{"rendered":"Taalattitude"},"content":{"rendered":"\r\n<div class=\"wp-block-group alignfull\">\r\n<div class=\"wp-block-group__inner-container is-layout-flow wp-block-group-is-layout-flow\">\r\n<h1 class=\"wp-block-heading\">Taalattitude<img loading=\"lazy\" decoding=\"async\" class=\"size-full wp-image-649 alignright\" src=\"https:\/\/userblogs.fu-berlin.de\/dutch\/files\/2020\/04\/buch-e1585856878476.png\" alt=\"\" width=\"100\" height=\"100\" \/><\/h1>\r\n<\/div>\r\n<\/div>\r\n\r\n\r\n\r\n<div class=\"wp-block-columns is-layout-flex wp-container-core-columns-is-layout-9d6595d7 wp-block-columns-is-layout-flex\">\r\n<div class=\"wp-block-column is-layout-flow wp-block-column-is-layout-flow\" style=\"flex-basis: 66.66%\">\r\n<p>Taal kun je beoordelen, je kunt er je houding of <strong>attitude <\/strong>over geven. Zowel de taal van anderen als je eigen moedertaal kun je positief of negatief waarderen.<br \/><br \/><\/p>\r\n<div class=\"lyte-wrapper\" style=\"width:640px;max-width:100%;margin:5px;\"><div class=\"lyMe\" id=\"WYL_qt5gO6-ObHo\"><div id=\"lyte_qt5gO6-ObHo\" data-src=\"https:\/\/userblogs.fu-berlin.de\/dutch\/wp-content\/plugins\/wp-youtube-lyte\/lyteCache.php?origThumbUrl=%2F%2Fi.ytimg.com%2Fvi%2Fqt5gO6-ObHo%2Fhqdefault.jpg\" class=\"pL\"><div class=\"tC\"><div class=\"tT\"><\/div><\/div><div class=\"play\"><\/div><div class=\"ctrl\"><div class=\"Lctrl\"><\/div><div class=\"Rctrl\"><\/div><\/div><\/div><noscript><a href=\"https:\/\/youtu.be\/qt5gO6-ObHo\" rel=\"nofollow\"><img loading=\"lazy\" decoding=\"async\" src=\"https:\/\/userblogs.fu-berlin.de\/dutch\/wp-content\/plugins\/wp-youtube-lyte\/lyteCache.php?origThumbUrl=https%3A%2F%2Fi.ytimg.com%2Fvi%2Fqt5gO6-ObHo%2F0.jpg\" alt=\"YouTube video thumbnail\" width=\"640\" height=\"340\" \/><br \/>Bekijk deze video op YouTube<\/a><\/noscript><\/div><\/div><div class=\"lL\" style=\"max-width:100%;width:640px;margin:5px;\"><\/div><\/p>\r\n<p><\/p>\r\n<\/div>\r\n\r\n\r\n\r\n<div class=\"wp-block-column is-layout-flow wp-block-column-is-layout-flow\" style=\"flex-basis: 33.33%\">\r\n<figure class=\"wp-block-table\">\r\n<table>\r\n<tbody>\r\n<tr>\r\n<td><strong>Inhoudsopgave<\/strong><br \/><br \/>1. <a href=\"#wat\">Wat is &#8217;taalattitude&#8217;?<\/a><br \/>2. <a href=\"#bepaalt\">Wat bepaalt onze taalattitude?<\/a><br \/>3. <a href=\"#effect\">Welk effect heeft onze taalattitude op ons gedrag?<\/a><br \/>4. <a href=\"#attitudeonderzoek\">Attitudeonderzoek<\/a><br \/>5. <a href=\"#attitudeNL\">Attitudeonderzoek m.b.t. het Nederlands<\/a><\/td>\r\n<\/tr>\r\n<\/tbody>\r\n<\/table>\r\n<\/figure>\r\n<\/div>\r\n<\/div>\r\n\r\n\r\n\r\n<p><strong>Anike <\/strong>is Nederlandse, maar ze woont sinds 2,5 jaar in Belgi\u00eb. Ze beschrijft wat ze van Belgisch-Nederlands vindt: mooi, zacht en licht.<\/p>\r\n\r\n\r\n\r\n<p><br \/><a id=\"wat\"><\/a><\/p>\r\n\r\n\r\n<hr class=\"wp-block-separator\" \/>\r\n\r\n\r\n<p><strong>Wat is &#8217;taalattitude&#8217;?<\/strong><\/p>\r\n\r\n\r\n\r\n<div class=\"attitudedef hiddenText text-showed\">\r\n<p style=\"padding-left: 30px\">Taal kun je beoordelen, je kunt er je mentale houding, psychische instelling of <strong>attitude <\/strong>over geven. Dat kan zowel over de taal van anderen als over je eigen moedertaal. De waardering kan positief, negatief of neutraal uitvallen. Positieve waarderingen omvatten bijvoorbeeld dat je een taal mooi, keurig, netjes, helder, duidelijk, sappig, plezierig, gezellig, grappig, vermakelijk, lief, zacht, warm, emotioneel vindt. Negatieve waarderingen van een taal gaan van lelijk, vreemd, stijf tot vulgair, brutaal, plat, hoogmoedig, arrogant.<br \/>Onderzoekers defini\u00ebren verschillende dimensies van taalattitude:<\/p>\r\n<ul>\r\n<li>de <strong>cognitieve <\/strong>dimensie of <strong>kenniscomponent <\/strong>omvat iemands rationele oordeel over de taalkenmerken van de vari\u00ebteit zoals woordkeus, verstaanbaarheid;<\/li>\r\n<li>de dimensie <strong>solidariteit<\/strong> of <strong>affectieve <\/strong>dimensie betreft gevoelsmatige oordelen over een taal of taalvari\u00ebteit: &#8216;mooi&#8217;, &#8216;warm&#8217;, &#8216;plat&#8217; e.d.;<\/li>\r\n<li>de dimensie <strong>status<\/strong> heeft te maken met het nut en de waarde die iemand geeft aan een taal of vari\u00ebteit;<\/li>\r\n<li>de <strong>conatieve <\/strong>component betreft hoe iemand zich zou willen gedragen ten opzichte van gebruikers van de taal of vari\u00ebteit (bv. &#8216;als student Nederlands vind ik dat ik een positief oordeel over het Standaardnederlands moet hebben&#8217;).<\/li>\r\n<\/ul>\r\n<figure><a href=\"#content\"><img loading=\"lazy\" decoding=\"async\" width=\"40\" height=\"40\" class=\"wp-image-666 alignright\" src=\"https:\/\/userblogs.fu-berlin.de\/dutch\/files\/2020\/04\/erhoehen-ansteigen2-e1585913571900.png\" alt=\"\" \/><\/a><\/figure>\r\n<p>&nbsp;<\/p>\r\n<\/div>\r\n\r\n\r\n\r\n<p>&nbsp;<\/p>\r\n\r\n\r\n<hr class=\"wp-block-separator\" \/>\r\n\r\n\r\n<p><strong>Wat bepaalt onze taalattitude?<\/strong><\/p>\r\n\r\n\r\n\r\n<div class=\"bepaalt hiddenText text-showed\">\r\n<p style=\"padding-left: 30px\">Onze taalattitude wordt waarschijnlijk bepaald door een combinatie van buitentalige en objectieve factoren. (zie bv. de artikelen in <a href=\"http:\/\/taalunieversum.org\/archief\/taalpeil\/2009\/\" target=\"_blank\" rel=\"noopener noreferrer\"><em>Taalpeil<\/em> 2009<\/a>)<\/p>\r\n<ul>\r\n<li>Er is een duidelijke samenhang tussen taalattitude en de <strong>waardering van de persoon of de groep<\/strong> die de vari\u00ebteit spreekt of het imago dat deze persoon of groep heeft. Als proefpersonen geconfronteerd worden met voorgelezen teksten in het dialect of in de standaardtaal, vormen ze op basis van het taalgebruik een oordeel over de persoon die de tekst uitspreekt. Zo bleek uit een onderzoek in Nederland dat sprekers van het Algemeen Nederlands als bekwaam worden ingeschat, maar ook als afstandelijk, nors en saai, terwijl dialectsprekers dommer, maar gezelliger worden gevonden. (Bron: <a href=\"http:\/\/taalunieversum.org\/sites\/tuv\/files\/downloads\/taalpeil_2009.pdf\">Taalpeil 2009<\/a>, verwijzend naar Eindhovens Dagblad).<\/li>\r\n<li>Verder kunnen iemands <strong>ervaringen met een volk of groep<\/strong> bepalen hoe hij\/zij die taal beoordeelt. Als je een volk of een cultuur niet kent, zul je in principe geen positieve of negatieve waardering van zijn taal hebben.<\/li>\r\n<li><strong>Vooroordelen <\/strong>kunnen invloed hebben op taalattitude. In delen van Vlaanderen leeft het vooroordeel dat &#8216;Hollanders&#8217; arrogant zijn. Dit vooroordeel speelt waarschijnlijk een rol in de negatieve attitude die veel Vlamingen hebben ten opzichte van het Nederlands van de Randstad.<\/li>\r\n<li>Toch wordt taalattitude niet volledig door buitentalige factoren bepaald. Ook<strong> objectieve taalkenmerken<\/strong> spelen een rol. Zo worden talen met veel schrapende keelklanken over het algemeen lager gewaardeerd.<\/li>\r\n<\/ul>\r\n<figure><a href=\"#content\"><img loading=\"lazy\" decoding=\"async\" width=\"40\" height=\"40\" class=\"wp-image-666 alignright\" src=\"https:\/\/userblogs.fu-berlin.de\/dutch\/files\/2020\/04\/erhoehen-ansteigen2-e1585913571900.png\" alt=\"\" \/><\/a><\/figure>\r\n<p>&nbsp;<\/p>\r\n<\/div>\r\n\r\n\r\n\r\n<p>&nbsp;<\/p>\r\n\r\n\r\n<hr class=\"wp-block-separator\" \/>\r\n\r\n\r\n<p><strong>Welk effect heeft onze taalattitude op ons gedrag?<\/strong><\/p>\r\n\r\n\r\n\r\n<p style=\"padding-left: 30px\">Taalkundigen gaan ervan uit dat attitudes op \u00e9\u00e9n of andere manier het gedrag be\u00efnvloeden. Zo zal iemand die ten opzichte van zijn\/haar dialect een positieve attitude heeft in meer omstandigheden het dialect gebruiken dan iemand met een negatieve houding. Ook lijkt het waarschijnlijk dat iemand die een positieve attitude heeft tegenover een taalvari\u00ebteit meer moeite zal doen om een spreker van die vari\u00ebteit te <a href=\"https:\/\/userblogs.fu-berlin.de\/dutch\/begrippen\/varieteiten-verstaan\/\">verstaan<\/a>, dan degene die een negatieve attitude heeft.<br \/>In de sociolingu\u00efstiek wordt met behulp van wetenschappelijk <strong>attitudeonderzoek <\/strong>nagegaan hoe mensen over talen of vari\u00ebteiten denken. Op basis daarvan probeert men het gedrag van mensen te <em>verklaren. <\/em>Een voorbeeld: hoe zou het komen dat steeds minder Nederlanders dialect gebruiken? is dit gedrag te verklaren door een negatieve attitude tegenover dialect? Ook probeert men op basis van attitudeonderzoek het gedrag van mensen te <em>voorspellen<\/em>. Als bijvoorbeeld steeds meer Nederlanders een negatieve attitude hebben tegenover dialect, is de kans groot dat het dialect door steeds minder mensen in steeds minder omstandigheden gebruikt wordt.<\/p>\r\n<p>\r\n\r\n<\/p>\r\n<div class=\"wp-block-image\">\r\n<figure class=\"alignright\"><a href=\"#content\"><img loading=\"lazy\" decoding=\"async\" width=\"40\" height=\"40\" class=\"wp-image-666\" src=\"https:\/\/userblogs.fu-berlin.de\/dutch\/files\/2020\/04\/erhoehen-ansteigen2-e1585913571900.png\" alt=\"\" \/><\/a><\/figure>\r\n<\/div>\r\n<p>\r\n\r\n<\/p>\r\n<p>&nbsp;<\/p>\r\n<p>\r\n\r\n <br \/>\r\n\r\n<\/p>\r\n<hr class=\"wp-block-separator\" \/>\r\n<p>\r\n\r\n<\/p>\r\n<p><strong>Attitudeonderzoek<\/strong><\/p>\r\n<p>\r\n\r\n<\/p>\r\n<div class=\"onderzoek hiddenText text-showed\">\r\n<p style=\"padding-left: 30px\">De verschillende dimensies van taalattitude kunnen direct of indirect bevraagd worden met behulp van <strong>(schriftelijke) vragenlijsten en interviews<\/strong>. Onderzoekers raadplegen een steekproef (een beperkt aantal personen) die representatief is voor de volledige populatie (mannen \u00e9n vrouwen van alle leeftijden, alle opleidingsniveaus etc.).<\/p>\r\n<ul>\r\n<li>Er kunnen bijvoorbeeld een aantal voorgeformuleerde <strong>uitspraken <\/strong>of stellingen gepresenteerd worden (bv. \u2018Het Nederlands van Vlamingen klinkt grappig\u2019). De proefpersonen moeten dan aangeven in welke mate ze het met elke uitspraak eens zijn.<\/li>\r\n<li>Een andere mogelijkheid is het direct laten beoordelen van echte <strong>taalfragmenten <\/strong>(bv. luistervoorbeeld of geschreven zin). Een bekende en veel gebruikte onderzoeksmethode is de <em>matched guise<\/em>-techniek. Daarbij krijgen de proefpersonen opnames in verschillende talen of vari\u00ebteiten te horen. Ze denken dat het om verschillende sprekers gaat en ze weten niet dat de opnames door dezelfde (tweetalige) spreker ingesproken zijn. De proefpersonen moeten beide opnames evalueren. Omdat alle factoren behalve het taalgebruik gelijk zijn, kan de onderzoeker ervan uitgaan dat de evaluaties iets zeggen over het taalgebruik en niet over de sprekers.<\/li>\r\n<li>Het onderzoek naar taalattitude kan natuurlijk bewust uitgesplitst worden over verschillende <strong>groepen <\/strong>(bv. mannen tegenover vrouwen, docenten tegenover studenten). Men kan dan nagaan of deze groepen of populaties een andere attitude hebben.<\/li>\r\n<\/ul>\r\n<p style=\"padding-left: 30px\">Het gevaar bij alle onderzoek naar taalattitudes is dat mensen vaak een sociaal wenselijk antwoord geven. Ze zeggen vaak wat zij denken dat van hen verwacht wordt, in plaats van eerlijk hun eigen mening te geven.<\/p>\r\n<figure><a href=\"#content\"><img loading=\"lazy\" decoding=\"async\" width=\"40\" height=\"40\" class=\"wp-image-666 alignright\" src=\"https:\/\/userblogs.fu-berlin.de\/dutch\/files\/2020\/04\/erhoehen-ansteigen2-e1585913571900.png\" alt=\"\" \/><\/a><\/figure>\r\n<p>&nbsp;<\/p>\r\n<\/div>\r\n<p>\r\n\r\n <br \/>\r\n\r\n<\/p>\r\n<hr class=\"wp-block-separator\" \/>\r\n<p>\r\n\r\n<\/p>\r\n<p><strong>Attitudeonderzoek m.b.t. het Nederlands<\/strong><\/p>\r\n<p>\r\n\r\n<\/p>\r\n<div class=\"Nedonderzoek hiddenText text-showed\">\r\n<p style=\"padding-left: 30px\">Taalkundigen doen onderzoek naar de attitudes van Nederlanders, Belgen en Surinamers tegenover hun eigen of elkaars Nederlands. Enkele voorbeelden:<\/p>\r\n<ul>\r\n<li><a href=\"\/\/userblogs.fu-berlin.de\/dutch\/literatuur-nederlands-in-belgie-en-nederland\/\u201c\">E.J.J. Knops (1982)<\/a> voerde een studie uit naar de attitudes van Vlamingen tegenover de Nederlandse standaardtaal. Sindsdien zijn er nog verschillende onderzoeken geweest zoals dat van <a href=\"\/\/userblogs.fu-berlin.de\/dutch\/literatuur-nederlands-in-belgie-en-nederland\/\u201c\">Hoppenbrouwers (1992)<\/a>. <a href=\"\/\/userblogs.fu-berlin.de\/dutch\/literatuur-nederlands-in-belgie-en-nederland\/\u201c\">H\u00e9l\u00e8ne Vancompernolle (2012)<\/a>\u00a0werkte een scriptie uit waarin de attitude werd onderzocht van Vlaamse jongeren ten opzichte van het Standaardnederlands, Tussentaal en dialect.<\/li>\r\n<li><a href=\"https:\/\/userblogs.fu-berlin.de\/dutch\/talen-in-suriname\/\">Ruth Brandon (2006)<\/a> bestudeerde in haar scriptie de opvattingen van Surinamers in Suriname en Nederland over de toetreding van Suriname tot de Nederlandse Taalunie. <a href=\"https:\/\/www.scriptiebank.be\/sites\/default\/files\/f280f98d1f2fc88603814646dca43cb0.pdf\">Laura Fierens<\/a> schreef in 2005-2006 een <a href=\"http:\/\/www.scriptiebank.be\/scriptie\/taalattitudes-van-surinaamse-jongeren-tov-het-nederlands\" target=\"_blank\" rel=\"noopener noreferrer\">scriptie<\/a> \u00a0over taalattitudes van Surinaamse jongeren ten opzichte van het Nederlands<em>. <\/em><a href=\"http:\/\/kadegee.wordpress.com\/2014\/11\/06\/onderzoek-naar-taalattitudes-2\/\" target=\"_blank\" rel=\"noopener noreferrer\">Kirsten de Gelder<\/a>\u00a0schreef in 2014 een <a href=\"https:\/\/userblogs.fu-berlin.de\/dutch\/files\/2020\/03\/Scriptie-Kirsten-de-Gelder-2014.pdf\" target=\"_blank\" rel=\"noopener noreferrer\">scriptie<\/a> over de attitude van Nederlanders ten opzichte van het Surinaamse Nederlands.<\/li>\r\n<li>Voor een uitgebreid overzicht van attitudeonderzoek in het Nederlandse taalgebied, zie artikel van <a href=\"\/\/userblogs.fu-berlin.de\/dutch\/literatuur-nederlands-in-belgie-en-nederland\/\u201c\">Stefan Grondelaers (2013)<\/a>.<\/li>\r\n<\/ul>\r\n<figure><a href=\"#content\"><img loading=\"lazy\" decoding=\"async\" width=\"40\" height=\"40\" class=\"wp-image-666 alignright\" src=\"https:\/\/userblogs.fu-berlin.de\/dutch\/files\/2020\/04\/erhoehen-ansteigen2-e1585913571900.png\" alt=\"\" \/><\/a><\/figure>\r\n<p>&nbsp;<\/p>\r\n<\/div>\r\n<p><\/p>","protected":false},"excerpt":{"rendered":"<p>Taalattitude Taal kun je beoordelen, je kunt er je houding of attitude over geven. Zowel de taal van anderen als je eigen moedertaal kun je positief of negatief waarderen. Inhoudsopgave 1. Wat is &#8217;taalattitude&#8217;?2. Wat bepaalt onze taalattitude?3. Welk effect heeft onze taalattitude op ons gedrag?4. Attitudeonderzoek5. Attitudeonderzoek m.b.t. het Nederlands Anike is Nederlandse, maar &#8230; <a title=\"Taalattitude\" class=\"read-more\" href=\"https:\/\/userblogs.fu-berlin.de\/dutch\/begrippen\/taalattitude\/\" aria-label=\"Lees meer over Taalattitude\">Lees verder<\/a><\/p>\n","protected":false},"author":4743,"featured_media":0,"parent":223,"menu_order":0,"comment_status":"closed","ping_status":"closed","template":"","meta":{"footnotes":""},"class_list":["post-264","page","type-page","status-publish"],"_links":{"self":[{"href":"https:\/\/userblogs.fu-berlin.de\/dutch\/wp-json\/wp\/v2\/pages\/264","targetHints":{"allow":["GET"]}}],"collection":[{"href":"https:\/\/userblogs.fu-berlin.de\/dutch\/wp-json\/wp\/v2\/pages"}],"about":[{"href":"https:\/\/userblogs.fu-berlin.de\/dutch\/wp-json\/wp\/v2\/types\/page"}],"author":[{"embeddable":true,"href":"https:\/\/userblogs.fu-berlin.de\/dutch\/wp-json\/wp\/v2\/users\/4743"}],"replies":[{"embeddable":true,"href":"https:\/\/userblogs.fu-berlin.de\/dutch\/wp-json\/wp\/v2\/comments?post=264"}],"version-history":[{"count":12,"href":"https:\/\/userblogs.fu-berlin.de\/dutch\/wp-json\/wp\/v2\/pages\/264\/revisions"}],"predecessor-version":[{"id":3877,"href":"https:\/\/userblogs.fu-berlin.de\/dutch\/wp-json\/wp\/v2\/pages\/264\/revisions\/3877"}],"up":[{"embeddable":true,"href":"https:\/\/userblogs.fu-berlin.de\/dutch\/wp-json\/wp\/v2\/pages\/223"}],"wp:attachment":[{"href":"https:\/\/userblogs.fu-berlin.de\/dutch\/wp-json\/wp\/v2\/media?parent=264"}],"curies":[{"name":"wp","href":"https:\/\/api.w.org\/{rel}","templated":true}]}}