{"id":364,"date":"2020-03-26T11:12:22","date_gmt":"2020-03-26T10:12:22","guid":{"rendered":"https:\/\/userblogs.fu-berlin.de\/dutch\/?page_id=364"},"modified":"2020-07-13T09:49:54","modified_gmt":"2020-07-13T07:49:54","slug":"geschiedenis-van-de-taalverhoudingen-in-belgie","status":"publish","type":"page","link":"https:\/\/userblogs.fu-berlin.de\/dutch\/nederlands-taalgebied\/belgie\/taalgebied-belgie\/geschiedenis-van-de-taalverhoudingen-in-belgie\/","title":{"rendered":"Geschiedenis van de taalverhoudingen in Belgi\u00eb"},"content":{"rendered":"\n<div class=\"wp-block-group alignfull\"><div class=\"wp-block-group__inner-container is-layout-flow wp-block-group-is-layout-flow\">\n<h1 class=\"wp-block-heading\">Geschiedenis van de taalverhoudingen<img loading=\"lazy\" decoding=\"async\" class=\"alignright size-full wp-image-635\" src=\"https:\/\/userblogs.fu-berlin.de\/dutch\/files\/2020\/04\/gehirn-e1585853622174.png\" alt=\"\" width=\"100\" height=\"100\"> in Belgi\u00eb<\/h1>\n<\/div><\/div>\n\n\n\n<div class=\"wp-block-columns is-layout-flex wp-container-core-columns-is-layout-9d6595d7 wp-block-columns-is-layout-flex\">\n<div class=\"wp-block-column is-layout-flow wp-block-column-is-layout-flow\" style=\"flex-basis:66.66%\">\n<p>Om de taalsituatie in Belgi\u00eb te begrijpen, is het nuttig om iets over de geschiedenis van de talen in Belgi\u00eb te weten. Hier volgt een kort overzicht van de belangrijkste historische feiten vanaf de oprichting van Belgi\u00eb tot de staatshervorming in 2000-2001.<\/p>\n<\/div>\n\n\n\n<div class=\"wp-block-column is-layout-flow wp-block-column-is-layout-flow\" style=\"flex-basis:33.33%\">\n<figure class=\"wp-block-table\"><table><tbody><tr><td><strong>Inhoudsopgave<\/strong><br><br>1. <a href=\"#oprichting\">De negentiende eeuw: oprichting van Belgi\u00eb<\/a><br>2. <a href=\"#taalstrijd\">Taalstrijd voor het Nederlands<\/a><br>3. <a href=\"#vastlegging\">Vastlegging van de taalgrens<\/a><br>4. <a href=\"#autonomie\">Na-oorlogse politiek in Belgi\u00eb: naar regionale autonomie<\/a><br>5. <a href=\"#1970\">De staatshervorming vanaf 1970<\/a><br>6. <a href=\"#belgie\">Het einde van Belgi\u00eb?<\/a><\/td><\/tr><\/tbody><\/table><\/figure>\n\n\n\n<p><\/p>\n<\/div>\n<\/div>\n\n\n\n<br><a id=\"oprichting\"><\/a>\n\n\n\n<hr class=\"wp-block-separator\" \/>\n\n\n\n<p><strong>De negentiende eeuw: oprichting van Belgi\u00eb<\/strong><\/p>\n\n\n\n<p><p style=\"padding-left: 30px\">Het koninkrijk Belgi\u00eb bestaat sinds 1830, toen de zuidelijke provincies uit onvrede met het bestuur van koning Willem I de onafhankelijkheid uitriepen. De negentiende eeuw was de periode waarin veel nationale staten ontstonden. In de overheid en door de elite in de steden, ook in Vlaanderen, werd Frans gebruikt. De Vlaamse provincies waren in die tijd een landelijk gebied, sterk gericht op het dorpsleven en het katholieke geloof. Daar werden alleen Vlaamse dialecten gesproken. Vanaf 1850 begon er verandering in de situatie te komen. Er kwam een industrialisering op gang en er was een groei van de middenklasse. Het werd steeds duidelijker dat je met het Frans als moedertaal veel betere kansen had om op te klimmen in de maatschappij dan wanneer je alleen Vlaams dialect beheerste. Er ontstond een individuele behoefte aan taalrechten voor het Vlaams.<\/p><\/p>\n\n\n\n<div class=\"wp-block-image\"><figure class=\"alignright\"><a href=\"#content\"><img loading=\"lazy\" decoding=\"async\" width=\"40\" height=\"40\" src=\"https:\/\/userblogs.fu-berlin.de\/dutch\/files\/2020\/04\/erhoehen-ansteigen2-e1585913571900.png\" alt=\"\" class=\"wp-image-666\" \/><\/a><\/figure><\/div>\n\n\n\n<p><a id=\"taalstrijd\"><\/a><\/p>\n\n\n\n<br>\n\n\n\n<hr class=\"wp-block-separator\" \/>\n\n\n\n<p><strong>Taalstrijd voor het Nederlands<\/strong><\/p>\n\n\n\n<p><p style=\"padding-left: 30px\">Vanaf 1900 werd de behoefte aan taalrechten voor het Vlaams nog sterker. Niet alleen kwam men in opstand tegen de steeds verder gaande verfransing. De taalproblematiek kreeg een politieke dimensie. Door de goedkeuring van de eerste taalwetten in 1930 werden er in Belgi\u00eb twee grote eentalige gebieden erkend: het Vlaamse en het Franstalige gebied, en een tweetalig gebied, Brussel. Het territorialiteitsbeginsel werd ingevoerd. Er volgden in de jaren vijftig en zestig van de twintigste eeuw nog meer taalwetten die een volledige vernederlandsing van het openbare leven in Vlaanderen mogelijk maakten. De positie van het Vlaams\/Nederlands werd steeds sterker, ook in het onderwijs (onder andere op de universiteit) en later in het bedrijfsleven. In 1968 werd de Franstalige afdeling van de Leuvense Universiteit verhuisd naar Walloni\u00eb, zodat het Vlaamse deel van Brabant homogeen Vlaams werd en niet verder kon verfransen.<\/p><\/p>\n\n\n\n<div class=\"wp-block-image\"><figure class=\"alignright\"><a href=\"#content\"><img loading=\"lazy\" decoding=\"async\" width=\"40\" height=\"40\" src=\"https:\/\/userblogs.fu-berlin.de\/dutch\/files\/2020\/04\/erhoehen-ansteigen2-e1585913571900.png\" alt=\"\" class=\"wp-image-666\" \/><\/a><\/figure><\/div>\n\n\n\n<p><a id=\"vastlegging\"><\/a><\/p>\n\n\n\n<br>\n\n\n\n<hr class=\"wp-block-separator\" \/>\n\n\n\n<p><strong>Vastlegging van de taalgrens<\/strong><\/p>\n\n\n\n<p><p style=\"padding-left: 30px\">Al voor de toepassing van de eerste taalwetten was er behoefte aan een vastgelegde taalgrens. Die behoefte werd steeds sterker bepaald door de angst van de Vlamingen dat het Franstalige gebied zich zou uitbreiden. In 1962-1963 werd de taalgrens in Belgi\u00eb wettelijk vastgelegd en Brussel werd afgebakend, wat tot de dag van vandaag voor wrijvingen zorgt. Het tweetalige Brussel werd beperkt tot 19 gemeenten. Daarnaast werden er administratieve en onderwijsfaciliteiten toegekend aan de Franstalige inwoners in een aantal Vlaamse randgemeenten en aan de Nederlandstalige minderheid in een aantal Waalse randgemeenten. In die zogenaamde \u2018faciliteitengemeenten\u2019, gelegen in eentalig gebied, krijgt de anderstalige minderheid (min. 30%) bepaalde rechten om haar eigen taal te gebruiken. De toepassing van die faciliteiten wordt streng gecontroleerd.<\/p><\/p>\n\n\n\n<div class=\"wp-block-image\"><figure class=\"alignright\"><a href=\"#content\"><img loading=\"lazy\" decoding=\"async\" width=\"40\" height=\"40\" src=\"https:\/\/userblogs.fu-berlin.de\/dutch\/files\/2020\/04\/erhoehen-ansteigen2-e1585913571900.png\" alt=\"\" class=\"wp-image-666\" \/><\/a><\/figure><\/div>\n\n\n\n<p><a id=\"autonomie\"><\/a><\/p>\n\n\n\n<br>\n\n\n\n<hr class=\"wp-block-separator\" \/>\n\n\n\n<p><strong>Na-oorlogse politiek in Belgi\u00eb: naar regionale autonomie<\/strong><\/p>\n\n\n\n<div class=\"autonomie hiddenText text-showed\">\n<p style=\"padding-left: 30px\">In de tijd na de tweede wereldoorlog werd het ook duidelijk dat er in Belgi\u00eb niet alleen twee taalgebieden maar ook twee verschillende gemeenschappen groeiden. Er was een toenemend etnisch bewustzijn merkbaar en er traden sterke ideologische tegenstellingen op de voorgrond. Het katholieke Vlaanderen stond tegenover het vrijzinnige Walloni\u00eb. De twee regio\u2019s dachten ook geheel anders over de rol van de monarchie. Bovendien waren er economische en sociale verschillen. Er kwam een einde aan de Waalse mijn- en staalindustrie, terwijl de Vlaamse economie sterk groeide en de welvaart in Vlaanderen snel toenam. De twee gemeenschappen kwamen steeds meer tegenover elkaar te staan. Dat leidde tot twee tegenovergestelde bewegingen: terwijl het ene kamp (<em>belgicisten<\/em>) de Belgische eenheid nastreefde, verlangde het andere kamp (<em>wallinganten<\/em> aan de ene en <em>flaminganten <\/em>of <em>Vlaamsgezinden<\/em> aan de andere kant) naar een splitsing van Belgi\u00eb en regionale autonomie.<\/p>\n<p style=\"padding-left: 30px\">De Vlaams-Waalse tegenstellingen gingen vanaf de jaren zestig de politiek beheersen. Er werden langs Vlaamse en Waalse kant een hervorming van het land ge\u00ebist. Belgi\u00eb was een eenheidsstaat: de centrale overheid bestuurde het hele land. In 1954 werd de Vlaams-nationalistische partij <em>De Volksunie<\/em> opgericht, die streefde naar een <em>federalisering<\/em> van de Belgische staat. Een federaal land heeft deelstaten en wordt bestuurd door verschillende regionale overheden. De centrale (federale) overheid heeft alleen nog een aantal cruciale opdrachten. Er werden ook Waalse partijen opgericht die naar federale en socialistische structuurhervormingen van het land streefden. Terwijl de Vlamingen de staatshervorming vooral nastreefden omdat ze hoopten op culturele autonomie, wilden de Walen vooral hun eigen economische politiek kunnen voeren. Eind jaren zestig waren de nationale politieke partijen in Belgi\u00eb verdwenen en waren er alleen aparte Vlaamse en Waalse partijen.<\/p>\n<figure><a href=\"#content\"><img loading=\"lazy\" decoding=\"async\" width=\"40\" height=\"40\" class=\"wp-image-666 alignright\" src=\"https:\/\/userblogs.fu-berlin.de\/dutch\/files\/2020\/04\/erhoehen-ansteigen2-e1585913571900.png\" alt=\"\"><\/a><\/figure><p><a id=\"1970\"><\/a><\/p>\n<\/div>\n\n\n\n<br>\n\n\n\n<hr class=\"wp-block-separator\" \/>\n\n\n\n<p><strong>De staatshervorming vanaf 1970<\/strong><\/p>\n\n\n\n<div class=\"staat hiddenText text-showed\">\n<ul>\n<li><strong><em>Eerste fase<\/em><\/strong><br>In 1970 kwam de structurele hervorming van Belgi\u00eb concreet op gang. Er werden, vooral op vraag van Vlaanderen, cultuurgemeenschappen opgericht met een eerste, bescheiden vorm van autonomie. De gemeenschappen waren verantwoordelijk voor cultuur, taalwetgeving en bepaalde aspecten van het onderwijs. Dat werd grondwettelijk verankerd. Op vraag van Walloni\u00eb werden er ook economische gewesten opgericht, al werd daar verder nog niets voor geregeld. De grondwetsherziening en de vorming van de deelstaten ging gepaard met heel wat ruzie. Het Egmontpact in 1977, dat de bevoegdheden van de gewesten vastlegde, leidde tot de val van de regering en de oprichting van de partij <em>Vlaams Blok<\/em>, die een extreemrechts karakter zou krijgen.<\/li>\n<li><strong><em>Tweede fase<\/em><\/strong><br>De volgende ingrijpende grondwetsherziening vond plaats in 1980, waarbij er deelregeringen opgericht werden. De cultuurgemeenschappen werden tot Gemeenschappen omgevormd en ze kregen meer bevoegdheden, zoals sport, gezondheidszorg en jeugdbeleid. Het Vlaamse en het Waalse Gewest daarentegen kregen sociaal-economische bevoegdheden toegewezen. Ook werd er een onafhankelijk Arbitragehof opgericht (vandaag Grondwettelijk Hof) om te oordelen over eventuele geschillen tussen de Gemeenschappen en\/of Gewesten, bijvoorbeeld wetsbepalingen die in strijd zijn met de verdeling van hun bevoegdheden.<\/li>\n<li><strong><em>Derde fase<\/em><\/strong><br>De rol van de deelstaten werd steeds belangrijker. In 1988-1989, de derde fase van de staatshervorming, werden hun bevoegdheden uitgebreid. Zo kregen de Gemeenschappen nog meer bevoegdheden op het gebied van onderwijs. Verder werd het Brussels Hoofdstedelijk Gewest opgericht: een tweetalig gewest, bestaande uit 19 gemeenten.<\/li>\n<li><strong><em>Vierde fase<\/em><\/strong><br>In 1993 was het proces voltooid en met het Sint-Michielsakkoord was Belgi\u00eb definitief omgevormd tot een federale staat. Belgi\u00eb heeft sindsdien drie Gemeenschappen (de Franse, de Vlaamse en de Duitstalige) en drie Gewesten: het Vlaamse Gewest, het Waalse Gewest en het Brusselse Hoofdstedelijke Gewest. Er zijn in totaal zes regeringen: de federale regering en vijf regionale regeringen (het Vlaamse gewest en de Vlaamse Gemeenschap hebben samen \u00e9\u00e9n regering en \u00e9\u00e9n parlement opgericht). De provincie Brabant is gesplitst in twee nieuwe provincies: Vlaams-Brabant en Waals-Brabant.<\/li>\n<li><strong><em>Vijfde fase<\/em><\/strong><br>Een vijfde fase van de staatshervorming kwam tot stand met de Lambermontakkoorden in 2000-2001. De Gewesten kregen onder meer bevoegdheden voor buitenlandse handel en landbouw, maar ook bijkomende fiscale bevoegdheden. De staatshervormingen in Belgi\u00eb zijn nog steeds niet afgelopen. Vooral Vlaamse partijen zijn nog steeds uit op meer autonomie. Dat heeft economische redenen (Vlaanderen heeft een grotere welvaart), er wordt gewezen op mentaliteitsverschillen, maar er wordt ook geargumenteerd dat het bestuur zo effici\u00ebnter wordt. Maar er zijn ook genoeg Vlamingen die de Belgische staat willen behouden. Uit een onderzoek van 2007 waarbij 1000 Belgen bevraagd werden, bleek dat 71% van de Vlamingen wil dat Belgi\u00eb blijft bestaan. Ter vergelijking: 87% van de Walen deelt die mening. (Bron:<em> <a href=\"http:\/\/www.standaard.be\/artikel\/detail.aspx?artikelid=DMF19072007_042\" target=\"_blank\" rel=\"noopener noreferrer\">De Standaard<\/a><\/em><a href=\"http:\/\/www.standaard.be\/artikel\/detail.aspx?artikelid=DMF19072007_042\" target=\"_blank\" rel=\"noopener noreferrer\"> 19.07.2007<\/a>)<\/li>\n<li><em><strong>Zesde fase<\/strong><\/em><br>In het najaar van 2011 werd het <a href=\"http:\/\/nl.wikipedia.org\/wiki\/Vlinderakkoord\" target=\"_blank\" rel=\"noopener noreferrer\">Vlinderakkoord<\/a> bereikt, dat een politieke vernieuwing inhoudt en de splitsing van de kieskring <a title=\"Brussel-Halle-Vilvoorde\" href=\"http:\/\/nl.wikipedia.org\/wiki\/Brussel-Halle-Vilvoorde\">Brussel-Halle-Vilvoorde<\/a> voorziet.<\/li>\n<\/ul>\n<figure><a href=\"#content\"><img loading=\"lazy\" decoding=\"async\" width=\"40\" height=\"40\" class=\"wp-image-666 alignright\" src=\"https:\/\/userblogs.fu-berlin.de\/dutch\/files\/2020\/04\/erhoehen-ansteigen2-e1585913571900.png\" alt=\"\"><\/a><\/figure><p><a id=\"belgie\"><\/a><\/p>\n<\/div>\n\n\n\n<br>\n\n\n\n<hr class=\"wp-block-separator\" \/>\n\n\n\n<p><strong>Het einde van Belgi\u00eb?<\/strong><\/p>\n\n\n\n<p><p style=\"padding-left: 30px\">In 2006 zette de Franstalige openbare omroep RTBF in Belgi\u00eb een sterk signaal door een wel heel bijzondere uitzending op tv. In een live-uitzending werd het einde van Belgi\u00eb aangekondigd. Vlaanderen had zich onafhankelijk verklaard, er werden feestende Vlamingen getoond en interviews met tevreden politici afgenomen. Veel mensen hadden niet in de gaten dat de uitzending nep was. Volgens de RTBF dacht 89% van de kijkers dat het een echt bericht was en zelfs nadat de uitzending als fictief ontmaskerd werd, bleef 6% daarvan overtuigd. Door deze uitzending en de hevige reacties werd duidelijk hoe sterk de politieke spanningen en separatistische tendenzen in Belgi\u00eb in die tijd waren. <del>(bron:<em> <a href=\"http:\/\/www.zeit.de\/news\/artikel\/2006\/12\/14\/84564.xml\" target=\"_blank\" rel=\"noopener noreferrer\">Zeit Online <\/a><\/em><a href=\"http:\/\/www.zeit.de\/news\/artikel\/2006\/12\/14\/84564.xml\" target=\"_blank\" rel=\"noopener noreferrer\">25.05.2011<\/a>)<\/del><\/p><\/p>\n\n\n\n<div class=\"wp-block-image\"><figure class=\"alignright\"><a href=\"#content\"><img loading=\"lazy\" decoding=\"async\" width=\"40\" height=\"40\" src=\"https:\/\/userblogs.fu-berlin.de\/dutch\/files\/2020\/04\/erhoehen-ansteigen2-e1585913571900.png\" alt=\"\" class=\"wp-image-666\" \/><\/a><\/figure><\/div>\n","protected":false},"excerpt":{"rendered":"<p>Geschiedenis van de taalverhoudingen in Belgi\u00eb Om de taalsituatie in Belgi\u00eb te begrijpen, is het nuttig om iets over de geschiedenis van de talen in Belgi\u00eb te weten. Hier volgt een kort overzicht van de belangrijkste historische feiten vanaf de oprichting van Belgi\u00eb tot de staatshervorming in 2000-2001. Inhoudsopgave 1. De negentiende eeuw: oprichting van &#8230; <a title=\"Geschiedenis van de taalverhoudingen in Belgi\u00eb\" class=\"read-more\" href=\"https:\/\/userblogs.fu-berlin.de\/dutch\/nederlands-taalgebied\/belgie\/taalgebied-belgie\/geschiedenis-van-de-taalverhoudingen-in-belgie\/\" aria-label=\"Lees meer over Geschiedenis van de taalverhoudingen in Belgi\u00eb\">Lees verder<\/a><\/p>\n","protected":false},"author":4743,"featured_media":0,"parent":168,"menu_order":0,"comment_status":"closed","ping_status":"closed","template":"","meta":{"footnotes":""},"class_list":["post-364","page","type-page","status-publish"],"_links":{"self":[{"href":"https:\/\/userblogs.fu-berlin.de\/dutch\/wp-json\/wp\/v2\/pages\/364","targetHints":{"allow":["GET"]}}],"collection":[{"href":"https:\/\/userblogs.fu-berlin.de\/dutch\/wp-json\/wp\/v2\/pages"}],"about":[{"href":"https:\/\/userblogs.fu-berlin.de\/dutch\/wp-json\/wp\/v2\/types\/page"}],"author":[{"embeddable":true,"href":"https:\/\/userblogs.fu-berlin.de\/dutch\/wp-json\/wp\/v2\/users\/4743"}],"replies":[{"embeddable":true,"href":"https:\/\/userblogs.fu-berlin.de\/dutch\/wp-json\/wp\/v2\/comments?post=364"}],"version-history":[{"count":7,"href":"https:\/\/userblogs.fu-berlin.de\/dutch\/wp-json\/wp\/v2\/pages\/364\/revisions"}],"predecessor-version":[{"id":3048,"href":"https:\/\/userblogs.fu-berlin.de\/dutch\/wp-json\/wp\/v2\/pages\/364\/revisions\/3048"}],"up":[{"embeddable":true,"href":"https:\/\/userblogs.fu-berlin.de\/dutch\/wp-json\/wp\/v2\/pages\/168"}],"wp:attachment":[{"href":"https:\/\/userblogs.fu-berlin.de\/dutch\/wp-json\/wp\/v2\/media?parent=364"}],"curies":[{"name":"wp","href":"https:\/\/api.w.org\/{rel}","templated":true}]}}