{"id":375,"date":"2020-03-26T12:41:19","date_gmt":"2020-03-26T11:41:19","guid":{"rendered":"https:\/\/userblogs.fu-berlin.de\/dutch\/?page_id=375"},"modified":"2022-08-23T12:10:21","modified_gmt":"2022-08-23T10:10:21","slug":"welk-nederlands-voor-belgie","status":"publish","type":"page","link":"https:\/\/userblogs.fu-berlin.de\/dutch\/nederlands-taalgebied\/belgie\/taalgebied-belgie\/welk-nederlands-voor-belgie\/","title":{"rendered":"Welk Nederlands voor Belgi\u00eb?"},"content":{"rendered":"\r\n<div class=\"wp-block-group alignfull\">\r\n<div class=\"wp-block-group__inner-container is-layout-flow wp-block-group-is-layout-flow\">\r\n<h1 class=\"wp-block-heading\">Welk Nederlands voor Belgi\u00eb?<img loading=\"lazy\" decoding=\"async\" class=\"alignright size-full wp-image-635\" src=\"https:\/\/userblogs.fu-berlin.de\/dutch\/files\/2020\/04\/gehirn-e1585853622174.png\" alt=\"\" width=\"100\" height=\"100\" \/><\/h1>\r\n<\/div>\r\n<\/div>\r\n\r\n\r\n\r\n<div class=\"wp-block-columns is-layout-flex wp-container-core-columns-is-layout-9d6595d7 wp-block-columns-is-layout-flex\">\r\n<div class=\"wp-block-column is-layout-flow wp-block-column-is-layout-flow\" style=\"flex-basis: 66.66%\">\r\n<p>Vlaanderen heeft niet alleen een lange \u2018strijd\u2019 om de rechten van het Nederlands achter de rug, maar ook een zoektocht naar de \u2018norm\u2019 voor dat Nederlands.<\/p>\r\n<\/div>\r\n\r\n\r\n\r\n<div class=\"wp-block-column is-layout-flow wp-block-column-is-layout-flow\" style=\"flex-basis: 33.33%\">\r\n<figure class=\"wp-block-table\">\r\n<table>\r\n<tbody>\r\n<tr>\r\n<td><strong>Inhoudsopgave<\/strong><br \/><br \/>1. <a href=\"#integrationisme\">Integrationisme<\/a><br \/>2. <a href=\"#beschaafd\">Het Algemeen Beschaafd Nederlands<\/a><br \/>3. <a href=\"#planning\">Taalplanning<\/a><br \/>4. <a href=\"#grondwet\">Nederlands in de grondwet<\/a><br \/>5. <a href=\"#praktijk\">De praktijk: Vlamingen nemen de noordelijk gekleurde standaardtaal niet over<\/a><br \/>6. <a href=\"#ruimte\">Nederlands met ruimte voor Belgische inbreng<\/a><br \/>7. <a href=\"#norm\">Tussentaal als nieuwe norm?<\/a><\/td>\r\n<\/tr>\r\n<\/tbody>\r\n<\/table>\r\n<\/figure>\r\n\r\n\r\n\r\n<p>&nbsp;<\/p>\r\n<\/div>\r\n<\/div>\r\n\r\n\r\n<hr class=\"wp-block-separator\" \/>\r\n\r\n\r\n<p><strong>Integrationisme<\/strong><\/p>\r\n\r\n\r\n\r\n<p style=\"padding-left: 30px\">In het gebied Vlaanderen ontstond in de tweede helft van de negentiende eeuw de behoefte aan een gemeenschappelijke standaardtaal die het zou kunnen opnemen tegen het Frans. Het was alleen niet duidelijk hoe die standaardtaal eruit moest zien. Er waren twee kampen: de <em>integrationisten<\/em> wilden het model van Nederland volgen, terwijl de <em>particularisten<\/em> pleitten voor een eigen Vlaamse standaardtaal die door de plaatselijke dialecten bepaald was. Uiteindelijk viel de beslissing voor een<strong> integrationistische aanpak<\/strong>. De standaardtaal van Nederland overnemen leek de beste optie om met het Frans te kunnen wedijveren. In de twintigste eeuw begon er een moeizaam proces om de standaardtaal van Nederland in Vlaanderen te verspreiden. De moeilijkheid was het gebrek aan frequent en direct contact met Nederlanders, waardoor het proces van standaardisering sterk op de geschreven taal steunde.<\/p>\r\n<p>\r\n\r\n<\/p>\r\n<div class=\"wp-block-image\">\r\n<figure class=\"alignright\"><a href=\"#content\"><img loading=\"lazy\" decoding=\"async\" width=\"40\" height=\"40\" class=\"wp-image-666\" src=\"https:\/\/userblogs.fu-berlin.de\/dutch\/files\/2020\/04\/erhoehen-ansteigen2-e1585913571900.png\" alt=\"\" \/><\/a><\/figure>\r\n<\/div>\r\n<p>\r\n\r\n<\/p>\r\n<p>&nbsp;<\/p>\r\n<p>\r\n\r\n <br \/>\r\n\r\n<\/p>\r\n<hr class=\"wp-block-separator\" \/>\r\n<p>\r\n\r\n<\/p>\r\n<p><strong>Het Algemeen Beschaafd Nederlands<\/strong><\/p>\r\n<p>\r\n\r\n<\/p>\r\n<p style=\"padding-left: 30px\">De negentiende eeuw was de tijd waarin verschillende nationale staten ontstonden. De taal werd daarbij typisch als bindende factor gezien volgens het principe \u2018\u00e9\u00e9n natie, \u00e9\u00e9n taal\u2019. In Frankrijk, bijvoorbeeld, werd dat principe sterk doorgevoerd en werd de standaardtaal gepromoot, terwijl de dialecten vergedrongen werden.<strong> In Belgi\u00eb kwam er in de twintigste eeuw een vergelijkbare beweging v\u00f3\u00f3r de eenheid van de taal en woedde er een strijd tegen de Vlaamse dialecten.<\/strong> Net zoals in de Franse traditie werden dialect en standaardtaal scherp gescheiden gehouden en was het de bedoeling om de dialecten geleidelijk te verdringen. Ze werden als slecht taalgebruik beschouwd en moesten afgeleerd worden. In plaats daarvan was het ABN of Algemeen Beschaafd Nederlands de norm waarnaar werd gestreefd. En dat was volledig gericht op de reeds bestaande standaardtaal van Nederland. Volgens de taalelite uit die tijd was die goed genoeg uitgebouwd om het op te nemen tegen het Frans. Zoals de naam \u2018beschaafd\u2019 al zegt, werd de standaardtaal dus erg hoog gewaardeerd en werden er hoge verwachtingen aan gekoppeld. Daartegenover stond het als minderwaardig gepresenteerde dialect dat als achterlijk boerentaaltje werd beschouwd en waarvoor je je hoorde te schamen.<\/p>\r\n<p>\r\n\r\n<\/p>\r\n<div class=\"wp-block-image\">\r\n<figure class=\"alignright\"><a href=\"#content\"><img loading=\"lazy\" decoding=\"async\" width=\"40\" height=\"40\" class=\"wp-image-666\" src=\"https:\/\/userblogs.fu-berlin.de\/dutch\/files\/2020\/04\/erhoehen-ansteigen2-e1585913571900.png\" alt=\"\" \/><\/a><\/figure>\r\n<\/div>\r\n<p>\r\n\r\n<\/p>\r\n<p>&nbsp;<\/p>\r\n<p>\r\n\r\n <br \/>\r\n\r\n<\/p>\r\n<hr class=\"wp-block-separator\" \/>\r\n<p>\r\n\r\n<\/p>\r\n<p><strong>Taalplanning<\/strong><\/p>\r\n<p>\r\n\r\n<\/p>\r\n<p style=\"padding-left: 30px\">In de jaren 1950 en 1960 werd er in Vlaanderen aan taalplanning gedaan in de vorm van allerlei campagnes en in het onderwijs. Er kwamen taalprogramma\u2019s op de radio en op de televisie, bijvoorbeeld met Joos Florquin. Er werd speciaal materiaal voor het onderwijs van het ABN in Vlaanderen ontwikkeld. Van Blancquaert verscheen een uitspraakgids in 1950 en van Heidbuchel een ABN-woordenboek in 1962. Op school werd de standaardtaal onderwezen als een vreemde taal. Vlaamse leerlingen kregen woordenlijstjes met \u2018zeg niet&#8230; maar&#8230;\u2019 voorgeschoteld waarmee ze hun dialect moesten afleren en het ABN moesten aanleren. <strong>Het gehele taalbeleid was op de standaardtaal van Nederland gericht. <\/strong>De elitaire aanpak in het onderwijs, de negatieve benadering van het eigen taalgebruik en de opgedrongen noordelijke standaardtaal leidden tot grote onzekerheid bij verschillende generaties Belgen. Die onzekerheid over je eigen taal is in Nederland onbekend. Daar was de Nederlandse standaardtaal al eeuwenlang een vanzelfsprekend en natuurlijk gegeven.<\/p>\r\n<p>\r\n\r\n<\/p>\r\n<div class=\"wp-block-image\">\r\n<figure class=\"alignright\"><a href=\"#content\"><img loading=\"lazy\" decoding=\"async\" width=\"40\" height=\"40\" class=\"wp-image-666\" src=\"https:\/\/userblogs.fu-berlin.de\/dutch\/files\/2020\/04\/erhoehen-ansteigen2-e1585913571900.png\" alt=\"\" \/><\/a><\/figure>\r\n<\/div>\r\n<p>\r\n\r\n<\/p>\r\n<p>&nbsp;<\/p>\r\n<p>\r\n\r\n <br \/>\r\n\r\n<\/p>\r\n<hr class=\"wp-block-separator\" \/>\r\n<p>\r\n\r\n<\/p>\r\n<p><strong>Nederlands in de grondwet<\/strong><\/p>\r\n<p>\r\n\r\n<\/p>\r\n<ul class=\"wp-block-list\">\r\n<li>In 1973 legde de Vlaamse Raad de taaleenheid met Nederland officieel vast: Artikel 3 ter van de Belgische grondwet zegt dat de taal van de Nederlandse cultuurgemeenschap het <em>Nederlands<\/em> wordt genoemd. <strong>Vlaanderen en Nederland worden vanaf dan ook wettelijk als \u00e9\u00e9n taalgemeenschap beschouwd.<\/strong> Vervolgens sloten Belgi\u00eb en Nederland in 1980 het <a href=\"https:\/\/userblogs.fu-berlin.de\/dutch\/nederlands-taalgebied\/de-nederlandse-taalunie\/\">Taalunieverdrag<\/a> waarin bepaald wordt dat ze samen het beleid op het vlak van de Nederlandse taal en letteren zouden gaan uitstippelen. De overheden zijn samen verantwoordelijk voor de Nederlandse taal: <em>De Taalunie heeft tot doel de integratie van Nederland en de Nederlandse gemeenschap in Belgi\u00eb op het gebied van de Nederlandse taal en letteren in de ruimste zin<\/em>. Vanaf dan zouden ze samen de offici\u00eble spelling en spraakkunst bepalen en beslissingen in verband met het onderwijs nemen.<\/li>\r\n<li>Het vastleggen van het \u2018Nederlands\u2019 als de taal van Vlaanderen in 1973 kan ge\u00efnterpreteerd worden als een offici\u00eble bevestiging dat het Nederlands van Nederland als de norm voor Vlaanderen wordt beschouwd. In een letterlijke interpretatie moesten Belgische taalgebruikers dus leren schrijven en spreken zoals Nederlanders. Er was dus geen plaats voor een aparte Belgische standaardtaal. Een groep taalkundigen volgde trouw dit<strong> ideaal om de noordelijk Nederlandse norm in Vlaanderen te verspreiden<\/strong>. Prof. Geerts en Geeraerts behoren tot deze groep. E\u00e9n argument is dat volgens hen het aannemen van een gemeenschappelijke standaardtaal de positie van het Nederlands in een globaliserend Europa versterkt. Anderzijds werd wel eens beweerd dat Vlaanderen zelf geen normgevende regio heeft, zoals de Randstad dat is voor Nederland. Die bewering is ondertussen achterhaald. De regio Brabant heeft, mede onder invloed van de media, een normbepalende functie in Vlaanderen gekregen. Deprez wees al in 1989 op dat potentieel.<\/li>\r\n<\/ul>\r\n<p>\r\n\r\n<\/p>\r\n<div class=\"wp-block-image\">\r\n<figure class=\"alignright\"><a href=\"#content\"><img loading=\"lazy\" decoding=\"async\" width=\"40\" height=\"40\" class=\"wp-image-666\" src=\"https:\/\/userblogs.fu-berlin.de\/dutch\/files\/2020\/04\/erhoehen-ansteigen2-e1585913571900.png\" alt=\"\" \/><\/a><\/figure>\r\n<\/div>\r\n<p>\r\n\r\n<\/p>\r\n<p>&nbsp;<\/p>\r\n<p>\r\n\r\n <br \/>\r\n\r\n<\/p>\r\n<hr class=\"wp-block-separator\" \/>\r\n<p>\r\n\r\n<\/p>\r\n<p><strong>De praktijk: Vlamingen nemen de noordelijk gekleurde standaardtaal niet over<\/strong><\/p>\r\n<p>\r\n\r\n<\/p>\r\n<div class=\"praktijk hiddenText text-showed\">\r\n<p style=\"padding-left: 30px\">Sinds de jaren zeventig van de twintigste eeuw begon er verandering te komen in de houding van de Belgische taalgebruikers ten opzichte van de standaardtaal. De behoefte aan een bovenregionale taal nam toe doordat Belgen steeds meer in contact kwamen met andere regio\u2019s. Het was de vraag in welke richting het standaardiseringsproces in Vlaanderen moest gaan. Het werd duidelijk dat het niet realistisch was om van de Belgische taalgebruikers te verwachten dat ze gewoon de standaardtaal uit Nederland over zouden nemen.<\/p>\r\n<ul>\r\n<li>Een belangrijke reden daarvoor was dat de <strong>Vlamingen zelf niet wilden spreken zoals Nederlanders<\/strong>. De <a href=\"https:\/\/userblogs.fu-berlin.de\/dutch\/begrippen\/taalattitude\/\">attitude<\/a> van Vlamingen ten opzichte van het Nederlands-Nederlands was, zo blijkt uit onderzoek, in de jaren zeventig en tachtig behoorlijk negatief. Vooral de uitspraak van Nederlanders beoordeelden Vlamingen negatief.<\/li>\r\n<li>Een andere factor die de overname van het de standaardtaal van Nederland bemoeilijkte, is dat in Vlaanderen de taal een sterke symboolwaarde kreeg in samenhang met het groeiende zelfbewustzijn van de Vlamingen. Dit zelfbewustzijn werd gevoed door de staatshervorming, die leidde tot toenemende politieke autonomie, maar ook de economische vooruitgang van de regio Vlaanderen. De taal werd een belangrijk onderdeel van de Vlaamse <a href=\"https:\/\/userblogs.fu-berlin.de\/dutch\/begrippen\/taal-en-identiteit\/\">identiteit<\/a>. Sterker nog, volgens Ludo Beheydt (<a href=\"https:\/\/userblogs.fu-berlin.de\/dutch\/literatuur-nederlands-in-belgie-en-nederland\/\">1993: 87<\/a>) zijn ze onlosmakelijk verbonden: \u201cIn Vlaanderen is de culturele identiteit onlosmakelijk verbonden met de taal. De taal is het symbool waarrond het identiteitsgevoel zich heeft gekristalliseerd.\u201d <strong>Met het Nederlands van Nederland konden veel Belgen zich niet identificeren. <\/strong>Het voelde niet \u2018eigen\u2019. Taalkundigen hebben erop gewezen dat voor Belgen de Nederlands gekleurde standaardtaal een \u2018zondags pak\u2019 was waarin ze zich niet goed konden bewegen.<\/li>\r\n<li>Ook is het ontstaan van een <strong>eigen commerci\u00eble tv-zender<\/strong> (VTM) in 1989 bepalend geweest. Eind jaren zeventig, begin jaren tachtig genoten Hollandse radiozenders en DJ\u2019s nog prestige in Vlaanderen, maar er veranderde veel toen Vlaanderen zijn eigen zenders kreeg (<a href=\"https:\/\/userblogs.fu-berlin.de\/dutch\/literatuur-nederlands-in-belgie-en-nederland\/\">De Caluw\u00e9 1992<\/a>). De Nederlandse zenders trokken vanaf dan veel minder kijkers. <strong>Er ontstond een culturele kloof met Nederland<\/strong> (<a href=\"https:\/\/userblogs.fu-berlin.de\/dutch\/literatuur-nederlands-in-belgie-en-nederland\/\">Reynebeau 2006<\/a>). Er was ineens veel minder \u2018Hollands\u2019 en veel meer \u2018Vlaams\u2019 op de radio en op tv te horen. De nieuwe zender VTM koos er bewust voor om eigen Vlaamse soapseries uit te zenden waarin geen standaardtaal gesproken werd, maar waarin het taalgebruik dichter bij het dialect lag en dus als \u2018natuurlijker\u2019 werd beschouwd (zie ook onder <a href=\"https:\/\/userblogs.fu-berlin.de\/dutch\/nederlands-taalgebied\/belgie\/taalgebied-belgie\/tussentaal\/\">tussentaal<\/a>). Die keuze droeg er mede toe bij dat Vlamingen hun voeling met de \u2018Nederlandse\u2019 of \u2018Hollandse\u2019 klankkleur meer en meer kwijtraakten.<\/li>\r\n<\/ul>\r\n<figure><a href=\"#content\"><img loading=\"lazy\" decoding=\"async\" width=\"40\" height=\"40\" class=\"wp-image-666 alignright\" src=\"https:\/\/userblogs.fu-berlin.de\/dutch\/files\/2020\/04\/erhoehen-ansteigen2-e1585913571900.png\" alt=\"\" \/><\/a><\/figure>\r\n<p>&nbsp;<\/p>\r\n<p>&nbsp;<\/p>\r\n<hr \/><\/div>\r\n<p>\r\n\r\n<\/p>\r\n<p><strong>Nederlands met ruimte voor Belgische inbreng<\/strong><\/p>\r\n<p>\r\n\r\n<\/p>\r\n<div class=\"inbreng hiddenText text-showed\">\r\n<p style=\"padding-left: 30px\">Een groep taalkundigen, docenten en taaladviseurs concludeerde dat de op Nederland geori\u00ebnteerde taalplanning niet realistisch was en bijgesteld moest worden. Zij verkondigden dat als Belgen niet bereid zijn om de norm van Nederland over te nemen, er respect voor die <a href=\"https:\/\/userblogs.fu-berlin.de\/dutch\/begrippen\/taalattitude\/\">attitude<\/a> moet zijn en ze er niet toe gedwongen mogen worden. (bv. De Caluw\u00e9 1992). Er kan hooguit gepoogd worden hun attitude om te buigen, meende De Caluw\u00e9 (1992).<\/p>\r\n<p style=\"padding-left: 30px\">Er kwam een <strong>emancipatiebeweging van het Belgisch-Nederlands<\/strong> op gang. De taaleenheid van Vlaanderen en Nederland werd in die visie nog wel erkend, maar er werd ruimte voor Vlaamse elementen in de Nederlandse standaardtaal ge\u00ebist. Of, in nog sterkere vorm, werd er door sommigen gepleit voor de ontwikkeling van een eigen Belgische vari\u00ebteit van de Nederlandse standaardtaal.<\/p>\r\n<ul>\r\n<li>De Caluw\u00e9 (1992) verklaarde dat de Universiteit Gent bewust geen Nederlands-Nederlandse uitspraak aanleerde en ook op het gebied van grammatica en woordenschat geen typisch Nederlands-Nederlandse verschijnselen wilde opdringen. De nadruk werd erop gelegd dat Vlaamse studenten Nederlands van de verschillen tussen Belgisch- en Nederlands-Nederlands bewust gemaakt moesten worden en moesten leren om zich zonodig aan te passen. Daarbij hoorde, volgens De Caluw\u00e9 (<a href=\"https:\/\/userblogs.fu-berlin.de\/dutch\/literatuur-nederlands-in-belgie-en-nederland\/\">1992<\/a>), ook aandacht voor de Nederlandse cultuur. <strong>Interessant is dat een dergelijke bewustmaking en culturele opvoeding bij studenten in Nederland (zover wij kunnen nagaan) nooit gebeurd is en op dat punt wil <a href=\"https:\/\/userblogs.fu-berlin.de\/dutch\/over-dutch\/project-summary\/\">Dutch++ <\/a>een aanvulling bieden.<\/strong><\/li>\r\n<li>Een ander voorbeeld van de emancipatiebeweging van het Belgisch-Nederlands is het beleid van Eug\u00e8ne Berode, de voormalige taaladviseur van de Vlaamse openbare omroep VRT. Hij beschouwde het \u2018Noordnederlands\u2019 wel als norm, maar met drie uitzonderingen: De \u2018Randstad\u2019-uitspraak hoeft niet overgenomen te worden; Er moet ruimte zijn voor Vlaamse beeldspraak en zegswijzen; Offici\u00eble Belgische termen (bv. schepen, licentiaat) behoren tot de standaardtaal. De opvolger van Berode in 1996 was Ruud Hendrickx en hij ging nog een stap verder. Hij pleitte voor een \u2018Belgische variant van de Nederlandse standaardtaal\u2019 met nog meer ruimte voor \u2018Belgisch Nederlandse inbreng op het gebied van uitspraak, woordkeus, zegswijzen en beeldspraak\u2019. (bron: <a href=\"https:\/\/vrttaal.net\/taalbeleid\/taalcharter-1998\" target=\"_blank\" rel=\"noopener noreferrer\">Taalcharter van de VRT<\/a>)<\/li>\r\n<li>De visie waarin een taaleenheid van Vlaanderen en Nederland aangenomen wordt, maar er erkenning is voor Belgische elementen is in zoverre algemeen geworden, dat er <strong>woordenboeken <\/strong>zijn verschenen die aandacht aan Belgisch-Nederlandse woorden besteden. Maar tot nu toe bestaat er geen volledige wetenschappelijke beschrijving van het Belgisch-Nederlands en is er geen offici\u00eble erkenning voor het Belgisch-Nederlands als aparte standaardvari\u00ebteit.<\/li>\r\n<\/ul>\r\n<figure><a href=\"#content\"><img loading=\"lazy\" decoding=\"async\" width=\"40\" height=\"40\" class=\"wp-image-666 alignright\" src=\"https:\/\/userblogs.fu-berlin.de\/dutch\/files\/2020\/04\/erhoehen-ansteigen2-e1585913571900.png\" alt=\"\" \/><\/a><\/figure>\r\n<p>&nbsp;<\/p>\r\n<p>&nbsp;<\/p>\r\n<hr \/><\/div>\r\n<p>\r\n\r\n<\/p>\r\n<p><strong>Tussentaal als nieuwe norm?<\/strong><\/p>\r\n<p>\r\n\r\n<\/p>\r\n<div class=\"TSTnorm hiddenText text-showed\">\r\n<p style=\"padding-left: 30px\">Tegelijk met de emancipatie van de Belgisch-Nederlandse standaardtaal ontwikkelde en verspreidde er zich een andere vari\u00ebteit in Belgi\u00eb: de <a href=\"https:\/\/userblogs.fu-berlin.de\/dutch\/nederlands-taalgebied\/belgie\/taalgebied-belgie\/tussentaal\/\">Vlaamse Tussentaal<\/a>. Met deze vari\u00ebteit kunnen veel Vlamingen zich nog veel beter identificeren omdat hij nog dichter bij de dialecten ligt \u00e9n op een natuurlijke manier is ontstaan. Er wordt door sommige taalkundigen op gewezen dat de tussentaal zich in Vlaanderen aan het uitbreiden is naar een steeds groter gebied, dat hij functies van de standaardtaal \u00e9n van de dialecten overneemt en dat hij een standaardiseringsproces ondergaat. De Caluw\u00e9 heeft het over een proces van <strong>autonome Vlaamse standaardisering<\/strong>.<\/p>\r\n<ul>\r\n<li>Men kan argumenteren dat de tussentaal <strong>functies overneemt van de standaardtaal<\/strong>. Op de openbare omroep wordt in allerlei talkshows en fictieprogramma\u2019s Tussentaal gebruikt. Ook op school is er niet meer zo veel standaardtaal te horen als vroeger. Maar dergelijke observaties kunnen ook anders verklaard worden, bijvoorbeeld door te verwijzen naar de informalisering van de samenleving. Het aantal formele situaties in de samenleving neemt af. Daardoor lijkt het alsof het gebruik van Tussentaal toeneemt ten koste van de standaardtaal.<\/li>\r\n<li>Er is volgens sommige taalkundigen een <strong>toenemende uniformiteit<\/strong> van de Tussentaal merkbaar waarbij vooral Brabantse kenmerken een bredere verspreiding kennen: bv. in West-Vlaanderen wordt het gebruik van <em>gij<\/em> en de diminutiefuitgang &#8211;<em>ke<\/em> overgenomen en in Limburg zijn bepaalde Brabantse klanken te horen. Andere taalkundigen relativeren de uitbreiding en uniformering van de Vlaamse Tussentaal. Volgens Plevoets (<a href=\"https:\/\/userblogs.fu-berlin.de\/dutch\/literatuur-nederlands-in-belgie-en-nederland\/\">2008<\/a>) blijkt de Brabantse substandaard heterogeen te zijn en ook Gabel (<a href=\"https:\/\/userblogs.fu-berlin.de\/dutch\/literatuur-nederlands-in-belgie-en-nederland\/\">2010<\/a>)<strong>\u00a0<\/strong>relativeert de expansie van het Brabants. Van Hoof (<a href=\"https:\/\/userblogs.fu-berlin.de\/dutch\/literatuur-nederlands-in-belgie-en-nederland\/\">2010<\/a>) laat zien dat al in 1980 substandaardtaal gebruikt wordt in soaps.<\/li>\r\n<\/ul>\r\n<figure><a href=\"#content\"><img loading=\"lazy\" decoding=\"async\" width=\"40\" height=\"40\" class=\"wp-image-666 alignright\" src=\"https:\/\/userblogs.fu-berlin.de\/dutch\/files\/2020\/04\/erhoehen-ansteigen2-e1585913571900.png\" alt=\"\" \/><\/a><\/figure>\r\n<p>&nbsp;<\/p>\r\n<p>&nbsp;<\/p>\r\n<\/div>\r\n<p><\/p>","protected":false},"excerpt":{"rendered":"<p>Welk Nederlands voor Belgi\u00eb? Vlaanderen heeft niet alleen een lange \u2018strijd\u2019 om de rechten van het Nederlands achter de rug, maar ook een zoektocht naar de \u2018norm\u2019 voor dat Nederlands. Inhoudsopgave 1. Integrationisme2. Het Algemeen Beschaafd Nederlands3. Taalplanning4. Nederlands in de grondwet5. De praktijk: Vlamingen nemen de noordelijk gekleurde standaardtaal niet over6. Nederlands met ruimte &#8230; <a title=\"Welk Nederlands voor Belgi\u00eb?\" class=\"read-more\" href=\"https:\/\/userblogs.fu-berlin.de\/dutch\/nederlands-taalgebied\/belgie\/taalgebied-belgie\/welk-nederlands-voor-belgie\/\" aria-label=\"Lees meer over Welk Nederlands voor Belgi\u00eb?\">Lees verder<\/a><\/p>\n","protected":false},"author":4743,"featured_media":0,"parent":168,"menu_order":0,"comment_status":"closed","ping_status":"closed","template":"","meta":{"footnotes":""},"class_list":["post-375","page","type-page","status-publish"],"_links":{"self":[{"href":"https:\/\/userblogs.fu-berlin.de\/dutch\/wp-json\/wp\/v2\/pages\/375","targetHints":{"allow":["GET"]}}],"collection":[{"href":"https:\/\/userblogs.fu-berlin.de\/dutch\/wp-json\/wp\/v2\/pages"}],"about":[{"href":"https:\/\/userblogs.fu-berlin.de\/dutch\/wp-json\/wp\/v2\/types\/page"}],"author":[{"embeddable":true,"href":"https:\/\/userblogs.fu-berlin.de\/dutch\/wp-json\/wp\/v2\/users\/4743"}],"replies":[{"embeddable":true,"href":"https:\/\/userblogs.fu-berlin.de\/dutch\/wp-json\/wp\/v2\/comments?post=375"}],"version-history":[{"count":8,"href":"https:\/\/userblogs.fu-berlin.de\/dutch\/wp-json\/wp\/v2\/pages\/375\/revisions"}],"predecessor-version":[{"id":3859,"href":"https:\/\/userblogs.fu-berlin.de\/dutch\/wp-json\/wp\/v2\/pages\/375\/revisions\/3859"}],"up":[{"embeddable":true,"href":"https:\/\/userblogs.fu-berlin.de\/dutch\/wp-json\/wp\/v2\/pages\/168"}],"wp:attachment":[{"href":"https:\/\/userblogs.fu-berlin.de\/dutch\/wp-json\/wp\/v2\/media?parent=375"}],"curies":[{"name":"wp","href":"https:\/\/api.w.org\/{rel}","templated":true}]}}