{"id":476,"date":"2020-03-30T19:25:52","date_gmt":"2020-03-30T17:25:52","guid":{"rendered":"https:\/\/userblogs.fu-berlin.de\/dutch\/?page_id=476"},"modified":"2022-09-12T17:25:06","modified_gmt":"2022-09-12T15:25:06","slug":"oefeningen","status":"publish","type":"page","link":"https:\/\/userblogs.fu-berlin.de\/dutch\/oefeningen\/","title":{"rendered":"Oefeningen"},"content":{"rendered":"<p><img loading=\"lazy\" decoding=\"async\" class=\"wp-image-656 size-full alignright\" src=\"https:\/\/userblogs.fu-berlin.de\/dutch\/files\/2020\/04\/Puzzleteil-e1585857053433.png\" alt=\"\" width=\"100\" height=\"100\" \/><\/p>\n<h1>Oefeningen<\/h1>\n<p>Via taal kan je heel wat doen. Telefoneren, betalen, je verontschuldigen, een afspraak maken,\u2026 Taal heeft verschillende functies (<strong>taalfuncties<\/strong>). In talrijke oefeningen leer je het Nederlands in Belgi\u00eb, Nederland en Suriname te verstaan, herkennen \u00e9n gebruiken. Welke <strong>taalvari<span class=\"st\">\u00eb<\/span>teit <\/strong>(= soort Nederlands) wil je oefenen? Wat is je <strong>taalniveau<\/strong>? Kies boven in het menu.<\/p>\n<div class=\"lyte-wrapper\" style=\"width:640px;max-width:100%;margin:5px;\"><div class=\"lyMe\" id=\"WYL_c2F0nHYwPnU\"><div id=\"lyte_c2F0nHYwPnU\" data-src=\"https:\/\/userblogs.fu-berlin.de\/dutch\/wp-content\/plugins\/wp-youtube-lyte\/lyteCache.php?origThumbUrl=%2F%2Fi.ytimg.com%2Fvi%2Fc2F0nHYwPnU%2Fhqdefault.jpg\" class=\"pL\"><div class=\"tC\"><div class=\"tT\"><\/div><\/div><div class=\"play\"><\/div><div class=\"ctrl\"><div class=\"Lctrl\"><\/div><div class=\"Rctrl\"><\/div><\/div><\/div><noscript><a href=\"https:\/\/youtu.be\/c2F0nHYwPnU\" rel=\"nofollow\"><img loading=\"lazy\" decoding=\"async\" src=\"https:\/\/userblogs.fu-berlin.de\/dutch\/wp-content\/plugins\/wp-youtube-lyte\/lyteCache.php?origThumbUrl=https%3A%2F%2Fi.ytimg.com%2Fvi%2Fc2F0nHYwPnU%2F0.jpg\" alt=\"YouTube video thumbnail\" width=\"640\" height=\"340\" \/><br \/>Bekijk deze video op YouTube<\/a><\/noscript><\/div><\/div><div class=\"lL\" style=\"max-width:100%;width:640px;margin:5px;\"><\/div><\/p>\n<p><strong>Anna <\/strong>is verkoopster op de markt in Suriname. Ze zegt dat Nederlanders en Surinamers vaak verschillende woorden gebruiken voor dezelfde dingen.<\/p>\n<p>&nbsp;<\/p>\n<hr \/>\n<p>&nbsp;<\/p>\n<h2 id=\"taalfunctie\" style=\"text-align: center\">Oefeningen per taalfunctie<\/h2>\n<p style=\"margin: auto;border-radius: 5px;border: 3px solid #c63500;padding: 15px;text-align: center;background: #ededed;font-size: 11px;max-width: 400px\"><strong>Let op!<\/strong><br \/>\nDe oefeningen op Dutch++ werken het best in <em>Google Chrome<\/em>. Wij kunnen helaas niet garanderen dat alle oefeningen in andere webbrowsers ook volledig werken.<\/p>\n<p>&nbsp;<\/p>\n<div class=\"wc-gallery\"><div id='gallery-1' data-gutter-width='5' data-columns='4' class='gallery wc-gallery-captions-onhover gallery-masonry galleryid-476 gallery-columns-4 gallery-size-thumbnail wc-gallery-bottomspace-default wc-gallery-clear'><div class='gallery-item gallery-item-position-1 gallery-item-attachment-688'>\n\t\t\t\t<div class='gallery-icon landscape'>\n\t\t\t\t\t<a href='https:\/\/userblogs.fu-berlin.de\/dutch\/category\/oefeningen\/een-afspraak-maken\/' title='' target='_self'><img loading=\"lazy\" decoding=\"async\" width=\"150\" height=\"150\" src=\"https:\/\/userblogs.fu-berlin.de\/dutch\/files\/2020\/04\/afspraak-maken-150x150.jpeg\" class=\"attachment-thumbnail size-thumbnail\" alt=\"Een afspraak maken\" srcset=\"https:\/\/userblogs.fu-berlin.de\/dutch\/files\/2020\/04\/afspraak-maken-150x150.jpeg 150w, https:\/\/userblogs.fu-berlin.de\/dutch\/files\/2020\/04\/afspraak-maken-300x300.jpeg 300w, https:\/\/userblogs.fu-berlin.de\/dutch\/files\/2020\/04\/afspraak-maken.jpeg 720w\" sizes=\"auto, (max-width: 150px) 100vw, 150px\" \/><\/a>\n\t\t\t\t<\/div>\n\t\t\t\t\t<div class='wp-caption-text gallery-caption'>\n\t\t\t\t\t\t<h4>\n\t\t\t\t\t\tEen afspraak maken\n\t\t\t\t\t\t<\/h4>\n\t\t\t\t\t<\/div><\/div><div class='gallery-item gallery-item-position-2 gallery-item-attachment-1017'>\n\t\t\t\t<div class='gallery-icon landscape'>\n\t\t\t\t\t<a href='https:\/\/userblogs.fu-berlin.de\/dutch\/category\/oefeningen\/argumenteren-en-overtuigen\/' title='' target='_self'><img loading=\"lazy\" decoding=\"async\" width=\"150\" height=\"150\" src=\"https:\/\/userblogs.fu-berlin.de\/dutch\/files\/2020\/04\/argumenteren-en-overtuigen-150x150.jpeg\" class=\"attachment-thumbnail size-thumbnail\" alt=\"Argumenteren en overtuigen\" srcset=\"https:\/\/userblogs.fu-berlin.de\/dutch\/files\/2020\/04\/argumenteren-en-overtuigen-150x150.jpeg 150w, https:\/\/userblogs.fu-berlin.de\/dutch\/files\/2020\/04\/argumenteren-en-overtuigen-300x300.jpeg 300w, https:\/\/userblogs.fu-berlin.de\/dutch\/files\/2020\/04\/argumenteren-en-overtuigen-48x48.jpeg 48w, https:\/\/userblogs.fu-berlin.de\/dutch\/files\/2020\/04\/argumenteren-en-overtuigen-250x250.jpeg 250w, https:\/\/userblogs.fu-berlin.de\/dutch\/files\/2020\/04\/argumenteren-en-overtuigen-550x550.jpeg 550w, https:\/\/userblogs.fu-berlin.de\/dutch\/files\/2020\/04\/argumenteren-en-overtuigen-180x180.jpeg 180w, https:\/\/userblogs.fu-berlin.de\/dutch\/files\/2020\/04\/argumenteren-en-overtuigen-500x500.jpeg 500w, https:\/\/userblogs.fu-berlin.de\/dutch\/files\/2020\/04\/argumenteren-en-overtuigen.jpeg 720w\" sizes=\"auto, (max-width: 150px) 100vw, 150px\" \/><\/a>\n\t\t\t\t<\/div>\n\t\t\t\t\t<div class='wp-caption-text gallery-caption'>\n\t\t\t\t\t\t<h4>\n\t\t\t\t\t\tArgumenteren en overtuigen\n\t\t\t\t\t\t<\/h4>\n\t\t\t\t\t<\/div><\/div><div class='gallery-item gallery-item-position-3 gallery-item-attachment-1019'>\n\t\t\t\t<div class='gallery-icon landscape'>\n\t\t\t\t\t<a href='https:\/\/userblogs.fu-berlin.de\/dutch\/category\/oefeningen\/bedanken-en-reactie\/' title='' target='_self'><img loading=\"lazy\" decoding=\"async\" width=\"150\" height=\"150\" src=\"https:\/\/userblogs.fu-berlin.de\/dutch\/files\/2020\/04\/bedanken-en-reactie-150x150.jpeg\" class=\"attachment-thumbnail size-thumbnail\" alt=\"Bedanken en reactie\" srcset=\"https:\/\/userblogs.fu-berlin.de\/dutch\/files\/2020\/04\/bedanken-en-reactie-150x150.jpeg 150w, https:\/\/userblogs.fu-berlin.de\/dutch\/files\/2020\/04\/bedanken-en-reactie-300x300.jpeg 300w, https:\/\/userblogs.fu-berlin.de\/dutch\/files\/2020\/04\/bedanken-en-reactie-48x48.jpeg 48w, https:\/\/userblogs.fu-berlin.de\/dutch\/files\/2020\/04\/bedanken-en-reactie-250x250.jpeg 250w, https:\/\/userblogs.fu-berlin.de\/dutch\/files\/2020\/04\/bedanken-en-reactie-550x550.jpeg 550w, https:\/\/userblogs.fu-berlin.de\/dutch\/files\/2020\/04\/bedanken-en-reactie-180x180.jpeg 180w, https:\/\/userblogs.fu-berlin.de\/dutch\/files\/2020\/04\/bedanken-en-reactie-500x500.jpeg 500w, https:\/\/userblogs.fu-berlin.de\/dutch\/files\/2020\/04\/bedanken-en-reactie.jpeg 720w\" sizes=\"auto, (max-width: 150px) 100vw, 150px\" \/><\/a>\n\t\t\t\t<\/div>\n\t\t\t\t\t<div class='wp-caption-text gallery-caption'>\n\t\t\t\t\t\t<h4>\n\t\t\t\t\t\tBedanken en reactie\n\t\t\t\t\t\t<\/h4>\n\t\t\t\t\t<\/div><\/div><div class='gallery-item gallery-item-position-4 gallery-item-attachment-1096'>\n\t\t\t\t<div class='gallery-icon landscape'>\n\t\t\t\t\t<a href='https:\/\/userblogs.fu-berlin.de\/dutch\/category\/oefeningen\/begroeten-en-afscheid-nemen\/' title='' target='_self'><img loading=\"lazy\" decoding=\"async\" width=\"150\" height=\"150\" src=\"https:\/\/userblogs.fu-berlin.de\/dutch\/files\/2020\/04\/begroeten-en-afscheid-150x150.jpeg\" class=\"attachment-thumbnail size-thumbnail\" alt=\"Begroeten en afscheid nemen\" srcset=\"https:\/\/userblogs.fu-berlin.de\/dutch\/files\/2020\/04\/begroeten-en-afscheid-150x150.jpeg 150w, https:\/\/userblogs.fu-berlin.de\/dutch\/files\/2020\/04\/begroeten-en-afscheid-300x300.jpeg 300w, https:\/\/userblogs.fu-berlin.de\/dutch\/files\/2020\/04\/begroeten-en-afscheid-48x48.jpeg 48w, https:\/\/userblogs.fu-berlin.de\/dutch\/files\/2020\/04\/begroeten-en-afscheid-250x250.jpeg 250w, https:\/\/userblogs.fu-berlin.de\/dutch\/files\/2020\/04\/begroeten-en-afscheid-550x550.jpeg 550w, https:\/\/userblogs.fu-berlin.de\/dutch\/files\/2020\/04\/begroeten-en-afscheid-180x180.jpeg 180w, https:\/\/userblogs.fu-berlin.de\/dutch\/files\/2020\/04\/begroeten-en-afscheid-500x500.jpeg 500w, https:\/\/userblogs.fu-berlin.de\/dutch\/files\/2020\/04\/begroeten-en-afscheid.jpeg 720w\" sizes=\"auto, (max-width: 150px) 100vw, 150px\" \/><\/a>\n\t\t\t\t<\/div>\n\t\t\t\t\t<div class='wp-caption-text gallery-caption'>\n\t\t\t\t\t\t<h4>\n\t\t\t\t\t\tBegroeten en afscheid nemen\n\t\t\t\t\t\t<\/h4>\n\t\t\t\t\t<\/div><\/div><div class='gallery-item gallery-item-position-5 gallery-item-attachment-1176'>\n\t\t\t\t<div class='gallery-icon landscape'>\n\t\t\t\t\t<a href='https:\/\/userblogs.fu-berlin.de\/dutch\/category\/oefeningen\/beschrijving-vragen-en-geven\/' title='' target='_self'><img loading=\"lazy\" decoding=\"async\" width=\"150\" height=\"150\" src=\"https:\/\/userblogs.fu-berlin.de\/dutch\/files\/2020\/05\/beschrijving-vragen-150x150.jpeg\" class=\"attachment-thumbnail size-thumbnail\" alt=\"Beschrijving vragen en geven\" srcset=\"https:\/\/userblogs.fu-berlin.de\/dutch\/files\/2020\/05\/beschrijving-vragen-150x150.jpeg 150w, https:\/\/userblogs.fu-berlin.de\/dutch\/files\/2020\/05\/beschrijving-vragen-300x300.jpeg 300w, https:\/\/userblogs.fu-berlin.de\/dutch\/files\/2020\/05\/beschrijving-vragen-48x48.jpeg 48w, https:\/\/userblogs.fu-berlin.de\/dutch\/files\/2020\/05\/beschrijving-vragen-250x250.jpeg 250w, https:\/\/userblogs.fu-berlin.de\/dutch\/files\/2020\/05\/beschrijving-vragen-550x550.jpeg 550w, https:\/\/userblogs.fu-berlin.de\/dutch\/files\/2020\/05\/beschrijving-vragen-180x180.jpeg 180w, https:\/\/userblogs.fu-berlin.de\/dutch\/files\/2020\/05\/beschrijving-vragen-500x500.jpeg 500w, https:\/\/userblogs.fu-berlin.de\/dutch\/files\/2020\/05\/beschrijving-vragen.jpeg 720w\" sizes=\"auto, (max-width: 150px) 100vw, 150px\" \/><\/a>\n\t\t\t\t<\/div>\n\t\t\t\t\t<div class='wp-caption-text gallery-caption'>\n\t\t\t\t\t\t<h4>\n\t\t\t\t\t\tBeschrijving vragen en geven\n\t\t\t\t\t\t<\/h4>\n\t\t\t\t\t<\/div><\/div><div class='gallery-item gallery-item-position-6 gallery-item-attachment-1220'>\n\t\t\t\t<div class='gallery-icon landscape'>\n\t\t\t\t\t<a href='https:\/\/userblogs.fu-berlin.de\/dutch\/category\/oefeningen\/betalen-afrekenen\/' title='' target='_self'><img loading=\"lazy\" decoding=\"async\" width=\"150\" height=\"150\" src=\"https:\/\/userblogs.fu-berlin.de\/dutch\/files\/2020\/05\/betalen-afrekenen-150x150.jpeg\" class=\"attachment-thumbnail size-thumbnail\" alt=\"Betalen en afrekenen\" srcset=\"https:\/\/userblogs.fu-berlin.de\/dutch\/files\/2020\/05\/betalen-afrekenen-150x150.jpeg 150w, https:\/\/userblogs.fu-berlin.de\/dutch\/files\/2020\/05\/betalen-afrekenen-300x300.jpeg 300w, https:\/\/userblogs.fu-berlin.de\/dutch\/files\/2020\/05\/betalen-afrekenen-48x48.jpeg 48w, https:\/\/userblogs.fu-berlin.de\/dutch\/files\/2020\/05\/betalen-afrekenen-250x250.jpeg 250w, https:\/\/userblogs.fu-berlin.de\/dutch\/files\/2020\/05\/betalen-afrekenen-550x550.jpeg 550w, https:\/\/userblogs.fu-berlin.de\/dutch\/files\/2020\/05\/betalen-afrekenen-180x180.jpeg 180w, https:\/\/userblogs.fu-berlin.de\/dutch\/files\/2020\/05\/betalen-afrekenen-500x500.jpeg 500w, https:\/\/userblogs.fu-berlin.de\/dutch\/files\/2020\/05\/betalen-afrekenen.jpeg 720w\" sizes=\"auto, (max-width: 150px) 100vw, 150px\" \/><\/a>\n\t\t\t\t<\/div>\n\t\t\t\t\t<div class='wp-caption-text gallery-caption'>\n\t\t\t\t\t\t<h4>\n\t\t\t\t\t\tBetalen en afrekenen\n\t\t\t\t\t\t<\/h4>\n\t\t\t\t\t<\/div><\/div><div class='gallery-item gallery-item-position-7 gallery-item-attachment-1319'>\n\t\t\t\t<div class='gallery-icon landscape'>\n\t\t\t\t\t<a href='https:\/\/userblogs.fu-berlin.de\/dutch\/category\/oefeningen\/de-weg-vragen-de-weg-wijzen\/' title='' target='_self'><img loading=\"lazy\" decoding=\"async\" width=\"150\" height=\"150\" src=\"https:\/\/userblogs.fu-berlin.de\/dutch\/files\/2020\/05\/de-weg-vragen-150x150.jpeg\" class=\"attachment-thumbnail size-thumbnail\" alt=\"De weg vragen en de weg wijzen\" srcset=\"https:\/\/userblogs.fu-berlin.de\/dutch\/files\/2020\/05\/de-weg-vragen-150x150.jpeg 150w, https:\/\/userblogs.fu-berlin.de\/dutch\/files\/2020\/05\/de-weg-vragen-300x300.jpeg 300w, https:\/\/userblogs.fu-berlin.de\/dutch\/files\/2020\/05\/de-weg-vragen-48x48.jpeg 48w, https:\/\/userblogs.fu-berlin.de\/dutch\/files\/2020\/05\/de-weg-vragen-250x250.jpeg 250w, https:\/\/userblogs.fu-berlin.de\/dutch\/files\/2020\/05\/de-weg-vragen-550x550.jpeg 550w, https:\/\/userblogs.fu-berlin.de\/dutch\/files\/2020\/05\/de-weg-vragen-180x180.jpeg 180w, https:\/\/userblogs.fu-berlin.de\/dutch\/files\/2020\/05\/de-weg-vragen-500x500.jpeg 500w, https:\/\/userblogs.fu-berlin.de\/dutch\/files\/2020\/05\/de-weg-vragen.jpeg 720w\" sizes=\"auto, (max-width: 150px) 100vw, 150px\" \/><\/a>\n\t\t\t\t<\/div>\n\t\t\t\t\t<div class='wp-caption-text gallery-caption'>\n\t\t\t\t\t\t<h4>\n\t\t\t\t\t\tDe weg vragen en de weg wijzen\n\t\t\t\t\t\t<\/h4>\n\t\t\t\t\t<\/div><\/div><div class='gallery-item gallery-item-position-8 gallery-item-attachment-1321'>\n\t\t\t\t<div class='gallery-icon landscape'>\n\t\t\t\t\t<a href='https:\/\/userblogs.fu-berlin.de\/dutch\/category\/oefeningen\/een-mening-vragen-en-geven\/' title='' target='_self'><img loading=\"lazy\" decoding=\"async\" width=\"150\" height=\"150\" src=\"https:\/\/userblogs.fu-berlin.de\/dutch\/files\/2020\/05\/een-mening-vragen-150x150.jpeg\" class=\"attachment-thumbnail size-thumbnail\" alt=\"Een mening vragen en geven\" srcset=\"https:\/\/userblogs.fu-berlin.de\/dutch\/files\/2020\/05\/een-mening-vragen-150x150.jpeg 150w, https:\/\/userblogs.fu-berlin.de\/dutch\/files\/2020\/05\/een-mening-vragen-300x300.jpeg 300w, https:\/\/userblogs.fu-berlin.de\/dutch\/files\/2020\/05\/een-mening-vragen-48x48.jpeg 48w, https:\/\/userblogs.fu-berlin.de\/dutch\/files\/2020\/05\/een-mening-vragen-250x250.jpeg 250w, https:\/\/userblogs.fu-berlin.de\/dutch\/files\/2020\/05\/een-mening-vragen-550x550.jpeg 550w, https:\/\/userblogs.fu-berlin.de\/dutch\/files\/2020\/05\/een-mening-vragen-180x180.jpeg 180w, https:\/\/userblogs.fu-berlin.de\/dutch\/files\/2020\/05\/een-mening-vragen-500x500.jpeg 500w, https:\/\/userblogs.fu-berlin.de\/dutch\/files\/2020\/05\/een-mening-vragen.jpeg 720w\" sizes=\"auto, (max-width: 150px) 100vw, 150px\" \/><\/a>\n\t\t\t\t<\/div>\n\t\t\t\t\t<div class='wp-caption-text gallery-caption'>\n\t\t\t\t\t\t<h4>\n\t\t\t\t\t\tEen mening vragen en geven\n\t\t\t\t\t\t<\/h4>\n\t\t\t\t\t<\/div><\/div><div class='gallery-item gallery-item-position-9 gallery-item-attachment-1382'>\n\t\t\t\t<div class='gallery-icon landscape'>\n\t\t\t\t\t<a href='https:\/\/userblogs.fu-berlin.de\/dutch\/category\/oefeningen\/een-voorkeur-uitspreken-en-iets-afkeuren\/' title='' target='_self'><img loading=\"lazy\" decoding=\"async\" width=\"150\" height=\"150\" src=\"https:\/\/userblogs.fu-berlin.de\/dutch\/files\/2020\/05\/een-voorkeur-150x150.jpeg\" class=\"attachment-thumbnail size-thumbnail\" alt=\"Een voorkeur uitspreken en iets afkeuren\" srcset=\"https:\/\/userblogs.fu-berlin.de\/dutch\/files\/2020\/05\/een-voorkeur-150x150.jpeg 150w, https:\/\/userblogs.fu-berlin.de\/dutch\/files\/2020\/05\/een-voorkeur-300x300.jpeg 300w, https:\/\/userblogs.fu-berlin.de\/dutch\/files\/2020\/05\/een-voorkeur-48x48.jpeg 48w, https:\/\/userblogs.fu-berlin.de\/dutch\/files\/2020\/05\/een-voorkeur-250x250.jpeg 250w, https:\/\/userblogs.fu-berlin.de\/dutch\/files\/2020\/05\/een-voorkeur-550x550.jpeg 550w, https:\/\/userblogs.fu-berlin.de\/dutch\/files\/2020\/05\/een-voorkeur-180x180.jpeg 180w, https:\/\/userblogs.fu-berlin.de\/dutch\/files\/2020\/05\/een-voorkeur-500x500.jpeg 500w, https:\/\/userblogs.fu-berlin.de\/dutch\/files\/2020\/05\/een-voorkeur.jpeg 720w\" sizes=\"auto, (max-width: 150px) 100vw, 150px\" \/><\/a>\n\t\t\t\t<\/div>\n\t\t\t\t\t<div class='wp-caption-text gallery-caption'>\n\t\t\t\t\t\t<h4>\n\t\t\t\t\t\tEen voorkeur uitspreken en iets afkeuren\n\t\t\t\t\t\t<\/h4>\n\t\t\t\t\t<\/div><\/div><div class='gallery-item gallery-item-position-10 gallery-item-attachment-1414'>\n\t\t\t\t<div class='gallery-icon landscape'>\n\t\t\t\t\t<a href='https:\/\/userblogs.fu-berlin.de\/dutch\/category\/oefeningen\/feliciteren-en-wensen\/' title='' target='_self'><img loading=\"lazy\" decoding=\"async\" width=\"150\" height=\"150\" src=\"https:\/\/userblogs.fu-berlin.de\/dutch\/files\/2020\/05\/feliciteren-en-wensen-150x150.jpeg\" class=\"attachment-thumbnail size-thumbnail\" alt=\"Feliciteren en wensen\" srcset=\"https:\/\/userblogs.fu-berlin.de\/dutch\/files\/2020\/05\/feliciteren-en-wensen-150x150.jpeg 150w, https:\/\/userblogs.fu-berlin.de\/dutch\/files\/2020\/05\/feliciteren-en-wensen-300x300.jpeg 300w, https:\/\/userblogs.fu-berlin.de\/dutch\/files\/2020\/05\/feliciteren-en-wensen-48x48.jpeg 48w, https:\/\/userblogs.fu-berlin.de\/dutch\/files\/2020\/05\/feliciteren-en-wensen-250x250.jpeg 250w, https:\/\/userblogs.fu-berlin.de\/dutch\/files\/2020\/05\/feliciteren-en-wensen-550x550.jpeg 550w, https:\/\/userblogs.fu-berlin.de\/dutch\/files\/2020\/05\/feliciteren-en-wensen-180x180.jpeg 180w, https:\/\/userblogs.fu-berlin.de\/dutch\/files\/2020\/05\/feliciteren-en-wensen-500x500.jpeg 500w, https:\/\/userblogs.fu-berlin.de\/dutch\/files\/2020\/05\/feliciteren-en-wensen.jpeg 720w\" sizes=\"auto, (max-width: 150px) 100vw, 150px\" \/><\/a>\n\t\t\t\t<\/div>\n\t\t\t\t\t<div class='wp-caption-text gallery-caption'>\n\t\t\t\t\t\t<h4>\n\t\t\t\t\t\tFeliciteren en wensen\n\t\t\t\t\t\t<\/h4>\n\t\t\t\t\t<\/div><\/div><div class='gallery-item gallery-item-position-11 gallery-item-attachment-1581'>\n\t\t\t\t<div class='gallery-icon landscape'>\n\t\t\t\t\t<a href='https:\/\/userblogs.fu-berlin.de\/dutch\/category\/oefeningen\/gevoelens-uiten\/' title='' target='_self'><img loading=\"lazy\" decoding=\"async\" width=\"150\" height=\"150\" src=\"https:\/\/userblogs.fu-berlin.de\/dutch\/files\/2020\/05\/gevoelens-uiten-150x150.jpeg\" class=\"attachment-thumbnail size-thumbnail\" alt=\"Gevoelens uiten\" srcset=\"https:\/\/userblogs.fu-berlin.de\/dutch\/files\/2020\/05\/gevoelens-uiten-150x150.jpeg 150w, https:\/\/userblogs.fu-berlin.de\/dutch\/files\/2020\/05\/gevoelens-uiten-300x300.jpeg 300w, https:\/\/userblogs.fu-berlin.de\/dutch\/files\/2020\/05\/gevoelens-uiten-48x48.jpeg 48w, https:\/\/userblogs.fu-berlin.de\/dutch\/files\/2020\/05\/gevoelens-uiten-250x250.jpeg 250w, https:\/\/userblogs.fu-berlin.de\/dutch\/files\/2020\/05\/gevoelens-uiten-550x550.jpeg 550w, https:\/\/userblogs.fu-berlin.de\/dutch\/files\/2020\/05\/gevoelens-uiten-180x180.jpeg 180w, https:\/\/userblogs.fu-berlin.de\/dutch\/files\/2020\/05\/gevoelens-uiten-500x500.jpeg 500w, https:\/\/userblogs.fu-berlin.de\/dutch\/files\/2020\/05\/gevoelens-uiten.jpeg 720w\" sizes=\"auto, (max-width: 150px) 100vw, 150px\" \/><\/a>\n\t\t\t\t<\/div>\n\t\t\t\t\t<div class='wp-caption-text gallery-caption'>\n\t\t\t\t\t\t<h4>\n\t\t\t\t\t\tGevoelens uiten\n\t\t\t\t\t\t<\/h4>\n\t\t\t\t\t<\/div><\/div><div class='gallery-item gallery-item-position-12 gallery-item-attachment-1646'>\n\t\t\t\t<div class='gallery-icon landscape'>\n\t\t\t\t\t<a href='https:\/\/userblogs.fu-berlin.de\/dutch\/category\/oefeningen\/vragen-hoe-het-met-iemand-gaat-en-reactie-geven\/' title='' target='_self'><img loading=\"lazy\" decoding=\"async\" width=\"150\" height=\"150\" src=\"https:\/\/userblogs.fu-berlin.de\/dutch\/files\/2020\/05\/vragen-hoe-het-met-iemand-gaat-150x150.jpeg\" class=\"attachment-thumbnail size-thumbnail\" alt=\"Vragen hoe het met iemand gaat en reactie geven\" srcset=\"https:\/\/userblogs.fu-berlin.de\/dutch\/files\/2020\/05\/vragen-hoe-het-met-iemand-gaat-150x150.jpeg 150w, https:\/\/userblogs.fu-berlin.de\/dutch\/files\/2020\/05\/vragen-hoe-het-met-iemand-gaat-300x300.jpeg 300w, https:\/\/userblogs.fu-berlin.de\/dutch\/files\/2020\/05\/vragen-hoe-het-met-iemand-gaat-48x48.jpeg 48w, https:\/\/userblogs.fu-berlin.de\/dutch\/files\/2020\/05\/vragen-hoe-het-met-iemand-gaat-250x250.jpeg 250w, https:\/\/userblogs.fu-berlin.de\/dutch\/files\/2020\/05\/vragen-hoe-het-met-iemand-gaat-550x550.jpeg 550w, https:\/\/userblogs.fu-berlin.de\/dutch\/files\/2020\/05\/vragen-hoe-het-met-iemand-gaat-180x180.jpeg 180w, https:\/\/userblogs.fu-berlin.de\/dutch\/files\/2020\/05\/vragen-hoe-het-met-iemand-gaat-500x500.jpeg 500w, https:\/\/userblogs.fu-berlin.de\/dutch\/files\/2020\/05\/vragen-hoe-het-met-iemand-gaat.jpeg 720w\" sizes=\"auto, (max-width: 150px) 100vw, 150px\" \/><\/a>\n\t\t\t\t<\/div>\n\t\t\t\t\t<div class='wp-caption-text gallery-caption'>\n\t\t\t\t\t\t<h4>\n\t\t\t\t\t\tVragen hoe het met iemand gaat en reactie geven\n\t\t\t\t\t\t<\/h4>\n\t\t\t\t\t<\/div><\/div><div class='gallery-item gallery-item-position-13 gallery-item-attachment-1671'>\n\t\t\t\t<div class='gallery-icon landscape'>\n\t\t\t\t\t<a href='https:\/\/userblogs.fu-berlin.de\/dutch\/category\/oefeningen\/iemand-begrip-geven\/' title='' target='_self'><img loading=\"lazy\" decoding=\"async\" width=\"150\" height=\"150\" src=\"https:\/\/userblogs.fu-berlin.de\/dutch\/files\/2020\/05\/iemand-begrip-geven-150x150.jpeg\" class=\"attachment-thumbnail size-thumbnail\" alt=\"Iemand begrip geven\" srcset=\"https:\/\/userblogs.fu-berlin.de\/dutch\/files\/2020\/05\/iemand-begrip-geven-150x150.jpeg 150w, https:\/\/userblogs.fu-berlin.de\/dutch\/files\/2020\/05\/iemand-begrip-geven-300x300.jpeg 300w, https:\/\/userblogs.fu-berlin.de\/dutch\/files\/2020\/05\/iemand-begrip-geven-48x48.jpeg 48w, https:\/\/userblogs.fu-berlin.de\/dutch\/files\/2020\/05\/iemand-begrip-geven-250x250.jpeg 250w, https:\/\/userblogs.fu-berlin.de\/dutch\/files\/2020\/05\/iemand-begrip-geven-550x550.jpeg 550w, https:\/\/userblogs.fu-berlin.de\/dutch\/files\/2020\/05\/iemand-begrip-geven-180x180.jpeg 180w, https:\/\/userblogs.fu-berlin.de\/dutch\/files\/2020\/05\/iemand-begrip-geven-500x500.jpeg 500w, https:\/\/userblogs.fu-berlin.de\/dutch\/files\/2020\/05\/iemand-begrip-geven.jpeg 720w\" sizes=\"auto, (max-width: 150px) 100vw, 150px\" \/><\/a>\n\t\t\t\t<\/div>\n\t\t\t\t\t<div class='wp-caption-text gallery-caption'>\n\t\t\t\t\t\t<h4>\n\t\t\t\t\t\tIemand begrip geven\n\t\t\t\t\t\t<\/h4>\n\t\t\t\t\t<\/div><\/div><div class='gallery-item gallery-item-position-14 gallery-item-attachment-1721'>\n\t\t\t\t<div class='gallery-icon landscape'>\n\t\t\t\t\t<a href='https:\/\/userblogs.fu-berlin.de\/dutch\/category\/oefeningen\/iemand-van-dienst-zijn-en-om-een-dienst-vragen\/' title='' target='_self'><img loading=\"lazy\" decoding=\"async\" width=\"150\" height=\"150\" src=\"https:\/\/userblogs.fu-berlin.de\/dutch\/files\/2020\/05\/iemand-van-dienst-zijn-150x150.jpeg\" class=\"attachment-thumbnail size-thumbnail\" alt=\"Iemand van dienst zijn en om een dienst vragen\" srcset=\"https:\/\/userblogs.fu-berlin.de\/dutch\/files\/2020\/05\/iemand-van-dienst-zijn-150x150.jpeg 150w, https:\/\/userblogs.fu-berlin.de\/dutch\/files\/2020\/05\/iemand-van-dienst-zijn-300x300.jpeg 300w, https:\/\/userblogs.fu-berlin.de\/dutch\/files\/2020\/05\/iemand-van-dienst-zijn-48x48.jpeg 48w, https:\/\/userblogs.fu-berlin.de\/dutch\/files\/2020\/05\/iemand-van-dienst-zijn-250x250.jpeg 250w, https:\/\/userblogs.fu-berlin.de\/dutch\/files\/2020\/05\/iemand-van-dienst-zijn-550x550.jpeg 550w, https:\/\/userblogs.fu-berlin.de\/dutch\/files\/2020\/05\/iemand-van-dienst-zijn-180x180.jpeg 180w, https:\/\/userblogs.fu-berlin.de\/dutch\/files\/2020\/05\/iemand-van-dienst-zijn-500x500.jpeg 500w, https:\/\/userblogs.fu-berlin.de\/dutch\/files\/2020\/05\/iemand-van-dienst-zijn.jpeg 720w\" sizes=\"auto, (max-width: 150px) 100vw, 150px\" \/><\/a>\n\t\t\t\t<\/div>\n\t\t\t\t\t<div class='wp-caption-text gallery-caption'>\n\t\t\t\t\t\t<h4>\n\t\t\t\t\t\tIemand van dienst zijn en om een dienst vragen\n\t\t\t\t\t\t<\/h4>\n\t\t\t\t\t<\/div><\/div><div class='gallery-item gallery-item-position-15 gallery-item-attachment-1730'>\n\t\t\t\t<div class='gallery-icon landscape'>\n\t\t\t\t\t<a href='https:\/\/userblogs.fu-berlin.de\/dutch\/category\/oefeningen\/iets-aanbieden-en-reageren\/' title='' target='_self'><img loading=\"lazy\" decoding=\"async\" width=\"150\" height=\"150\" src=\"https:\/\/userblogs.fu-berlin.de\/dutch\/files\/2020\/05\/iets-aanbieden-en-reageren-150x150.jpeg\" class=\"attachment-thumbnail size-thumbnail\" alt=\"Iets aanbieden en reageren\" srcset=\"https:\/\/userblogs.fu-berlin.de\/dutch\/files\/2020\/05\/iets-aanbieden-en-reageren-150x150.jpeg 150w, https:\/\/userblogs.fu-berlin.de\/dutch\/files\/2020\/05\/iets-aanbieden-en-reageren-300x300.jpeg 300w, https:\/\/userblogs.fu-berlin.de\/dutch\/files\/2020\/05\/iets-aanbieden-en-reageren-48x48.jpeg 48w, https:\/\/userblogs.fu-berlin.de\/dutch\/files\/2020\/05\/iets-aanbieden-en-reageren-250x250.jpeg 250w, https:\/\/userblogs.fu-berlin.de\/dutch\/files\/2020\/05\/iets-aanbieden-en-reageren-550x550.jpeg 550w, https:\/\/userblogs.fu-berlin.de\/dutch\/files\/2020\/05\/iets-aanbieden-en-reageren-180x180.jpeg 180w, https:\/\/userblogs.fu-berlin.de\/dutch\/files\/2020\/05\/iets-aanbieden-en-reageren-500x500.jpeg 500w, https:\/\/userblogs.fu-berlin.de\/dutch\/files\/2020\/05\/iets-aanbieden-en-reageren.jpeg 720w\" sizes=\"auto, (max-width: 150px) 100vw, 150px\" \/><\/a>\n\t\t\t\t<\/div>\n\t\t\t\t\t<div class='wp-caption-text gallery-caption'>\n\t\t\t\t\t\t<h4>\n\t\t\t\t\t\tIets aanbieden en reageren\n\t\t\t\t\t\t<\/h4>\n\t\t\t\t\t<\/div><\/div><div class='gallery-item gallery-item-position-16 gallery-item-attachment-1741'>\n\t\t\t\t<div class='gallery-icon landscape'>\n\t\t\t\t\t<a href='https:\/\/userblogs.fu-berlin.de\/dutch\/category\/oefeningen\/bestellen-in-restaurant-of-cafe\/' title='' target='_self'><img loading=\"lazy\" decoding=\"async\" width=\"150\" height=\"150\" src=\"https:\/\/userblogs.fu-berlin.de\/dutch\/files\/2020\/05\/bestellen-in-restaurant-150x150.jpeg\" class=\"attachment-thumbnail size-thumbnail\" alt=\"Bestellen in restaurant of caf\u00e9\" srcset=\"https:\/\/userblogs.fu-berlin.de\/dutch\/files\/2020\/05\/bestellen-in-restaurant-150x150.jpeg 150w, https:\/\/userblogs.fu-berlin.de\/dutch\/files\/2020\/05\/bestellen-in-restaurant-300x300.jpeg 300w, https:\/\/userblogs.fu-berlin.de\/dutch\/files\/2020\/05\/bestellen-in-restaurant-48x48.jpeg 48w, https:\/\/userblogs.fu-berlin.de\/dutch\/files\/2020\/05\/bestellen-in-restaurant-250x250.jpeg 250w, https:\/\/userblogs.fu-berlin.de\/dutch\/files\/2020\/05\/bestellen-in-restaurant-550x550.jpeg 550w, https:\/\/userblogs.fu-berlin.de\/dutch\/files\/2020\/05\/bestellen-in-restaurant-180x180.jpeg 180w, https:\/\/userblogs.fu-berlin.de\/dutch\/files\/2020\/05\/bestellen-in-restaurant-500x500.jpeg 500w, https:\/\/userblogs.fu-berlin.de\/dutch\/files\/2020\/05\/bestellen-in-restaurant.jpeg 720w\" sizes=\"auto, (max-width: 150px) 100vw, 150px\" \/><\/a>\n\t\t\t\t<\/div>\n\t\t\t\t\t<div class='wp-caption-text gallery-caption'>\n\t\t\t\t\t\t<h4>\n\t\t\t\t\t\tBestellen in restaurant of caf\u00e9\n\t\t\t\t\t\t<\/h4>\n\t\t\t\t\t<\/div><\/div><div class='gallery-item gallery-item-position-17 gallery-item-attachment-1827'>\n\t\t\t\t<div class='gallery-icon landscape'>\n\t\t\t\t\t<a href='https:\/\/userblogs.fu-berlin.de\/dutch\/category\/oefeningen\/iets-kopen-op-de-markt-en-in-de-winkel\/' title='' target='_self'><img loading=\"lazy\" decoding=\"async\" width=\"150\" height=\"150\" src=\"https:\/\/userblogs.fu-berlin.de\/dutch\/files\/2020\/05\/iets-kopen-op-de-markt-150x150.jpeg\" class=\"attachment-thumbnail size-thumbnail\" alt=\"Iets kopen op de markt en in de winkel\" srcset=\"https:\/\/userblogs.fu-berlin.de\/dutch\/files\/2020\/05\/iets-kopen-op-de-markt-150x150.jpeg 150w, https:\/\/userblogs.fu-berlin.de\/dutch\/files\/2020\/05\/iets-kopen-op-de-markt-300x300.jpeg 300w, https:\/\/userblogs.fu-berlin.de\/dutch\/files\/2020\/05\/iets-kopen-op-de-markt-48x48.jpeg 48w, https:\/\/userblogs.fu-berlin.de\/dutch\/files\/2020\/05\/iets-kopen-op-de-markt-250x250.jpeg 250w, https:\/\/userblogs.fu-berlin.de\/dutch\/files\/2020\/05\/iets-kopen-op-de-markt-550x550.jpeg 550w, https:\/\/userblogs.fu-berlin.de\/dutch\/files\/2020\/05\/iets-kopen-op-de-markt-180x180.jpeg 180w, https:\/\/userblogs.fu-berlin.de\/dutch\/files\/2020\/05\/iets-kopen-op-de-markt-500x500.jpeg 500w, https:\/\/userblogs.fu-berlin.de\/dutch\/files\/2020\/05\/iets-kopen-op-de-markt.jpeg 720w\" sizes=\"auto, (max-width: 150px) 100vw, 150px\" \/><\/a>\n\t\t\t\t<\/div>\n\t\t\t\t\t<div class='wp-caption-text gallery-caption'>\n\t\t\t\t\t\t<h4>\n\t\t\t\t\t\tIets kopen op de markt en in de winkel\n\t\t\t\t\t\t<\/h4>\n\t\t\t\t\t<\/div><\/div><div class='gallery-item gallery-item-position-18 gallery-item-attachment-1928'>\n\t\t\t\t<div class='gallery-icon landscape'>\n\t\t\t\t\t<a href='https:\/\/userblogs.fu-berlin.de\/dutch\/category\/oefeningen\/iets-niet-kunnen-willen-zeggen\/' title='' target='_self'><img loading=\"lazy\" decoding=\"async\" width=\"150\" height=\"150\" src=\"https:\/\/userblogs.fu-berlin.de\/dutch\/files\/2020\/05\/iets-niet-kunnen-willen-zeggen-150x150.jpeg\" class=\"attachment-thumbnail size-thumbnail\" alt=\"Iets niet kunnen \/ willen zeggen\" srcset=\"https:\/\/userblogs.fu-berlin.de\/dutch\/files\/2020\/05\/iets-niet-kunnen-willen-zeggen-150x150.jpeg 150w, https:\/\/userblogs.fu-berlin.de\/dutch\/files\/2020\/05\/iets-niet-kunnen-willen-zeggen-300x300.jpeg 300w, https:\/\/userblogs.fu-berlin.de\/dutch\/files\/2020\/05\/iets-niet-kunnen-willen-zeggen-48x48.jpeg 48w, https:\/\/userblogs.fu-berlin.de\/dutch\/files\/2020\/05\/iets-niet-kunnen-willen-zeggen-250x250.jpeg 250w, https:\/\/userblogs.fu-berlin.de\/dutch\/files\/2020\/05\/iets-niet-kunnen-willen-zeggen-550x550.jpeg 550w, https:\/\/userblogs.fu-berlin.de\/dutch\/files\/2020\/05\/iets-niet-kunnen-willen-zeggen-180x180.jpeg 180w, https:\/\/userblogs.fu-berlin.de\/dutch\/files\/2020\/05\/iets-niet-kunnen-willen-zeggen-500x500.jpeg 500w, https:\/\/userblogs.fu-berlin.de\/dutch\/files\/2020\/05\/iets-niet-kunnen-willen-zeggen.jpeg 720w\" sizes=\"auto, (max-width: 150px) 100vw, 150px\" \/><\/a>\n\t\t\t\t<\/div>\n\t\t\t\t\t<div class='wp-caption-text gallery-caption'>\n\t\t\t\t\t\t<h4>\n\t\t\t\t\t\tIets niet kunnen \/ willen zeggen\n\t\t\t\t\t\t<\/h4>\n\t\t\t\t\t<\/div><\/div><div class='gallery-item gallery-item-position-19 gallery-item-attachment-1951'>\n\t\t\t\t<div class='gallery-icon landscape'>\n\t\t\t\t\t<a href='https:\/\/userblogs.fu-berlin.de\/dutch\/category\/oefeningen\/koetjes-en-kalfjes\/' title='' target='_self'><img loading=\"lazy\" decoding=\"async\" width=\"150\" height=\"150\" src=\"https:\/\/userblogs.fu-berlin.de\/dutch\/files\/2020\/05\/koetjes-en-kalfjes-150x150.jpeg\" class=\"attachment-thumbnail size-thumbnail\" alt=\"Koetjes en kalfjes\" srcset=\"https:\/\/userblogs.fu-berlin.de\/dutch\/files\/2020\/05\/koetjes-en-kalfjes-150x150.jpeg 150w, https:\/\/userblogs.fu-berlin.de\/dutch\/files\/2020\/05\/koetjes-en-kalfjes-300x300.jpeg 300w, https:\/\/userblogs.fu-berlin.de\/dutch\/files\/2020\/05\/koetjes-en-kalfjes-48x48.jpeg 48w, https:\/\/userblogs.fu-berlin.de\/dutch\/files\/2020\/05\/koetjes-en-kalfjes-250x250.jpeg 250w, https:\/\/userblogs.fu-berlin.de\/dutch\/files\/2020\/05\/koetjes-en-kalfjes-550x550.jpeg 550w, https:\/\/userblogs.fu-berlin.de\/dutch\/files\/2020\/05\/koetjes-en-kalfjes-180x180.jpeg 180w, https:\/\/userblogs.fu-berlin.de\/dutch\/files\/2020\/05\/koetjes-en-kalfjes-500x500.jpeg 500w, https:\/\/userblogs.fu-berlin.de\/dutch\/files\/2020\/05\/koetjes-en-kalfjes.jpeg 720w\" sizes=\"auto, (max-width: 150px) 100vw, 150px\" \/><\/a>\n\t\t\t\t<\/div>\n\t\t\t\t\t<div class='wp-caption-text gallery-caption'>\n\t\t\t\t\t\t<h4>\n\t\t\t\t\t\tKoetjes en kalfjes\n\t\t\t\t\t\t<\/h4>\n\t\t\t\t\t<\/div><\/div><div class='gallery-item gallery-item-position-20 gallery-item-attachment-2000'>\n\t\t\t\t<div class='gallery-icon landscape'>\n\t\t\t\t\t<a href='https:\/\/userblogs.fu-berlin.de\/dutch\/category\/oefeningen\/naar-iemands-werk-en-scholing-vragen\/' title='' target='_self'><img loading=\"lazy\" decoding=\"async\" width=\"150\" height=\"150\" src=\"https:\/\/userblogs.fu-berlin.de\/dutch\/files\/2020\/06\/naar-iemands-werk-en-scholing--150x150.jpeg\" class=\"attachment-thumbnail size-thumbnail\" alt=\"Naar iemands werk en scholing vragen\" srcset=\"https:\/\/userblogs.fu-berlin.de\/dutch\/files\/2020\/06\/naar-iemands-werk-en-scholing--150x150.jpeg 150w, https:\/\/userblogs.fu-berlin.de\/dutch\/files\/2020\/06\/naar-iemands-werk-en-scholing--300x300.jpeg 300w, https:\/\/userblogs.fu-berlin.de\/dutch\/files\/2020\/06\/naar-iemands-werk-en-scholing--48x48.jpeg 48w, https:\/\/userblogs.fu-berlin.de\/dutch\/files\/2020\/06\/naar-iemands-werk-en-scholing--250x250.jpeg 250w, https:\/\/userblogs.fu-berlin.de\/dutch\/files\/2020\/06\/naar-iemands-werk-en-scholing--550x550.jpeg 550w, https:\/\/userblogs.fu-berlin.de\/dutch\/files\/2020\/06\/naar-iemands-werk-en-scholing--180x180.jpeg 180w, https:\/\/userblogs.fu-berlin.de\/dutch\/files\/2020\/06\/naar-iemands-werk-en-scholing--500x500.jpeg 500w, https:\/\/userblogs.fu-berlin.de\/dutch\/files\/2020\/06\/naar-iemands-werk-en-scholing-.jpeg 720w\" sizes=\"auto, (max-width: 150px) 100vw, 150px\" \/><\/a>\n\t\t\t\t<\/div>\n\t\t\t\t\t<div class='wp-caption-text gallery-caption'>\n\t\t\t\t\t\t<h4>\n\t\t\t\t\t\tNaar iemands werk en scholing vragen\n\t\t\t\t\t\t<\/h4>\n\t\t\t\t\t<\/div><\/div><div class='gallery-item gallery-item-position-21 gallery-item-attachment-2084'>\n\t\t\t\t<div class='gallery-icon landscape'>\n\t\t\t\t\t<a href='https:\/\/userblogs.fu-berlin.de\/dutch\/category\/oefeningen\/naar-klacht-vragen-en-klacht-beschrijven\/' title='' target='_self'><img loading=\"lazy\" decoding=\"async\" width=\"150\" height=\"150\" src=\"https:\/\/userblogs.fu-berlin.de\/dutch\/files\/2020\/06\/naar-klacht-vragen-150x150.jpeg\" class=\"attachment-thumbnail size-thumbnail\" alt=\"Naar klacht vragen en klacht beschrijven\" srcset=\"https:\/\/userblogs.fu-berlin.de\/dutch\/files\/2020\/06\/naar-klacht-vragen-150x150.jpeg 150w, https:\/\/userblogs.fu-berlin.de\/dutch\/files\/2020\/06\/naar-klacht-vragen-300x300.jpeg 300w, https:\/\/userblogs.fu-berlin.de\/dutch\/files\/2020\/06\/naar-klacht-vragen-48x48.jpeg 48w, https:\/\/userblogs.fu-berlin.de\/dutch\/files\/2020\/06\/naar-klacht-vragen-250x250.jpeg 250w, https:\/\/userblogs.fu-berlin.de\/dutch\/files\/2020\/06\/naar-klacht-vragen-550x550.jpeg 550w, https:\/\/userblogs.fu-berlin.de\/dutch\/files\/2020\/06\/naar-klacht-vragen-180x180.jpeg 180w, https:\/\/userblogs.fu-berlin.de\/dutch\/files\/2020\/06\/naar-klacht-vragen-500x500.jpeg 500w, https:\/\/userblogs.fu-berlin.de\/dutch\/files\/2020\/06\/naar-klacht-vragen.jpeg 720w\" sizes=\"auto, (max-width: 150px) 100vw, 150px\" \/><\/a>\n\t\t\t\t<\/div>\n\t\t\t\t\t<div class='wp-caption-text gallery-caption'>\n\t\t\t\t\t\t<h4>\n\t\t\t\t\t\tNaar klacht vragen en klacht beschrijven\n\t\t\t\t\t\t<\/h4>\n\t\t\t\t\t<\/div><\/div><div class='gallery-item gallery-item-position-22 gallery-item-attachment-2152'>\n\t\t\t\t<div class='gallery-icon landscape'>\n\t\t\t\t\t<a href='https:\/\/userblogs.fu-berlin.de\/dutch\/category\/oefeningen\/naar-problemen-vragen-en-reageren\/' title='' target='_self'><img loading=\"lazy\" decoding=\"async\" width=\"150\" height=\"150\" src=\"https:\/\/userblogs.fu-berlin.de\/dutch\/files\/2020\/06\/naar-problemen-vragen-en-reageren-150x150.jpeg\" class=\"attachment-thumbnail size-thumbnail\" alt=\"Naar problemen vragen en reageren\" srcset=\"https:\/\/userblogs.fu-berlin.de\/dutch\/files\/2020\/06\/naar-problemen-vragen-en-reageren-150x150.jpeg 150w, https:\/\/userblogs.fu-berlin.de\/dutch\/files\/2020\/06\/naar-problemen-vragen-en-reageren-300x300.jpeg 300w, https:\/\/userblogs.fu-berlin.de\/dutch\/files\/2020\/06\/naar-problemen-vragen-en-reageren-48x48.jpeg 48w, https:\/\/userblogs.fu-berlin.de\/dutch\/files\/2020\/06\/naar-problemen-vragen-en-reageren-250x250.jpeg 250w, https:\/\/userblogs.fu-berlin.de\/dutch\/files\/2020\/06\/naar-problemen-vragen-en-reageren-550x550.jpeg 550w, https:\/\/userblogs.fu-berlin.de\/dutch\/files\/2020\/06\/naar-problemen-vragen-en-reageren-180x180.jpeg 180w, https:\/\/userblogs.fu-berlin.de\/dutch\/files\/2020\/06\/naar-problemen-vragen-en-reageren-500x500.jpeg 500w, https:\/\/userblogs.fu-berlin.de\/dutch\/files\/2020\/06\/naar-problemen-vragen-en-reageren.jpeg 720w\" sizes=\"auto, (max-width: 150px) 100vw, 150px\" \/><\/a>\n\t\t\t\t<\/div>\n\t\t\t\t\t<div class='wp-caption-text gallery-caption'>\n\t\t\t\t\t\t<h4>\n\t\t\t\t\t\tNaar problemen vragen en reageren\n\t\t\t\t\t\t<\/h4>\n\t\t\t\t\t<\/div><\/div><div class='gallery-item gallery-item-position-23 gallery-item-attachment-2153'>\n\t\t\t\t<div class='gallery-icon landscape'>\n\t\t\t\t\t<a href='https:\/\/userblogs.fu-berlin.de\/dutch\/category\/oefeningen\/negatieve-mening-geven\/' title='' target='_self'><img loading=\"lazy\" decoding=\"async\" width=\"150\" height=\"150\" src=\"https:\/\/userblogs.fu-berlin.de\/dutch\/files\/2020\/06\/negatieve-mening-geven-150x150.jpeg\" class=\"attachment-thumbnail size-thumbnail\" alt=\"Negatieve mening geven\" srcset=\"https:\/\/userblogs.fu-berlin.de\/dutch\/files\/2020\/06\/negatieve-mening-geven-150x150.jpeg 150w, https:\/\/userblogs.fu-berlin.de\/dutch\/files\/2020\/06\/negatieve-mening-geven-300x300.jpeg 300w, https:\/\/userblogs.fu-berlin.de\/dutch\/files\/2020\/06\/negatieve-mening-geven-48x48.jpeg 48w, https:\/\/userblogs.fu-berlin.de\/dutch\/files\/2020\/06\/negatieve-mening-geven-250x250.jpeg 250w, https:\/\/userblogs.fu-berlin.de\/dutch\/files\/2020\/06\/negatieve-mening-geven-550x550.jpeg 550w, https:\/\/userblogs.fu-berlin.de\/dutch\/files\/2020\/06\/negatieve-mening-geven-180x180.jpeg 180w, https:\/\/userblogs.fu-berlin.de\/dutch\/files\/2020\/06\/negatieve-mening-geven-500x500.jpeg 500w, https:\/\/userblogs.fu-berlin.de\/dutch\/files\/2020\/06\/negatieve-mening-geven.jpeg 720w\" sizes=\"auto, (max-width: 150px) 100vw, 150px\" \/><\/a>\n\t\t\t\t<\/div>\n\t\t\t\t\t<div class='wp-caption-text gallery-caption'>\n\t\t\t\t\t\t<h4>\n\t\t\t\t\t\tNegatieve mening geven\n\t\t\t\t\t\t<\/h4>\n\t\t\t\t\t<\/div><\/div><div class='gallery-item gallery-item-position-24 gallery-item-attachment-2175'>\n\t\t\t\t<div class='gallery-icon landscape'>\n\t\t\t\t\t<a href='https:\/\/userblogs.fu-berlin.de\/dutch\/category\/oefeningen\/om-begrip-vragen\/' title='' target='_self'><img loading=\"lazy\" decoding=\"async\" width=\"150\" height=\"150\" src=\"https:\/\/userblogs.fu-berlin.de\/dutch\/files\/2020\/06\/om-begrip-vragen-150x150.jpeg\" class=\"attachment-thumbnail size-thumbnail\" alt=\"Om begrip vragen\" srcset=\"https:\/\/userblogs.fu-berlin.de\/dutch\/files\/2020\/06\/om-begrip-vragen-150x150.jpeg 150w, https:\/\/userblogs.fu-berlin.de\/dutch\/files\/2020\/06\/om-begrip-vragen-300x300.jpeg 300w, https:\/\/userblogs.fu-berlin.de\/dutch\/files\/2020\/06\/om-begrip-vragen-48x48.jpeg 48w, https:\/\/userblogs.fu-berlin.de\/dutch\/files\/2020\/06\/om-begrip-vragen-250x250.jpeg 250w, https:\/\/userblogs.fu-berlin.de\/dutch\/files\/2020\/06\/om-begrip-vragen-550x550.jpeg 550w, https:\/\/userblogs.fu-berlin.de\/dutch\/files\/2020\/06\/om-begrip-vragen-180x180.jpeg 180w, https:\/\/userblogs.fu-berlin.de\/dutch\/files\/2020\/06\/om-begrip-vragen-500x500.jpeg 500w, https:\/\/userblogs.fu-berlin.de\/dutch\/files\/2020\/06\/om-begrip-vragen.jpeg 720w\" sizes=\"auto, (max-width: 150px) 100vw, 150px\" \/><\/a>\n\t\t\t\t<\/div>\n\t\t\t\t\t<div class='wp-caption-text gallery-caption'>\n\t\t\t\t\t\t<h4>\n\t\t\t\t\t\tOm begrip vragen\n\t\t\t\t\t\t<\/h4>\n\t\t\t\t\t<\/div><\/div><div class='gallery-item gallery-item-position-25 gallery-item-attachment-2211'>\n\t\t\t\t<div class='gallery-icon landscape'>\n\t\t\t\t\t<a href='https:\/\/userblogs.fu-berlin.de\/dutch\/category\/oefeningen\/om-verduidelijking-vragen\/' title='' target='_self'><img loading=\"lazy\" decoding=\"async\" width=\"150\" height=\"150\" src=\"https:\/\/userblogs.fu-berlin.de\/dutch\/files\/2020\/06\/om-verduidelijking-vragen-150x150.jpeg\" class=\"attachment-thumbnail size-thumbnail\" alt=\"Om verduidelijking vragen\" srcset=\"https:\/\/userblogs.fu-berlin.de\/dutch\/files\/2020\/06\/om-verduidelijking-vragen-150x150.jpeg 150w, https:\/\/userblogs.fu-berlin.de\/dutch\/files\/2020\/06\/om-verduidelijking-vragen-300x300.jpeg 300w, https:\/\/userblogs.fu-berlin.de\/dutch\/files\/2020\/06\/om-verduidelijking-vragen-48x48.jpeg 48w, https:\/\/userblogs.fu-berlin.de\/dutch\/files\/2020\/06\/om-verduidelijking-vragen-250x250.jpeg 250w, https:\/\/userblogs.fu-berlin.de\/dutch\/files\/2020\/06\/om-verduidelijking-vragen-550x550.jpeg 550w, https:\/\/userblogs.fu-berlin.de\/dutch\/files\/2020\/06\/om-verduidelijking-vragen-180x180.jpeg 180w, https:\/\/userblogs.fu-berlin.de\/dutch\/files\/2020\/06\/om-verduidelijking-vragen-500x500.jpeg 500w, https:\/\/userblogs.fu-berlin.de\/dutch\/files\/2020\/06\/om-verduidelijking-vragen.jpeg 720w\" sizes=\"auto, (max-width: 150px) 100vw, 150px\" \/><\/a>\n\t\t\t\t<\/div>\n\t\t\t\t\t<div class='wp-caption-text gallery-caption'>\n\t\t\t\t\t\t<h4>\n\t\t\t\t\t\tOm verduidelijking vragen\n\t\t\t\t\t\t<\/h4>\n\t\t\t\t\t<\/div><\/div><div class='gallery-item gallery-item-position-26 gallery-item-attachment-2212'>\n\t\t\t\t<div class='gallery-icon landscape'>\n\t\t\t\t\t<a href='https:\/\/userblogs.fu-berlin.de\/dutch\/category\/oefeningen\/ongenoegen-uiten\/' title='' target='_self'><img loading=\"lazy\" decoding=\"async\" width=\"150\" height=\"150\" src=\"https:\/\/userblogs.fu-berlin.de\/dutch\/files\/2020\/06\/ongenoegen-uiten-150x150.jpeg\" class=\"attachment-thumbnail size-thumbnail\" alt=\"Ongenoegen uiten\" srcset=\"https:\/\/userblogs.fu-berlin.de\/dutch\/files\/2020\/06\/ongenoegen-uiten-150x150.jpeg 150w, https:\/\/userblogs.fu-berlin.de\/dutch\/files\/2020\/06\/ongenoegen-uiten-300x300.jpeg 300w, https:\/\/userblogs.fu-berlin.de\/dutch\/files\/2020\/06\/ongenoegen-uiten-48x48.jpeg 48w, https:\/\/userblogs.fu-berlin.de\/dutch\/files\/2020\/06\/ongenoegen-uiten-250x250.jpeg 250w, https:\/\/userblogs.fu-berlin.de\/dutch\/files\/2020\/06\/ongenoegen-uiten-550x550.jpeg 550w, https:\/\/userblogs.fu-berlin.de\/dutch\/files\/2020\/06\/ongenoegen-uiten-180x180.jpeg 180w, https:\/\/userblogs.fu-berlin.de\/dutch\/files\/2020\/06\/ongenoegen-uiten-500x500.jpeg 500w, https:\/\/userblogs.fu-berlin.de\/dutch\/files\/2020\/06\/ongenoegen-uiten.jpeg 720w\" sizes=\"auto, (max-width: 150px) 100vw, 150px\" \/><\/a>\n\t\t\t\t<\/div>\n\t\t\t\t\t<div class='wp-caption-text gallery-caption'>\n\t\t\t\t\t\t<h4>\n\t\t\t\t\t\tOngenoegen uiten\n\t\t\t\t\t\t<\/h4>\n\t\t\t\t\t<\/div><\/div><div class='gallery-item gallery-item-position-27 gallery-item-attachment-2213'>\n\t\t\t\t<div class='gallery-icon landscape'>\n\t\t\t\t\t<a href='https:\/\/userblogs.fu-berlin.de\/dutch\/category\/oefeningen\/persoonlijke-informatie-vragen-en-geven\/' title='' target='_self'><img loading=\"lazy\" decoding=\"async\" width=\"150\" height=\"150\" src=\"https:\/\/userblogs.fu-berlin.de\/dutch\/files\/2020\/06\/persoonlijke-informatie-150x150.jpeg\" class=\"attachment-thumbnail size-thumbnail\" alt=\"Persoonlijke informatie\" srcset=\"https:\/\/userblogs.fu-berlin.de\/dutch\/files\/2020\/06\/persoonlijke-informatie-150x150.jpeg 150w, https:\/\/userblogs.fu-berlin.de\/dutch\/files\/2020\/06\/persoonlijke-informatie-300x300.jpeg 300w, https:\/\/userblogs.fu-berlin.de\/dutch\/files\/2020\/06\/persoonlijke-informatie-48x48.jpeg 48w, https:\/\/userblogs.fu-berlin.de\/dutch\/files\/2020\/06\/persoonlijke-informatie-250x250.jpeg 250w, https:\/\/userblogs.fu-berlin.de\/dutch\/files\/2020\/06\/persoonlijke-informatie-550x550.jpeg 550w, https:\/\/userblogs.fu-berlin.de\/dutch\/files\/2020\/06\/persoonlijke-informatie-180x180.jpeg 180w, https:\/\/userblogs.fu-berlin.de\/dutch\/files\/2020\/06\/persoonlijke-informatie-500x500.jpeg 500w, https:\/\/userblogs.fu-berlin.de\/dutch\/files\/2020\/06\/persoonlijke-informatie.jpeg 720w\" sizes=\"auto, (max-width: 150px) 100vw, 150px\" \/><\/a>\n\t\t\t\t<\/div>\n\t\t\t\t\t<div class='wp-caption-text gallery-caption'>\n\t\t\t\t\t\t<h4>\n\t\t\t\t\t\tPersoonlijke informatie\n\t\t\t\t\t\t<\/h4>\n\t\t\t\t\t<\/div><\/div><div class='gallery-item gallery-item-position-28 gallery-item-attachment-2248'>\n\t\t\t\t<div class='gallery-icon landscape'>\n\t\t\t\t\t<a href='https:\/\/userblogs.fu-berlin.de\/dutch\/category\/oefeningen\/positieve-mening-geven\/' title='' target='_self'><img loading=\"lazy\" decoding=\"async\" width=\"150\" height=\"150\" src=\"https:\/\/userblogs.fu-berlin.de\/dutch\/files\/2020\/06\/positieve-mening-geven-150x150.jpeg\" class=\"attachment-thumbnail size-thumbnail\" alt=\"Positieve mening geven\" srcset=\"https:\/\/userblogs.fu-berlin.de\/dutch\/files\/2020\/06\/positieve-mening-geven-150x150.jpeg 150w, https:\/\/userblogs.fu-berlin.de\/dutch\/files\/2020\/06\/positieve-mening-geven-300x300.jpeg 300w, https:\/\/userblogs.fu-berlin.de\/dutch\/files\/2020\/06\/positieve-mening-geven-48x48.jpeg 48w, https:\/\/userblogs.fu-berlin.de\/dutch\/files\/2020\/06\/positieve-mening-geven-250x250.jpeg 250w, https:\/\/userblogs.fu-berlin.de\/dutch\/files\/2020\/06\/positieve-mening-geven-550x550.jpeg 550w, https:\/\/userblogs.fu-berlin.de\/dutch\/files\/2020\/06\/positieve-mening-geven-180x180.jpeg 180w, https:\/\/userblogs.fu-berlin.de\/dutch\/files\/2020\/06\/positieve-mening-geven-500x500.jpeg 500w, https:\/\/userblogs.fu-berlin.de\/dutch\/files\/2020\/06\/positieve-mening-geven.jpeg 720w\" sizes=\"auto, (max-width: 150px) 100vw, 150px\" \/><\/a>\n\t\t\t\t<\/div>\n\t\t\t\t\t<div class='wp-caption-text gallery-caption'>\n\t\t\t\t\t\t<h4>\n\t\t\t\t\t\tPositieve mening geven\n\t\t\t\t\t\t<\/h4>\n\t\t\t\t\t<\/div><\/div><div class='gallery-item gallery-item-position-29 gallery-item-attachment-2249'>\n\t\t\t\t<div class='gallery-icon landscape'>\n\t\t\t\t\t<a href='https:\/\/userblogs.fu-berlin.de\/dutch\/category\/oefeningen\/relaties-en-familie\/' title='' target='_self'><img loading=\"lazy\" decoding=\"async\" width=\"150\" height=\"150\" src=\"https:\/\/userblogs.fu-berlin.de\/dutch\/files\/2020\/06\/relaties-en-familie-150x150.jpeg\" class=\"attachment-thumbnail size-thumbnail\" alt=\"Relaties en familie\" srcset=\"https:\/\/userblogs.fu-berlin.de\/dutch\/files\/2020\/06\/relaties-en-familie-150x150.jpeg 150w, https:\/\/userblogs.fu-berlin.de\/dutch\/files\/2020\/06\/relaties-en-familie-300x300.jpeg 300w, https:\/\/userblogs.fu-berlin.de\/dutch\/files\/2020\/06\/relaties-en-familie-48x48.jpeg 48w, https:\/\/userblogs.fu-berlin.de\/dutch\/files\/2020\/06\/relaties-en-familie-250x250.jpeg 250w, https:\/\/userblogs.fu-berlin.de\/dutch\/files\/2020\/06\/relaties-en-familie-550x550.jpeg 550w, https:\/\/userblogs.fu-berlin.de\/dutch\/files\/2020\/06\/relaties-en-familie-180x180.jpeg 180w, https:\/\/userblogs.fu-berlin.de\/dutch\/files\/2020\/06\/relaties-en-familie-500x500.jpeg 500w, https:\/\/userblogs.fu-berlin.de\/dutch\/files\/2020\/06\/relaties-en-familie.jpeg 720w\" sizes=\"auto, (max-width: 150px) 100vw, 150px\" \/><\/a>\n\t\t\t\t<\/div>\n\t\t\t\t\t<div class='wp-caption-text gallery-caption'>\n\t\t\t\t\t\t<h4>\n\t\t\t\t\t\tRelaties en familie\n\t\t\t\t\t\t<\/h4>\n\t\t\t\t\t<\/div><\/div><div class='gallery-item gallery-item-position-30 gallery-item-attachment-2556'>\n\t\t\t\t<div class='gallery-icon landscape'>\n\t\t\t\t\t<a href='https:\/\/userblogs.fu-berlin.de\/dutch\/category\/oefeningen\/studeren\/' title='' target='_self'><img loading=\"lazy\" decoding=\"async\" width=\"150\" height=\"150\" src=\"https:\/\/userblogs.fu-berlin.de\/dutch\/files\/2020\/06\/studeren-150x150.jpeg\" class=\"attachment-thumbnail size-thumbnail\" alt=\"Studeren\" srcset=\"https:\/\/userblogs.fu-berlin.de\/dutch\/files\/2020\/06\/studeren-150x150.jpeg 150w, https:\/\/userblogs.fu-berlin.de\/dutch\/files\/2020\/06\/studeren-300x300.jpeg 300w, https:\/\/userblogs.fu-berlin.de\/dutch\/files\/2020\/06\/studeren-48x48.jpeg 48w, https:\/\/userblogs.fu-berlin.de\/dutch\/files\/2020\/06\/studeren-250x250.jpeg 250w, https:\/\/userblogs.fu-berlin.de\/dutch\/files\/2020\/06\/studeren-550x550.jpeg 550w, https:\/\/userblogs.fu-berlin.de\/dutch\/files\/2020\/06\/studeren-180x180.jpeg 180w, https:\/\/userblogs.fu-berlin.de\/dutch\/files\/2020\/06\/studeren-500x500.jpeg 500w, https:\/\/userblogs.fu-berlin.de\/dutch\/files\/2020\/06\/studeren.jpeg 720w\" sizes=\"auto, (max-width: 150px) 100vw, 150px\" \/><\/a>\n\t\t\t\t<\/div>\n\t\t\t\t\t<div class='wp-caption-text gallery-caption'>\n\t\t\t\t\t\t<h4>\n\t\t\t\t\t\tStuderen\n\t\t\t\t\t\t<\/h4>\n\t\t\t\t\t<\/div><\/div><div class='gallery-item gallery-item-position-31 gallery-item-attachment-2420'>\n\t\t\t\t<div class='gallery-icon landscape'>\n\t\t\t\t\t<a href='https:\/\/userblogs.fu-berlin.de\/dutch\/category\/oefeningen\/telefoneren\/' title='' target='_self'><img loading=\"lazy\" decoding=\"async\" width=\"150\" height=\"150\" src=\"https:\/\/userblogs.fu-berlin.de\/dutch\/files\/2020\/06\/telefoneren-150x150.jpeg\" class=\"attachment-thumbnail size-thumbnail\" alt=\"Telefoneren\" srcset=\"https:\/\/userblogs.fu-berlin.de\/dutch\/files\/2020\/06\/telefoneren-150x150.jpeg 150w, https:\/\/userblogs.fu-berlin.de\/dutch\/files\/2020\/06\/telefoneren-300x300.jpeg 300w, https:\/\/userblogs.fu-berlin.de\/dutch\/files\/2020\/06\/telefoneren-48x48.jpeg 48w, https:\/\/userblogs.fu-berlin.de\/dutch\/files\/2020\/06\/telefoneren-250x250.jpeg 250w, https:\/\/userblogs.fu-berlin.de\/dutch\/files\/2020\/06\/telefoneren-550x550.jpeg 550w, https:\/\/userblogs.fu-berlin.de\/dutch\/files\/2020\/06\/telefoneren-180x180.jpeg 180w, https:\/\/userblogs.fu-berlin.de\/dutch\/files\/2020\/06\/telefoneren-500x500.jpeg 500w, https:\/\/userblogs.fu-berlin.de\/dutch\/files\/2020\/06\/telefoneren.jpeg 720w\" sizes=\"auto, (max-width: 150px) 100vw, 150px\" \/><\/a>\n\t\t\t\t<\/div>\n\t\t\t\t\t<div class='wp-caption-text gallery-caption'>\n\t\t\t\t\t\t<h4>\n\t\t\t\t\t\tTelefoneren\n\t\t\t\t\t\t<\/h4>\n\t\t\t\t\t<\/div><\/div><div class='gallery-item gallery-item-position-32 gallery-item-attachment-2421'>\n\t\t\t\t<div class='gallery-icon landscape'>\n\t\t\t\t\t<a href='https:\/\/userblogs.fu-berlin.de\/dutch\/category\/oefeningen\/tijd-de-klok-frequentie\/' title='' target='_self'><img loading=\"lazy\" decoding=\"async\" width=\"150\" height=\"150\" src=\"https:\/\/userblogs.fu-berlin.de\/dutch\/files\/2020\/06\/tijd-de-klok-150x150.jpeg\" class=\"attachment-thumbnail size-thumbnail\" alt=\"Tijd \/ de klok \/ frequentie\" srcset=\"https:\/\/userblogs.fu-berlin.de\/dutch\/files\/2020\/06\/tijd-de-klok-150x150.jpeg 150w, https:\/\/userblogs.fu-berlin.de\/dutch\/files\/2020\/06\/tijd-de-klok-300x300.jpeg 300w, https:\/\/userblogs.fu-berlin.de\/dutch\/files\/2020\/06\/tijd-de-klok-48x48.jpeg 48w, https:\/\/userblogs.fu-berlin.de\/dutch\/files\/2020\/06\/tijd-de-klok-250x250.jpeg 250w, https:\/\/userblogs.fu-berlin.de\/dutch\/files\/2020\/06\/tijd-de-klok-550x550.jpeg 550w, https:\/\/userblogs.fu-berlin.de\/dutch\/files\/2020\/06\/tijd-de-klok-180x180.jpeg 180w, https:\/\/userblogs.fu-berlin.de\/dutch\/files\/2020\/06\/tijd-de-klok-500x500.jpeg 500w, https:\/\/userblogs.fu-berlin.de\/dutch\/files\/2020\/06\/tijd-de-klok.jpeg 720w\" sizes=\"auto, (max-width: 150px) 100vw, 150px\" \/><\/a>\n\t\t\t\t<\/div>\n\t\t\t\t\t<div class='wp-caption-text gallery-caption'>\n\t\t\t\t\t\t<h4>\n\t\t\t\t\t\tTijd \/ de klok \/ frequentie\n\t\t\t\t\t\t<\/h4>\n\t\t\t\t\t<\/div><\/div><div class='gallery-item gallery-item-position-33 gallery-item-attachment-2506'>\n\t\t\t\t<div class='gallery-icon landscape'>\n\t\t\t\t\t<a href='https:\/\/userblogs.fu-berlin.de\/dutch\/category\/oefeningen\/uitnodigen-en-reageren\/' title='' target='_self'><img loading=\"lazy\" decoding=\"async\" width=\"150\" height=\"150\" src=\"https:\/\/userblogs.fu-berlin.de\/dutch\/files\/2020\/06\/uitnodigen-en-reageren-150x150.jpeg\" class=\"attachment-thumbnail size-thumbnail\" alt=\"Uitnodigen en reageren\" srcset=\"https:\/\/userblogs.fu-berlin.de\/dutch\/files\/2020\/06\/uitnodigen-en-reageren-150x150.jpeg 150w, https:\/\/userblogs.fu-berlin.de\/dutch\/files\/2020\/06\/uitnodigen-en-reageren-300x300.jpeg 300w, https:\/\/userblogs.fu-berlin.de\/dutch\/files\/2020\/06\/uitnodigen-en-reageren-48x48.jpeg 48w, https:\/\/userblogs.fu-berlin.de\/dutch\/files\/2020\/06\/uitnodigen-en-reageren-250x250.jpeg 250w, https:\/\/userblogs.fu-berlin.de\/dutch\/files\/2020\/06\/uitnodigen-en-reageren-550x550.jpeg 550w, https:\/\/userblogs.fu-berlin.de\/dutch\/files\/2020\/06\/uitnodigen-en-reageren-180x180.jpeg 180w, https:\/\/userblogs.fu-berlin.de\/dutch\/files\/2020\/06\/uitnodigen-en-reageren-500x500.jpeg 500w, https:\/\/userblogs.fu-berlin.de\/dutch\/files\/2020\/06\/uitnodigen-en-reageren.jpeg 720w\" sizes=\"auto, (max-width: 150px) 100vw, 150px\" \/><\/a>\n\t\t\t\t<\/div>\n\t\t\t\t\t<div class='wp-caption-text gallery-caption'>\n\t\t\t\t\t\t<h4>\n\t\t\t\t\t\tUitnodigen en reageren\n\t\t\t\t\t\t<\/h4>\n\t\t\t\t\t<\/div><\/div><div class='gallery-item gallery-item-position-34 gallery-item-attachment-2508'>\n\t\t\t\t<div class='gallery-icon landscape'>\n\t\t\t\t\t<a href='https:\/\/userblogs.fu-berlin.de\/dutch\/category\/oefeningen\/zichzelf-en-iemand-anders-voorstellen\/' title='' target='_self'><img loading=\"lazy\" decoding=\"async\" width=\"150\" height=\"150\" src=\"https:\/\/userblogs.fu-berlin.de\/dutch\/files\/2020\/06\/zichzelf-en-iemand-anders-150x150.jpeg\" class=\"attachment-thumbnail size-thumbnail\" alt=\"Zichzelf en iemand anders\" srcset=\"https:\/\/userblogs.fu-berlin.de\/dutch\/files\/2020\/06\/zichzelf-en-iemand-anders-150x150.jpeg 150w, https:\/\/userblogs.fu-berlin.de\/dutch\/files\/2020\/06\/zichzelf-en-iemand-anders-300x300.jpeg 300w, https:\/\/userblogs.fu-berlin.de\/dutch\/files\/2020\/06\/zichzelf-en-iemand-anders-48x48.jpeg 48w, https:\/\/userblogs.fu-berlin.de\/dutch\/files\/2020\/06\/zichzelf-en-iemand-anders-250x250.jpeg 250w, https:\/\/userblogs.fu-berlin.de\/dutch\/files\/2020\/06\/zichzelf-en-iemand-anders-550x550.jpeg 550w, https:\/\/userblogs.fu-berlin.de\/dutch\/files\/2020\/06\/zichzelf-en-iemand-anders-180x180.jpeg 180w, https:\/\/userblogs.fu-berlin.de\/dutch\/files\/2020\/06\/zichzelf-en-iemand-anders-500x500.jpeg 500w, https:\/\/userblogs.fu-berlin.de\/dutch\/files\/2020\/06\/zichzelf-en-iemand-anders.jpeg 720w\" sizes=\"auto, (max-width: 150px) 100vw, 150px\" \/><\/a>\n\t\t\t\t<\/div>\n\t\t\t\t\t<div class='wp-caption-text gallery-caption'>\n\t\t\t\t\t\t<h4>\n\t\t\t\t\t\tZichzelf en iemand anders\n\t\t\t\t\t\t<\/h4>\n\t\t\t\t\t<\/div><\/div><div class='gallery-item gallery-item-position-35 gallery-item-attachment-2509'>\n\t\t\t\t<div class='gallery-icon landscape'>\n\t\t\t\t\t<a href='https:\/\/userblogs.fu-berlin.de\/dutch\/category\/oefeningen\/aanspreekvormen\/' title='' target='_self'><img loading=\"lazy\" decoding=\"async\" width=\"150\" height=\"150\" src=\"https:\/\/userblogs.fu-berlin.de\/dutch\/files\/2020\/06\/aanspreekvormen-150x150.jpeg\" class=\"attachment-thumbnail size-thumbnail\" alt=\"Aanspreekvormen\" srcset=\"https:\/\/userblogs.fu-berlin.de\/dutch\/files\/2020\/06\/aanspreekvormen-150x150.jpeg 150w, https:\/\/userblogs.fu-berlin.de\/dutch\/files\/2020\/06\/aanspreekvormen-300x300.jpeg 300w, https:\/\/userblogs.fu-berlin.de\/dutch\/files\/2020\/06\/aanspreekvormen-48x48.jpeg 48w, https:\/\/userblogs.fu-berlin.de\/dutch\/files\/2020\/06\/aanspreekvormen-250x250.jpeg 250w, https:\/\/userblogs.fu-berlin.de\/dutch\/files\/2020\/06\/aanspreekvormen-550x550.jpeg 550w, https:\/\/userblogs.fu-berlin.de\/dutch\/files\/2020\/06\/aanspreekvormen-180x180.jpeg 180w, https:\/\/userblogs.fu-berlin.de\/dutch\/files\/2020\/06\/aanspreekvormen-500x500.jpeg 500w, https:\/\/userblogs.fu-berlin.de\/dutch\/files\/2020\/06\/aanspreekvormen.jpeg 720w\" sizes=\"auto, (max-width: 150px) 100vw, 150px\" \/><\/a>\n\t\t\t\t<\/div>\n\t\t\t\t\t<div class='wp-caption-text gallery-caption'>\n\t\t\t\t\t\t<h4>\n\t\t\t\t\t\tAanspreekvormen\n\t\t\t\t\t\t<\/h4>\n\t\t\t\t\t<\/div><\/div><div class='gallery-item gallery-item-position-36 gallery-item-attachment-2510'>\n\t\t\t\t<div class='gallery-icon landscape'>\n\t\t\t\t\t<a href='https:\/\/userblogs.fu-berlin.de\/dutch\/category\/oefeningen\/informatie-vragen-over-openbaar-vervoer\/' title='' target='_self'><img loading=\"lazy\" decoding=\"async\" width=\"150\" height=\"150\" src=\"https:\/\/userblogs.fu-berlin.de\/dutch\/files\/2020\/06\/informatie-vragen-over-openbaar-vervoer-150x150.jpeg\" class=\"attachment-thumbnail size-thumbnail\" alt=\"Informatie vragen over openbaar vervoer\" srcset=\"https:\/\/userblogs.fu-berlin.de\/dutch\/files\/2020\/06\/informatie-vragen-over-openbaar-vervoer-150x150.jpeg 150w, https:\/\/userblogs.fu-berlin.de\/dutch\/files\/2020\/06\/informatie-vragen-over-openbaar-vervoer-300x300.jpeg 300w, https:\/\/userblogs.fu-berlin.de\/dutch\/files\/2020\/06\/informatie-vragen-over-openbaar-vervoer-48x48.jpeg 48w, https:\/\/userblogs.fu-berlin.de\/dutch\/files\/2020\/06\/informatie-vragen-over-openbaar-vervoer-250x250.jpeg 250w, https:\/\/userblogs.fu-berlin.de\/dutch\/files\/2020\/06\/informatie-vragen-over-openbaar-vervoer-550x550.jpeg 550w, https:\/\/userblogs.fu-berlin.de\/dutch\/files\/2020\/06\/informatie-vragen-over-openbaar-vervoer-180x180.jpeg 180w, https:\/\/userblogs.fu-berlin.de\/dutch\/files\/2020\/06\/informatie-vragen-over-openbaar-vervoer-500x500.jpeg 500w, https:\/\/userblogs.fu-berlin.de\/dutch\/files\/2020\/06\/informatie-vragen-over-openbaar-vervoer.jpeg 720w\" sizes=\"auto, (max-width: 150px) 100vw, 150px\" \/><\/a>\n\t\t\t\t<\/div>\n\t\t\t\t\t<div class='wp-caption-text gallery-caption'>\n\t\t\t\t\t\t<h4>\n\t\t\t\t\t\tInformatie vragen over openbaar vervoer\n\t\t\t\t\t\t<\/h4>\n\t\t\t\t\t<\/div><\/div><\/div>\n<\/div>\n","protected":false},"excerpt":{"rendered":"<p>Oefeningen Via taal kan je heel wat doen. Telefoneren, betalen, je verontschuldigen, een afspraak maken,\u2026 Taal heeft verschillende functies (taalfuncties). In talrijke oefeningen leer je het Nederlands in Belgi\u00eb, Nederland en Suriname te verstaan, herkennen \u00e9n gebruiken. Welke taalvari\u00ebteit (= soort Nederlands) wil je oefenen? Wat is je taalniveau? Kies boven in het menu. Anna &#8230; <a title=\"Oefeningen\" class=\"read-more\" href=\"https:\/\/userblogs.fu-berlin.de\/dutch\/oefeningen\/\" aria-label=\"Lees meer over Oefeningen\">Lees verder<\/a><\/p>\n","protected":false},"author":4743,"featured_media":0,"parent":0,"menu_order":0,"comment_status":"closed","ping_status":"closed","template":"","meta":{"footnotes":""},"class_list":["post-476","page","type-page","status-publish"],"_links":{"self":[{"href":"https:\/\/userblogs.fu-berlin.de\/dutch\/wp-json\/wp\/v2\/pages\/476","targetHints":{"allow":["GET"]}}],"collection":[{"href":"https:\/\/userblogs.fu-berlin.de\/dutch\/wp-json\/wp\/v2\/pages"}],"about":[{"href":"https:\/\/userblogs.fu-berlin.de\/dutch\/wp-json\/wp\/v2\/types\/page"}],"author":[{"embeddable":true,"href":"https:\/\/userblogs.fu-berlin.de\/dutch\/wp-json\/wp\/v2\/users\/4743"}],"replies":[{"embeddable":true,"href":"https:\/\/userblogs.fu-berlin.de\/dutch\/wp-json\/wp\/v2\/comments?post=476"}],"version-history":[{"count":51,"href":"https:\/\/userblogs.fu-berlin.de\/dutch\/wp-json\/wp\/v2\/pages\/476\/revisions"}],"predecessor-version":[{"id":3959,"href":"https:\/\/userblogs.fu-berlin.de\/dutch\/wp-json\/wp\/v2\/pages\/476\/revisions\/3959"}],"wp:attachment":[{"href":"https:\/\/userblogs.fu-berlin.de\/dutch\/wp-json\/wp\/v2\/media?parent=476"}],"curies":[{"name":"wp","href":"https:\/\/api.w.org\/{rel}","templated":true}]}}