{"id":513,"date":"2020-03-30T20:14:49","date_gmt":"2020-03-30T18:14:49","guid":{"rendered":"https:\/\/userblogs.fu-berlin.de\/dutch\/?page_id=513"},"modified":"2022-08-20T16:37:54","modified_gmt":"2022-08-20T14:37:54","slug":"impressum-nutzungsbestimmungen","status":"publish","type":"page","link":"https:\/\/userblogs.fu-berlin.de\/dutch\/over-dutch\/impressum-nutzungsbestimmungen\/","title":{"rendered":"Impressum \/ Nutzungsbestimmungen"},"content":{"rendered":"<div class=\"content\">\n<div class=\"field field-name-body field-type-text-with-summary field-label-hidden\">\n<div class=\"field-items\">\n<div class=\"field-item even\">\n<article id=\"main_content\" class=\"col-md-9 col-md-push-3 col-sm-9 col-sm-push-3 col-lg-10 col-lg-push-2\"><strong>Impressum gem\u00e4\u00df \u00a7 5 Telemediengesetz (TMG)<\/strong><\/p>\n<table border=\"0\" width=\"550\" cellspacing=\"0\" cellpadding=\"3\">\n<tbody>\n<tr>\n<td valign=\"top\">\n<p align=\"left\"><strong>Institution:<\/strong><\/p>\n<\/td>\n<td valign=\"top\">\n<p align=\"left\">Freie Universit\u00e4t Berlin &#8211; vertreten durch den <a title=\"Pr\u00e4sident\" href=\"https:\/\/www.fu-berlin.de\/einrichtungen\/verwaltung\/praesidium\/praesident.html\">Pr\u00e4sidenten<\/a><\/p>\n<\/td>\n<\/tr>\n<tr>\n<td valign=\"top\">\n<p align=\"left\"><strong>Anschrift:<\/strong><\/p>\n<\/td>\n<td valign=\"top\">\n<p align=\"left\">Freie Universit\u00e4t Berlin<br \/>\nHabelschwerdter Allee 45<br \/>\n14195 Berlin<\/p>\n<\/td>\n<\/tr>\n<tr>\n<td valign=\"top\">\n<p align=\"left\"><strong>Kontakt:<\/strong><\/p>\n<\/td>\n<td valign=\"top\">\n<p align=\"left\"><a title=\"neon@niederlandistik.fu-berlin.de\" href=\"mailto:neon@niederlandistik.fu-berlin.de\">neon@niederlandistik.fu-berlin.de<\/a><\/p>\n<\/td>\n<\/tr>\n<tr>\n<td valign=\"top\">\n<p align=\"left\"><strong>Rechtsform:<\/strong><\/p>\n<\/td>\n<td valign=\"top\">\n<p align=\"left\">Die Freie Universit\u00e4t Berlin ist eine K\u00f6rperschaft des \u00f6ffentlichen Rechts gem. \u00a7\u00a7 1 und 2 Berliner Hochschulgesetz (BerlHG)<\/p>\n<\/td>\n<\/tr>\n<tr>\n<td valign=\"top\">\n<p align=\"left\"><strong>Umsatzsteuer-<br \/>\nidentifikations-<br \/>\nnummer:<\/strong><\/p>\n<\/td>\n<td valign=\"top\">\n<p align=\"left\">DE\u00a0811304768<\/p>\n<\/td>\n<\/tr>\n<\/tbody>\n<\/table>\n<p>Das Webangebot der Freien Universit\u00e4t Berlin unterliegt dem geltenden <a title=\"Urheberrecht\" href=\"https:\/\/www.fu-berlin.de\/redaktion\/copyright\/index.html\">Urheberrecht<\/a>. Beachten Sie bitte auch unseren <a title=\"Haftungsausschluss\/Disclaimer\" href=\"https:\/\/www.fu-berlin.de\/redaktion\/disclaimer\/index.html\">Haftungsausschluss\/Disclaimer<\/a>.<\/p>\n<\/article>\n<p class=\"rtejustify\">\n<\/div>\n<\/div>\n<\/div>\n<\/div>\n","protected":false},"excerpt":{"rendered":"<p>Impressum gem\u00e4\u00df \u00a7 5 Telemediengesetz (TMG) Institution: Freie Universit\u00e4t Berlin &#8211; vertreten durch den Pr\u00e4sidenten Anschrift: Freie Universit\u00e4t Berlin Habelschwerdter Allee 45 14195 Berlin Kontakt: neon@niederlandistik.fu-berlin.de Rechtsform: Die Freie Universit\u00e4t Berlin ist eine K\u00f6rperschaft des \u00f6ffentlichen Rechts gem. \u00a7\u00a7 1 und 2 Berliner Hochschulgesetz (BerlHG) Umsatzsteuer- identifikations- nummer: DE\u00a0811304768 Das Webangebot der Freien Universit\u00e4t Berlin &#8230; <a title=\"Impressum \/ Nutzungsbestimmungen\" class=\"read-more\" href=\"https:\/\/userblogs.fu-berlin.de\/dutch\/over-dutch\/impressum-nutzungsbestimmungen\/\" aria-label=\"Lees meer over Impressum \/ Nutzungsbestimmungen\">Lees verder<\/a><\/p>\n","protected":false},"author":4743,"featured_media":0,"parent":479,"menu_order":0,"comment_status":"closed","ping_status":"closed","template":"","meta":{"footnotes":""},"class_list":["post-513","page","type-page","status-publish"],"_links":{"self":[{"href":"https:\/\/userblogs.fu-berlin.de\/dutch\/wp-json\/wp\/v2\/pages\/513","targetHints":{"allow":["GET"]}}],"collection":[{"href":"https:\/\/userblogs.fu-berlin.de\/dutch\/wp-json\/wp\/v2\/pages"}],"about":[{"href":"https:\/\/userblogs.fu-berlin.de\/dutch\/wp-json\/wp\/v2\/types\/page"}],"author":[{"embeddable":true,"href":"https:\/\/userblogs.fu-berlin.de\/dutch\/wp-json\/wp\/v2\/users\/4743"}],"replies":[{"embeddable":true,"href":"https:\/\/userblogs.fu-berlin.de\/dutch\/wp-json\/wp\/v2\/comments?post=513"}],"version-history":[{"count":5,"href":"https:\/\/userblogs.fu-berlin.de\/dutch\/wp-json\/wp\/v2\/pages\/513\/revisions"}],"predecessor-version":[{"id":3824,"href":"https:\/\/userblogs.fu-berlin.de\/dutch\/wp-json\/wp\/v2\/pages\/513\/revisions\/3824"}],"up":[{"embeddable":true,"href":"https:\/\/userblogs.fu-berlin.de\/dutch\/wp-json\/wp\/v2\/pages\/479"}],"wp:attachment":[{"href":"https:\/\/userblogs.fu-berlin.de\/dutch\/wp-json\/wp\/v2\/media?parent=513"}],"curies":[{"name":"wp","href":"https:\/\/api.w.org\/{rel}","templated":true}]}}