{"id":102,"date":"2025-01-13T13:14:15","date_gmt":"2025-01-13T12:14:15","guid":{"rendered":"https:\/\/userblogs.fu-berlin.de\/ewi_biwi\/?page_id=102"},"modified":"2025-01-15T00:31:21","modified_gmt":"2025-01-14T23:31:21","slug":"vertiefungsmoeglichkeiten-nach-der-studien-und-pruefungsordnung-2023","status":"publish","type":"page","link":"https:\/\/userblogs.fu-berlin.de\/ewi_biwi\/vertiefungsmoeglichkeiten-nach-der-studien-und-pruefungsordnung-2023\/","title":{"rendered":"Vertiefungsm\u00f6glichkeiten nach der Studien- und Pr\u00fcfungsordnung 2023"},"content":{"rendered":"\n<p class=\"has-medium-pink-color has-text-color\">Diese Seite befindet sich aktuell im Aufbau, wir bitten dies zu ber\u00fccksichtigen. Studierende werden erstmals im Wintersemester 23\/24 nach der neuen Studien- und Pr\u00fcfungsordnung immatrikuliert. Es gibt zu den Vertiefungsmodulen also noch keine Erfahrungswerte oder n\u00e4here Details, da sie erst ab dem Sommersemester 2025 (beispielsweise das Modul &#8222;Ans\u00e4tze p\u00e4dagogische Handelns &#8211; Vertiefung&#8220;).<\/p>\n\n\n\n<figure class=\"wp-block-embed is-type-wp-embed is-provider-ewi-und-biwi-der-blog wp-block-embed-ewi-und-biwi-der-blog\"><div class=\"wp-block-embed__wrapper\">\n<blockquote class=\"wp-embedded-content\" data-secret=\"n4O5Ok3v3E\"><a href=\"https:\/\/userblogs.fu-berlin.de\/ewi_biwi\/2025\/01\/14\/die-neue-studien-und-pruefungsordnung-ab-wise-23-24\/\">Die neue Studien- und Pr\u00fcfungsordnung (ab WiSe 23\/24)<\/a><\/blockquote><iframe loading=\"lazy\" class=\"wp-embedded-content\" sandbox=\"allow-scripts\" security=\"restricted\" style=\"position: absolute; visibility: hidden;\" title=\"&#8222;Die neue Studien- und Pr\u00fcfungsordnung (ab WiSe 23\/24)&#8220; &#8212; Ewi &amp; Biwi: Der Blog\" src=\"https:\/\/userblogs.fu-berlin.de\/ewi_biwi\/2025\/01\/14\/die-neue-studien-und-pruefungsordnung-ab-wise-23-24\/embed\/#?secret=rcFgNSg7WE#?secret=n4O5Ok3v3E\" data-secret=\"n4O5Ok3v3E\" width=\"600\" height=\"338\" frameborder=\"0\" marginwidth=\"0\" marginheight=\"0\" scrolling=\"no\"><\/iframe>\n<\/div><\/figure>\n\n\n\n<p><a href=\"https:\/\/www.ewi-psy.fu-berlin.de\/verwaltung-service\/studienangelegenheiten\/pruefungsbuero\/bachelor_ewi_zukunft\/1-Bachelor\/1_6-Richtlinien_-Ordnungen-_-Co_\/SPO_BA_Bildungs_Erzwiss_2023.pdf\" target=\"_blank\" rel=\"noreferrer noopener\"><strong>Studien- und Pr\u00fcfungsordnung 2023<\/strong><\/a><\/p>\n\n\n\n<div class=\"wp-block-columns is-layout-flex wp-container-core-columns-is-layout-9d6595d7 wp-block-columns-is-layout-flex\">\n<div class=\"wp-block-column is-layout-flow wp-block-column-is-layout-flow\">\n<figure class=\"wp-block-image size-large\"><img loading=\"lazy\" decoding=\"async\" width=\"1024\" height=\"678\" src=\"https:\/\/userblogs.fu-berlin.de\/ewi_biwi\/files\/2025\/01\/pexels-pixabay-272980-1024x678.jpg\" alt=\"\" class=\"wp-image-345\" srcset=\"https:\/\/userblogs.fu-berlin.de\/ewi_biwi\/files\/2025\/01\/pexels-pixabay-272980-1024x678.jpg 1024w, https:\/\/userblogs.fu-berlin.de\/ewi_biwi\/files\/2025\/01\/pexels-pixabay-272980-300x199.jpg 300w, https:\/\/userblogs.fu-berlin.de\/ewi_biwi\/files\/2025\/01\/pexels-pixabay-272980-768x509.jpg 768w, https:\/\/userblogs.fu-berlin.de\/ewi_biwi\/files\/2025\/01\/pexels-pixabay-272980-1536x1017.jpg 1536w, https:\/\/userblogs.fu-berlin.de\/ewi_biwi\/files\/2025\/01\/pexels-pixabay-272980-2048x1356.jpg 2048w\" sizes=\"auto, (max-width: 1024px) 100vw, 1024px\" \/><\/figure>\n<\/div>\n\n\n\n<div class=\"wp-block-column is-layout-flow wp-block-column-is-layout-flow\">\n<ul class=\"wp-block-list\"><li><a rel=\"noreferrer noopener\" href=\"https:\/\/userblogs.fu-berlin.de\/bachelor_ewi\/affiner-bereich\/\" target=\"_blank\">Affiner Bereich<\/a><\/li><li><a rel=\"noreferrer noopener\" href=\"https:\/\/userblogs.fu-berlin.de\/bachelor_ewi\/abv\/\" target=\"_blank\">ABV<\/a><\/li><li>Modul <strong>\u201e<\/strong>Ans\u00e4tze p\u00e4dagogischen Handelns \u2013 Vertiefung\u201c<\/li><li>Modul: \u201eAktuelle Fragestellungen der Bildungs- und Erziehungswissenschaft A\u201c<\/li><li>Modul: \u201eAktuelle Fragestellungen der Bildungs- und Erziehungswissenschaft B\u201c<\/li><li>Bachelorarbeit<\/li><\/ul>\n<\/div>\n<\/div>\n\n\n\n<div class=\"wp-block-columns is-layout-flex wp-container-core-columns-is-layout-9d6595d7 wp-block-columns-is-layout-flex\">\n<div class=\"wp-block-column is-layout-flow wp-block-column-is-layout-flow\">\n<h2 class=\"wp-block-heading\">Modul \u201eAns\u00e4tze p\u00e4dagogischen Handelns &#8211; Vertiefung\u201c<\/h2>\n\n\n\n<p>&#8211;<\/p>\n<\/div>\n\n\n\n<div class=\"wp-block-column is-layout-flow wp-block-column-is-layout-flow\">\n<h2 class=\"wp-block-heading\">Modul: \u201eAktuelle Fragestellungen der Bildungs- und Erziehungswissenschaft A\u201c<\/h2>\n\n\n\n<p>&#8211;<\/p>\n<\/div>\n<\/div>\n\n\n\n<div class=\"wp-block-columns is-layout-flex wp-container-core-columns-is-layout-9d6595d7 wp-block-columns-is-layout-flex\">\n<div class=\"wp-block-column is-layout-flow wp-block-column-is-layout-flow\">\n<h2 class=\"wp-block-heading\">Modul: \u201eAktuelle Fragestellungen der Bildungs- und Erziehungswissenschaft B\u201c<\/h2>\n\n\n\n<p>&#8211;<\/p>\n<\/div>\n\n\n\n<div class=\"wp-block-column is-layout-flow wp-block-column-is-layout-flow\">\n<h2 class=\"wp-block-heading\">Bachelorarbeit<\/h2>\n\n\n\n<p>&#8211;<\/p>\n<\/div>\n<\/div>\n\n\n\n<hr class=\"wp-block-separator has-alpha-channel-opacity is-style-wide\" \/>\n\n\n\n<p>Hier nochmal die <a href=\"https:\/\/www.ewi-psy.fu-berlin.de\/verwaltung-service\/studienangelegenheiten\/pruefungsbuero\/bachelor_ewi_zukunft\/1-Bachelor\/1_6-Richtlinien_-Ordnungen-_-Co_\/SPO_BA_Bildungs_Erzwiss_2023.pdf\" target=\"_blank\" rel=\"noreferrer noopener\">Studien- und Pr\u00fcfungsordnung (SPO 2023)<\/a>.<\/p>\n","protected":false},"excerpt":{"rendered":"<p>Diese Seite befindet sich aktuell im Aufbau, wir bitten dies zu ber\u00fccksichtigen. Studierende werden erstmals im Wintersemester 23\/24 nach der neuen Studien- und Pr\u00fcfungsordnung immatrikuliert. Es gibt zu den Vertiefungsmodulen also noch keine Erfahrungswerte oder n\u00e4here Details, da sie erst ab dem Sommersemester 2025 (beispielsweise das Modul &#8222;Ans\u00e4tze p\u00e4dagogische Handelns &#8211; Vertiefung&#8220;). Studien- und Pr\u00fcfungsordnung &hellip; <a href=\"https:\/\/userblogs.fu-berlin.de\/ewi_biwi\/vertiefungsmoeglichkeiten-nach-der-studien-und-pruefungsordnung-2023\/\" class=\"more-link\"><span class=\"screen-reader-text\">Vertiefungsm\u00f6glichkeiten nach der Studien- und Pr\u00fcfungsordnung 2023<\/span> weiterlesen<\/a><\/p>\n","protected":false},"author":6168,"featured_media":0,"parent":0,"menu_order":0,"comment_status":"closed","ping_status":"closed","template":"","meta":{"footnotes":""},"class_list":["post-102","page","type-page","status-publish","hentry"],"_links":{"self":[{"href":"https:\/\/userblogs.fu-berlin.de\/ewi_biwi\/wp-json\/wp\/v2\/pages\/102","targetHints":{"allow":["GET"]}}],"collection":[{"href":"https:\/\/userblogs.fu-berlin.de\/ewi_biwi\/wp-json\/wp\/v2\/pages"}],"about":[{"href":"https:\/\/userblogs.fu-berlin.de\/ewi_biwi\/wp-json\/wp\/v2\/types\/page"}],"author":[{"embeddable":true,"href":"https:\/\/userblogs.fu-berlin.de\/ewi_biwi\/wp-json\/wp\/v2\/users\/6168"}],"replies":[{"embeddable":true,"href":"https:\/\/userblogs.fu-berlin.de\/ewi_biwi\/wp-json\/wp\/v2\/comments?post=102"}],"version-history":[{"count":4,"href":"https:\/\/userblogs.fu-berlin.de\/ewi_biwi\/wp-json\/wp\/v2\/pages\/102\/revisions"}],"predecessor-version":[{"id":353,"href":"https:\/\/userblogs.fu-berlin.de\/ewi_biwi\/wp-json\/wp\/v2\/pages\/102\/revisions\/353"}],"wp:attachment":[{"href":"https:\/\/userblogs.fu-berlin.de\/ewi_biwi\/wp-json\/wp\/v2\/media?parent=102"}],"curies":[{"name":"wp","href":"https:\/\/api.w.org\/{rel}","templated":true}]}}