{"id":68,"date":"2025-01-13T13:04:37","date_gmt":"2025-01-13T12:04:37","guid":{"rendered":"https:\/\/userblogs.fu-berlin.de\/ewi_biwi\/?page_id=68"},"modified":"2025-01-15T00:23:22","modified_gmt":"2025-01-14T23:23:22","slug":"allgemeines-ba","status":"publish","type":"page","link":"https:\/\/userblogs.fu-berlin.de\/ewi_biwi\/allgemeines-ba\/","title":{"rendered":"Allgemeines (Bachelor)"},"content":{"rendered":"\n<div class=\"wp-block-columns is-layout-flex wp-container-core-columns-is-layout-9d6595d7 wp-block-columns-is-layout-flex\">\n<div class=\"wp-block-column is-layout-flow wp-block-column-is-layout-flow\">\n<p>Wie ist das Bachelorstudium Bildungs- und Erziehungswissenschaft an der FU \u00fcberhaupt? Welche Erfahrungen haben Studierende gemacht?<\/p>\n\n\n\n<p>Hier findest du Berichte von (ehemaligen) Ewi-Studierenden, die euch ein bisschen was zu ihrem Studium erz\u00e4hlen.<\/p>\n<\/div>\n\n\n\n<div class=\"wp-block-column is-layout-flow wp-block-column-is-layout-flow\">\n<figure class=\"wp-block-image size-large\"><img loading=\"lazy\" decoding=\"async\" width=\"1024\" height=\"683\" src=\"https:\/\/userblogs.fu-berlin.de\/ewi_biwi\/files\/2025\/01\/pexels-ekaterina-bolovtsova-6193089-1024x683.jpg\" alt=\"\" class=\"wp-image-329\" srcset=\"https:\/\/userblogs.fu-berlin.de\/ewi_biwi\/files\/2025\/01\/pexels-ekaterina-bolovtsova-6193089-1024x683.jpg 1024w, https:\/\/userblogs.fu-berlin.de\/ewi_biwi\/files\/2025\/01\/pexels-ekaterina-bolovtsova-6193089-300x200.jpg 300w, https:\/\/userblogs.fu-berlin.de\/ewi_biwi\/files\/2025\/01\/pexels-ekaterina-bolovtsova-6193089-768x512.jpg 768w, https:\/\/userblogs.fu-berlin.de\/ewi_biwi\/files\/2025\/01\/pexels-ekaterina-bolovtsova-6193089-1536x1024.jpg 1536w, https:\/\/userblogs.fu-berlin.de\/ewi_biwi\/files\/2025\/01\/pexels-ekaterina-bolovtsova-6193089-2048x1365.jpg 2048w\" sizes=\"auto, (max-width: 1024px) 100vw, 1024px\" \/><\/figure>\n<\/div>\n<\/div>\n\n\n\n<figure class=\"wp-block-embed is-type-wp-embed is-provider-ewi-und-biwi-der-blog wp-block-embed-ewi-und-biwi-der-blog\"><div class=\"wp-block-embed__wrapper\">\n<blockquote class=\"wp-embedded-content\" data-secret=\"cWK1FLEi4q\"><a href=\"https:\/\/userblogs.fu-berlin.de\/ewi_biwi\/2025\/01\/14\/die-neue-studien-und-pruefungsordnung-ab-wise-23-24\/\">Die neue Studien- und Pr\u00fcfungsordnung (ab WiSe 23\/24)<\/a><\/blockquote><iframe loading=\"lazy\" class=\"wp-embedded-content\" sandbox=\"allow-scripts\" security=\"restricted\" style=\"position: absolute; visibility: hidden;\" title=\"&#8222;Die neue Studien- und Pr\u00fcfungsordnung (ab WiSe 23\/24)&#8220; &#8212; Ewi &amp; Biwi: Der Blog\" src=\"https:\/\/userblogs.fu-berlin.de\/ewi_biwi\/2025\/01\/14\/die-neue-studien-und-pruefungsordnung-ab-wise-23-24\/embed\/#?secret=ZgIZFSgHPo#?secret=cWK1FLEi4q\" data-secret=\"cWK1FLEi4q\" width=\"600\" height=\"338\" frameborder=\"0\" marginwidth=\"0\" marginheight=\"0\" scrolling=\"no\"><\/iframe>\n<\/div><\/figure>\n\n\n\n<figure class=\"wp-block-embed is-type-wp-embed is-provider-ewi-und-biwi-der-blog wp-block-embed-ewi-und-biwi-der-blog\"><div class=\"wp-block-embed__wrapper\">\n<blockquote class=\"wp-embedded-content\" data-secret=\"MUdxxLXqUw\"><a href=\"https:\/\/userblogs.fu-berlin.de\/ewi_biwi\/2025\/01\/14\/studienstart-und-orientierung-frisch-nach-dem-abi\/\">Studienstart und Orientierung frisch nach dem Abi<\/a><\/blockquote><iframe loading=\"lazy\" class=\"wp-embedded-content\" sandbox=\"allow-scripts\" security=\"restricted\" style=\"position: absolute; visibility: hidden;\" title=\"&#8222;Studienstart und Orientierung frisch nach dem Abi&#8220; &#8212; Ewi &amp; Biwi: Der Blog\" src=\"https:\/\/userblogs.fu-berlin.de\/ewi_biwi\/2025\/01\/14\/studienstart-und-orientierung-frisch-nach-dem-abi\/embed\/#?secret=QUNB9eMViR#?secret=MUdxxLXqUw\" data-secret=\"MUdxxLXqUw\" width=\"600\" height=\"338\" frameborder=\"0\" marginwidth=\"0\" marginheight=\"0\" scrolling=\"no\"><\/iframe>\n<\/div><\/figure>\n\n\n\n<figure class=\"wp-block-embed is-type-wp-embed is-provider-ewi-und-biwi-der-blog wp-block-embed-ewi-und-biwi-der-blog\"><div class=\"wp-block-embed__wrapper\">\n<blockquote class=\"wp-embedded-content\" data-secret=\"Kb1H1LrLZf\"><a href=\"https:\/\/userblogs.fu-berlin.de\/ewi_biwi\/2025\/01\/14\/meine-erfahrung-mit-der-freien-universitaet-berlin\/\">Meine Erfahrung mit der Freien Universit\u00e4t Berlin<\/a><\/blockquote><iframe loading=\"lazy\" class=\"wp-embedded-content\" sandbox=\"allow-scripts\" security=\"restricted\" style=\"position: absolute; visibility: hidden;\" title=\"&#8222;Meine Erfahrung mit der Freien Universit\u00e4t Berlin&#8220; &#8212; Ewi &amp; Biwi: Der Blog\" src=\"https:\/\/userblogs.fu-berlin.de\/ewi_biwi\/2025\/01\/14\/meine-erfahrung-mit-der-freien-universitaet-berlin\/embed\/#?secret=yHpKDsy3BU#?secret=Kb1H1LrLZf\" data-secret=\"Kb1H1LrLZf\" width=\"600\" height=\"338\" frameborder=\"0\" marginwidth=\"0\" marginheight=\"0\" scrolling=\"no\"><\/iframe>\n<\/div><\/figure>\n\n\n\n<figure class=\"wp-block-embed is-type-wp-embed is-provider-ewi-und-biwi-der-blog wp-block-embed-ewi-und-biwi-der-blog\"><div class=\"wp-block-embed__wrapper\">\n<blockquote class=\"wp-embedded-content\" data-secret=\"PFhUB8VZNH\"><a href=\"https:\/\/userblogs.fu-berlin.de\/ewi_biwi\/2025\/01\/14\/forschung-im-bachelor-studium\/\">Forschung im Bachelor-Studium<\/a><\/blockquote><iframe loading=\"lazy\" class=\"wp-embedded-content\" sandbox=\"allow-scripts\" security=\"restricted\" style=\"position: absolute; visibility: hidden;\" title=\"&#8222;Forschung im Bachelor-Studium&#8220; &#8212; Ewi &amp; Biwi: Der Blog\" src=\"https:\/\/userblogs.fu-berlin.de\/ewi_biwi\/2025\/01\/14\/forschung-im-bachelor-studium\/embed\/#?secret=EU8rB74lcG#?secret=PFhUB8VZNH\" data-secret=\"PFhUB8VZNH\" width=\"600\" height=\"338\" frameborder=\"0\" marginwidth=\"0\" marginheight=\"0\" scrolling=\"no\"><\/iframe>\n<\/div><\/figure>\n\n\n\n<p>Wenn du dich gern \u00fcber den Bachelorstudiengang Bildungs- und Erziehungswissenschaft informieren m\u00f6chtest, empfehlen wir dir den <a href=\"https:\/\/www.osa.fu-berlin.de\/bildungs_und_erziehungswissenschaft\/start\/start\/index.html\" target=\"_blank\" rel=\"noreferrer noopener\">Online-Studienfachwahl-Assistenten<\/a> (OSA). Hier findest du Studieninhalte, Berufsperspektiven und viele weitere Informationen zum Studium. Vor allem f\u00fcr Studiereninteressierte ist das spannend.<\/p>\n","protected":false},"excerpt":{"rendered":"<p>Wie ist das Bachelorstudium Bildungs- und Erziehungswissenschaft an der FU \u00fcberhaupt? Welche Erfahrungen haben Studierende gemacht? Hier findest du Berichte von (ehemaligen) Ewi-Studierenden, die euch ein bisschen was zu ihrem Studium erz\u00e4hlen. Wenn du dich gern \u00fcber den Bachelorstudiengang Bildungs- und Erziehungswissenschaft informieren m\u00f6chtest, empfehlen wir dir den Online-Studienfachwahl-Assistenten (OSA). Hier findest du Studieninhalte, Berufsperspektiven &hellip; <a href=\"https:\/\/userblogs.fu-berlin.de\/ewi_biwi\/allgemeines-ba\/\" class=\"more-link\"><span class=\"screen-reader-text\">Allgemeines (Bachelor)<\/span> weiterlesen<\/a><\/p>\n","protected":false},"author":6168,"featured_media":0,"parent":0,"menu_order":0,"comment_status":"closed","ping_status":"closed","template":"","meta":{"footnotes":""},"class_list":["post-68","page","type-page","status-publish","hentry"],"_links":{"self":[{"href":"https:\/\/userblogs.fu-berlin.de\/ewi_biwi\/wp-json\/wp\/v2\/pages\/68","targetHints":{"allow":["GET"]}}],"collection":[{"href":"https:\/\/userblogs.fu-berlin.de\/ewi_biwi\/wp-json\/wp\/v2\/pages"}],"about":[{"href":"https:\/\/userblogs.fu-berlin.de\/ewi_biwi\/wp-json\/wp\/v2\/types\/page"}],"author":[{"embeddable":true,"href":"https:\/\/userblogs.fu-berlin.de\/ewi_biwi\/wp-json\/wp\/v2\/users\/6168"}],"replies":[{"embeddable":true,"href":"https:\/\/userblogs.fu-berlin.de\/ewi_biwi\/wp-json\/wp\/v2\/comments?post=68"}],"version-history":[{"count":5,"href":"https:\/\/userblogs.fu-berlin.de\/ewi_biwi\/wp-json\/wp\/v2\/pages\/68\/revisions"}],"predecessor-version":[{"id":338,"href":"https:\/\/userblogs.fu-berlin.de\/ewi_biwi\/wp-json\/wp\/v2\/pages\/68\/revisions\/338"}],"wp:attachment":[{"href":"https:\/\/userblogs.fu-berlin.de\/ewi_biwi\/wp-json\/wp\/v2\/media?parent=68"}],"curies":[{"name":"wp","href":"https:\/\/api.w.org\/{rel}","templated":true}]}}