{"id":65,"date":"2009-06-24T15:07:24","date_gmt":"2009-06-24T14:07:24","guid":{"rendered":"http:\/\/fsiosi.blogsport.de\/materialien\/"},"modified":"2021-09-23T14:50:45","modified_gmt":"2021-09-23T12:50:45","slug":"materialien","status":"publish","type":"page","link":"https:\/\/userblogs.fu-berlin.de\/fsi_osi\/materialien\/","title":{"rendered":"MATERIALIEN"},"content":{"rendered":"<p>Auf dieser Seite findet ihr Flyer, Plakate, Brosch\u00fcren und Textdokumente, die f\u00fcr die (hochschul-)politische Bildung und Arbeit am OSI, an der FU und dar\u00fcber hinaus interessant sind. Alle Dateien sind, soweit m\u00f6glich, im PDF-Format und k\u00f6nnen heruntergeladen oder im Browser betrachtet werden.<\/p>\n<p><strong>Programm der Orientierungstage 2021:\u00a0<\/strong><a href=\"https:\/\/userblogs.fu-berlin.de\/fsi_osi\/files\/2021\/09\/Programm-FSI-OSI-doppelseitig.pdf\">Studentisches Programm<\/a><\/p>\n<p><strong>Antrag im Studierendenparlament am 30.06.2021: <\/strong><a href=\"https:\/\/userblogs.fu-berlin.de\/fsi_osi\/files\/2021\/07\/Antrag_FSIOSI_Antisemitismus_Berlin_23.06.2021.pdf\">Resolution gegen Antisemitismus<\/a><\/p>\n<p><strong>2019 Vortragsreihe &#8222;Politische Ideengeschichte im Widerstreit&#8220;: <\/strong><a href=\"https:\/\/userblogs.fu-berlin.de\/fsi_osi\/files\/2021\/05\/poster-ideengeschichte.pdf\">Plakat der Vortragsreihe<\/a><\/p>\n<p><strong>Ersti-Hefte f\u00fcr das OSI<\/strong><\/p>\n<p>&#8211; <a href=\"https:\/\/userblogs.fu-berlin.de\/fsi_osi\/files\/2021\/06\/2019-10_fsiosi_Erstiheft_32S_DRUCK_v1.pdf\">Ersti-Heft 2019\/20<\/a><br \/>\n&#8211; <a href=\"http:\/\/fsiosi.blogsport.de\/images\/20171106_fsiosi_Erstiheft_36S_NORMAL.pdf\">Ersti-Heft 2017\/18<\/a><br \/>\n&#8211; <a href=\"http:\/\/fsiosi.blogsport.de\/images\/161005_fsiosi_Erstiheft_klein.pdf\">Ersti-Heft 2016\/17<\/a><\/p>\n<p><strong>2014 Audiomitschnitte von Vortr\u00e4gen, die von der FSI organisiert wurden:<\/strong><\/p>\n<p>Vortrag 20.05.14: <a href=\"https:\/\/soundcloud.com\/fsi_osi\/martina-benz-vortrag-kritische-migrationsforschung\">Vortrag von Martina Benz zu Kritischer Migrationsforschung<\/a><\/p>\n<p>Tresen, 26.05.14: <a href=\"https:\/\/soundcloud.com\/nurdiefsi\/vortrag-von-andreas-kemper-zur\">Vortrag von Andreas Kemper zur AfD<\/a><\/p>\n<p><strong>2010 und \u00e4lter:<\/strong><\/p>\n<p><a title=\"unitopia\" href=\"http:\/\/fsiosi.blogsport.de\/images\/Unitopiafertig.pdf\">Brosch\u00fcre U[ni]topia<\/a><\/p>\n<p><a title=\"Forderungen der BesetzerInnen\" href=\"http:\/\/fsiosi.blogsport.de\/images\/FBRPolSozForderungen.pdf\">Forderungen der OSI-\/PolSoz-BesetzerInnen (Bildungsstreik 2009)<\/a><\/p>\n<p><a title=\"\" href=\"http:\/\/fsiosi.blogsport.de\/images\/StellungnahmeDekanat.pdf\">Die Stellungnahme des Dekanats dazu (Bildungsstreik 2009)<\/a><\/p>\n<p><a title=\"Ergebnisse der OSI-VV\" href=\"http:\/\/fsiosi.blogsport.de\/images\/OSIVV_Ergebnisse.pdf\">Ergebnisse der OSI-VV (12.5.2009)<\/a><\/p>\n<p><a title=\"Funkes Abschiedsnotiz\" href=\"http:\/\/fsiosi.blogsport.de\/images\/AbschiedsnotizFunke.pdf\">Hajo Funkes Abschiedsnotiz (OSI-VV am 12.5.2009)<\/a><\/p>\n<p><a title=\"Offener Brief Ideengeschichte (Fr\u00c3\u00bchjahr 2009)\" href=\"http:\/\/fsiosi.blogsport.de\/images\/IdeengeschichteOffenerBrief.pdf\">Offener Brief Ideengeschichte (Fr\u00fchjahr 2009)<\/a><\/p>\n<p><a title=\"Studentische Forderungen zur Zukunft der Bibliotheken (Winter 2008)\" href=\"http:\/\/fsiosi.blogsport.de\/images\/StudentischeForderungenzurZukunftderBibliothekenFBR.pdf\">Studentische Forderungen zur Zukunft der Bibliotheken (Winter 2008)<\/a><\/p>\n<p><a title=\"Wie wei\u00c3\ufffd ist der Elfenbeinturm? - Rassismus in der Wissenschaft\" href=\"http:\/\/fsiosi.blogsport.de\/images\/WieweiistderElfenbeinturm.pdf\">Wie wei\u00df ist der Elfenbeinturm? &#8211; Rassismus in der Wissenschaft<\/a><\/p>\n<p><a title=\"Kein Fachschaftsrat, nirgends! (PDF)\" href=\"http:\/\/fsiosi.blogsport.de\/images\/KeinFachschaftsratnirgends.pdf\">Kein Fachschaftsrat, nirgends! (PDF)<\/a><\/p>\n","protected":false},"excerpt":{"rendered":"<p>Auf dieser Seite findet ihr Flyer, Plakate, Brosch\u00fcren und Textdokumente, die f\u00fcr die (hochschul-)politische Bildung und Arbeit am OSI, an der FU und dar\u00fcber hinaus interessant sind. Alle Dateien sind, soweit m\u00f6glich, im PDF-Format und k\u00f6nnen heruntergeladen oder im Browser betrachtet werden. Programm der Orientierungstage 2021:\u00a0Studentisches Programm Antrag im Studierendenparlament am 30.06.2021: Resolution gegen Antisemitismus &hellip; <a href=\"https:\/\/userblogs.fu-berlin.de\/fsi_osi\/materialien\/\" class=\"more-link\"><span class=\"screen-reader-text\">\u201eMATERIALIEN\u201c<\/span> weiterlesen<\/a><\/p>\n","protected":false},"author":6075,"featured_media":0,"parent":0,"menu_order":0,"comment_status":"open","ping_status":"open","template":"","meta":{"footnotes":""},"class_list":["post-65","page","type-page","status-publish","hentry"],"_links":{"self":[{"href":"https:\/\/userblogs.fu-berlin.de\/fsi_osi\/wp-json\/wp\/v2\/pages\/65","targetHints":{"allow":["GET"]}}],"collection":[{"href":"https:\/\/userblogs.fu-berlin.de\/fsi_osi\/wp-json\/wp\/v2\/pages"}],"about":[{"href":"https:\/\/userblogs.fu-berlin.de\/fsi_osi\/wp-json\/wp\/v2\/types\/page"}],"author":[{"embeddable":true,"href":"https:\/\/userblogs.fu-berlin.de\/fsi_osi\/wp-json\/wp\/v2\/users\/6075"}],"replies":[{"embeddable":true,"href":"https:\/\/userblogs.fu-berlin.de\/fsi_osi\/wp-json\/wp\/v2\/comments?post=65"}],"version-history":[{"count":9,"href":"https:\/\/userblogs.fu-berlin.de\/fsi_osi\/wp-json\/wp\/v2\/pages\/65\/revisions"}],"predecessor-version":[{"id":589,"href":"https:\/\/userblogs.fu-berlin.de\/fsi_osi\/wp-json\/wp\/v2\/pages\/65\/revisions\/589"}],"wp:attachment":[{"href":"https:\/\/userblogs.fu-berlin.de\/fsi_osi\/wp-json\/wp\/v2\/media?parent=65"}],"curies":[{"name":"wp","href":"https:\/\/api.w.org\/{rel}","templated":true}]}}