{"id":373,"date":"2022-10-01T21:19:53","date_gmt":"2022-10-01T19:19:53","guid":{"rendered":"https:\/\/userblogs.fu-berlin.de\/furad\/?page_id=373"},"modified":"2022-10-24T13:30:31","modified_gmt":"2022-10-24T11:30:31","slug":"presse","status":"publish","type":"page","link":"https:\/\/userblogs.fu-berlin.de\/furad\/presse\/","title":{"rendered":"Presse"},"content":{"rendered":"\n<p>Hier finden Sie Informationstexte, Logo, Fotos und weitere Informationen zur Verwendung. Beachten Sie, dass das Copyright bei FUrad, bzw. dem K\u00fcnstler\/Autor liegt.<\/p>\n\n\n\n<h2 class=\"wp-block-heading\">Inhalt<\/h2>\n\n\n\n<ul class=\"wp-block-list\"><li><a href=\"#texte\" data-type=\"internal\" data-id=\"#texte\">Informationstexte<\/a><\/li><li><a href=\"#medien\">Medien<\/a><\/li><li><a href=\"#kontakt\">Kontaktm\u00f6glichkeiten<\/a><\/li><\/ul>\n\n\n\n<h2 class=\"wp-block-heading\" id=\"texte\">Informationstexte<\/h2>\n\n\n\n<div class=\"wp-block-group has-base-background-color has-background\"><div class=\"wp-block-group__inner-container is-layout-flow wp-block-group-is-layout-flow\">\n<p><strong><em>FUrad Infotext<\/em><br \/><\/strong><em>Urheberecht: \u00a9 FUrad 2022, Stand 2022-10-01<\/em><\/p>\n\n\n\n<p class=\"has-medium-font-size\"><strong>Schraube locker? Muss nicht sein!<\/strong><\/p>\n\n\n\n<p>Das eigene Fahrrad zu reparieren kann manchmal unm\u00f6glich erscheinen, ist es aber selten! Bei FUrad kannst du in unserer Werkstatt selbst Hand anlegen und dein Fahrrad reparieren.<\/p>\n\n\n\n<p>Solltest du mal nicht weiter wissen, stehen wir dir mit Rad und helfender Hand zur Seite.<br \/>So lernst du nicht nur dein eigenes Fahrrad besser kennen, sondern leistest dabei auch einen nachhaltigen Beitrag!<\/p>\n\n\n\n<p><strong>Vielleicht hast du ja auch Interesse, bei uns mitzumachen? Sprich uns an!<\/strong><\/p>\n<\/div><\/div>\n\n\n\n<div class=\"wp-block-group has-base-background-color has-background\"><div class=\"wp-block-group__inner-container is-layout-flow wp-block-group-is-layout-flow\">\n<p><strong><em>FUrad Mitgliederwerbung<\/em><br \/><\/strong><em>Urheberecht: \u00a9 FUrad 2022, Stand 2022-10-01<\/em><\/p>\n\n\n\n<p class=\"has-medium-font-size\"><strong>Wir suchen dringend Mitglieder!<\/strong><\/p>\n\n\n\n<p>Wir m\u00f6chten weiterhin gerne FUrad betreiben, das geht aber nur mit genug Menschen, die FUrad ehrenamtlich betreiben m\u00f6chten. Gerade jetzt, wo die Klimadebatte vielen zeigt, dass das Rad auch eine Alternative sein kann, ben\u00f6tigen mehr Mitglieder, damit wir den Betrieb und die Organisation st\u00e4mmen k\u00f6nnen!<\/p>\n\n\n\n<p>Was hei\u00dft &#8222;Mitglied?<\/p>\n\n\n\n<ul class=\"wp-block-list\"><li>Wir quatschen Miteinander<ul><li>Als Mitglied bist du bei uns in der internen Kommunikation eingebunden.<\/li><\/ul><\/li><li>Das Plenum<ul><li>Wir treffen uns mehr oder weniger regelm\u00e4\u00dfig im Plenum, um \u00fcber Fragen, Vorschl\u00e4ge und auch Kritik zu diskutieren und Entscheidungen zu treffen.<\/li><\/ul><\/li><li>Schichten<ul><li>Mitglieder \u00fcbernehmen Schichten f\u00fcr \u00d6ffnungszeiten. Keine Sorge, zu Beginn jedes Semesters schauen wir, wie es bei jedem passt und verteilen daraufhin die Schichten und \u00d6ffnungszeiten.<\/li><\/ul><\/li><\/ul>\n\n\n\n<p>Gibt es Anforderungen?<\/p>\n\n\n\n<p>Du solltest Lust haben, dir auch mal die H\u00e4nde schmutzig zu machen.&nbsp;<strong><em>Du brauchst kein Vorwissen.<\/em><\/strong>&nbsp;Nur gelegentlich Zeit, damit du uns vielleicht bei den Schichten unterst\u00fctzen kannst.<\/p>\n\n\n\n<p>Wir suchen nach Studierenden an der Freien Universit\u00e4t. Aber nicht nur das,&nbsp;<strong><em>alle sind willkommen!<\/em><\/strong><\/p>\n\n\n\n<p><strong>Worauf wartest du? Komm einfach vorbei uns sprich uns an \ud83d\ude00<\/strong><\/p>\n<\/div><\/div>\n\n\n\n<h2 class=\"wp-block-heading\" id=\"medien\">Medien<\/h2>\n\n\n\n<div class=\"wp-block-group has-base-background-color has-background\"><div class=\"wp-block-group__inner-container is-layout-flow wp-block-group-is-layout-flow\">\n<p><strong><em>Logo FUrad<\/em><\/strong><br \/><em>Urheberecht: \u00a9 Sofian Hamouda 2022<\/em><\/p>\n\n\n\n<div class=\"wp-block-file\"><a id=\"wp-block-file--media-f993105b-40b9-478b-845a-0d1efbdfc8d7\" href=\"https:\/\/userblogs.fu-berlin.de\/furad\/files\/2022\/10\/FUrad-neues-Logo-Web-quadratisch.jpg\">FUrad-neues-Logo-WEB-RGB-quadratisch.jpg<\/a><a href=\"https:\/\/userblogs.fu-berlin.de\/furad\/files\/2022\/10\/FUrad-neues-Logo-Web-quadratisch.jpg\" class=\"wp-block-file__button\" download aria-describedby=\"wp-block-file--media-f993105b-40b9-478b-845a-0d1efbdfc8d7\">Herunterladen<\/a><\/div>\n\n\n\n<div class=\"wp-block-file\"><a id=\"wp-block-file--media-f38eb4a7-8386-4dfb-a35e-b434a27de745\" href=\"https:\/\/userblogs.fu-berlin.de\/furad\/files\/2022\/10\/FUrad-neues-Logo-Web-rund.png\">FUrad-neues-Logo-WEB-RGB-rund.png<\/a><a href=\"https:\/\/userblogs.fu-berlin.de\/furad\/files\/2022\/10\/FUrad-neues-Logo-Web-rund.png\" class=\"wp-block-file__button\" download aria-describedby=\"wp-block-file--media-f38eb4a7-8386-4dfb-a35e-b434a27de745\">Herunterladen<\/a><\/div>\n\n\n\n<div class=\"wp-block-file\"><a id=\"wp-block-file--media-1de5f945-8fff-4a45-a237-07d34c61009e\" href=\"https:\/\/userblogs.fu-berlin.de\/furad\/files\/2022\/10\/FUrad-neues-Logo-DRUCK-CMYK.pdf\">FUrad-neues-Logo-DRUCK-CMYK.pdf<\/a><a href=\"https:\/\/userblogs.fu-berlin.de\/furad\/files\/2022\/10\/FUrad-neues-Logo-DRUCK-CMYK.pdf\" class=\"wp-block-file__button\" download aria-describedby=\"wp-block-file--media-1de5f945-8fff-4a45-a237-07d34c61009e\">Herunterladen<\/a><\/div>\n<\/div><\/div>\n\n\n\n<div class=\"wp-block-group has-base-background-color has-background\"><div class=\"wp-block-group__inner-container is-layout-flow wp-block-group-is-layout-flow\">\n<p><strong><em>Beispielfotos FUrad<\/em><\/strong><br \/>v1.1 <em>Urheberecht: \u00a9 FUrad 2022<\/em><\/p>\n\n\n\n<div class=\"wp-block-file\"><a id=\"wp-block-file--media-96e3da72-7187-4505-bd2a-5d9b7afe9447\" href=\"https:\/\/userblogs.fu-berlin.de\/furad\/files\/2022\/10\/pressphoto_001.jpg\">pressphoto_001.jpg<\/a><a href=\"https:\/\/userblogs.fu-berlin.de\/furad\/files\/2022\/10\/pressphoto_001.jpg\" class=\"wp-block-file__button\" download aria-describedby=\"wp-block-file--media-96e3da72-7187-4505-bd2a-5d9b7afe9447\">Herunterladen<\/a><\/div>\n\n\n\n<div class=\"wp-block-file\"><a id=\"wp-block-file--media-7f66c0b6-e4bf-4518-bc3e-9f2a87b1eec0\" href=\"https:\/\/userblogs.fu-berlin.de\/furad\/files\/2022\/10\/pressphoto_002.jpg\">pressphoto_002.jpg<\/a><a href=\"https:\/\/userblogs.fu-berlin.de\/furad\/files\/2022\/10\/pressphoto_002.jpg\" class=\"wp-block-file__button\" download aria-describedby=\"wp-block-file--media-7f66c0b6-e4bf-4518-bc3e-9f2a87b1eec0\">Herunterladen<\/a><\/div>\n\n\n\n<div class=\"wp-block-file\"><a id=\"wp-block-file--media-9ce9e3c4-e4d1-43c8-a93f-201e58f0c5ab\" href=\"https:\/\/userblogs.fu-berlin.de\/furad\/files\/2022\/10\/pressphoto_003.jpg\">pressphoto_003.jpg<\/a><a href=\"https:\/\/userblogs.fu-berlin.de\/furad\/files\/2022\/10\/pressphoto_003.jpg\" class=\"wp-block-file__button\" download aria-describedby=\"wp-block-file--media-9ce9e3c4-e4d1-43c8-a93f-201e58f0c5ab\">Herunterladen<\/a><\/div>\n\n\n\n<div class=\"wp-block-file\"><a id=\"wp-block-file--media-0f30af59-dae5-4fb0-9092-1c717697d572\" href=\"https:\/\/userblogs.fu-berlin.de\/furad\/files\/2022\/10\/pressphoto_004.jpg\">pressphoto_004.jpg<\/a><a href=\"https:\/\/userblogs.fu-berlin.de\/furad\/files\/2022\/10\/pressphoto_004.jpg\" class=\"wp-block-file__button\" download aria-describedby=\"wp-block-file--media-0f30af59-dae5-4fb0-9092-1c717697d572\">Herunterladen<\/a><\/div>\n\n\n\n<div class=\"wp-block-file\"><a id=\"wp-block-file--media-58a52ab6-0e88-4e6a-930b-52b2d0c4c46d\" href=\"https:\/\/userblogs.fu-berlin.de\/furad\/files\/2022\/10\/pressphoto_005.jpg\">pressphoto_005.jpg<\/a><a href=\"https:\/\/userblogs.fu-berlin.de\/furad\/files\/2022\/10\/pressphoto_005.jpg\" class=\"wp-block-file__button\" download aria-describedby=\"wp-block-file--media-58a52ab6-0e88-4e6a-930b-52b2d0c4c46d\">Herunterladen<\/a><\/div>\n\n\n\n<div class=\"wp-block-file\"><a id=\"wp-block-file--media-7bdc541f-0482-445a-8340-9c0f733ee3fb\" href=\"https:\/\/userblogs.fu-berlin.de\/furad\/files\/2022\/10\/pressphoto_006.jpg\">pressphoto_006.jpg<\/a><a href=\"https:\/\/userblogs.fu-berlin.de\/furad\/files\/2022\/10\/pressphoto_006.jpg\" class=\"wp-block-file__button\" download aria-describedby=\"wp-block-file--media-7bdc541f-0482-445a-8340-9c0f733ee3fb\">Herunterladen<\/a><\/div>\n\n\n\n<div class=\"wp-block-file\"><a id=\"wp-block-file--media-412b15a3-ada7-4685-a451-c76c8b4aba09\" href=\"https:\/\/userblogs.fu-berlin.de\/furad\/files\/2022\/10\/pressphoto_007.jpg\">pressphoto_007.jpg<\/a><a href=\"https:\/\/userblogs.fu-berlin.de\/furad\/files\/2022\/10\/pressphoto_007.jpg\" class=\"wp-block-file__button\" download aria-describedby=\"wp-block-file--media-412b15a3-ada7-4685-a451-c76c8b4aba09\">Herunterladen<\/a><\/div>\n\n\n\n<div class=\"wp-block-file\"><a id=\"wp-block-file--media-5201a4b4-2ea9-429a-9c53-971e3922408d\" href=\"https:\/\/userblogs.fu-berlin.de\/furad\/files\/2022\/10\/pressphoto_008.jpg\">pressphoto_008.jpg<\/a><a href=\"https:\/\/userblogs.fu-berlin.de\/furad\/files\/2022\/10\/pressphoto_008.jpg\" class=\"wp-block-file__button\" download aria-describedby=\"wp-block-file--media-5201a4b4-2ea9-429a-9c53-971e3922408d\">Herunterladen<\/a><\/div>\n\n\n\n<div class=\"wp-block-file\"><a id=\"wp-block-file--media-3925687c-5c75-47e3-b81c-1e415d69dfbe\" href=\"https:\/\/userblogs.fu-berlin.de\/furad\/files\/2022\/10\/pressphoto_009.jpg\">pressphoto_009.jpg<\/a><a href=\"https:\/\/userblogs.fu-berlin.de\/furad\/files\/2022\/10\/pressphoto_009.jpg\" class=\"wp-block-file__button\" download aria-describedby=\"wp-block-file--media-3925687c-5c75-47e3-b81c-1e415d69dfbe\">Herunterladen<\/a><\/div>\n\n\n\n<div class=\"wp-block-file\"><a id=\"wp-block-file--media-f03a3d71-a022-4bb5-9fbb-8c6eac3a18d8\" href=\"https:\/\/userblogs.fu-berlin.de\/furad\/files\/2022\/10\/pressphoto_010.jpg\">pressphoto_010.jpg<\/a><a href=\"https:\/\/userblogs.fu-berlin.de\/furad\/files\/2022\/10\/pressphoto_010.jpg\" class=\"wp-block-file__button\" download aria-describedby=\"wp-block-file--media-f03a3d71-a022-4bb5-9fbb-8c6eac3a18d8\">Herunterladen<\/a><\/div>\n<\/div><\/div>\n\n\n\n<h2 class=\"wp-block-heading\" id=\"kontakt\">Kontaktm\u00f6glichkeiten<\/h2>\n\n\n\n<div class=\"wp-block-group has-base-background-color has-background\"><div class=\"wp-block-group__inner-container is-layout-flow wp-block-group-is-layout-flow\">\n<p><span><strong style=\"font-style: italic\">f\u00fcr <\/strong><\/span><strong style=\"font-style: italic\">Presse und \u00e4hnliche Anfragen<\/strong><br \/><em><br \/><\/em>Bitte schreiben Sie uns eine E-Mail. Setzen Sie im Betreff das Wort <strong><code>ANFRAGE<\/code> <\/strong>an den Anfang. <br \/>Beachten Sie, dass wir alle ehrenamtlich arbeiten. Sie erhalten schnellstm\u00f6glich eine Antwort, allerdings kann es etwas dauern, da wir neben unserer Leidenschaft auch unseren Hauptt\u00e4tigkeiten wie Studieren, Arbeiten, Ausbilden bzw. ausgebildet werden etc. nachgehen. Fristen k\u00f6nnen unter Vorbehalt nicht eingehalten werden.<\/p>\n\n\n\n<div class=\"wp-block-buttons is-layout-flex wp-block-buttons-is-layout-flex\">\n<div class=\"wp-block-button\"><a class=\"wp-block-button__link has-background\" href=\"mailto:kontakt@furad.de?subject=ANFRAGE:%20Hier%20Ihr%20Anliegen\" style=\"background-color:#014188\">Presse: E-Mail<\/a><\/div>\n<\/div>\n<\/div><\/div>\n\n\n\n<div class=\"wp-block-group has-base-background-color has-background\"><div class=\"wp-block-group__inner-container is-layout-flow wp-block-group-is-layout-flow\">\n<p><strong><em>f\u00fcr Besuchende und werdende Mitglieder<\/em><\/strong><\/p>\n\n\n\n<ul class=\"wp-block-list\"><li><strong>Adresse<\/strong><ul><li>Fabeckstra\u00dfe 30<br \/>14195 Berlin<br \/><\/li><\/ul><\/li><li><strong>\u00d6ffnungszeiten<\/strong><ul><li>Die \u00d6ffnungszeiten findest du immer aktuell bei Google Maps oder in der Google Suche.<\/li><li>Wichtig: Die \u00d6ffnungszeiten k\u00f6nnen sich sehr kurzfristig \u00e4ndern, vor Besuch bitten wir, die \u00d6ffnungszeiten erneut zu checken!<br \/><\/li><\/ul><\/li><li><strong>Website mit allen Infos und Kontakt<\/strong><ul><li><a rel=\"noreferrer noopener\" href=\"http:\/\/www.furad.de\/\" target=\"_blank\">www.furad.de<\/a><\/li><li><a rel=\"noreferrer noopener\" href=\"http:\/\/facebook.com\/furad.de\" target=\"_blank\">facebook.com\/furad.de<\/a><\/li><li><a rel=\"noreferrer noopener\" href=\"http:\/\/instagram.com\/furad.de\" target=\"_blank\">instagram.com\/furad.de<\/a><\/li><\/ul><\/li><\/ul>\n<\/div><\/div>\n","protected":false},"excerpt":{"rendered":"<p>Hier finden Sie Informationstexte, Logo, Fotos und weitere Informationen zur Verwendung. Beachten Sie, dass das Copyright bei FUrad, bzw. dem K\u00fcnstler\/Autor liegt. Inhalt Informationstexte Medien Kontaktm\u00f6glichkeiten Informationstexte FUrad InfotextUrheberecht: \u00a9 FUrad 2022, Stand 2022-10-01 Schraube locker? Muss nicht sein! Das eigene Fahrrad zu reparieren kann manchmal unm\u00f6glich erscheinen, ist es aber selten! Bei FUrad kannst &#8230; <a title=\"Presse\" class=\"read-more\" href=\"https:\/\/userblogs.fu-berlin.de\/furad\/presse\/\" aria-label=\"Mehr Informationen \u00fcber Presse\">Weiterlesen<\/a><\/p>\n","protected":false},"author":6410,"featured_media":0,"parent":0,"menu_order":0,"comment_status":"closed","ping_status":"closed","template":"","meta":{"footnotes":""},"class_list":["post-373","page","type-page","status-publish"],"_links":{"self":[{"href":"https:\/\/userblogs.fu-berlin.de\/furad\/wp-json\/wp\/v2\/pages\/373","targetHints":{"allow":["GET"]}}],"collection":[{"href":"https:\/\/userblogs.fu-berlin.de\/furad\/wp-json\/wp\/v2\/pages"}],"about":[{"href":"https:\/\/userblogs.fu-berlin.de\/furad\/wp-json\/wp\/v2\/types\/page"}],"author":[{"embeddable":true,"href":"https:\/\/userblogs.fu-berlin.de\/furad\/wp-json\/wp\/v2\/users\/6410"}],"replies":[{"embeddable":true,"href":"https:\/\/userblogs.fu-berlin.de\/furad\/wp-json\/wp\/v2\/comments?post=373"}],"version-history":[{"count":9,"href":"https:\/\/userblogs.fu-berlin.de\/furad\/wp-json\/wp\/v2\/pages\/373\/revisions"}],"predecessor-version":[{"id":417,"href":"https:\/\/userblogs.fu-berlin.de\/furad\/wp-json\/wp\/v2\/pages\/373\/revisions\/417"}],"wp:attachment":[{"href":"https:\/\/userblogs.fu-berlin.de\/furad\/wp-json\/wp\/v2\/media?parent=373"}],"curies":[{"name":"wp","href":"https:\/\/api.w.org\/{rel}","templated":true}]}}