{"id":1183,"date":"2020-07-06T10:09:17","date_gmt":"2020-07-06T08:09:17","guid":{"rendered":"https:\/\/userblogs.fu-berlin.de\/genome-editing\/?page_id=1183"},"modified":"2021-02-01T11:28:57","modified_gmt":"2021-02-01T10:28:57","slug":"perspektiven-einnehmen","status":"publish","type":"page","link":"https:\/\/userblogs.fu-berlin.de\/genome-editing\/lernen\/situation-analysieren\/perspektiven-einnehmen\/","title":{"rendered":"Perspektiven einnehmen"},"content":{"rendered":"\n<div style=\"height:20px\" aria-hidden=\"true\" class=\"wp-block-spacer\"><\/div>\n\n\n\n<p class=\"has-small-font-size\"><a href=\"https:\/\/userblogs.fu-berlin.de\/genome-editing\/\">Startseite<\/a> &gt; <a href=\"https:\/\/userblogs.fu-berlin.de\/genome-editing\/lernen\/situation-analysieren\/\">Worum geht es \u00fcberhaupt?<\/a> &gt; <strong>Nimm verschiedene Perspektiven ein!<\/strong><\/p>\n\n\n\n<div class=\"wp-block-cover has-background-dim\" style=\"background-color:#216778;min-height:150px;aspect-ratio:unset;\"><div class=\"wp-block-cover__inner-container is-layout-flow wp-block-cover-is-layout-flow\">\n<h1 class=\"has-text-align-center wp-block-heading\">Nimm verschiedene Perspektiven ein!<\/h1>\n\n\n\n<p><\/p>\n<\/div><\/div>\n\n\n\n<div style=\"height:20px\" aria-hidden=\"true\" class=\"wp-block-spacer\"><\/div>\n\n\n\n<div class=\"wp-block-columns is-layout-flex wp-container-core-columns-is-layout-28f84493 wp-block-columns-is-layout-flex\">\n<div class=\"wp-block-column is-layout-flow wp-block-column-is-layout-flow\">\n<figure class=\"wp-block-image size-large\"><a href=\"https:\/\/userblogs.fu-berlin.de\/genome-editing\/lernen\/situation-analysieren\/perspektiven-einnehmen\/problemfrage-genom-editing-durch-crispr-cas9-ein-illegitimer-eingriff-in-das-menschliche-erbgut\/\"><img loading=\"lazy\" decoding=\"async\" width=\"1024\" height=\"682\" src=\"https:\/\/userblogs.fu-berlin.de\/genome-editing\/files\/2021\/01\/reichstag-2180849_1280-1024x682.jpg\" alt=\"\" class=\"wp-image-6095\" srcset=\"https:\/\/userblogs.fu-berlin.de\/genome-editing\/files\/2021\/01\/reichstag-2180849_1280-1024x682.jpg 1024w, https:\/\/userblogs.fu-berlin.de\/genome-editing\/files\/2021\/01\/reichstag-2180849_1280-300x200.jpg 300w, https:\/\/userblogs.fu-berlin.de\/genome-editing\/files\/2021\/01\/reichstag-2180849_1280-768x512.jpg 768w, https:\/\/userblogs.fu-berlin.de\/genome-editing\/files\/2021\/01\/reichstag-2180849_1280-830x553.jpg 830w, https:\/\/userblogs.fu-berlin.de\/genome-editing\/files\/2021\/01\/reichstag-2180849_1280-230x153.jpg 230w, https:\/\/userblogs.fu-berlin.de\/genome-editing\/files\/2021\/01\/reichstag-2180849_1280-350x233.jpg 350w, https:\/\/userblogs.fu-berlin.de\/genome-editing\/files\/2021\/01\/reichstag-2180849_1280-480x320.jpg 480w, https:\/\/userblogs.fu-berlin.de\/genome-editing\/files\/2021\/01\/reichstag-2180849_1280-250x167.jpg 250w, https:\/\/userblogs.fu-berlin.de\/genome-editing\/files\/2021\/01\/reichstag-2180849_1280-550x367.jpg 550w, https:\/\/userblogs.fu-berlin.de\/genome-editing\/files\/2021\/01\/reichstag-2180849_1280-800x533.jpg 800w, https:\/\/userblogs.fu-berlin.de\/genome-editing\/files\/2021\/01\/reichstag-2180849_1280-270x180.jpg 270w, https:\/\/userblogs.fu-berlin.de\/genome-editing\/files\/2021\/01\/reichstag-2180849_1280-450x300.jpg 450w, https:\/\/userblogs.fu-berlin.de\/genome-editing\/files\/2021\/01\/reichstag-2180849_1280-750x500.jpg 750w, https:\/\/userblogs.fu-berlin.de\/genome-editing\/files\/2021\/01\/reichstag-2180849_1280.jpg 1280w\" sizes=\"auto, (max-width: 1024px) 100vw, 1024px\" \/><\/a><\/figure>\n\n\n\n<h4 class=\"has-text-align-center wp-block-heading\"><a href=\"https:\/\/userblogs.fu-berlin.de\/genome-editing\/lernen\/situation-analysieren\/perspektiven-einnehmen\/problemfrage-genom-editing-durch-crispr-cas9-ein-illegitimer-eingriff-in-das-menschliche-erbgut\/\">\u00dcberblick \u00fcber einige Interessen <\/a><\/h4>\n\n\n\n<p style=\"font-size:14px\"><em>Ein Beitrag von Aynisa Rende, Jules Link, \u00d6mer Faruk Saka und  ihrem Lehrer Hussein Chahine<\/em><\/p>\n\n\n\n<p>Der Einsatz von CRISPR\/Cas9 beim Menschen wird  in der Politik kontrovers diskutiert. <a href=\"https:\/\/userblogs.fu-berlin.de\/genome-editing\/lernen\/situation-analysieren\/perspektiven-einnehmen\/problemfrage-genom-editing-durch-crispr-cas9-ein-illegitimer-eingriff-in-das-menschliche-erbgut\/\">Drei Sch\u00fcler_innen erkl\u00e4ren Dir, wie verschiedene Parteien und Institutionen zu dem Thema stehen und wie sie argumentieren.<\/a><\/p>\n\n\n\n<hr class=\"wp-block-separator\" \/>\n\n\n\n<p>&nbsp;<\/p>\n<\/div>\n\n\n\n<div class=\"wp-block-column is-layout-flow wp-block-column-is-layout-flow\">\n<figure class=\"wp-block-image size-large\"><a href=\"https:\/\/userblogs.fu-berlin.de\/genome-editing\/lernen\/situation-analysieren\/perspektiven-einnehmen\/andere-menschen-verstehen\/\"><img loading=\"lazy\" decoding=\"async\" width=\"1000\" height=\"667\" src=\"https:\/\/userblogs.fu-berlin.de\/genome-editing\/files\/2020\/08\/Personenkreis.jpg\" alt=\"\" class=\"wp-image-3141\" srcset=\"https:\/\/userblogs.fu-berlin.de\/genome-editing\/files\/2020\/08\/Personenkreis.jpg 1000w, https:\/\/userblogs.fu-berlin.de\/genome-editing\/files\/2020\/08\/Personenkreis-300x200.jpg 300w, https:\/\/userblogs.fu-berlin.de\/genome-editing\/files\/2020\/08\/Personenkreis-768x512.jpg 768w, https:\/\/userblogs.fu-berlin.de\/genome-editing\/files\/2020\/08\/Personenkreis-830x554.jpg 830w, https:\/\/userblogs.fu-berlin.de\/genome-editing\/files\/2020\/08\/Personenkreis-230x153.jpg 230w, https:\/\/userblogs.fu-berlin.de\/genome-editing\/files\/2020\/08\/Personenkreis-350x233.jpg 350w, https:\/\/userblogs.fu-berlin.de\/genome-editing\/files\/2020\/08\/Personenkreis-480x320.jpg 480w, https:\/\/userblogs.fu-berlin.de\/genome-editing\/files\/2020\/08\/Personenkreis-250x167.jpg 250w, https:\/\/userblogs.fu-berlin.de\/genome-editing\/files\/2020\/08\/Personenkreis-550x367.jpg 550w, https:\/\/userblogs.fu-berlin.de\/genome-editing\/files\/2020\/08\/Personenkreis-800x534.jpg 800w, https:\/\/userblogs.fu-berlin.de\/genome-editing\/files\/2020\/08\/Personenkreis-270x180.jpg 270w, https:\/\/userblogs.fu-berlin.de\/genome-editing\/files\/2020\/08\/Personenkreis-450x300.jpg 450w, https:\/\/userblogs.fu-berlin.de\/genome-editing\/files\/2020\/08\/Personenkreis-750x500.jpg 750w\" sizes=\"auto, (max-width: 1000px) 100vw, 1000px\" \/><\/a><\/figure>\n\n\n\n<h4 class=\"has-text-align-center wp-block-heading\"><a href=\"https:\/\/userblogs.fu-berlin.de\/genome-editing\/lernen\/situation-analysieren\/perspektiven-einnehmen\/andere-menschen-verstehen\/\">Andere Menschen verstehen<\/a><\/h4>\n\n\n\n<p><em>Ein Beitrag von Maria Hawlitzki<\/em><\/p>\n\n\n\n<p>Ethische Probleme erfordern, dass jeder sich selbst positioniert und gleichzeitig \u00fcber die eigene Perspektive hinausgeht. <a href=\"https:\/\/userblogs.fu-berlin.de\/genome-editing\/lernen\/situation-analysieren\/perspektiven-einnehmen\/andere-menschen-verstehen\/\"><span style=\"color:#2c89a0\" class=\"has-inline-color\">Neben einer kleinen Einf\u00fchrung findest du einige Briefe von Sch\u00fclerinnen und Sch\u00fclern, die sich aus ihrer eigenen Perspektive herausgewagt haben.<\/span><\/a><\/p>\n<\/div>\n\n\n\n<div class=\"wp-block-column is-layout-flow wp-block-column-is-layout-flow\">\n<figure class=\"wp-block-image size-large\"><a href=\"https:\/\/userblogs.fu-berlin.de\/genome-editing\/werden-alle-stimmen-gehort\/\"><img loading=\"lazy\" decoding=\"async\" width=\"640\" height=\"427\" src=\"https:\/\/userblogs.fu-berlin.de\/genome-editing\/files\/2021\/01\/listening-3079065_640.jpg\" alt=\"\" class=\"wp-image-6028\" srcset=\"https:\/\/userblogs.fu-berlin.de\/genome-editing\/files\/2021\/01\/listening-3079065_640.jpg 640w, https:\/\/userblogs.fu-berlin.de\/genome-editing\/files\/2021\/01\/listening-3079065_640-300x200.jpg 300w, https:\/\/userblogs.fu-berlin.de\/genome-editing\/files\/2021\/01\/listening-3079065_640-230x153.jpg 230w, https:\/\/userblogs.fu-berlin.de\/genome-editing\/files\/2021\/01\/listening-3079065_640-350x234.jpg 350w, https:\/\/userblogs.fu-berlin.de\/genome-editing\/files\/2021\/01\/listening-3079065_640-480x320.jpg 480w, https:\/\/userblogs.fu-berlin.de\/genome-editing\/files\/2021\/01\/listening-3079065_640-250x167.jpg 250w, https:\/\/userblogs.fu-berlin.de\/genome-editing\/files\/2021\/01\/listening-3079065_640-550x367.jpg 550w, https:\/\/userblogs.fu-berlin.de\/genome-editing\/files\/2021\/01\/listening-3079065_640-270x180.jpg 270w, https:\/\/userblogs.fu-berlin.de\/genome-editing\/files\/2021\/01\/listening-3079065_640-450x300.jpg 450w\" sizes=\"auto, (max-width: 640px) 100vw, 640px\" \/><\/a><\/figure>\n\n\n\n<h4 class=\"has-text-align-center wp-block-heading\"><a href=\"https:\/\/userblogs.fu-berlin.de\/genome-editing\/werden-alle-stimmen-gehort\/\">Werden alle Stimmen geh\u00f6rt?<\/a><\/h4>\n\n\n\n<p><em>Ein Beitrag von Isabelle Bartram<\/em><\/p>\n\n\n\n<p>Die Frage der ethischen Vertretbarkeit von Genome Editing am Menschen betrifft viele Personengruppen auf unterschiedliche Weise. <a href=\"https:\/\/userblogs.fu-berlin.de\/genome-editing\/werden-alle-stimmen-gehort\/\">Warum es wichtig ist, <em>mit <\/em>Betroffenen und <em>nicht \u00fcber<\/em> sie zu sprechen, kannst du hier nachlesen. <\/a><\/p>\n<\/div>\n\n\n\n<div class=\"wp-block-column is-layout-flow wp-block-column-is-layout-flow\">\n<figure class=\"wp-block-image size-large\"><a href=\"https:\/\/userblogs.fu-berlin.de\/genome-editing\/perspektivenuebernahme-und-ethische-urteilsbildung\/\"><img loading=\"lazy\" decoding=\"async\" width=\"640\" height=\"426\" src=\"https:\/\/userblogs.fu-berlin.de\/genome-editing\/files\/2021\/01\/background-1466096_640.png\" alt=\"\" class=\"wp-image-7441\" srcset=\"https:\/\/userblogs.fu-berlin.de\/genome-editing\/files\/2021\/01\/background-1466096_640.png 640w, https:\/\/userblogs.fu-berlin.de\/genome-editing\/files\/2021\/01\/background-1466096_640-300x200.png 300w, https:\/\/userblogs.fu-berlin.de\/genome-editing\/files\/2021\/01\/background-1466096_640-230x153.png 230w, https:\/\/userblogs.fu-berlin.de\/genome-editing\/files\/2021\/01\/background-1466096_640-350x233.png 350w, https:\/\/userblogs.fu-berlin.de\/genome-editing\/files\/2021\/01\/background-1466096_640-480x320.png 480w, https:\/\/userblogs.fu-berlin.de\/genome-editing\/files\/2021\/01\/background-1466096_640-250x166.png 250w, https:\/\/userblogs.fu-berlin.de\/genome-editing\/files\/2021\/01\/background-1466096_640-550x366.png 550w, https:\/\/userblogs.fu-berlin.de\/genome-editing\/files\/2021\/01\/background-1466096_640-270x180.png 270w, https:\/\/userblogs.fu-berlin.de\/genome-editing\/files\/2021\/01\/background-1466096_640-451x300.png 451w\" sizes=\"auto, (max-width: 640px) 100vw, 640px\" \/><\/a><\/figure>\n\n\n\n<h4 class=\"has-text-align-center wp-block-heading\"><a href=\"https:\/\/userblogs.fu-berlin.de\/genome-editing\/perspektivenuebernahme-und-ethische-urteilsbildung\/\">Perspektiven und ethische Urteile<\/a><\/h4>\n\n\n\n<p><em>Ein Beitrag von Annett Wienmeister<\/em><\/p>\n\n\n\n<p>Die F\u00e4higkeit, sich in andere Personen hineinzuversetzen und ihre Perspektive auf die Welt und auf ethische Fragen nachzuvollziehen, ist grundlegend, wenn wir ein ethisches Urteil f\u00e4llen wollen. <a href=\"https:\/\/userblogs.fu-berlin.de\/genome-editing\/perspektivenuebernahme-und-ethische-urteilsbildung\/\">Warum das so ist und was das mit dem Begriff der &#8222;Triangulation&#8220; zu tun hat, erf\u00e4hrst du hier. <\/a><\/p>\n<\/div>\n<\/div>\n\n\n\n<hr class=\"wp-block-separator\" \/>\n\n\n\n<div class=\"wp-block-columns are-vertically-aligned-center is-layout-flex wp-container-core-columns-is-layout-28f84493 wp-block-columns-is-layout-flex\">\n<div class=\"wp-block-column is-vertically-aligned-center is-layout-flow wp-block-column-is-layout-flow\">\n<p><strong>Zur\u00fcck:<\/strong> <a data-jzz-gui-player=\"true\" href=\"https:\/\/userblogs.fu-berlin.de\/genome-editing\/lernen\/situation-analysieren\/verstehe-was-genome-editing-ist\/\"><span style=\"color:#2c89a0\" class=\"has-inline-color\">Verstehe, was Genome Editing ist!<\/span><\/a><\/p>\n<\/div>\n\n\n\n<div class=\"wp-block-column is-vertically-aligned-center is-layout-flow wp-block-column-is-layout-flow\">\n<p class=\"has-text-align-right\"><strong>Weiter:<\/strong> <a data-jzz-gui-player=\"true\" href=\"https:\/\/userblogs.fu-berlin.de\/genome-editing\/lernen\/situation-analysieren\/inszenierung-hinterfragen\/\"><span style=\"color:#2c89a0\" class=\"has-inline-color\">Hinterfrage die Inszenierung!<\/span><\/a><\/p>\n<\/div>\n<\/div>\n\n\n\n<hr class=\"wp-block-separator\" \/>\n\n\n\n<div class=\"wp-block-group\"><div class=\"wp-block-group__inner-container is-layout-flow wp-block-group-is-layout-flow\">\n<div class=\"wp-block-group\"><div class=\"wp-block-group__inner-container is-layout-flow wp-block-group-is-layout-flow\">\n<div class=\"wp-block-group\"><div class=\"wp-block-group__inner-container is-layout-flow wp-block-group-is-layout-flow\">\n<div class=\"wp-block-group\"><div class=\"wp-block-group__inner-container is-layout-flow wp-block-group-is-layout-flow\">\n<p><strong>Was dich auch interessieren k\u00f6nnte:<\/strong><\/p>\n\n\n\n<div class=\"wp-block-columns is-layout-flex wp-container-core-columns-is-layout-28f84493 wp-block-columns-is-layout-flex\">\n<div class=\"wp-block-column is-layout-flow wp-block-column-is-layout-flow\">\n<p><span style=\"color:#2c89a0\" class=\"has-inline-color\"><a href=\"https:\/\/userblogs.fu-berlin.de\/genome-editing\/lernen\/handeln\/zwischen-alternativen-entscheiden\/\">Entscheide dich f\u00fcr eine Alternative<\/a><\/span><\/p>\n<\/div>\n\n\n\n<div class=\"wp-block-column is-layout-flow wp-block-column-is-layout-flow\">\n<p class=\"has-text-align-center\"><a href=\"https:\/\/userblogs.fu-berlin.de\/genome-editing\/orientierungsmassstaebe\/\"><span style=\"color:#2c89a0\" class=\"has-inline-color\">Welche Normen und Werte spielen eine Rolle?<\/span><\/a><\/p>\n<\/div>\n\n\n\n<div class=\"wp-block-column is-layout-flow wp-block-column-is-layout-flow\">\n<p class=\"has-text-align-right\"><a href=\"https:\/\/userblogs.fu-berlin.de\/genome-editing\/lernen\/argumentieren\/erste-meinung\/wir-haben-post\/\">Wir haben Post &#8211; Die erste Meinung Anderer <\/a><\/p>\n<\/div>\n<\/div>\n<\/div><\/div>\n<\/div><\/div>\n<\/div><\/div>\n<\/div><\/div>\n\n\n\n<div style=\"height:100px\" aria-hidden=\"true\" class=\"wp-block-spacer\"><\/div>\n","protected":false},"excerpt":{"rendered":"<p>Startseite &gt; Worum geht es \u00fcberhaupt? &gt; Nimm verschiedene Perspektiven [&hellip;]<\/p>\n","protected":false},"author":4241,"featured_media":0,"parent":186,"menu_order":3,"comment_status":"closed","ping_status":"closed","template":"page-templates\/page_front-page.php","meta":{"footnotes":""},"class_list":["post-1183","page","type-page","status-publish","hentry"],"_links":{"self":[{"href":"https:\/\/userblogs.fu-berlin.de\/genome-editing\/wp-json\/wp\/v2\/pages\/1183","targetHints":{"allow":["GET"]}}],"collection":[{"href":"https:\/\/userblogs.fu-berlin.de\/genome-editing\/wp-json\/wp\/v2\/pages"}],"about":[{"href":"https:\/\/userblogs.fu-berlin.de\/genome-editing\/wp-json\/wp\/v2\/types\/page"}],"author":[{"embeddable":true,"href":"https:\/\/userblogs.fu-berlin.de\/genome-editing\/wp-json\/wp\/v2\/users\/4241"}],"replies":[{"embeddable":true,"href":"https:\/\/userblogs.fu-berlin.de\/genome-editing\/wp-json\/wp\/v2\/comments?post=1183"}],"version-history":[{"count":125,"href":"https:\/\/userblogs.fu-berlin.de\/genome-editing\/wp-json\/wp\/v2\/pages\/1183\/revisions"}],"predecessor-version":[{"id":8467,"href":"https:\/\/userblogs.fu-berlin.de\/genome-editing\/wp-json\/wp\/v2\/pages\/1183\/revisions\/8467"}],"up":[{"embeddable":true,"href":"https:\/\/userblogs.fu-berlin.de\/genome-editing\/wp-json\/wp\/v2\/pages\/186"}],"wp:attachment":[{"href":"https:\/\/userblogs.fu-berlin.de\/genome-editing\/wp-json\/wp\/v2\/media?parent=1183"}],"curies":[{"name":"wp","href":"https:\/\/api.w.org\/{rel}","templated":true}]}}