{"id":475,"date":"2020-04-24T15:35:01","date_gmt":"2020-04-24T13:35:01","guid":{"rendered":"https:\/\/userblogs.fu-berlin.de\/genome-editing\/?page_id=475"},"modified":"2021-02-01T18:37:30","modified_gmt":"2021-02-01T17:37:30","slug":"team","status":"publish","type":"page","link":"https:\/\/userblogs.fu-berlin.de\/genome-editing\/projekt\/team\/","title":{"rendered":"Das Team"},"content":{"rendered":"\n<div style=\"height:20px\" aria-hidden=\"true\" class=\"wp-block-spacer\"><\/div>\n\n\n\n<p class=\"has-small-font-size\"><a href=\"https:\/\/userblogs.fu-berlin.de\/genome-editing\/\"><span style=\"color:#2c89a0\" class=\"has-inline-color\">Startseite<\/span><\/a> &gt;<span style=\"color:#2c89a0\" class=\"has-inline-color\"> <a href=\"https:\/\/userblogs.fu-berlin.de\/genome-editing\/projekt\/\">\u00dcber das Projekt<\/a><\/span> &gt; <strong>Das Team<\/strong><\/p>\n\n\n\n<div class=\"wp-block-cover has-background-dim\" style=\"background-color:#a02c5a;min-height:150px;aspect-ratio:unset;\"><div class=\"wp-block-cover__inner-container is-layout-flow wp-block-cover-is-layout-flow\">\n<h1 class=\"has-text-align-center wp-block-heading\">Das Team<\/h1>\n\n\n\n<p><\/p>\n<\/div><\/div>\n\n\n\n<div style=\"height:40px\" aria-hidden=\"true\" class=\"wp-block-spacer\"><\/div>\n\n\n\n<h3 class=\"has-text-color wp-block-heading\" style=\"color:#216778\">Projektleitung<\/h3>\n\n\n\n<div style=\"height:20px\" aria-hidden=\"true\" class=\"wp-block-spacer\"><\/div>\n\n\n\n<div class=\"wp-block-columns are-vertically-aligned-center is-layout-flex wp-container-core-columns-is-layout-28f84493 wp-block-columns-is-layout-flex\">\n<div class=\"wp-block-column is-vertically-aligned-center is-layout-flow wp-block-column-is-layout-flow\" style=\"flex-basis:20%\">\n<p style=\"color:#9c9c9c\" class=\"has-text-color has-text-align-center has-medium-font-size\"><span style=\"color:#868686\" class=\"has-inline-color\"><strong>Julia <br>Dietrich<\/strong><\/span><\/p>\n<\/div>\n\n\n\n<div class=\"wp-block-column is-vertically-aligned-center is-layout-flow wp-block-column-is-layout-flow\" style=\"flex-basis:66.66%\">\n<p><span style=\"color:#868686\" class=\"has-inline-color\"><em>Julia Dietrich ist Philosophin und Ethikerin und hat ein integratives Modell Angewandter Ethik entwickelt, das interdisziplin\u00e4ren Vermittlungsprozessen eine zentrale Rolle bei der ethischen Beurteilung aktueller wissenschaftlicher Entwicklungen zuweist. Im Diskursprojekt will sie Ans\u00e4tze einer partizipativen Didaktik erforschen, in der z. B. Lehrmaterialien auch von den Lernenden selbst reflektiert und gestaltet werde<\/em>n.<\/span><\/p>\n<\/div>\n<\/div>\n\n\n\n<div style=\"height:25px\" aria-hidden=\"true\" class=\"wp-block-spacer\"><\/div>\n\n\n\n<div class=\"wp-block-columns are-vertically-aligned-center is-layout-flex wp-container-core-columns-is-layout-28f84493 wp-block-columns-is-layout-flex\">\n<div class=\"wp-block-column is-vertically-aligned-center is-layout-flow wp-block-column-is-layout-flow\" style=\"flex-basis:20%\">\n<p class=\"has-text-align-center has-medium-font-size\"><strong><span style=\"color:#868686\" class=\"has-inline-color\">Jens Peter<\/span><br><span style=\"color:#868686\" class=\"has-inline-color\">F\u00fcrste<\/span><\/strong><br><strong><span style=\"color:#868686\" class=\"has-inline-color\">\/ N.N.<\/span><\/strong><\/p>\n<\/div>\n\n\n\n<div class=\"wp-block-column is-vertically-aligned-center is-layout-flow wp-block-column-is-layout-flow\" style=\"flex-basis:66.6%\">\n<p><em><span style=\"color:#868686\" class=\"has-inline-color\">Jens Peter F\u00fcrste ist Biochemiker mit der Spezialisierung auf Nukleins\u00e4uren und umfangreicher Erfahrung in der Gentechnologie. Neben seiner T\u00e4tigkeit als Dozent an der Freien Universit\u00e4t hat er an der Gr\u00fcndung eines Unternehmens im Bereich der Nukleins\u00e4ure-Technologien mitgewirkt. Ihm war es in der Antragsphase und bei seiner Beteiligung in der ersten Projekth\u00e4lfte besonders wichtig, aus der naturwissenschaftlich-technischen Sichtweise eine fundierte Abw\u00e4gung von Chancen und Risiken des Genome Editing zu erm\u00f6glichen.<\/span><\/em><\/p>\n<\/div>\n<\/div>\n\n\n\n<h3 class=\"has-text-color wp-block-heading\" style=\"color:#216778\">Wissenschaftliche Mitarbeiter_innen<\/h3>\n\n\n\n<div style=\"height:20px\" aria-hidden=\"true\" class=\"wp-block-spacer\"><\/div>\n\n\n\n<div class=\"wp-block-columns are-vertically-aligned-center is-layout-flex wp-container-core-columns-is-layout-28f84493 wp-block-columns-is-layout-flex\">\n<div class=\"wp-block-column is-vertically-aligned-center is-layout-flow wp-block-column-is-layout-flow\" style=\"flex-basis:20%\">\n<p class=\"has-text-align-center has-medium-font-size\"><span style=\"color:#868686\" class=\"has-inline-color\"><strong>Sebastian Michael<br>Brodkorb<\/strong><\/span><\/p>\n<\/div>\n\n\n\n<div class=\"wp-block-column is-vertically-aligned-center is-layout-flow wp-block-column-is-layout-flow\" style=\"flex-basis:66.66%\">\n<p><em><span style=\"color:#868686\" class=\"has-inline-color\">Sebastian Brodkorb studierte Pharmaceutical Science, Life Science und Philosophie. Neben seinem Studium hat er unter anderem f\u00fcr die Apotheken Umschau und FOCUS online gearbeitet und  Beitr\u00e4ge in den Themenfeldern Gesundheit und Wissen ver\u00f6ffentlicht. Besonders wichtig ist ihm, dass Wissenschaft f\u00fcr jeden Menschen auf verst\u00e4ndliche Weise zug\u00e4nglich ist.<\/span><\/em><\/p>\n<\/div>\n<\/div>\n\n\n\n<div style=\"height:25px\" aria-hidden=\"true\" class=\"wp-block-spacer\"><\/div>\n\n\n\n<div class=\"wp-block-columns are-vertically-aligned-center is-layout-flex wp-container-core-columns-is-layout-28f84493 wp-block-columns-is-layout-flex\">\n<div class=\"wp-block-column is-vertically-aligned-center is-layout-flow wp-block-column-is-layout-flow\" style=\"flex-basis:20%\">\n<p class=\"has-text-align-center has-medium-font-size\"><span style=\"color:#868686\" class=\"has-inline-color\"><strong>Annett<br>Wienmeister<\/strong><\/span><\/p>\n<\/div>\n\n\n\n<div class=\"wp-block-column is-vertically-aligned-center is-layout-flow wp-block-column-is-layout-flow\" style=\"flex-basis:66.66%\">\n<p><em><span style=\"color:#868686\" class=\"has-inline-color\">Annett Wienmeister hat Philosophie und Biologische Anthropologie studiert. Ihre erkenntnistheoretisch ausgerichtete Doktorarbeit schrieb sie \u00fcber das Verh\u00e4ltnis von Wahrnehmung und Denken, welches sie jetzt aus der Perspektive der Angewandten Ethik untersucht. Ihre Arbeit im Diskursprojekt spiegelt ihre \u00dcberzeugung wider, dass wir sowohl durch wissenschaftliche Entwicklungen als auch mithilfe ethischer Reflexionen und Argumentationen unsere Lebenswirklichkeit aktiv gestalten k\u00f6nnen.<\/span><\/em><\/p>\n<\/div>\n<\/div>\n\n\n\n<h3 class=\"has-text-color wp-block-heading\" style=\"color:#216778\">Studentische Mitarbeiter_innen<\/h3>\n\n\n\n<div style=\"height:20px\" aria-hidden=\"true\" class=\"wp-block-spacer\"><\/div>\n\n\n\n<div class=\"wp-block-columns are-vertically-aligned-center is-layout-flex wp-container-core-columns-is-layout-28f84493 wp-block-columns-is-layout-flex\">\n<div class=\"wp-block-column is-vertically-aligned-center is-layout-flow wp-block-column-is-layout-flow\" style=\"flex-basis:20%\">\n<p class=\"has-text-align-center has-medium-font-size\"><span style=\"color:#868686\" class=\"has-inline-color\"><strong>Laila <\/strong><\/span><br><span style=\"color:#868686\" class=\"has-inline-color\"><strong>Benz<\/strong><\/span><\/p>\n<\/div>\n\n\n\n<div class=\"wp-block-column is-vertically-aligned-center is-layout-flow wp-block-column-is-layout-flow\" style=\"flex-basis:66.66%\">\n<p><em><span style=\"color:#868686\" class=\"has-inline-color\"><em><em>Laila Benz studiert Biochemie an der FU und interessiert sich sehr f\u00fcr die Funktionsweise und Anwendungsm\u00f6glichkeiten neuer Methoden der Genom-Editierung. Sie beteiligt sich am Projekt GenomEdit, da sie es wichtig findet, Entwicklungen mit&nbsp;gesellschaftlicher Tragweite&nbsp;interdisziplin\u00e4r und in der breiten Gesellschaft zu diskutieren.<\/em><\/em><\/span><\/em><\/p>\n<\/div>\n<\/div>\n\n\n\n<div style=\"height:30px\" aria-hidden=\"true\" class=\"wp-block-spacer\"><\/div>\n\n\n\n<div class=\"wp-block-columns is-layout-flex wp-container-core-columns-is-layout-28f84493 wp-block-columns-is-layout-flex\">\n<div class=\"wp-block-column is-layout-flow wp-block-column-is-layout-flow\" style=\"flex-basis:20%\">\n<p style=\"color:#848c90\" class=\"has-text-color has-text-align-center has-medium-font-size\"><strong>Henrik H\u00f6rmann<\/strong><\/p>\n<\/div>\n\n\n\n<div class=\"wp-block-column is-layout-flow wp-block-column-is-layout-flow\" style=\"flex-basis:66.66%\">\n<p style=\"color:#83888c\" class=\"has-text-color\"><em>Henrik H\u00f6rmann studiert im Master Philosophie an der Freien Universit\u00e4t Berlin.<\/em><\/p>\n<\/div>\n<\/div>\n\n\n\n<div class=\"wp-block-columns are-vertically-aligned-center is-layout-flex wp-container-core-columns-is-layout-28f84493 wp-block-columns-is-layout-flex\">\n<div class=\"wp-block-column is-vertically-aligned-center is-layout-flow wp-block-column-is-layout-flow\" style=\"flex-basis:20%\">\n<p class=\"has-text-align-center has-medium-font-size\"><span style=\"color:#868686\" class=\"has-inline-color\"><strong>Yoo Yung<\/strong><\/span><br><span style=\"color:#868686\" class=\"has-inline-color\"><strong>Lee<\/strong><\/span><\/p>\n<\/div>\n\n\n\n<div class=\"wp-block-column is-vertically-aligned-center is-layout-flow wp-block-column-is-layout-flow\" style=\"flex-basis:66.66%\">\n<p><em><span style=\"color:#868686\" class=\"has-inline-color\"><em>Yoo Yung Lee ist eine DAAD Stipendiatin an der Freien Universit\u00e4t Berlin und studiert Englische Philologie und Linguistik. Sie hat ein gro\u00dfes Interesse an bio-ethischen Fragestellungen und an den damit verbundenen moralischen Themen.<\/em><\/span><\/em><\/p>\n<\/div>\n<\/div>\n\n\n\n<div class=\"wp-block-columns are-vertically-aligned-center is-layout-flex wp-container-core-columns-is-layout-28f84493 wp-block-columns-is-layout-flex\">\n<div class=\"wp-block-column is-vertically-aligned-center is-layout-flow wp-block-column-is-layout-flow\" style=\"flex-basis:20%\">\n<p class=\"has-text-align-center has-medium-font-size\"><span style=\"color:#868686\" class=\"has-inline-color\"><strong>Catharina<\/strong><\/span><br><span style=\"color:#868686\" class=\"has-inline-color\"><strong>Neumann<\/strong><\/span><\/p>\n<\/div>\n\n\n\n<div class=\"wp-block-column is-vertically-aligned-center is-layout-flow wp-block-column-is-layout-flow\" style=\"flex-basis:66.66%\">\n<p><em><span style=\"color:#868686\" class=\"has-inline-color\"><em><em><em><em>Catharina Neumann absolvierte ihren Bachelor in Biologie an der Christian-Albrechts-Universit\u00e4t Kiel und legte ihren Schwerpunkt auf den Bereich Evolutions\u00f6kologie- und Genetik. Seit 2017 studiert sie im Aufbaustudium Biologie an der FU Berlin und besch\u00e4ftigt sich neben ihrem Fachbereich mit Themen der Philosophie der Biologie sowie Wissenschaftskommunikation in der \u00d6ffentlichkeit.<\/em><\/em><\/em><\/em><\/span><\/em><\/p>\n<\/div>\n<\/div>\n\n\n\n<div style=\"height:30px\" aria-hidden=\"true\" class=\"wp-block-spacer\"><\/div>\n\n\n\n<div class=\"wp-block-columns are-vertically-aligned-center is-layout-flex wp-container-core-columns-is-layout-28f84493 wp-block-columns-is-layout-flex\">\n<div class=\"wp-block-column is-vertically-aligned-center is-layout-flow wp-block-column-is-layout-flow\" style=\"flex-basis:20%\">\n<p style=\"color:#848c90\" class=\"has-text-color has-text-align-center has-medium-font-size\"><strong>Julia Prudlo<\/strong><\/p>\n<\/div>\n\n\n\n<div class=\"wp-block-column is-vertically-aligned-center is-layout-flow wp-block-column-is-layout-flow\" style=\"flex-basis:66.66%\">\n<p style=\"color:#83888c\" class=\"has-text-color\"><em>Julia Prudlo studiert die F\u00e4cher Biologie und Philosophie auf Lehramt an der FU Berlin. Sie nimmt am Diskursprojekt teil, weil sie glaubt, dass es Menschen motivieren kann sich \u00fcber Genome Editing zu informieren und dar\u00fcber mit anderen  kontrovers zu diskutieren. Dies findet sie vor allem wichtig, weil die Anwendung von Genome Editing wahrscheinlich in der Zukunft einen gro\u00dfen gesellschaftlichen Einfluss haben wird. Vielleicht besitzen alle irgendwann kleine fliegende Elefanten als Haustiere:-)<\/em><\/p>\n\n\n\n<p><\/p>\n<\/div>\n<\/div>\n\n\n\n<div class=\"wp-block-columns are-vertically-aligned-center is-layout-flex wp-container-core-columns-is-layout-28f84493 wp-block-columns-is-layout-flex\">\n<div class=\"wp-block-column is-vertically-aligned-center is-layout-flow wp-block-column-is-layout-flow\" style=\"flex-basis:20%\">\n<p class=\"has-text-align-center has-medium-font-size\"><span style=\"color:#868686\" class=\"has-inline-color\"><strong>Fabio Sciascia<\/strong><\/span><\/p>\n<\/div>\n\n\n\n<div class=\"wp-block-column is-vertically-aligned-center is-layout-flow wp-block-column-is-layout-flow\" style=\"flex-basis:66.66%\">\n<p style=\"color:#b7b7c8\" class=\"has-text-color\"><em><span style=\"color:#868686\" class=\"has-inline-color\"><em><em><em>Fabio Sciascia studiert im Master Philosophie an der Freien Universit\u00e4t Berlin. Seine Interessenbereiche liegen dabei insbesondere in der politischen Philosophie und in der Wissenschaftsphilosophie. Am Diskursprojekt nimmt er Teil, um darauf aufmerksam zu machen, dass die Implementierung technischen Fortschritts notwendigerweise an einen gesamtgesellschaftlichen Diskurs gekoppelt werden muss.<\/em><\/em><\/em><\/span><\/em><\/p>\n<\/div>\n<\/div>\n\n\n\n<div class=\"wp-block-columns are-vertically-aligned-center is-layout-flex wp-container-core-columns-is-layout-28f84493 wp-block-columns-is-layout-flex\">\n<div class=\"wp-block-column is-vertically-aligned-center is-layout-flow wp-block-column-is-layout-flow\" style=\"flex-basis:20%\">\n<p class=\"has-text-align-center has-medium-font-size\"><span style=\"color:#868686\" class=\"has-inline-color\"><strong>Felix<\/strong><\/span><br><span style=\"color:#868686\" class=\"has-inline-color\"><strong>Werfel<\/strong><\/span><\/p>\n<\/div>\n\n\n\n<div class=\"wp-block-column is-vertically-aligned-center is-layout-flow wp-block-column-is-layout-flow\" style=\"flex-basis:66.66%\">\n<p style=\"color:#b7b7c8\" class=\"has-text-color\"><em><span style=\"color:#868686\" class=\"has-inline-color\"><em><em><em>Felix Werfel studiert im Master Philosophie an der Freien Universit\u00e4t Berlin. Seine Studienschwerpunkte liegen in der Technik\u2013 und Sozialphilosophie. Am Diskursprojekt nimmt er teil, um die gesellschaftlichen Folgen der Genom-Editierung und die damit einhergehenden Fragen sozialer Gerechtigkeit in die Debatte einzubringen.<\/em><\/em><\/em><\/span><\/em><\/p>\n<\/div>\n<\/div>\n\n\n\n<p><\/p>\n","protected":false},"excerpt":{"rendered":"<p>Startseite &gt; \u00dcber das Projekt &gt; Das Team Projektleitung Julia [&hellip;]<\/p>\n","protected":false},"author":4241,"featured_media":0,"parent":180,"menu_order":2,"comment_status":"closed","ping_status":"closed","template":"page-templates\/page_front-page.php","meta":{"footnotes":""},"class_list":["post-475","page","type-page","status-publish","hentry"],"_links":{"self":[{"href":"https:\/\/userblogs.fu-berlin.de\/genome-editing\/wp-json\/wp\/v2\/pages\/475","targetHints":{"allow":["GET"]}}],"collection":[{"href":"https:\/\/userblogs.fu-berlin.de\/genome-editing\/wp-json\/wp\/v2\/pages"}],"about":[{"href":"https:\/\/userblogs.fu-berlin.de\/genome-editing\/wp-json\/wp\/v2\/types\/page"}],"author":[{"embeddable":true,"href":"https:\/\/userblogs.fu-berlin.de\/genome-editing\/wp-json\/wp\/v2\/users\/4241"}],"replies":[{"embeddable":true,"href":"https:\/\/userblogs.fu-berlin.de\/genome-editing\/wp-json\/wp\/v2\/comments?post=475"}],"version-history":[{"count":33,"href":"https:\/\/userblogs.fu-berlin.de\/genome-editing\/wp-json\/wp\/v2\/pages\/475\/revisions"}],"predecessor-version":[{"id":8510,"href":"https:\/\/userblogs.fu-berlin.de\/genome-editing\/wp-json\/wp\/v2\/pages\/475\/revisions\/8510"}],"up":[{"embeddable":true,"href":"https:\/\/userblogs.fu-berlin.de\/genome-editing\/wp-json\/wp\/v2\/pages\/180"}],"wp:attachment":[{"href":"https:\/\/userblogs.fu-berlin.de\/genome-editing\/wp-json\/wp\/v2\/media?parent=475"}],"curies":[{"name":"wp","href":"https:\/\/api.w.org\/{rel}","templated":true}]}}