{"id":5050,"date":"2021-01-08T15:40:49","date_gmt":"2021-01-08T14:40:49","guid":{"rendered":"https:\/\/userblogs.fu-berlin.de\/genome-editing\/?page_id=5050"},"modified":"2021-02-01T19:30:18","modified_gmt":"2021-02-01T18:30:18","slug":"sophia-gerber-genome-editing-am-menschen","status":"publish","type":"page","link":"https:\/\/userblogs.fu-berlin.de\/genome-editing\/ethik-vermitteln\/materialien-lehre\/sophia-gerber-genome-editing-am-menschen\/","title":{"rendered":"Unterrichtsreihe: Genome Editing am Menschen"},"content":{"rendered":"\n<p><em>Ein Beitrag von Sophia Gerber<\/em><\/p>\n\n\n\n<div style=\"height:20px\" aria-hidden=\"true\" class=\"wp-block-spacer\"><\/div>\n\n\n\n<h2 class=\"wp-block-heading\">Worum handelt es sich?<\/h2>\n\n\n\n<p>Es handelt sich um Bausteine zu einer Unterrichtsreihe mit unterschiedlichen Arbeitsbl\u00e4ttern. Die Bausteine k\u00f6nnen je nach Zeitbudget, inhaltlichem Schwerpunkt und Lerngruppe individuell zusammengestellt werden. Eine k\u00fcrzere Reihe k\u00f6nnte z. B. die Bausteine 1, 2, 10, 12 und 14 beinhalten. Die Bausteine 1, 4 und 13 sind nicht in den Arbeitsbl\u00e4ttern enthalten. <\/p>\n\n\n\n<div style=\"height:20px\" aria-hidden=\"true\" class=\"wp-block-spacer\"><\/div>\n\n\n\n<h2 class=\"wp-block-heading\">Wie d\u00fcrfen die Materialien verwendet werden?<\/h2>\n\n\n\n<p>F\u00fcr den von der Autorin verfassten Text der Arbeitsbl\u00e4tter gilt, dass dieser entsprechend der <strong><span style=\"color:#2c89a0\" class=\"has-inline-color\"><a rel=\"noreferrer noopener\" href=\"https:\/\/creativecommons.org\/licenses\/by\/4.0\/deed.de\" target=\"_blank\">Creative-Commons-Lizenz CC BY 4.0<\/a><\/span><\/strong><a href=\"https:\/\/creativecommons.org\/licenses\/by\/4.0\/deed.de\"><strong> <\/strong><\/a>verwendet werden darf.<\/p>\n\n\n\n<p><strong><span style=\"color:#000000\" class=\"has-inline-color\">Vorsicht:<\/span><\/strong> In einigen Arbeitsbl\u00e4ttern werden Medien Dritter (z.B. Bilder, Infografiken oder Text-Zitate) verwendet. In vielen F\u00e4llen gelten gesonderte Nutzungsrechte oder die Verwendung des Mediums f\u00e4llt unter das Zitatrecht. In F\u00e4llen, wo besondere Nutzungsrechte gelten, ist die entsprechende Lizenz beim jeweiligen Medium angegeben. Das jeweilige Medium darf dann nur entsprechend dieser Lizenz verwendet werden. Wurde ein Medium zitiert, dann muss das Medium, sollte dieses verwendet werden, entsprechend dem Zitatrecht behandelt werden (d.h. Quelle und Autor m\u00fcssen angegeben werden).<\/p>\n\n\n\n<div style=\"height:20px\" aria-hidden=\"true\" class=\"wp-block-spacer\"><\/div>\n\n\n\n<h2 class=\"wp-block-heading\">inhaltlicher Aufbau, Kompetenzerwerb, Methoden<\/h2>\n\n\n\n<p><strong>Baustein 1 <\/strong>(Zeit 45 min); Hierzu liegen keine Unterrichtsmaterialien vor<\/p>\n\n\n\n<div class=\"wp-block-columns has-background is-layout-flex wp-container-core-columns-is-layout-28f84493 wp-block-columns-is-layout-flex\" style=\"background-color:#87decd\">\n<div class=\"wp-block-column is-vertically-aligned-top is-layout-flow wp-block-column-is-layout-flow\">\n<p><strong>Thema:<\/strong> Was hat eine Schere mit der<br>Gesundheit von Nana und Lulu zu<br>tun?<\/p>\n<\/div>\n\n\n\n<div class=\"wp-block-column is-vertically-aligned-top is-layout-flow wp-block-column-is-layout-flow\">\n<p><strong>Kompetenzerwerb:<\/strong> <em>Mit Fachwissen umgehen<\/em> &#8211; <em>Struktur- und<br>Funktionskonzept<\/em> <strong>(Biologie): <\/strong>Die Sch\u00fcler*innen k\u00f6nnen die Funktionsweise von CRISPR-Cas9 am Beispiel der genmanipulierten<br>Babys Nana und Lulu erkl\u00e4ren.<\/p>\n<\/div>\n\n\n\n<div class=\"wp-block-column is-vertically-aligned-top is-layout-flow wp-block-column-is-layout-flow\" style=\"flex-basis:33%\">\n<p><strong>Methoden\/ Medien<\/strong>:<\/p>\n\n\n\n<ul class=\"wp-block-list\"><li><a rel=\"noreferrer noopener\" href=\"https:\/\/www.youtube.com\/watch?v=th0vnOmFltc\" target=\"_blank\"> Fall \u201eNana und Lulu\u201c (Youtube)<\/a><\/li><li><a rel=\"noreferrer noopener\" href=\"http:\/\/www.planet-schule.de\/x\/crisprcas\" target=\"_blank\">Sendung \u201etotal ph\u00e4nomenal: Gentechnik\u2013 CRISPR\/Cas + Co.\u201c (03:33- 05:20 min.)<\/a><\/li><li><a rel=\"noreferrer noopener\" href=\"https:\/\/www.planet-schule.de\/fileadmin\/dam_media\/swr\/total_phaenomenal\/pdfdoc\/genetik\/tp_crispr-cas_ab1a-c.pdf\" target=\"_blank\">Arbeitsblatt (planet-schule)<\/a><\/li><\/ul>\n<\/div>\n<\/div>\n\n\n\n<p><strong>Baustein 2<\/strong> (Zeit 45min); Word Datei, PDF-Datei<\/p>\n\n\n\n<div class=\"wp-block-columns has-background has-very-light-gray-background-color is-layout-flex wp-container-core-columns-is-layout-28f84493 wp-block-columns-is-layout-flex\">\n<div class=\"wp-block-column is-layout-flow wp-block-column-is-layout-flow\">\n<p><strong>Thema:<\/strong> Designerbabys: Traum oder Albtraum?<\/p>\n\n\n\n<div class=\"wp-block-buttons is-layout-flex wp-block-buttons-is-layout-flex\">\n<div class=\"wp-block-button\"><a class=\"wp-block-button__link\" href=\"https:\/\/medien.cedis.fu-berlin.de\/genomedit\/baustein 2.docx\" target=\"_blank\" rel=\"noreferrer noopener\"><span style=\"color:#ffffff\" class=\"has-inline-color\">Download Word-Datei<\/span><\/a><\/div>\n\n\n\n<div class=\"wp-block-button\"><a class=\"wp-block-button__link\" href=\"https:\/\/medien.cedis.fu-berlin.de\/genomedit\/baustein 2.pdf\" target=\"_blank\" rel=\"noreferrer noopener\"><span style=\"color:#ffffff\" class=\"has-inline-color\">Download PDF-Datei<\/span><\/a><\/div>\n<\/div>\n<\/div>\n\n\n\n<div class=\"wp-block-column is-layout-flow wp-block-column-is-layout-flow\">\n<p><strong>Kompetenzerwerb<\/strong>: <em>Perspektiven einnehmen: Sich Auswirkungen eignen Handelns auf andere vergegenw\u00e4rtigen<\/em>. Die Sch\u00fcler*innen k\u00f6nnen sich mit den m\u00f6glichen Auswirkungen der Genoptimierung auf die betroffenen Kinder und die Gesellschaft auseinandersetzen.<\/p>\n<\/div>\n\n\n\n<div class=\"wp-block-column is-layout-flow wp-block-column-is-layout-flow\">\n<p><strong>Methoden\/Medien: <\/strong><\/p>\n\n\n\n<ul class=\"wp-block-list\"><li>Gedankenexperiment<\/li><\/ul>\n<\/div>\n<\/div>\n\n\n\n<p><strong>Baustein 3 <\/strong>(Zeit 45-60min); Word-Datei, PDF-Datei<\/p>\n\n\n\n<div class=\"wp-block-columns has-background has-very-light-gray-background-color is-layout-flex wp-container-core-columns-is-layout-28f84493 wp-block-columns-is-layout-flex\">\n<div class=\"wp-block-column is-layout-flow wp-block-column-is-layout-flow\">\n<p><strong>Thema:<\/strong> Ist ein Leben mit einer schweren Erkrankung lebenswert?<\/p>\n\n\n\n<div class=\"wp-block-buttons is-layout-flex wp-block-buttons-is-layout-flex\">\n<div class=\"wp-block-button\"><a class=\"wp-block-button__link\" href=\"https:\/\/medien.cedis.fu-berlin.de\/genomedit\/baustein_3.docx\" target=\"_blank\" rel=\"noreferrer noopener\"><span style=\"color:#ffffff\" class=\"has-inline-color\">Download Word-Datei<\/span><\/a><\/div>\n\n\n\n<div class=\"wp-block-button\"><a class=\"wp-block-button__link\" href=\"https:\/\/medien.cedis.fu-berlin.de\/genomedit\/baustein_3.pdf\" target=\"_blank\" rel=\"noreferrer noopener\"><span style=\"color:#ffffff\" class=\"has-inline-color\">Download PDF-Datei<\/span><\/a><\/div>\n<\/div>\n<\/div>\n\n\n\n<div class=\"wp-block-column is-layout-flow wp-block-column-is-layout-flow\">\n<p><strong>Kompetenzerwerb:<\/strong> <em>Perspektiven einnehmen: Die Perspektiven anderer<\/em> <em>Personen nachvollziehen<\/em>. Die Sch\u00fcler*innen k\u00f6nnen die Perspektive von David Sanchez darstellen, der seit seiner Geburt an der Blutkrankheit Sichelzellenan\u00e4mie leidet und durch CRISPR\/Cas9 geheilt werden k\u00f6nnte.<\/p>\n<\/div>\n\n\n\n<div class=\"wp-block-column is-layout-flow wp-block-column-is-layout-flow\">\n<p><strong>Methoden\/Medien:<\/strong> <\/p>\n\n\n\n<ul class=\"wp-block-list\"><li>Filmszenenanalyse \u201eHuman Nature: Die CRISPR-Revolution\u201c<\/li><li>Tagebucheintrag<\/li><\/ul>\n<\/div>\n<\/div>\n\n\n\n<p><strong>Baustein 4<\/strong> (Zeit 90min); Hierzu liegen keine Unterrichtsmaterialien vor<\/p>\n\n\n\n<div class=\"wp-block-columns has-background has-very-light-gray-background-color is-layout-flex wp-container-core-columns-is-layout-28f84493 wp-block-columns-is-layout-flex\">\n<div class=\"wp-block-column is-layout-flow wp-block-column-is-layout-flow\">\n<p><strong>Thema:<\/strong> Kinderwunsch bei Erbkrankheit: Wie sollen sich die Eltern entscheiden?<\/p>\n<\/div>\n\n\n\n<div class=\"wp-block-column is-layout-flow wp-block-column-is-layout-flow\">\n<p class=\"has-small-font-size\"><strong>Kompetenzerwerb:<\/strong> <em>Wahrnehmen und deuten: Wertvorstellungen reflektieren &amp; Perspektiven einnehmen: Multiperspektivisch urteilen<\/em> Die Sch\u00fcler*innen k\u00f6nnen das ethische Dilemma eines Paares mit Kinderwunsch beschreiben, von dem ein Partner an der angeborenen Stoffwechselkrankheit Phenylketonurie leidet. Sie k\u00f6nnen die Handlungsoptionen benennen, Argumente f\u00fcr und gegen eine Gentherapie erl\u00e4utern, den Argumenten Wertvorstellungen zuordnen und gewichten.<\/p>\n<\/div>\n\n\n\n<div class=\"wp-block-column is-layout-flow wp-block-column-is-layout-flow\">\n<p class=\"has-small-font-size\"><strong>Methoden\/Medien:<\/strong> <\/p>\n\n\n\n<ul class=\"wp-block-list\"><li>Dilemma-Rollenspiel (aus: Monika Pohl\/ Anna Reetz: CRISPR\/Cas: Heilung der Phenylketonurie? Moralisches Dilemma um Designerbabys, in: Raabe Unterrichts-Materialien Biologie, Sek. II G.4.6\/ 2020, S.18-22)<\/li><\/ul>\n<\/div>\n<\/div>\n\n\n\n<p><strong>Baustein 5<\/strong> (Zeit 90min); Word-Datei; PDF-Datei<\/p>\n\n\n\n<div class=\"wp-block-columns has-background has-very-light-gray-background-color is-layout-flex wp-container-core-columns-is-layout-28f84493 wp-block-columns-is-layout-flex\">\n<div class=\"wp-block-column is-layout-flow wp-block-column-is-layout-flow\">\n<p><strong>Thema:<\/strong> Ab wann und warum ist menschliches Leben sch\u00fctzenswert?<\/p>\n\n\n\n<div class=\"wp-block-buttons is-layout-flex wp-block-buttons-is-layout-flex\">\n<div class=\"wp-block-button\"><a class=\"wp-block-button__link\" href=\"https:\/\/medien.cedis.fu-berlin.de\/genomedit\/baustein_5.docx\" target=\"_blank\" rel=\"noreferrer noopener\"><span style=\"color:#ffffff\" class=\"has-inline-color\">Download Word-Datei<\/span><\/a><\/div>\n\n\n\n<div class=\"wp-block-button\"><a class=\"wp-block-button__link\" href=\"https:\/\/medien.cedis.fu-berlin.de\/genomedit\/baustein_5.pdf\" target=\"_blank\" rel=\"noreferrer noopener\"><span style=\"color:#ffffff\" class=\"has-inline-color\">Download PDF-Datei<\/span><\/a><\/div>\n<\/div>\n<\/div>\n\n\n\n<div class=\"wp-block-column is-layout-flow wp-block-column-is-layout-flow\">\n<p><strong>Kompetenzerwerb:<\/strong> <em>Argumentieren und urteilen: Begr\u00fcnden<\/em>. Die Sch\u00fcler*innen k\u00f6nnen unter Einbeziehung ethisch relevanter Eigenschaften und F\u00e4higkeiten (Spezies, Kontinuit\u00e4t, Identit\u00e4t, Potenzialit\u00e4t, Bewusstsein, Empfindungsf\u00e4higkeit) begr\u00fcnden, ab wann und warum menschliches Leben sch\u00fctzenswert ist.<\/p>\n<\/div>\n\n\n\n<div class=\"wp-block-column is-layout-flow wp-block-column-is-layout-flow\">\n<p class=\"has-small-font-size\"><strong>Methoden\/Medien:<\/strong> <a rel=\"noreferrer noopener\" href=\"https:\/\/www2.klett.de\/sixcms\/media.php\/229\/ab_695320_8i3y2k_viereckenmethode.pdf\" target=\"_blank\"><em>Einstieg<\/em>: Vier-Ecken-Methode<\/a>: Ab wann beginnt sch\u00fctzenswertes menschliches Leben?, A: Ab der Befruchtung, B: Mit der Einnistung in die Geb\u00e4rmutter, C: Der Embryo wird w\u00e4hrend der Entwicklung immer sch\u00fctzenswerter, D: Nach der Geburt. <em>Erarbeitung<\/em>: Think-Pair-Share: Partner*in A: <strong>M2<\/strong>, Partner*in B: <strong>M3<\/strong><em>Vertiefung<\/em>: SKIP-Argumente, \u00dcbung zu SKIP-Argumenten* (aus: Katja Reitschert\/ Corinna H\u00f6\u00dfle: Methoden der Pr\u00e4implantationsdiagnostik und die Frage nach dem Recht auf ein gesundes Kind, in: Raabe-Unterrichtsmaterialien Ethik\/ Philosophie C Problemfelder der Moral, Sek. II, 21\/2006, S. 30)<\/p>\n<\/div>\n<\/div>\n\n\n\n<p><strong>Baustein 6<\/strong> (Zeit 45-60min); Word-Datei; PDF-Datei<\/p>\n\n\n\n<div class=\"wp-block-columns has-background has-very-light-gray-background-color is-layout-flex wp-container-core-columns-is-layout-28f84493 wp-block-columns-is-layout-flex\">\n<div class=\"wp-block-column is-layout-flow wp-block-column-is-layout-flow\">\n<p><strong>Thema:<\/strong> Was bedeutet Natalit\u00e4t?<\/p>\n\n\n\n<div class=\"wp-block-buttons is-layout-flex wp-block-buttons-is-layout-flex\">\n<div class=\"wp-block-button\"><a class=\"wp-block-button__link\" href=\"https:\/\/medien.cedis.fu-berlin.de\/genomedit\/baustein 6.docx\" target=\"_blank\" rel=\"noreferrer noopener\"><span style=\"color:#ffffff\" class=\"has-inline-color\">Download Word-Datei<\/span><\/a><\/div>\n\n\n\n<div class=\"wp-block-button\"><a class=\"wp-block-button__link\" href=\"https:\/\/medien.cedis.fu-berlin.de\/genomedit\/baustein 6.pdf\" target=\"_blank\" rel=\"noreferrer noopener\"><span style=\"color:#ffffff\" class=\"has-inline-color\">Download PDF-Datei<\/span><\/a><\/div>\n<\/div>\n<\/div>\n\n\n\n<div class=\"wp-block-column is-layout-flow wp-block-column-is-layout-flow\">\n<p><strong>Kompetenzerwerb:<\/strong> <em>Wahrnehmen und deuten: Begriffe kl\u00e4ren und verwenden<\/em> Die Sch\u00fcler*innen k\u00f6nnen den philosophischen Begriff \u201eNatalit\u00e4t\u201c aus einem Text von Hannah Arendt erkl\u00e4ren.<\/p>\n<\/div>\n\n\n\n<div class=\"wp-block-column is-layout-flow wp-block-column-is-layout-flow\">\n<p><strong>Methoden\/Medien:<\/strong> <\/p>\n\n\n\n<ul class=\"wp-block-list\"><li>Akrostichon<\/li><\/ul>\n<\/div>\n<\/div>\n\n\n\n<p><strong>Baustein 7<\/strong> (Zeit 90min); Word-Datei; PDF-Datei<\/p>\n\n\n\n<div class=\"wp-block-columns has-background has-very-light-gray-background-color is-layout-flex wp-container-core-columns-is-layout-28f84493 wp-block-columns-is-layout-flex\">\n<div class=\"wp-block-column is-layout-flow wp-block-column-is-layout-flow\">\n<p><strong>Thema:<\/strong> Welche Verantwortung haben wir f\u00fcr k\u00fcnftige Generationen?<\/p>\n\n\n\n<div class=\"wp-block-buttons is-layout-flex wp-block-buttons-is-layout-flex\">\n<div class=\"wp-block-button\"><a class=\"wp-block-button__link\" href=\"https:\/\/medien.cedis.fu-berlin.de\/genomedit\/baustein_7.docx\" target=\"_blank\" rel=\"noreferrer noopener\"><span style=\"color:#ffffff\" class=\"has-inline-color\">Download Word-Datei<\/span><\/a><\/div>\n\n\n\n<div class=\"wp-block-button\"><a class=\"wp-block-button__link\" href=\"https:\/\/medien.cedis.fu-berlin.de\/genomedit\/baustein_7.pdf\" target=\"_blank\" rel=\"noreferrer noopener\"><span style=\"color:#ffffff\" class=\"has-inline-color\">Download PDF-Datei<\/span><\/a><\/div>\n<\/div>\n<\/div>\n\n\n\n<div class=\"wp-block-column is-layout-flow wp-block-column-is-layout-flow\">\n<p><strong>Kompetenzerwerb:<\/strong> <em>Wahrnehmen und deuten: Texte erschlie\u00dfen<\/em>. Die Sch\u00fcler*innen k\u00f6nnen die Grundz\u00fcge der Verantwortungsethik nach Hans Jonas erkl\u00e4ren und die Verantwortbarkeit menschlichen Handelns hinsichtlich der Folgen f\u00fcr k\u00fcnftige Generationen an einem Beispiel darstellen.<\/p>\n<\/div>\n\n\n\n<div class=\"wp-block-column is-layout-flow wp-block-column-is-layout-flow\">\n<p><strong>Methoden\/Medien:<\/strong> <\/p>\n\n\n\n<ul class=\"wp-block-list\"><li><em>Einstieg<\/em>: Karikaturanalyse<\/li><li><em>Erarbeitung<\/em>: Textinterview<\/li><li> <em>Transfer<\/em>: Karikaturanalyse<\/li><li><em>Vertiefung<\/em>: Szenisches interpretieren<\/li><\/ul>\n<\/div>\n<\/div>\n\n\n\n<p><strong>Baustein 8<\/strong> (Zeit 45-60min); Word-Datei; PDF-Datei<\/p>\n\n\n\n<div class=\"wp-block-columns has-background has-very-light-gray-background-color is-layout-flex wp-container-core-columns-is-layout-28f84493 wp-block-columns-is-layout-flex\">\n<div class=\"wp-block-column is-layout-flow wp-block-column-is-layout-flow\">\n<p><strong>Thema:<\/strong> Wie weit darf die Forschung gehen?<\/p>\n\n\n\n<div class=\"wp-block-buttons is-layout-flex wp-block-buttons-is-layout-flex\">\n<div class=\"wp-block-button\"><a class=\"wp-block-button__link\" href=\"https:\/\/medien.cedis.fu-berlin.de\/genomedit\/baustein 8.docx\" target=\"_blank\" rel=\"noreferrer noopener\"><span style=\"color:#ffffff\" class=\"has-inline-color\">Download Word-Datei<\/span><\/a><\/div>\n\n\n\n<div class=\"wp-block-button\"><a class=\"wp-block-button__link\" href=\"https:\/\/medien.cedis.fu-berlin.de\/genomedit\/baustein 8.pdf\" target=\"_blank\" rel=\"noreferrer noopener\"><span style=\"color:#ffffff\" class=\"has-inline-color\">Download PDF-Datei<\/span><\/a><\/div>\n<\/div>\n<\/div>\n\n\n\n<div class=\"wp-block-column is-layout-flow wp-block-column-is-layout-flow\">\n<p><strong>Kompetenzerwerb:<\/strong> <em>Argumentieren und urteilen: Argumentationen<\/em> <em>analysieren und beurteilen<\/em> Die Sch\u00fcler*innen k\u00f6nnen die Position Hans Jonas\u2018 zur Forschungsfreiheit darstellen und beurteilen.<\/p>\n<\/div>\n\n\n\n<div class=\"wp-block-column is-layout-flow wp-block-column-is-layout-flow\">\n<p><strong>Methoden\/Medien:<\/strong> <\/p>\n\n\n\n<ul class=\"wp-block-list\"><li><a href=\"https:\/\/www.gesetze-im-internet.de\/gg\/BJNR000010949.html\" target=\"_blank\" rel=\"noreferrer noopener\"><em>Einstieg<\/em>: Art. 5 GG Forschungsfreiheit<\/a><\/li><li><em>Erarbeitung<\/em>: Kommentar<\/li><\/ul>\n\n\n\n<p><\/p>\n<\/div>\n<\/div>\n\n\n\n<p><strong>Baustein 9<\/strong> (Zeit 60-90min); Word-Datei; PDF-Datei<\/p>\n\n\n\n<div class=\"wp-block-columns has-background has-very-light-gray-background-color is-layout-flex wp-container-core-columns-is-layout-28f84493 wp-block-columns-is-layout-flex\">\n<div class=\"wp-block-column is-layout-flow wp-block-column-is-layout-flow\">\n<p><strong>Thema:<\/strong> Was ist Gentechnik?<\/p>\n\n\n\n<div class=\"wp-block-buttons is-layout-flex wp-block-buttons-is-layout-flex\">\n<div class=\"wp-block-button\"><a class=\"wp-block-button__link\" href=\"https:\/\/medien.cedis.fu-berlin.de\/genomedit\/baustein 9.docx\" target=\"_blank\" rel=\"noreferrer noopener\"><span style=\"color:#ffffff\" class=\"has-inline-color\">Download Word-Datei<\/span><\/a><\/div>\n\n\n\n<div class=\"wp-block-button\"><a class=\"wp-block-button__link\" href=\"https:\/\/medien.cedis.fu-berlin.de\/genomedit\/baustein 9.pdf\" target=\"_blank\" rel=\"noreferrer noopener\"><span style=\"color:#ffffff\" class=\"has-inline-color\">Download PDF-Datei<\/span><\/a><\/div>\n<\/div>\n<\/div>\n\n\n\n<div class=\"wp-block-column is-layout-flow wp-block-column-is-layout-flow\">\n<p><strong>Kompetenzerwerb:<\/strong> <em>Wahrnehmen und deuten: Begriffe kl\u00e4ren und verwenden<\/em>. Die Sch\u00fcler*innen k\u00f6nnen den Begriff \u201eGentechnik\u201c aus einem Text von Hans Jonas erkl\u00e4ren und diesen von der herk\u00f6mmlichen Technik unterscheiden.<\/p>\n<\/div>\n\n\n\n<div class=\"wp-block-column is-layout-flow wp-block-column-is-layout-flow\">\n<p><strong>Methoden\/Medien:<\/strong> <\/p>\n\n\n\n<ul class=\"wp-block-list\"><li><em>Einstieg<\/em>: Brainstorming<\/li><li><em>Erarbeitung<\/em>: Polarit\u00e4tsprofil <\/li><li><em>Sicherung<\/em>: Lexikonartikel<\/li><\/ul>\n<\/div>\n<\/div>\n\n\n\n<p><strong>Baustein 10<\/strong> (Zeit 90min); Word-Datei; PDF-Datei<\/p>\n\n\n\n<div class=\"wp-block-columns has-background has-very-light-gray-background-color is-layout-flex wp-container-core-columns-is-layout-28f84493 wp-block-columns-is-layout-flex\">\n<div class=\"wp-block-column is-layout-flow wp-block-column-is-layout-flow\">\n<p><strong>Thema:<\/strong> Darf man Embryonen genetisch ver\u00e4ndern?<\/p>\n\n\n\n<div class=\"wp-block-buttons is-layout-flex wp-block-buttons-is-layout-flex\">\n<div class=\"wp-block-button\"><a class=\"wp-block-button__link\" href=\"https:\/\/medien.cedis.fu-berlin.de\/genomedit\/baustein 10.docx\" target=\"_blank\" rel=\"noreferrer noopener\"><span style=\"color:#ffffff\" class=\"has-inline-color\">Download Word-Datei<\/span><\/a><\/div>\n\n\n\n<div class=\"wp-block-button\"><a class=\"wp-block-button__link\" href=\"https:\/\/medien.cedis.fu-berlin.de\/genomedit\/baustein 10.pdf\" target=\"_blank\" rel=\"noreferrer noopener\"><span style=\"color:#ffffff\" class=\"has-inline-color\">Download PDF-Datei<\/span><\/a><\/div>\n<\/div>\n\n\n\n<p><\/p>\n<\/div>\n\n\n\n<div class=\"wp-block-column is-layout-flow wp-block-column-is-layout-flow\">\n<p><strong>Kompetenzerwerb:<\/strong> <em>Argumentieren und urteilen: Argumentationen<\/em> <em>analysieren und beurteilen<\/em> Die Sch\u00fcler*innen k\u00f6nnen die Kernthesen und Argumentationsg\u00e4nge Habermas\u2018 und Savulescus zu genetischen Ver\u00e4nderungen von Embryonen schematisch darstellen.<\/p>\n<\/div>\n\n\n\n<div class=\"wp-block-column is-layout-flow wp-block-column-is-layout-flow\">\n<p><strong>Methoden\/Medien:<\/strong> <\/p>\n\n\n\n<ul class=\"wp-block-list\"><li><em>Erarbeitung<\/em>: Think-Pair-Share: Einzelarbeit \u2013 Partner*in A: <strong>M1<\/strong>, Partner*in B: <strong>M2<\/strong>; Partnerarbeit: Argumentationsskizze,<\/li><li><em>Reflexion<\/em>: Streitgespr\u00e4ch<\/li><\/ul>\n<\/div>\n<\/div>\n\n\n\n<p><strong>Baustein 11<\/strong> (Zeit 45min); Word-Datei; PDF-Datei<\/p>\n\n\n\n<div class=\"wp-block-columns has-background has-text-color has-very-light-gray-background-color is-layout-flex wp-container-core-columns-is-layout-28f84493 wp-block-columns-is-layout-flex\" style=\"color:#ffffff\">\n<div class=\"wp-block-column is-layout-flow wp-block-column-is-layout-flow\">\n<p style=\"color:#000000\" class=\"has-text-color\"><strong>Thema:<\/strong> Wie ist der Umgang mit Embryonen in Deutschland gesetzlich geregelt?<\/p>\n\n\n\n<div class=\"wp-block-buttons is-layout-flex wp-block-buttons-is-layout-flex\">\n<div class=\"wp-block-button\"><a class=\"wp-block-button__link\" href=\"https:\/\/medien.cedis.fu-berlin.de\/genomedit\/baustein_11.docx\" target=\"_blank\" rel=\"noreferrer noopener\"><span style=\"color:#ffffff\" class=\"has-inline-color\">Download Word-Datei<\/span><\/a><\/div>\n\n\n\n<div class=\"wp-block-button\"><a class=\"wp-block-button__link\" href=\"https:\/\/medien.cedis.fu-berlin.de\/genomedit\/baustein_11.pdf\" target=\"_blank\" rel=\"noreferrer noopener\"><span style=\"color:#ffffff\" class=\"has-inline-color\">Download PDF-Datei<\/span><\/a><\/div>\n<\/div>\n<\/div>\n\n\n\n<div class=\"wp-block-column is-layout-flow wp-block-column-is-layout-flow\">\n<p style=\"color:#000000\" class=\"has-text-color has-small-font-size\"><strong>Kompetenzerwerb:<\/strong> <em>Wahrnehmen und deuten: Vereinbarungen<\/em> <em>kennen, anwenden und problematisieren. <\/em>Die Sch\u00fcler*innen k\u00f6nnen die gesetzlichen Regelungen zum Umgang mit Embryonen benennen und anhand der Positionen Habermas\u2018 und Savulescus\u2018 und\/oder L\u00f6w\u2018 und Singers problematisieren. <\/p>\n\n\n\n<p style=\"background-color:#a02c5a;color:#ffffff\" class=\"has-text-color has-background has-small-font-size\">Alternative: <strong>Politische Bildung<\/strong> <em>Methoden anwenden: Erschlie\u00dfungs- und<\/em> <em>handlungsorientierte Methoden einsetzen<\/em>. Die Sch\u00fcler*innen k\u00f6nnen gesetzliche Regelungen zum Umgang mit Embryonen untersuchen.<\/p>\n<\/div>\n\n\n\n<div class=\"wp-block-column is-layout-flow wp-block-column-is-layout-flow\">\n<p style=\"color:#000000\" class=\"has-text-color\"><strong>Methoden\/Medien:<\/strong><\/p>\n\n\n\n<p style=\"color:#000000\" class=\"has-text-color\"><em>Erarbeitung<\/em>: Gesetzestexte untersuchen&nbsp;<\/p>\n\n\n\n<p style=\"color:#000000\" class=\"has-text-color\"><em>Transfer<\/em>: Anwendung philosophischer Positionen <\/p>\n<\/div>\n<\/div>\n\n\n\n<p><strong>Baustein 12<\/strong> (Zeit 90min); Word-Datei; PDF-Datei<\/p>\n\n\n\n<div class=\"wp-block-columns has-background has-very-light-gray-background-color is-layout-flex wp-container-core-columns-is-layout-28f84493 wp-block-columns-is-layout-flex\">\n<div class=\"wp-block-column is-layout-flow wp-block-column-is-layout-flow\">\n<p><strong>Thema:<\/strong> Genome Editing: Chance oder Risiko?<\/p>\n\n\n\n<div class=\"wp-block-buttons is-layout-flex wp-block-buttons-is-layout-flex\">\n<div class=\"wp-block-button\"><a class=\"wp-block-button__link\" href=\"https:\/\/medien.cedis.fu-berlin.de\/genomedit\/baustein 12.docx\" target=\"_blank\" rel=\"noreferrer noopener\"><span style=\"color:#ffffff\" class=\"has-inline-color\">Download Word-Datei<\/span><\/a><\/div>\n\n\n\n<div class=\"wp-block-button\"><a class=\"wp-block-button__link\" href=\"https:\/\/medien.cedis.fu-berlin.de\/genomedit\/baustein 12.pdf\" target=\"_blank\" rel=\"noreferrer noopener\"><span style=\"color:#ffffff\" class=\"has-inline-color\">Download PDF-Datei<\/span><\/a><\/div>\n<\/div>\n<\/div>\n\n\n\n<div class=\"wp-block-column is-layout-flow wp-block-column-is-layout-flow\">\n<p><strong>Kompetenzerwerb:<\/strong> <em>Argumentieren und urteilen: Argumentieren<\/em> Die Sch\u00fcler*innen k\u00f6nnen Argumente f\u00fcr und gegen&nbsp; das Genome Editing am Menschen erl\u00e4utern, gewichten und aufeinander beziehen.<\/p>\n<\/div>\n\n\n\n<div class=\"wp-block-column is-layout-flow wp-block-column-is-layout-flow\">\n<p><strong>Methoden\/Medien:<\/strong> <\/p>\n\n\n\n<ul class=\"wp-block-list\"><li><em>Erarbeitung:<\/em> Argumentationstabelle <\/li><li><a rel=\"noreferrer noopener\" href=\"https:\/\/www.bpb.de\/lernen\/formate\/methoden\/46892\/pro-contra-debatte), einfachere Variante: Pingpong-Diskussion (https:\/\/www.betzold.de\/blog\/pingpong-diskussion\/\" target=\"_blank\"><em>Pr\u00e4sentation<\/em>: Pro-Contra-Debatte<\/a> <\/li><\/ul>\n<\/div>\n<\/div>\n\n\n\n<p><strong>Baustein 13<\/strong> (Zeit 45min); Hierzu liegen keine Unterrichtsmaterialien vor<\/p>\n\n\n\n<div class=\"wp-block-columns has-background has-very-light-gray-background-color is-layout-flex wp-container-core-columns-is-layout-28f84493 wp-block-columns-is-layout-flex\">\n<div class=\"wp-block-column is-layout-flow wp-block-column-is-layout-flow\">\n<p><strong>Thema:<\/strong> Sollte Genome Editing am Menschen erlaubt werden?<\/p>\n<\/div>\n\n\n\n<div class=\"wp-block-column is-layout-flow wp-block-column-is-layout-flow\">\n<p><strong>Kompetenzerwerb:<\/strong> <em>Argumentieren und urteilen: Urteilen<\/em>. Die Sch\u00fcler*innen k\u00f6nnen ein begr\u00fcndetes Urteil zum Genome Editing am Menschen unter Ber\u00fccksichtigung erworbener Kenntnisse vertreten.<\/p>\n<\/div>\n\n\n\n<div class=\"wp-block-column is-layout-flow wp-block-column-is-layout-flow\">\n<p><strong>Methoden\/Medien:<\/strong><\/p>\n\n\n\n<ul class=\"wp-block-list\"><li> <a href=\"https:\/\/unterrichten.zum.de\/wiki\/Standpunktrede\">Standpunktrede <\/a><\/li><\/ul>\n\n\n\n<p><\/p>\n<\/div>\n<\/div>\n\n\n\n<p><strong>Baustein 14<\/strong> (Zeit 90min); Word-Datei; PDF-Datei<\/p>\n\n\n\n<div class=\"wp-block-columns has-background has-very-light-gray-background-color is-layout-flex wp-container-core-columns-is-layout-28f84493 wp-block-columns-is-layout-flex\">\n<div class=\"wp-block-column is-layout-flow wp-block-column-is-layout-flow\">\n<p><strong>Thema:<\/strong> Genome Editing: Wie sieht ein verantwortungsvoller Umgang aus?<\/p>\n\n\n\n<div class=\"wp-block-buttons is-layout-flex wp-block-buttons-is-layout-flex\">\n<div class=\"wp-block-button\"><a class=\"wp-block-button__link\" href=\"https:\/\/medien.cedis.fu-berlin.de\/genomedit\/baustein 14.docx\" target=\"_blank\" rel=\"noreferrer noopener\"><span style=\"color:#ffffff\" class=\"has-inline-color\">Download Word-Datei<\/span><\/a><\/div>\n\n\n\n<div class=\"wp-block-button\"><a class=\"wp-block-button__link\" href=\"https:\/\/medien.cedis.fu-berlin.de\/genomedit\/baustein 14.pdf\" target=\"_blank\" rel=\"noreferrer noopener\"><span style=\"color:#ffffff\" class=\"has-inline-color\">Download PDF-Datei<\/span><\/a><\/div>\n<\/div>\n<\/div>\n\n\n\n<div class=\"wp-block-column is-layout-flow wp-block-column-is-layout-flow\">\n<p><strong>Kompetenzerwerb:<\/strong> <em>Sich im Dialog verst\u00e4ndigen: Eigene Dialogbeitr\u00e4ge einbringen<\/em> Die Sch\u00fcler*innen k\u00f6nnen eigene L\u00f6sungsvorschl\u00e4ge f\u00fcr einen verantwortungsvollen Umgang mit dem Genome Editing entwickeln.<\/p>\n<\/div>\n\n\n\n<div class=\"wp-block-column is-layout-flow wp-block-column-is-layout-flow\">\n<p><strong>Methoden\/Medien:<\/strong> <\/p>\n\n\n\n<ul class=\"wp-block-list\"><li>Stellungnahme<\/li><\/ul>\n\n\n\n<p><\/p>\n<\/div>\n<\/div>\n\n\n\n<div style=\"height:30px\" aria-hidden=\"true\" class=\"wp-block-spacer\"><\/div>\n\n\n\n<h5 class=\"wp-block-heading\">Bildquellen der Bausteine:<\/h5>\n\n\n\n<p class=\"has-small-font-size\">Baustein 2: <br>Designerbaby, CC-BY-NC-4.0 Opphaver: Patric George<br><a href=\"https:\/\/scanpix.no\/spWebApp\/preview\/editorial\/sVWEYi7RObA\">https:\/\/scanpix.no\/spWebApp\/preview\/editorial\/sVWEYi7RObA<\/a><\/p>\n\n\n\n<p class=\"has-small-font-size\">Baustein 5: <br>Abb. 1 <a href=\"https:\/\/commons.wikimedia.org\/wiki\/File:Sperm-egg.jpg\">https:\/\/commons.wikimedia.org\/wiki\/File:Sperm-egg.jpg<\/a><br>Abb. 2 <a href=\"https:\/\/commons.wikimedia.org\/wiki\/File:Blastocyst,_day_5.JPG\">https:\/\/commons.wikimedia.org\/wiki\/File:Blastocyst,_day_5.JPG<\/a><br>Abb. 3 https:\/\/www.sciencephoto.com\/media\/505899\/view<br>Abb. 4 https:\/\/www.sciencephoto.com\/media\/505907\/view<br>Abb. 5 https:\/\/www.sciencephoto.com\/search?q=foetus%20week%2025<br>Abb. 6:<br><a href=\"https:\/\/pixabay.com\/de\/photos\/kind-geburt-yen-geboren-kleine-3759799\/\">https:\/\/pixabay.com\/de\/photos\/kind-geburt-yen-geboren-kleine-3759799\/<\/a><\/p>\n\n\n\n<p class=\"has-small-font-size\">Baustein 7: <br>Karikatur Horst Haitzinger, ohne Titel, 1988<br><a href=\"https:\/\/www.vwl-nachhaltig.de\/home\/unterrichtsthemen\/nachhaltigkeit\/\">https:\/\/www.vwl-nachhaltig.de\/home\/unterrichtsthemen\/nachhaltigkeit\/<\/a><\/p>\n\n\n\n<p class=\"has-small-font-size\">Baustein 12:<br><a href=\"https:\/\/pixabay.com\/illustrations\/question-mark-question-characters-452707\/\">https:\/\/pixabay.com\/illustrations\/question-mark-question-characters-452707\/<\/a><\/p>\n\n\n\n<p><br><\/p>\n\n\n\n<p><br><\/p>\n","protected":false},"excerpt":{"rendered":"<p>Ein Beitrag von Sophia Gerber Worum handelt es sich? Es [&hellip;]<\/p>\n","protected":false},"author":5784,"featured_media":0,"parent":1521,"menu_order":0,"comment_status":"closed","ping_status":"closed","template":"page-templates\/page_fullwidth.php","meta":{"footnotes":""},"class_list":["post-5050","page","type-page","status-publish","hentry"],"_links":{"self":[{"href":"https:\/\/userblogs.fu-berlin.de\/genome-editing\/wp-json\/wp\/v2\/pages\/5050","targetHints":{"allow":["GET"]}}],"collection":[{"href":"https:\/\/userblogs.fu-berlin.de\/genome-editing\/wp-json\/wp\/v2\/pages"}],"about":[{"href":"https:\/\/userblogs.fu-berlin.de\/genome-editing\/wp-json\/wp\/v2\/types\/page"}],"author":[{"embeddable":true,"href":"https:\/\/userblogs.fu-berlin.de\/genome-editing\/wp-json\/wp\/v2\/users\/5784"}],"replies":[{"embeddable":true,"href":"https:\/\/userblogs.fu-berlin.de\/genome-editing\/wp-json\/wp\/v2\/comments?post=5050"}],"version-history":[{"count":109,"href":"https:\/\/userblogs.fu-berlin.de\/genome-editing\/wp-json\/wp\/v2\/pages\/5050\/revisions"}],"predecessor-version":[{"id":8518,"href":"https:\/\/userblogs.fu-berlin.de\/genome-editing\/wp-json\/wp\/v2\/pages\/5050\/revisions\/8518"}],"up":[{"embeddable":true,"href":"https:\/\/userblogs.fu-berlin.de\/genome-editing\/wp-json\/wp\/v2\/pages\/1521"}],"wp:attachment":[{"href":"https:\/\/userblogs.fu-berlin.de\/genome-editing\/wp-json\/wp\/v2\/media?parent=5050"}],"curies":[{"name":"wp","href":"https:\/\/api.w.org\/{rel}","templated":true}]}}