{"id":217,"date":"2019-01-30T11:18:23","date_gmt":"2019-01-30T10:18:23","guid":{"rendered":"https:\/\/userblogs.fu-berlin.de\/journalismus_moe\/?page_id=217"},"modified":"2019-02-25T11:49:05","modified_gmt":"2019-02-25T10:49:05","slug":"journalistische-praxis","status":"publish","type":"page","link":"https:\/\/userblogs.fu-berlin.de\/journalismus_moe\/problemlagen\/journalistische-praxis\/","title":{"rendered":"Journalistische Praxis"},"content":{"rendered":"<p style=\"text-align: left\"><a href=\"https:\/\/journals.sagepub.com\/doi\/pdf\/10.1177\/1464884916657514\"><u>&#8222;Valued skills among journalists:<br \/>\nAn exploratory comparison of six European nations&#8220;<\/u><\/a><\/p>\n<p><img loading=\"lazy\" decoding=\"async\" class=\"wp-image-255 alignleft\" src=\"https:\/\/userblogs.fu-berlin.de\/journalismus_moe\/files\/2019\/02\/showCoverImage-200x300.png\" alt=\"\" width=\"207\" height=\"308\" \/><\/p>\n<p>Eine komparative Studie zu den gesch\u00e4tzten journalistischen F\u00e4higkeiten und Kompetenzen mit <strong>2238<\/strong> Journalisten aus <strong>Gro\u00dfbritannien, Estland, Deutschland, Italien, Polen und Schweden<\/strong><\/p>\n<p>&nbsp;<\/p>\n<p>&nbsp;<\/p>\n<p>&nbsp;<\/p>\n<p>&nbsp;<\/p>\n<p>Theoretische Annahme<br \/>\n<strong>\u21d2<\/strong> Die gesch\u00e4tzten journalistischen F\u00e4higkeiten und Kompetenzen geben mehr Aufschluss \u00fcber die aktuellen Praktiken, als die Untersuchung der Rollenperzeption von JournalistInnen. Die Rollenwahrnehmungen haben einen starken idealistischen\/normativen Aspekt.<\/p>\n<p style=\"padding-left: 30px\"><em>\u2022\u00a0 Funktionale Rollen:<\/em> \u201eJournalist-Redakteur\u201c und \u201eJournalist-Reporter\u201c<\/p>\n<p style=\"padding-left: 30px\">\u2022\u00a0 Das Multi-Skilling-Konzept: \u201eneue\u201c und \u201etraditionelle\u201c F\u00e4higkeiten von JournalistInnen<\/p>\n<p><strong>Forschungsfragen:<\/strong><\/p>\n<p><strong>F1: <\/strong>Was sind die Hauptdimensionen von journalistischen Kompetenzen, die sich aus den Selbstwahrnehmungen der JournalistInnen in sechs europ\u00e4ischen L\u00e4ndern herausbilden?<\/p>\n<p><strong>F2: <\/strong>Wie \u00e4hnlich oder unterschiedlich sind diese gesch\u00e4tzten journalistischen F\u00e4higkeiten im internationalen Vergleich?<\/p>\n<p><strong>Empirische Untersuchung<\/strong><\/p>\n<p><img loading=\"lazy\" decoding=\"async\" class=\"alignnone wp-image-264 size-medium\" src=\"https:\/\/userblogs.fu-berlin.de\/journalismus_moe\/files\/2019\/02\/Skizze-300x218.png\" alt=\"\" width=\"300\" height=\"218\" srcset=\"https:\/\/userblogs.fu-berlin.de\/journalismus_moe\/files\/2019\/02\/Skizze-300x218.png 300w, https:\/\/userblogs.fu-berlin.de\/journalismus_moe\/files\/2019\/02\/Skizze-768x558.png 768w, https:\/\/userblogs.fu-berlin.de\/journalismus_moe\/files\/2019\/02\/Skizze-1024x744.png 1024w, https:\/\/userblogs.fu-berlin.de\/journalismus_moe\/files\/2019\/02\/Skizze.png 1112w\" sizes=\"auto, (max-width: 300px) 100vw, 300px\" \/><\/p>\n<p><em>Drei Dimensionen von journalistischen Kompetenzen: <\/em><\/p>\n<p style=\"padding-left: 30px\">\u2022\u00a0 Reporting<strong>&#8211;<\/strong>F\u00e4higkeiten, Berichterstattung (\u201eFeld-Aktivit\u00e4ten\u201c)<br \/>\n\u2022\u00a0 redaktionelle F\u00e4higkeiten (\u201eB\u00fcro-Aktivit\u00e4ten\u201c)<br \/>\n\u2022\u00a0 Networking-F\u00e4higkeiten (\u201eetwas komplett anderes\u201c)<\/p>\n","protected":false},"excerpt":{"rendered":"<p>&#8222;Valued skills among journalists: An exploratory comparison of six European nations&#8220; Eine komparative Studie zu den gesch\u00e4tzten journalistischen F\u00e4higkeiten und Kompetenzen mit 2238 Journalisten aus Gro\u00dfbritannien, Estland, Deutschland, Italien, Polen und Schweden &nbsp; &nbsp; &nbsp; &nbsp; Theoretische Annahme \u21d2 Die gesch\u00e4tzten journalistischen F\u00e4higkeiten und Kompetenzen geben mehr Aufschluss \u00fcber die aktuellen Praktiken, als die Untersuchung &hellip; <a href=\"https:\/\/userblogs.fu-berlin.de\/journalismus_moe\/problemlagen\/journalistische-praxis\/\" class=\"more-link\"><span class=\"screen-reader-text\">Journalistische Praxis<\/span> weiterlesen<\/a><\/p>\n","protected":false},"author":2901,"featured_media":0,"parent":55,"menu_order":4,"comment_status":"closed","ping_status":"closed","template":"","meta":{"footnotes":""},"class_list":["post-217","page","type-page","status-publish","hentry"],"_links":{"self":[{"href":"https:\/\/userblogs.fu-berlin.de\/journalismus_moe\/wp-json\/wp\/v2\/pages\/217","targetHints":{"allow":["GET"]}}],"collection":[{"href":"https:\/\/userblogs.fu-berlin.de\/journalismus_moe\/wp-json\/wp\/v2\/pages"}],"about":[{"href":"https:\/\/userblogs.fu-berlin.de\/journalismus_moe\/wp-json\/wp\/v2\/types\/page"}],"author":[{"embeddable":true,"href":"https:\/\/userblogs.fu-berlin.de\/journalismus_moe\/wp-json\/wp\/v2\/users\/2901"}],"replies":[{"embeddable":true,"href":"https:\/\/userblogs.fu-berlin.de\/journalismus_moe\/wp-json\/wp\/v2\/comments?post=217"}],"version-history":[{"count":13,"href":"https:\/\/userblogs.fu-berlin.de\/journalismus_moe\/wp-json\/wp\/v2\/pages\/217\/revisions"}],"predecessor-version":[{"id":347,"href":"https:\/\/userblogs.fu-berlin.de\/journalismus_moe\/wp-json\/wp\/v2\/pages\/217\/revisions\/347"}],"up":[{"embeddable":true,"href":"https:\/\/userblogs.fu-berlin.de\/journalismus_moe\/wp-json\/wp\/v2\/pages\/55"}],"wp:attachment":[{"href":"https:\/\/userblogs.fu-berlin.de\/journalismus_moe\/wp-json\/wp\/v2\/media?parent=217"}],"curies":[{"name":"wp","href":"https:\/\/api.w.org\/{rel}","templated":true}]}}