{"id":104,"date":"2015-04-19T08:58:38","date_gmt":"2015-04-19T08:58:38","guid":{"rendered":"https:\/\/userblogs.fu-berlin.de\/jschupp\/?page_id=104"},"modified":"2025-08-22T12:13:36","modified_gmt":"2025-08-22T12:13:36","slug":"blogs","status":"publish","type":"page","link":"https:\/\/userblogs.fu-berlin.de\/jschupp\/blogs\/","title":{"rendered":"Projekte"},"content":{"rendered":"\n<h2 class=\"wp-block-heading\">Laufendes grundfinanziertes Forschungsprojekt <\/h2>\n\n\n\n<ul class=\"wp-block-list\"><li><a href=\"https:\/\/www.diw.de\/de\/diw_01.c.796681.de\/projekte\/pilotprojekt_grundeinkommen.html\" target=\"_blank\" rel=\"noreferrer noopener\">Pilotprojekt Grundeinkommen<\/a> Das <a href=\"https:\/\/www.pilotprojekt-grundeinkommen.de\/\">Pilotprojekt Grundeinkommen<\/a> ist ein gemeinsames Projekt des Deutschen Instituts f\u00fcr Wirtschaftsforschung (DIW Berlin) und des Vereins Mein Grundeinkommen. Des Weiteren sind Wissenschaftlerinnen und Wissenschaftler der Universit\u00e4t zu K\u00f6ln sowie des Max-Planck-Instituts zur Erforschung von Gemeinschaftsg\u00fctern an der Studie beteiligt. Finanziert wird die Studie von rund 140.000 privaten Spenderinnen und Spendern (2020-2025).<\/li><\/ul>\n\n\n\n<h2 class=\"wp-block-heading\">(noch) laufende drittmittelfinanzierte Forschungsprojekte <\/h2>\n\n\n\n<ul class=\"wp-block-list\"><li><a href=\"https:\/\/www.diw.de\/de\/diw_01.c.679319.de\/projekte\/longitudinal_aspects_of_the_interaction_between_health_and_integration_of_refugees_in_germany__large.html\">Longitudinal aspects of the interaction between health and integration of refugees in Germany<\/a> (LARGE). Projekt im Rahmen der gef\u00f6rderten DFG-Forschungsgruppe \u201eFluchtmigration nach Deutschland: ein \u201eVergr\u00f6\u00dferungsglas\u201c f\u00fcr umfassendere Herausforderungen im Bereich Public Health\u201d (PH-LENS). Leitung des Projektes Dr. Hannes Kr\u00f6ger und J\u00fcrgen Schupp (2020-2022).<\/li><\/ul>\n\n\n\n<h2 class=\"wp-block-heading\">Abgeschlossene drittmittelfinanzierte Forschungsprojekte<\/h2>\n\n\n\n<ul class=\"wp-block-list\"><li><a href=\"https:\/\/www.diw.de\/de\/diw_01.c.551600.de\/projekte\/bremer_initiative_zur_staerkung_fruehkindlicher_entwicklung__brise.html\">Bremer Initiative zur St\u00e4rkung fr\u00fchkindlicher Entwicklung (BRISE). <\/a>Forschungsprojekt in dem f\u00fcr mehrere Jahre etwa 1.000 Familien in Bremen, die zwischen Fr\u00fchjahr 2017 und Ende 2018 ein Kind erwarten. In Kooperation des SOEP am DIW Berlin mit dem Leibniz-Institut f\u00fcr die P\u00e4dagogik der Naturwissenschaften und Mathematik (IPN) Universit\u00e4t Bremen Otto-Friedrich-Universit\u00e4t Bamberg Leibniz-Institut f\u00fcr Bildungsverl\u00e4ufe e.V. (LIfBi) Freie Universit\u00e4t Berlin Ruprecht-Karls-Universit\u00e4t Heidelberg sowie der Abteilung Bildung und Familie im DIW Berlin. Bundesministerium f\u00fcr Bildung und Forschung (BMBF), Leitung Olaf K\u00f6ller (IPN); Leitung des SOEP-Moduls: J\u00fcrgen Schupp (2016 \u2013 2019).<\/li><li><a href=\"https:\/\/www.diw.de\/de\/diw_01.c.538695.de\/projekte\/iab-bamf-soep-befragung_gefluechteter_in_deutschland.html\">Gefl\u00fcchtete<\/a> Familien in Deutschland (GeFam sowie <a href=\"https:\/\/www.diw.de\/de\/diw_01.c.672790.de\/projekte\/gefluechtete_familien_in_deutschland__gefam_2.html\">GeFam II<\/a>). Forschungsprojekt in Kooperation mit Institut f\u00fcr Arbeitsmarkt- und Berufsforschung (IAB) der Bundesanstalt f\u00fcr Arbeit Berliner Institut f\u00fcr empirische Integrations- und Migrationsforschung (BIM) an der Humboldt-Universit\u00e4t zu Berlin, sowie in Zusammenarbeit mit Forschungszentrum Migration, Integration und Asyl des Bundesamtes f\u00fcr Migration und Fl\u00fcchtlinge (BAMF-FZ). Bundesministerium f\u00fcr Bildung und Forschung (BMBF), Leitung J\u00fcrgen Schupp (Koordination), Herbert Br\u00fccker und Martin Kroh (2016 \u2013 2019) [GeFam II, Leitung J\u00fcrgen Schupp (Koordination) und Herbert Br\u00fccker (2020-2022).<\/li><li><a href=\"https:\/\/www.diw.de\/de\/diw_01.c.580573.de\/projekte\/affektive_und_kulturelle_dimensionen_von_integration_infolge_von_flucht_und_zuwanderung__affin.html\">Affektive und kulturelle Dimensionen von Integration infolge von Flucht und Zuwanderung<\/a> (AFFIN). Kooperationsprojekt des Instituts f\u00fcr Soziologie der Freien Universit\u00e4t &#8211; Berlin, Charit\u00e9 Universit\u00e4tsmedizin Berlin, sowie der Universit\u00e4t G\u00f6ttingen sowie des Deutschen Instituts f\u00fcr Wirtschaftsforschung, Bundesministerium f\u00fcr Bildung und Forschung (BMBF), Leitung des Teilprojektes: Einstellungen zu Gefl\u00fcchteten in der einheimischen Bev\u00f6lkerung. J\u00fcrgen Schupp (2018 \u2013 2021).<br> <\/li><li><a href=\"https:\/\/www.diw.de\/de\/diw_01.c.536401.de\/projekte\/nicht-monetaere_ertraege_von_bildung_in_den_bereichen_gesund___wie_gesellschaftliche_und_politische_partizipation__nimoert.html\">Nicht-monet\u00e4re Ertr\u00e4ge von Bildung in den Bereichen Gesundheit, nicht-kognitive F\u00e4higkeiten sowie gesellschaftliche und politische Partizipation (NimoErt)<\/a>, Kooperationsprojekt des Deutsches Institut f\u00fcr Internationale P\u00e4dagogische Forschung (DIPF)&nbsp; Universit\u00e4t Hamburg Humboldt-Universit\u00e4t zu Berlin (HU Berlin), . Bundesministerium f\u00fcr Bildung und Forschung (BMBF), Leitung C. Katharina Spie\u00df (Koordination) und J\u00fcrgen Schupp (2016 \u2013 2018).<\/li><\/ul>\n\n\n\n<ul class=\"wp-block-list\"><li><a href=\"https:\/\/www.diw.de\/de\/diw_01.c.496963.de\/projekte\/evaluation_des_mindestlohns_in_deutschland__eva-min.html\">Evaluation des Mindestlohns in Deutschland (EVA-MIN)<\/a> \u2013 Wissensproduktion und \u2013vermittlung f\u00fcr die evidenzbasierte (fach-)\u00f6ffentliche Evaluation der Mindestlohn-Gesetzgebung. Leibniz-Gemeinschaft (WGL), Pakt f\u00fcr Forschung und Innovation (SAW), Leitung J\u00fcrgen Schupp&nbsp; (2015 \u2013 2017).<\/li><\/ul>\n\n\n\n<ul class=\"wp-block-list\"><li><a href=\"https:\/\/www.diw.de\/de\/diw_01.c.394066.de\/projekte\/soep-lee__die_betriebsbefragung_des_sozio-oekonomischen_panels.html\">SOEP-LEE \u2013 Betriebsbefragung zum Sozio-oekonomischen Panel<\/a>; Leibniz-Gemeinschaft (WGL), Pakt f\u00fcr Forschung und Innovation (SAW), Leitung J\u00fcrgen Schupp (in Kooperation mit Stefan Liebig) (2012 \u2013 2013).<\/li><\/ul>\n\n\n\n<ul class=\"wp-block-list\"><li><a href=\"https:\/\/www.diw.de\/de\/diw_01.c.399628.de\/projekte\/soziale_schliessung_und_hierarchisierung..html\">Soziale Schlie\u00dfung und Hierarchisierung. Kontextuelle Bedingungen ungleicher Entwicklungs\u00adchancen in fr\u00fchen Lebensphasen<\/a>\u201c, Teilprojekt A1 im Sonderforschungsbereich 882 \u201eVon Heterogenit\u00e4ten zu Ungleichheiten\u201c der Universit\u00e4t Bielefeld (Leitung Martin Diewald und J\u00fcrgen Schupp) (Juli 2011 bis Juni 2014).<\/li><\/ul>\n\n\n\n<ul class=\"wp-block-list\"><li><a href=\"https:\/\/www.diw.de\/de\/diw_01.c.342542.de\/projekte\/angst_und_aerger__dimensionen_sozialer_ungleichheit.html\">Angst und \u00c4rger: Dimensionen sozialer Ungleichheit<\/a>: Auftraggeber: Exzellenzcluster&nbsp; \u201eLanguages of Emotion\u201c an der Freien Universit\u00e4t Berlin, gef\u00f6rdert durch die Ex\u00adzellenz\u00adinitiative des Bundes und der L\u00e4nder. Leitung des Gesamtprojektes Prof. Dr. Christian von Scheve (Dezember 2009-Juli 2011).<\/li><\/ul>\n\n\n\n<ul class=\"wp-block-list\"><li><a href=\"https:\/\/www.diw.de\/de\/diw_01.c.343203.de\/projekte\/die_relevanz_von_erbschaften_fuer_die_alterssicherung.html\">Die Relevanz von Erbschaften f\u00fcr die Alterssicherung<\/a>. Auftraggeber: Forschungsnetzwerk Alterssicherung (FNA) der Deutschen Rentenversicherung Bund. Leitung des Gesamt\u00adprojektes: Prof. Dr. Harald K\u00fcnemund, Universit\u00e4t Vechta (M\u00e4rz &nbsp;2009 \u2013 Februar 2010).<\/li><\/ul>\n\n\n\n<ul class=\"wp-block-list\"><li><a href=\"https:\/\/www.diw.de\/de\/diw_01.c.449989.de\/publikationen\/externe_monographien\/2005\/zusammenhaenge_und_wechselwirkungen_zwischen_erbschaften_und___ndesministerium_fuer_gesundheit_und_soziale_sicherung__bmgs.html\">Zusammenh\u00e4nge und Wechselwirkungen zwischen Erbschaften und Verm\u00f6gensverteilung<\/a>; Auftraggeber Bundesministerium f\u00fcr Gesundheit und Soziales \u2013 Leitung des Gesamt- projektes Prof. Dr. Martin Kohli, Institut f\u00fcr Soziologie der Freien Universit\u00e4t Berlin (Oktober 2003 &#8211; Mai 2005).<\/li><\/ul>\n\n\n\n<ul class=\"wp-block-list\"><li>Zur Lebenslage von Hocheinkommensbeziehern, Auftraggeber Bundesministerium f\u00fcr Gesundheit und Soziales (Januar 2002 &#8211; April 2004).<\/li><\/ul>\n\n\n\n<ul class=\"wp-block-list\"><li>Erprobung innovativer Erhebungskonzepte f\u00fcr Haushalts-Panel-Studien. Auftraggeber Bundesministerium f\u00fcr Bildung und Forschung (November 1999 \u2013 Dezember 2002).<\/li><\/ul>\n\n\n\n<ul class=\"wp-block-list\"><li>L\u00e4ngsschnitt-Werkstatt Berlin-Brandenburg (LWBB) &#8211; Interdisziplin\u00e4res Forum eines kritischen &nbsp;und praxisnahen Dialogs zur Leistungsf\u00e4higkeit sozial- und wirtschafts- wissenschaftlicher Gro\u00dfinstrumente. Auftraggeber Bundesministerium f\u00fcr Bildung und Forschung (April 1997 &#8211; Dezember 2001).<\/li><\/ul>\n","protected":false},"excerpt":{"rendered":"<p>Laufendes grundfinanziertes Forschungsprojekt Pilotprojekt Grundeinkommen Das Pilotprojekt Grundeinkommen ist ein gemeinsames Projekt des Deutschen Instituts f\u00fcr Wirtschaftsforschung (DIW Berlin) und des Vereins Mein Grundeinkommen. Des Weiteren sind Wissenschaftlerinnen und Wissenschaftler der Universit\u00e4t zu K\u00f6ln sowie des Max-Planck-Instituts zur Erforschung von &hellip; <a href=\"https:\/\/userblogs.fu-berlin.de\/jschupp\/blogs\/\">Weiterlesen <span class=\"meta-nav\">&rarr;<\/span><\/a><\/p>\n","protected":false},"author":2039,"featured_media":0,"parent":0,"menu_order":10,"comment_status":"open","ping_status":"open","template":"","meta":{"footnotes":""},"class_list":["post-104","page","type-page","status-publish","hentry"],"_links":{"self":[{"href":"https:\/\/userblogs.fu-berlin.de\/jschupp\/wp-json\/wp\/v2\/pages\/104","targetHints":{"allow":["GET"]}}],"collection":[{"href":"https:\/\/userblogs.fu-berlin.de\/jschupp\/wp-json\/wp\/v2\/pages"}],"about":[{"href":"https:\/\/userblogs.fu-berlin.de\/jschupp\/wp-json\/wp\/v2\/types\/page"}],"author":[{"embeddable":true,"href":"https:\/\/userblogs.fu-berlin.de\/jschupp\/wp-json\/wp\/v2\/users\/2039"}],"replies":[{"embeddable":true,"href":"https:\/\/userblogs.fu-berlin.de\/jschupp\/wp-json\/wp\/v2\/comments?post=104"}],"version-history":[{"count":41,"href":"https:\/\/userblogs.fu-berlin.de\/jschupp\/wp-json\/wp\/v2\/pages\/104\/revisions"}],"predecessor-version":[{"id":1952,"href":"https:\/\/userblogs.fu-berlin.de\/jschupp\/wp-json\/wp\/v2\/pages\/104\/revisions\/1952"}],"wp:attachment":[{"href":"https:\/\/userblogs.fu-berlin.de\/jschupp\/wp-json\/wp\/v2\/media?parent=104"}],"curies":[{"name":"wp","href":"https:\/\/api.w.org\/{rel}","templated":true}]}}