{"id":1841,"date":"2025-04-19T11:21:52","date_gmt":"2025-04-19T11:21:52","guid":{"rendered":"https:\/\/userblogs.fu-berlin.de\/jschupp\/?page_id=1841"},"modified":"2026-04-08T11:44:16","modified_gmt":"2026-04-08T11:44:16","slug":"grundeinkommen-basic-income","status":"publish","type":"page","link":"https:\/\/userblogs.fu-berlin.de\/jschupp\/grundeinkommen-basic-income\/","title":{"rendered":"Grundeinkommen &#8211; Basic Income"},"content":{"rendered":"\n<h2 class=\"wp-block-heading\"><strong>2026<\/strong><\/h2>\n\n\n\n<ul class=\"wp-block-list\">\n<li>Bohmann, Sandra, Susann Fiedler, Maximilian Kasy,&nbsp;<strong>J\u00fcrgen Schupp<\/strong>&nbsp;&amp; Frederik&nbsp; Schwerter (2025): Cash Transfers, Mental Health, and Agency: Evidence from an RCT in Germany. <a href=\"https:\/\/www.ifo.de\/DocDL\/cesifo1_wp11989.pdf\">CESifo Working Paper No. 11989<\/a>, Munich (<a href=\"https:\/\/maxkasy.github.io\/home\/files\/papers\/supplement_cash_mentalhealth_agency.pdf\">supplementary appendix)<\/a>.<\/li>\n<\/ul>\n\n\n\n<h2 class=\"wp-block-heading\"><strong>2025<\/strong><\/h2>\n\n\n\n<ul class=\"wp-block-list\">\n<li><strong><strong>Schupp, J\u00fcrgen <\/strong><\/strong>(2025):&nbsp;Das Bedingungslose Grundeinkommen sowie verschlungene Pfade einer schleichenden sozialstaatlichen Transformation in Deutschland, S. 179-204. In: Leon Hartmann &amp; Sebastian Kaufmann (Hg.), <em>Das bedingungslose Grundeinkommen als \u00f6konomisches Narrativ?<\/em>:<a href=\"https:\/\/lit-verlag.de\/produkt-kategorie\/reihen\/fribis\/\">&nbsp;<\/a><a href=\"https:\/\/lit-verlag.de\/produkt-kategorie\/reihen\/fribis\/\" data-type=\"URL\" data-id=\"https:\/\/lit-verlag.de\/produkt-kategorie\/reihen\/fribis\/\">LIT Verlag<\/a><a href=\"https:\/\/lit-verlag.de\/produkt-kategorie\/reihen\/fribis\/\">&nbsp;<\/a>(erscheint Fr\u00fchjahr 2025).<\/li>\n\n\n\n<li>&#8222;<a href=\"https:\/\/www.ubie.org\/debunking-the-social-hammock-myth-german-basic-income-experiment-shows-remarkable-results\/\">Debunking the Social Hammock Myth: German Basic Income Experiment Shows Remarkable Results<\/a>&#8220; Interview conducted by D\u00e1niel Feh\u00e9r for UBIE with <strong>J\u00fcrgen Schupp<\/strong> &amp; Miriam Witz, &nbsp;<a href=\"https:\/\/www.ubie.org\/\">Unconditional Basic Income Europe (UBIE)<\/a> Apr 16, 2025.<\/li>\n\n\n\n<li>Bernhard, Sarah, Sandra Bohmann, Susann Fiedler, Maximilian Kasy, <strong>J\u00fcrgen&nbsp; Schupp <\/strong>&amp; Frederik&nbsp; Schwerter (2025): Basic income and labor supply: Evidence from an RCT in Germany, <a href=\"https:\/\/www.diw.de\/de\/diw_01.c.960473.de\/publikationen\/diskussionspapiere\/2025_2123\/basic_income_and_labor_supply__evidence_from_an_rct_in_germany.html\" target=\"_blank\" rel=\"noreferrer noopener\">DIW Discussion Paper No. 2123<\/a>, Berlin<a href=\"https:\/\/osf.io\/preprints\/socarxiv\/xe8zh_v1\">, Stone Center Working Paper Series. No. 108<\/a>, New York &amp;<a href=\"https:\/\/www.ifo.de\/DocDL\/cesifo1_wp11940.pdf\"> CESifo Working Paper No. 11940<\/a>, Munich.<\/li>\n\n\n\n<li>Bohmann, Sandra, Susann Fiedler, Maximilian Kasy, <strong>J\u00fcrgen Schupp<\/strong> &amp; Frederik\u00a0 Schwerter (2025): Cash Transfers, Mental Health, and Agency: Evidence from an RCT in Germany.<a href=\"https:\/\/www.diw.de\/de\/diw_01.c.968163.de\/publikationen\/diskussionspapiere\/2025_2129\/cash_transfers__mental_health_and_agency__evidence_from_an_rct_in_germany.html\"> DIW Discussion Paper No. 2129<\/a>, Berlin, <a href=\"https:\/\/www.ifo.de\/DocDL\/cesifo1_wp11940.pdf\">CESifo Working Paper No. 11940<\/a>, Munich (<a href=\"https:\/\/maxkasy.github.io\/home\/files\/papers\/supplement_cash_mentalhealth_agency.pdf\">supplementary appendix)<\/a>.<\/li>\n\n\n\n<li>Empirische Ergebnisse des dreij\u00e4hrigen Feldexperiments &#8222;Pilotprojekt Grundeinkommen&#8220;.&nbsp;<a href=\"https:\/\/www.diw.de\/de\/diw_01.c.941062.de\/veranstaltungen\/lange_nacht_der_wissenschaften_2025.html#c_diw_01.c.941061.de\"><em>Vortrag von J\u00fcrgen Schupp im Rahmen der Langen Nacht der Wissenschaft 2025<\/em><\/a>, Berlin, am 28. Juni 2025.<\/li>\n\n\n\n<li><a href=\"https:\/\/www.radiodrei.de\/programm\/schema\/sendungen\/radio3_am_nachmittag\/archiv\/20250409_1600\/radio3_aktuell_1610.html\">Interview <\/a>mit Shelly Kupferberg  zum Pilotprojekt Grundeinkommen <a href=\"https:\/\/www.radiodrei.de\/programm\/schema\/sendungen\/radio3_am_nachmittag\/archiv\/20250409_1600\/radio3_aktuell_1610.html\" data-type=\"URL\" target=\"_blank\" rel=\"noreferrer noopener\">RBB 3<\/a><a href=\"https:\/\/www.deutschlandfunkkultur.de\/20-jahre-hartz-iv-das-stigmatisierende-image-ueberwinden-dlf-kultur-7f56c14c-100.html\"> <\/a>vom 9.4.2025.<\/li>\n\n\n\n<li>Interview auf Inforadio: <a href=\"https:\/\/www.inforadio.de\/rubriken\/interviews\/2025\/04\/09\/bedingungsloses-grundeinkommen-diw-studie-schupp.html\" target=\"_blank\" rel=\"noreferrer noopener\">DIW-Studie: Bedingungsloses Grundeinkommen stimuliert nicht zur Faulheit<\/a>, RBB-Inforadio vom 9.4.2025.<\/li>\n\n\n\n<li>&#8222;<a href=\"https:\/\/youtu.be\/1r1uLrRPOb0?t=1195\">Vom Glauben zum Wissen: Ergebnispr\u00e4sentation des Pilotprojekts Grundeinkommen<\/a>&#8220; des Vereins <a href=\"https:\/\/www.mein-grundeinkommen.de\/\">Mein.Grundeinkommen e.V.<\/a>  im Rahmen einer Presssekonferenz zusammen mit Susann Fiedler, Frederick Schwerter und <strong>J\u00fcrgen Schupp<\/strong> am 9.4.2025.<\/li>\n\n\n\n<li>Bohmann, Sandra, Susann Fiedler, Maximilian Kasy, <strong>J\u00fcrgen Schupp<\/strong> &amp; Frederik Schwerter <em>(<\/em>2025): Pilotprojekt Grundeinkommen: kein R\u00fcckzug vom Arbeitsmarkt, aber bessere mentale Gesundheit. <a href=\"https:\/\/doi.org\/10.18723\/diw_wb:2025-15-1\">DIW Wochenbericht 92(15)<\/a>, S. 222-229.<\/li>\n<\/ul>\n\n\n\n<h2 class=\"wp-block-heading\"><strong>2024<\/strong><\/h2>\n\n\n\n<ul class=\"wp-block-list\">\n<li>Doppelinterview mit Andreas Peichl und <strong>J\u00fcrgen Schupp<\/strong> in der <a href=\"https:\/\/www.haz.de\/der-norden\/bedingungsloses-grundeinkommen-interview-ueber-sozialstaat-XSQNAKH7NBFLLJAGLGWDCOP5N4.html\" target=\"_blank\" rel=\"noreferrer noopener\">Hannoverschen Allgemeinen Zeitung<\/a>: \u00d6konom und Soziologe im Doppelinterview: &#8222;Die H\u00e4ngemattenthese ist umstritten&#8220; &#8211; Kann ein bedingungsloses Grundeinkommen funktionieren?, vom 17.11.2024.<\/li>\n<\/ul>\n\n\n\n<h2 class=\"wp-block-heading\"><strong>2023<\/strong><\/h2>\n\n\n\n<ul class=\"wp-block-list\">\n<li>Busemeyer, Marius R., Adrian Rinscheid &amp; <strong>J\u00fcrgen Schupp<\/strong> (2023): Hohe Zustimmung zu bedingungslosem Grundeinkommen &#8211; vor allem bei den m\u00f6glichen Profiteur*innen. <a href=\"https:\/\/www.diw.de\/documents\/publikationen\/73\/diw_01.c.873200.de\/23-21.pdf\" target=\"_blank\" rel=\"noreferrer noopener\">DIW Wochenbericht 90(21):246-253<\/a> [in Englisch: Strong support for a universal basic income, in particular among those who would benefit. <a href=\"https:\/\/www.econstor.eu\/bitstream\/10419\/272927\/1\/1850785279.pdf\" target=\"_blank\" rel=\"noreferrer noopener\">DIW Weekly Report <\/a>13(21):144-150].<\/li>\n\n\n\n<li>Heinze, Rolf G. &amp;<strong> J\u00fcrgen Schupp<\/strong> (2023): <a href=\"https:\/\/link.springer.com\/book\/10.1007\/978-3-658-40269-3\">Basic Income &#8211; From Vision to Creeping Transformation of the Welfare State<\/a>. Wiesbaden: Springer VS (This book is a translation of the original German edition <em>\u201eGrundeinkommen \u2013 Von der Vision zur schleichenden sozialstaatlichen Transformation\u201c<\/em> by Heinze, Rolf G. &amp; J\u00fcrgen Schupp, published by Springer VS Wiesbaden in 2022).<\/li>\n\n\n\n<li><strong>J\u00fcrgen Schupp:&nbsp; <\/strong>Das BGE und die verschlungenen Pfade einer schleichenden sozialstaatlichen Transformation in Deutschland. Vortrag beim Workshop <a href=\"https:\/\/www.fribis.uni-freiburg.de\/event\/fribis-workshop-vom-20-bis-22-september-2023-das-bedingungslose-grundeinkommen-als-oekonomisches-narrativ\/\">&#8222;BGE als \u00f6konomisches Narrativ&#8220;<\/a> des Freiburg Institute for Basic Income Studies, Universit\u00e4t Freiburg, Freiburg, vom 20.9.-22. September 2023.<\/li>\n<\/ul>\n\n\n\n<h2 class=\"wp-block-heading\"><strong>2022<\/strong><\/h2>\n\n\n\n<ul class=\"wp-block-list\">\n<li>Heinze, Rolf G., &amp; <strong>J\u00fcrgen Schupp <\/strong>(2022): B\u00fcrgergeld und Kindergrundsicherung als Einstiege ins bedingungslose Grundeinkommen? <em><a href=\"https:\/\/www.budrich-journals.de\/index.php\/gwp\/article\/view\/39726\">Gesellschaft &#8211; Wirtschaft &#8211; Politik (GWP)<\/a><\/em>, 71(1), 37-50.<\/li>\n\n\n\n<li>Heinze, Rolf G., &amp; <strong>J\u00fcrgen Schupp<\/strong> (2022): <a href=\"https:\/\/link.springer.com\/book\/10.1007\/978-3-658-35551-7\">Grundeinkommen: von der Vision zur schleichenden sozialstaatlichen Transformation<\/a>. Wiesbaden: Springer VS.\n<ul class=\"wp-block-list\">\n<li><em>\u201eGrundeinkommen \u2013 Kreativkapital statt Almosen\u201c Bodo Hombachs Buchrezension von Rolf G. Heinze und J\u00fcrgen Schupp (2022): Grundeinkommen \u2013 Von der Vision zur schleichenden sozialstaatlichen Transformation im&nbsp;<a href=\"https:\/\/www.handelsblatt.com\/arts_und_style\/literatur\/buchkritik-grundeinkommen-kreativkapital-statt-almosen\/28354752.html\">Handelsblatt (S. 55) vom 22.5. 2022<\/a>.<\/em><\/li>\n<\/ul>\n<\/li>\n\n\n\n<li>Heinze, Rolf G. &amp;<strong> J\u00fcrgen Schupp<\/strong> (2022): Der best\u00e4ndige Wandel zum Grundsicherungsstaat: Krisen als Transformationstreiber. <a href=\"https:\/\/www.wsi.de\/de\/blog-17857.htm\">WSI Blog Work on Progress<\/a> &#8211; Serie Grundsicherung <a href=\"https:\/\/www.wsi.de\/de\/blog-17857-der-bestaendige-wandel-zum-grundsicherungsstaat-krisen-als-transformationstreiber-43354.htm\">No. 5<\/a> vom 25.10.2022.<\/li>\n\n\n\n<li>&#8222;Money With No Strings Attached &#8211; Is Grundeinkommen a Good Idea for Germany?&#8220; &#8211; Guest in podcast-Talk at <a href=\"https:\/\/commongroundberlin.com\/podcast\/episode-62-money-with-no-strings-attached-is-grundeinkommen-a-good-idea-for-germany\/\">Common Ground Berlin <\/a>(KCRW Berlin), 2022-08-22.<\/li>\n\n\n\n<li>\u201e60 Minuten: Bedingungsloses Grundeinkommen\u201c Teilnahme an&nbsp;<a href=\"https:\/\/www.ifo.de\/veranstaltung\/2022-07-12\/online-diskussionsreihe-60-minuten-bedingungsloses-grundeinkommen\">Online Paneldiskussion des Ifo Dresden<\/a>&nbsp;unter Leitung von Marcel Thum mit Ronnie Sch\u00f6b, J\u00fcrgen Schupp sowie J\u00fcrgen Wegge, 12. Juli 2022.<\/li>\n\n\n\n<li>Die soziale Sicherung in Deutschland und das Pilotprojekt Grundeinkommen.<a href=\"https:\/\/www.youtube.com\/watch?v=OHgRCwqWlc4\">&nbsp;<em>Vortrag im Rahmen der Langen Nacht der Wissenschaft 2022<\/em><\/a>, Berlin, am 2. Juli 2022.<\/li>\n\n\n\n<li>\u201eAre work and a guaranteed basic income mutually exclusive or do they habe a future together?\u201c&nbsp;<a href=\"https:\/\/www.duet-interviews.com\/are-work-and-a-guaranteed-basic-income-mutually-exclusive-or-do-they-have-a-future-together\/\" target=\"_blank\" rel=\"noreferrer noopener\">Duet interviews with Maria Cristina Caldorola<\/a>, 2022-07-05.<\/li>\n\n\n\n<li>&#8222;Die Existenz\u00e4ngste der Mittelschicht k\u00f6nnten Vergangenheit sein&#8220;. Interview mit Christine Haas, <a href=\"https:\/\/www.zeit.de\/arbeit\/2022-05\/bedingungsloses-grundeinkommen-umsetzung-juergen-schlupp-interview\">ZEIT Online<\/a> vom 9. Mai 2022<a href=\"https:\/\/www.berliner-zeitung.de\/wirtschaft-verantwortung\/arbeitsmarkt-wie-viel-hartz-iv-steckt-noch-im-neuen-buergergeld-li.199023?pid=true\">.<\/a><\/li>\n\n\n\n<li>&#8222;Kindergrundsicherung, B\u00fcrger- und Energiegeld \u2013 Ist Deutschland bereits auf dem Weg zum bedingungslosen Grundeinkommen?&#8220; <a href=\"https:\/\/www.diw.de\/de\/diw_01.c.837807.de\/veranstaltungen\/kindergrundsicherung__buerger-_und_energiegeld_____ist_deuts___land_bereits_auf_dem_weg_zum_bedingungslosen_grundeinkommen.html\">Podiumsdiskussion<\/a> am DIW Berlin (sowie im Live-Stream) <\/li>\n<\/ul>\n\n\n\n<h2 class=\"wp-block-heading\"><strong>2021<\/strong><\/h2>\n\n\n\n<ul class=\"wp-block-list\">\n<li>Jetzt gibt\u2019s Geld: Start des Pilotprojektes Grundeinkommen.&nbsp;<a href=\"https:\/\/ondemand-mp3.dradio.de\/file\/dradio\/2021\/05\/31\/jetzt_gibts_geld_start_des_pilotprojektes_grundeinkommen_drk_20210531_1737_452ac9ad.mp3\" target=\"_blank\" rel=\"noreferrer noopener\">Interview mit J\u00fcrgen Schupp von Julius Stucke in der Sendung \u201eStudio 9\u201c<\/a>&nbsp;auf Deutschlandfunk Kultur, 31.5.2021.<\/li>\n<\/ul>\n\n\n\n<h2 class=\"wp-block-heading\"><strong>2020<\/strong><\/h2>\n\n\n\n<ul class=\"wp-block-list\">\n<li><a href=\"https:\/\/www.leibniz-gemeinschaft.de\/fileadmin\/user_upload\/Bilder_und_Downloads\/Neues\/Mediathek\/Podcast\/podcast_10463_t_online_tonspur_wissen_episode_316555_geld_vom_staat_was_bringt_das_bedingungslose_grundeinkommen.mp3\">Geld vom Staat \u2013 was bringt das bedingungslose Grundeinkommen?<\/a><a href=\"https:\/\/tonspurwissen.podigee.io\/53-geld-vom-staat-was-bringt-das-bedingungslose-grundeinkommen\"> <\/a>Tonspur Wissen &#8211; Podcast der Leibniz-Gemeinschaft und T-Online. <strong>J\u00fcrgen Schupp<\/strong> im Gespr\u00e4ch mit Ursula Weidenfeld, am 10. November 2020.<\/li>\n\n\n\n<li><a href=\"https:\/\/www.fu-berlin.de\/presse\/publikationen\/tsp\/2020\/tsp-oktober-2020\/bedingungsloses-grundeinkommen\/index.html\">\u201eWas w\u00e4re, wenn \u2026\u201c<\/a>&nbsp;\u2013 Beitrag von Jonas Huggins in der Beilage der FU Berlin im Tagesspiegel vom 4. Oktober 2020 &nbsp;[<a href=\"https:\/\/www.fu-berlin.de\/en\/featured-stories\/research\/2020\/basic-income\/index.html\">What if\u2026?&nbsp;<\/a>What changes, when people receive an unconditional basic income? A new experiment is underway to find out. FU-Online magazine&nbsp;<a href=\"https:\/\/www.fu-berlin.de\/en\/featured-stories\/index.html\">\u201efeatured stories\u201c<\/a>]<\/li>\n\n\n\n<li>Bedingungsloses Grundeinkommen: Jetzt aber schnell: 1200 Euro im Monat ohne Arbeit. Beitrag von&nbsp;<a href=\"https:\/\/www.berliner-kurier.de\/berlin\/bge-in-arbeit-fertig-gegen-15-uhr-gespraechspartner-um-1430-uhr-verfuegbar-li.114878\">Gerhard Lehrke im Berliner Kurier&nbsp;<\/a>vom 1.11.2020.<\/li>\n\n\n\n<li>Langzeitstudie zum Grundeinkommen. Das 1200-Euro-Experiment. Interview mit <strong>J\u00fcrgen Schupp<\/strong> von Florian Diekmann in <a href=\"https:\/\/www.spiegel.de\/wirtschaft\/soziales\/grundeinkommen-studie-startet-das-1200-euro-experiment-a-413dcee7-1d58-4d19-abd1-8d241972ffd4\">SPIEGEL-Online<\/a>  vom 18. August 2020 <a href=\"https:\/\/www.spiegel.de\/international\/germany\/the-1-200-euro-experiment-longitudinal-study-on-unconditional-basic-income-launches-in-germany-a-ba6541aa-dddd-4355-9559-a4ab0b6f7655\">(in English: The 1,200-Euro Experiment. Longitudinal Study on Unconditional Basic Income Launches in Germany. SPIEGEL-Online, 2020-08-26)<\/a><\/li>\n\n\n\n<li><strong>Schupp, J\u00fcrgen<\/strong> (2020): Bedingungsloses Grundeinkommen: viel Zustimmung aber auch gro\u00dfe Ablehnung. <a href=\"https:\/\/www.wirtschaftsdienst.eu\/pdf-download\/jahr\/2020\/heft\/2\/beitrag\/bedingungsloses-grundeinkommen-viel-zustimmung-aber-auch-grosse-ablehnung.html\">Wirtschaftsdienst,<\/a> 100(2), S. 112-116.<\/li>\n\n\n\n<li><strong>Schupp, J\u00fcrgen<\/strong> (2020): <a href=\"https:\/\/www.diw.de\/de\/diw_01.c.804563.de\/publikationen\/wochenberichte\/2020_47_3\/vereinfachte_grundsicherung_versus_bedingungsloses_grundeinkommen__nichts_uebers_knie_brechen__kommentar.html\">Vereinfachte Grundsicherung versus bedingungsloses Grundeinkommen: Nichts \u00fcbers Knie brechen<\/a>. (Kommentar). <em>DIW Wochenbericht<\/em> 87(47), S. 878-878.<\/li>\n\n\n\n<li><strong>Schupp, J\u00fcrgen<\/strong> (2020): Keine Forschung zum Grundeinkommen k\u00f6nnte das h\u00f6here Risiko darstellen. (Kommentar). <a href=\"https:\/\/www.diw.de\/documents\/publikationen\/73\/diw_01.c.798181.de\/20-36-3.pdf\"><em>DIW Wochenbericht<\/em> 87(36), S. 632-632<\/a>.<\/li>\n\n\n\n<li>\u201cMaking a nation-wide randomized field experiment: Lessons from the Finnish basic income trial\u201d, <a href=\"https:\/\/www.diw.de\/de\/diw_01.c.702969.de\/veranstaltungen\/making_a_nation-wide_randomized_field_experiment___lessons_from_the_finnish_basic_income_trial.html\">DIW Lunch-time Seminar vom 28.1.2020 <\/a><\/li>\n\n\n\n<li><strong>Schupp, J\u00fcrgen<\/strong> (2020): <a href=\"https:\/\/www.diw.de\/documents\/publikationen\/73\/diw_01.c.795564.de\/20-32-3.pdf\">Befristetes Grundeinkommen in Entwicklungsl\u00e4ndern: Wenn nicht jetzt, wann dann?<\/a> (Kommentar). <em>DIW Wochenbericht<\/em> 87(32-33), S. 556-556.<\/li>\n<\/ul>\n\n\n\n<h2 class=\"wp-block-heading\"><strong>2019<\/strong><\/h2>\n\n\n\n<ul class=\"wp-block-list\">\n<li>Jule Adriaans, Stefan Liebig &amp; <strong>Schupp, J\u00fcrgen <\/strong>(2019): Zustimmung f\u00fcr ein bedingungsloses Grundeinkommen ist eher bei Jungen, besser Gebildeten sowie in unteren Einkommensschichten anzutreffen. <a href=\"https:\/\/www.econstor.eu\/bitstream\/10419\/198010\/1\/1663468362.pdf\"><em>DIW-Wochenbericht<\/em><\/a>, 86(15), 264-270 [sowie auf Englisch:&nbsp;In Germany, younger, better educated persons,and lower income groups are more likely to be&nbsp;in favor of unconditional basic income.&nbsp; <a href=\"https:\/\/www.econstor.eu\/bitstream\/10419\/197976\/1\/1666194158.pdf\">DIW-Weekly Report<\/a>, 9(15), 128-134].<\/li>\n<\/ul>\n\n\n\n<h2 class=\"wp-block-heading\"><strong>2016<\/strong><\/h2>\n\n\n\n<ul class=\"wp-block-list\">\n<li><strong>Schupp, J\u00fcrgen<\/strong> (2016):&nbsp;Bedingungsloses Grundeinkommen: Zeit f\u00fcr Experimente&nbsp;(Kommentar) <em>Wochenbericht des DIW Berlin<\/em>, <a href=\"https:\/\/www.diw.de\/documents\/publikationen\/73\/diw_01.c.535242.de\/16-22-4.pdf\">83(22)<\/a>:504-504.<\/li>\n<\/ul>\n","protected":false},"excerpt":{"rendered":"<p>2026 2025 2024 2023 2022 2021 2020 2019 2016<\/p>\n","protected":false},"author":2039,"featured_media":0,"parent":0,"menu_order":0,"comment_status":"closed","ping_status":"closed","template":"","meta":{"footnotes":""},"class_list":["post-1841","page","type-page","status-publish","hentry"],"_links":{"self":[{"href":"https:\/\/userblogs.fu-berlin.de\/jschupp\/wp-json\/wp\/v2\/pages\/1841","targetHints":{"allow":["GET"]}}],"collection":[{"href":"https:\/\/userblogs.fu-berlin.de\/jschupp\/wp-json\/wp\/v2\/pages"}],"about":[{"href":"https:\/\/userblogs.fu-berlin.de\/jschupp\/wp-json\/wp\/v2\/types\/page"}],"author":[{"embeddable":true,"href":"https:\/\/userblogs.fu-berlin.de\/jschupp\/wp-json\/wp\/v2\/users\/2039"}],"replies":[{"embeddable":true,"href":"https:\/\/userblogs.fu-berlin.de\/jschupp\/wp-json\/wp\/v2\/comments?post=1841"}],"version-history":[{"count":52,"href":"https:\/\/userblogs.fu-berlin.de\/jschupp\/wp-json\/wp\/v2\/pages\/1841\/revisions"}],"predecessor-version":[{"id":1988,"href":"https:\/\/userblogs.fu-berlin.de\/jschupp\/wp-json\/wp\/v2\/pages\/1841\/revisions\/1988"}],"wp:attachment":[{"href":"https:\/\/userblogs.fu-berlin.de\/jschupp\/wp-json\/wp\/v2\/media?parent=1841"}],"curies":[{"name":"wp","href":"https:\/\/api.w.org\/{rel}","templated":true}]}}