{"id":24,"date":"2015-04-11T15:14:31","date_gmt":"2015-04-11T15:14:31","guid":{"rendered":"https:\/\/userblogs.fu-berlin.de\/jschupp\/?page_id=24"},"modified":"2024-01-20T17:57:52","modified_gmt":"2024-01-20T17:57:52","slug":"2012-2","status":"publish","type":"page","link":"https:\/\/userblogs.fu-berlin.de\/jschupp\/veroeffentlichungen\/2012-2\/","title":{"rendered":"2012"},"content":{"rendered":"<ul>\n<li><span style=\"font-family: Arial;font-size: medium\"><span style=\"font-family: Arial;font-size: medium\"><strong>Schupp, J\u00fcrgen<\/strong> (2012): <a href=\"https:\/\/www.jschupp.privat.t-online.de\/papers\/Schupp_2012_SOEP-Bundesgesundheitblatt.pdf\" target=\"_blank\" rel=\"noopener noreferrer\">Das Sozio-oekonomische Panel (SOEP)<\/a>. <a href=\"https:\/\/www.springerlink.com\/content\/1436-9990\/\" target=\"_blank\" rel=\"noopener noreferrer\"><i>Bundesgesundheitsblat<\/i>t<\/a>, Jg. 55, Heft 6\/7, 767-774.<\/span><\/span><\/li>\n<li><span style=\"font-family: Arial;font-size: medium\">Rackow, Katja; <strong>Schupp, J\u00fcrgen<\/strong> &amp; Christian von Scheve<\/span><span style=\"font-family: Arial;font-size: medium\">)<\/span> <span style=\"font-family: Arial;font-size: medium\">(2012). Angst und \u00c4rger: Zur Relevanz emotionaler Dimensionen sozialer Ungleichheit. <\/span><i><span style=\"font-family: Arial;font-size: medium\"><a href=\"https:\/\/www.zfs-online.org\/index.php\/zfs\/article\/viewFile\/3110\/2648\" target=\"_blank\" rel=\"noopener noreferrer\">Zeitschrift <\/a><\/span><span style=\"font-family: Arial;font-size: medium\"><a href=\"https:\/\/www.zfs-online.org\/index.php\/zfs\/article\/viewFile\/3110\/2648\" target=\"_blank\" rel=\"noopener noreferrer\">f\u00fc<\/a><\/span><span style=\"font-family: Arial;font-size: medium\"><a href=\"https:\/\/www.zfs-online.org\/index.php\/zfs\/article\/viewFile\/3110\/2648\" target=\"_blank\" rel=\"noopener noreferrer\">r<\/a><\/span> <span style=\"font-family: Arial;font-size: medium\"><a href=\"https:\/\/www.zfs-online.org\/index.php\/zfs\/article\/viewFile\/3110\/2648\" target=\"_blank\" rel=\"noopener noreferrer\">Soziologi<\/a><\/span><span style=\"font-family: Arial;font-size: medium\"><a href=\"https:\/\/www.zfs-online.org\/index.php\/zfs\/article\/viewFile\/3110\/2648\" target=\"_blank\" rel=\"noopener noreferrer\">e<\/a><\/span> <\/i><span style=\"font-family: Arial;font-size: medium\">41(5):<\/span><span style=\"font-family: Arial;font-size: medium\"> 392-<\/span><span style=\"font-family: Arial;font-size: medium\">409.<\/span><\/li>\n<\/ul>\n<div align=\"left\">\n<ul>\n<li><span style=\"font-family: Arial;font-size: medium\">Grabka, Markus, Jan G\u00f6bel &amp; <strong>J\u00fcrgen Schupp<\/strong> (2012): H\u00f6hepunkt der Einkommensungleichheit in Deutschland \u00fcberschritten?.<span class=\"Apple-converted-space\">&nbsp;<\/span><a href=\"https:\/\/www.diw.de\/documents\/publikationen\/73\/diw_01.c.410473.de\/12-43.pdf\" target=\"_blank\" rel=\"noopener noreferrer\">Wochenbericht des DIW Berlin<\/a>, Jg. 79, Heft 43, 3-15. [in Englisch erschienen als: Has Income Inequality Spiked in Germny? DIW-Economic Bulletin,<span class=\"Apple-converted-space\">&nbsp;<\/span><a href=\"https:\/\/www.diw.de\/sixcms\/detail.php?id=diw_01.c.412715.de\" target=\"_blank\" rel=\"noopener noreferrer\">2(12)<\/a>, 3-14].<\/span><\/li>\n<\/ul>\n<\/div>\n<ul>\n<li><span style=\"font-family: Arial;font-size: medium\"><span style=\"font-family: Arial;font-size: medium\">Vischer, Thomas, Dohmen, Thomas, Falk, Armin, Huffmann, David, <strong>Schupp, J\u00fcrgen<\/strong>. Sunde, Uwe &amp; Wagner, Gert G. (2012): Validating an Ultra-Short Survey Measure of Patience.<span class=\"Apple-converted-space\">&nbsp;<\/span><a href=\"https:\/\/www.diw.de\/de\/diw_01.c.100410.de\/publikationen_veranstaltungen\/publikationen\/soeppapers\/soeppapers.html\" target=\"_blank\" rel=\"noopener noreferrer\">SOEPpapers on Multidisciplinary Panel Data Research<\/a>, No. 499, Berlin.<\/span><\/span><\/li>\n<li><span style=\"font-family: Arial;font-size: medium\"><span style=\"font-family: Arial;font-size: medium\">Richter, David &amp; <strong>Schupp, J\u00fcrgen<\/strong> (2012) SOEP Innovation Panel (SOEP-IS) &#8211; Description, Structure and Documentation. SOEPpapers on Multidisciplinary Panel Data Research,<span class=\"Apple-converted-space\">&nbsp;<\/span><a href=\"https:\/\/www.diw.de\/documents\/publikationen\/73\/diw_01.c.407141.de\/diw_sp0463.pdf\" target=\"_blank\" rel=\"noopener noreferrer\">No. 463<\/a>, Berlin.<\/span><\/span><\/li>\n<li><span style=\"font-family: Arial;font-size: medium\"><span style=\"font-family: Arial;font-size: medium\">Liebig, Stefan, Carsten Sauer &amp; <strong>J\u00fcrgen Schupp<\/strong> (2012): The Justice of Earnings in Dual-Earner Households.<span class=\"Apple-converted-space\">&nbsp;<\/span><i><a href=\"https:\/\/www.sciencedirect.com\/science\/article\/pii\/S0276562411000734\" target=\"_blank\" rel=\"noopener noreferrer\">Research in Social Stratification and Mobility<\/a>, 10(2), 219-232.<\/i><\/span><\/span><\/li>\n<li><span style=\"font-family: Arial;font-size: medium\"><span style=\"font-family: Arial;font-size: medium\">Elisabeth Hahn, &nbsp;Frank M. Spinath, Thomas Siedler, Gert G. Wagner, <strong>J\u00fcrgen Schupp<\/strong> &amp; Christian Kandler, (2012): The Complexity of Personality: Advantages of a Genetically Sensitive Multi-Group Design.<span class=\"Apple-converted-space\">&nbsp;<\/span><i><a href=\"https:\/\/springerlink3.metapress.com\/content\/5p1578mr01816117\/resource-secured\/?target=fulltext.pdf&amp;sid=r5xl2l5dom3ifag5frhhpkft&amp;sh=www.springerlink.com\" target=\"_blank\" rel=\"noopener noreferrer\">Behavior Genetics<\/a>, 42(2), 221-233.<\/i><\/span><\/span><\/li>\n<li><span style=\"font-family: Arial;font-size: medium\"><strong>Schupp, J\u00fcrgen<\/strong> (2012). Die verborgenen Kosten monet\u00e4rer Anreize &#8211; lohnt sich Motivierung durch Incentivierung? (Kommentar)<span class=\"Apple-converted-space\">&nbsp;<\/span><i>Wochenbericht des DIW Berlin,<\/i><span class=\"Apple-converted-space\">&nbsp;<\/span>79(6):<a href=\"https:\/\/www.diw.de\/sixcms\/detail.php?id=diw_01.c.392702.de\" target=\"_blank\" rel=\"noopener noreferrer\">20-20<\/a><span class=\"Apple-converted-space\">&nbsp;<\/span>sowie auf <a href=\"https:\/\/www.marktforschung.de\/information\/nachrichten\/marktforschung\/die-verborgenen-kosten-monetaerer-anreize-lohnt-sich-motivierung-durch-incentivierung-ein-kommentar-von-prof-dr-juergen-schupp\/\" target=\"_blank\" rel=\"noopener noreferrer\">www.marktforschung.de<\/a><\/span><\/li>\n<\/ul>\n","protected":false},"excerpt":{"rendered":"<p>Schupp, J\u00fcrgen (2012): Das Sozio-oekonomische Panel (SOEP). Bundesgesundheitsblatt, Jg. 55, Heft 6\/7, 767-774. Rackow, Katja; Schupp, J\u00fcrgen &amp; Christian von Scheve) (2012). Angst und \u00c4rger: Zur Relevanz emotionaler Dimensionen sozialer Ungleichheit. Zeitschrift f\u00fcr Soziologie 41(5): 392-409. Grabka, Markus, Jan G\u00f6bel &hellip; <a href=\"https:\/\/userblogs.fu-berlin.de\/jschupp\/veroeffentlichungen\/2012-2\/\">Weiterlesen <span class=\"meta-nav\">&rarr;<\/span><\/a><\/p>\n","protected":false},"author":2039,"featured_media":0,"parent":8,"menu_order":18,"comment_status":"open","ping_status":"open","template":"","meta":{"footnotes":""},"class_list":["post-24","page","type-page","status-publish","hentry"],"_links":{"self":[{"href":"https:\/\/userblogs.fu-berlin.de\/jschupp\/wp-json\/wp\/v2\/pages\/24","targetHints":{"allow":["GET"]}}],"collection":[{"href":"https:\/\/userblogs.fu-berlin.de\/jschupp\/wp-json\/wp\/v2\/pages"}],"about":[{"href":"https:\/\/userblogs.fu-berlin.de\/jschupp\/wp-json\/wp\/v2\/types\/page"}],"author":[{"embeddable":true,"href":"https:\/\/userblogs.fu-berlin.de\/jschupp\/wp-json\/wp\/v2\/users\/2039"}],"replies":[{"embeddable":true,"href":"https:\/\/userblogs.fu-berlin.de\/jschupp\/wp-json\/wp\/v2\/comments?post=24"}],"version-history":[{"count":7,"href":"https:\/\/userblogs.fu-berlin.de\/jschupp\/wp-json\/wp\/v2\/pages\/24\/revisions"}],"predecessor-version":[{"id":1420,"href":"https:\/\/userblogs.fu-berlin.de\/jschupp\/wp-json\/wp\/v2\/pages\/24\/revisions\/1420"}],"up":[{"embeddable":true,"href":"https:\/\/userblogs.fu-berlin.de\/jschupp\/wp-json\/wp\/v2\/pages\/8"}],"wp:attachment":[{"href":"https:\/\/userblogs.fu-berlin.de\/jschupp\/wp-json\/wp\/v2\/media?parent=24"}],"curies":[{"name":"wp","href":"https:\/\/api.w.org\/{rel}","templated":true}]}}