{"id":54,"date":"2015-04-11T16:08:54","date_gmt":"2015-04-11T16:08:54","guid":{"rendered":"https:\/\/userblogs.fu-berlin.de\/jschupp\/?page_id=54"},"modified":"2026-01-20T12:57:26","modified_gmt":"2026-01-20T12:57:26","slug":"vita","status":"publish","type":"page","link":"https:\/\/userblogs.fu-berlin.de\/jschupp\/vita\/","title":{"rendered":"Vita"},"content":{"rendered":"\n<figure class=\"wp-block-image alignnone\"><a href=\"https:\/\/userblogs.fu-berlin.de\/jschupp\/files\/2015\/04\/J\u00fcrgen_Schupp_quadrat.jpg\"><img loading=\"lazy\" decoding=\"async\" width=\"150\" height=\"150\" src=\"https:\/\/userblogs.fu-berlin.de\/jschupp\/files\/2015\/04\/J\u00fcrgen_Schupp_quadrat-150x150.jpg\" alt=\"J\u00fcrgen_Schupp_quadrat\" class=\"wp-image-85\" \/><\/a><figcaption class=\"wp-element-caption\">J\u00fcrgen Schupp<\/figcaption><\/figure>\n\n\n\n<p>J\u00fcrgen <strong>Schupp,<\/strong> geb. am 12.1.1956 in <a href=\"https:\/\/www.griesheim.de\/start\/\">Griesheim<\/a>,\u00a0 Prof. Dr. rer. soc., ist Wissenschaftler (Honorary Fellow) der forschungsbasierten Infrastruktureinrichtung Sozio-oekonomisches Panel (SOEP) am Deutschen Institut f\u00fcr Wirtschaftsforschung (DIW Berlin) und war bis ziu seinem Ruhestand (2022) gemeinsam mit der Freien Universit\u00e4t Berlin berufener Professor (W3) f\u00fcr empirische Sozialforschung. Zu seinen Arbeitsschwerpunkten z\u00e4hlen:<\/p>\n\n\n\n<ul class=\"wp-block-list\">\n<li>Soziale Indikatoren,<\/li>\n\n\n\n<li>Methoden der empirischen Sozialforschung, insb. Survey-Methodologie,<\/li>\n\n\n\n<li>Arbeitsmarkt- sowie Sozialstrukturanalysen sowie Fragen sozialer Ungleichheit,<\/li>\n\n\n\n<li>Prosoziales Verhalten sowie Spenden in Deutschland<\/li>\n\n\n\n<li>Soziale Sicherung und bedingungsloses Grundeinkommen.<\/li>\n<\/ul>\n\n\n\n<p>Seit September 2013 <a rel=\"noopener noreferrer\" href=\"https:\/\/de.wikipedia.org\/wiki\/Universit%C3%A4tsprofessor#Universit.C3.A4tsprofessoren\" target=\"_blank\">Universit\u00e4tsprofessor<\/a><span class=\"Apple-converted-space\">&nbsp;<\/span>(W3) f\u00fcr <a href=\"https:\/\/www.fu-berlin.de\/presse\/expertendienst\/experten\/s\/schupp\/index.html\">Soziologie, insb.<span class=\"Apple-converted-space\">&nbsp;<\/span>empirische Sozialforschung<span class=\"Apple-converted-space\">&nbsp;<\/span>an der<span class=\"Apple-converted-space\">&nbsp;<\/span>Freien Universit\u00e4t Berlin <\/a>in<span class=\"Apple-converted-space\">&nbsp;<\/span><a rel=\"noopener noreferrer\" href=\"https:\/\/www.diw.de\/de\/diw_01.c.427803.de\/themen_nachrichten\/direktor_des_sozio_oekonomischen_panels_juergen_schupp_auf_ordentliche_professur_an_der_freien_universitaet_berlin_berufen.html\" target=\"_blank\">Kooperation<span class=\"Apple-converted-space\">&nbsp;<\/span><\/a>mit dem Deutschen Institut f\u00fcr Wirtschaftsforschung (<a rel=\"noopener noreferrer\" href=\"https:\/\/www.diw.de\/de\" target=\"_blank\">DIW Berlin<\/a>) (seit 2022 im Ruhestand)<\/p>\n\n\n\n<p>Oktober 2019-Dezember 2025 Senior Research Fellow am Deutschen Institut f\u00fcr Wirtschaftsforschung (DIW Berlin) und Leitung des <a href=\"https:\/\/www.diw.de\/de\/diw_01.c.796681.de\/projekte\/pilotprojekt_grundeinkommen.html\">Pilotprojektes Grundeinkommen<\/a> am DIW Berlin.<\/p>\n\n\n\n<p>Von Februar 2013 bis Dezember 2017 war er Leiter und Direktor der forschungsbasierten Infrastruktureinrichung<a href=\"https:\/\/www.diw.de\/soep\">.&nbsp;<\/a>Von 2011 bis Januar 2013 war er Interims-Leiter des SOEP<a href=\"https:\/\/www.diw.de\/soep\">.<\/a><\/p>\n\n\n\n<p>Von April 2004 bis 2011 stellvertretender Abteilungsleiter. Von Dezember 1984 bis Ende&nbsp; M\u00e4rz 2003 als wissenschaftlicher Mitarbeiter und Surveymanager in der forschungsbasierten Infrastruktureinrichtung SOEP am&nbsp;<a href=\"https:\/\/www.diw.de\/\">Deutschen Institut f\u00fcr Wirtschaftsforschung<\/a>&nbsp; (DIW Berlin) besch\u00e4ftigt.<\/p>\n\n\n\n<h3 class=\"wp-block-heading\"><strong>Akademische Ausbildung mit Abschluss<\/strong><\/h3>\n\n\n\n<ul class=\"wp-block-list\">\n<li>(09\/1977 -06\/1983) Diplom in Soziologie (Volkswirtschaftslehre, Politik und Statistik) am Fachbereich Gesellschaftswissenschaften der Goethe-Universit\u00e4t Frankfurt am Main.<\/li>\n\n\n\n<li>(10\/75-08-77)Studium der Volks- und Betriebswirtschaftslehre (Grundstudium mit Vordiplom) an der\u00a0 Johannes Gutenberg Universit\u00e4t, Mainz.<\/li>\n<\/ul>\n\n\n\n<h3 class=\"wp-block-heading\"><strong>Wissenschaftliche Abschl\u00fcsse<\/strong><\/h3>\n\n\n\n<ul class=\"wp-block-list\">\n<li>Dissertation (Dr. rer. soc.) in Soziologie, Ruhr Universit\u00e4t Bochum, 1994.<\/li>\n<\/ul>\n\n\n\n<h3 class=\"wp-block-heading\"><strong>Beruflicher Werdegang<\/strong><\/h3>\n\n\n\n<ul class=\"wp-block-list\">\n<li>10\/2019 &#8211;\u00a0 12\/2025\u00a0 \u00a0 \u00a0Senior Research Fellow am Sozio-oekonomisches Panel (SOEP)<\/li>\n\n\n\n<li>09\/2013 &#8211;\u00a0 \u00a0 \u00a0 \u00a0 \u00a0 \u00a0 \u00a0 \u00a0 \u00a0 \u00a0 \u00a0Univ.-Prof. FU Berlin (seit 1.4.2022 im Ruhestand)<\/li>\n\n\n\n<li>01\/2018 &#8211; 09\/2019\u00a0 \u00a0 \u00a0Vize-Direktor Sozio-oekonomisches Panel (SOEP) sowie\u00a0 \u00a0 \u00a0 \u00a0 \u00a0 \u00a0 \u00a0 \u00a0 \u00a0 \u00a0 \u00a0 \u00a0 \u00a0 \u00a0 \u00a0 \u00a0   \u00a0 \u00a0 \u00a0 \u00a0 \u00a0 \u00a0 \u00a0 \u00a0 \u00a0 \u00a0 \u00a0 \u00a0 \u00a0 \u00a0           \u00a0 Bereichsleiter Wissenstransfer am DIW Berlin<\/li>\n\n\n\n<li>02\/2013 &#8211; 12\/2017\u00a0 \u00a0 \u00a0 Direktor der Infrastruktureinrichtung Sozio-oekonomisches\u00a0 \u00a0 \u00a0 \u00a0 \u00a0 \u00a0 \u00a0 \u00a0 \u00a0 \u00a0 \u00a0 \u00a0 \u00a0 \u00a0 \u00a0 \u00a0 \u00a0 \u00a0 \u00a0 \u00a0 \u00a0 \u00a0 \u00a0 \u00a0 \u00a0 \u00a0 \u00a0 \u00a0 \u00a0       Panel (SOEP) am DIW Berlin<\/li>\n\n\n\n<li>02\/2011 &#8211;\u00a0\u00a0 01\/2013\u00a0\u00a0\u00a0\u00a0 Interims-Leiter Sozio-oekonomisches Panel (SOEP)<\/li>\n\n\n\n<li>06\/2004 &#8211;\u00a0\u00a0 012011\u00a0 \u00a0 \u00a0 Stellv. Abteilungsleiter Sozio-oekonomisches Panel (SOEP)<\/li>\n\n\n\n<li>12\/1984 &#8211; 05\/2003\u00a0 \u00a0 \u00a0 Wiss. Mitarbeiter und Survey-Manager SOEP\/DIW Berlin<\/li>\n\n\n\n<li>07\/1983 &#8211; 11\/1984\u00a0 \u00a0 \u00a0 \u00a0 Wiss. Mitarbeiter im Sonderforschungsbereich 3 \u201eMikroanalytische\u00a0 \u00a0 \u00a0 \u00a0 \u00a0 \u00a0 \u00a0 \u00a0 \u00a0 \u00a0 \u00a0 \u00a0 \u00a0 \u00a0 \u00a0 \u00a0 \u00a0 \u00a0 \u00a0 \u00a0 \u00a0        \u00a0Grundlagen der Gesellschaftspolitik\u201c der Johann Wolfgang\u00a0 \u00a0 \u00a0 \u00a0 \u00a0 \u00a0 \u00a0 \u00a0 \u00a0 \u00a0 \u00a0 \u00a0 \u00a0 \u00a0 \u00a0 \u00a0 \u00a0 \u00a0 \u00a0 \u00a0 \u00a0 \u00a0 \u00a0 \u00a0 \u00a0 \u00a0 \u00a0 \u00a0 \u00a0        \u00a0Goethe Univ. Frankfurt am Main<\/li>\n<\/ul>\n\n\n\n<h3 class=\"wp-block-heading\"><strong>Mitgliedschaften<\/strong><\/h3>\n\n\n\n<ul class=\"wp-block-list\">\n<li>Seit 2017 Mitglied in der <a href=\"https:\/\/www.akademie-soziologie.de\/aktuelles\/mitteilungen\/\">Akademie f\u00fcr Soziologie<\/a><\/li>\n\n\n\n<li>seit 1995\u00a0 Mitglied in der <a href=\"http:\/\/www.soziologie.de\/de\/aktuell\/start.html\">Deutschen Gesellschaft f\u00fcr Soziologie<\/a><\/li>\n<\/ul>\n\n\n\n<hr class=\"wp-block-separator has-alpha-channel-opacity\" \/>\n\n\n\n<h4 class=\"wp-block-heading\"><strong>Ehemalige Mitgliedschaften<\/strong><\/h4>\n\n\n\n<ul class=\"wp-block-list has-small-font-size\">\n<li>2014-2023\u00a0 Senior Research Associate, <a href=\"https:\/\/diw-econ.de\/unser-team\/prof-dr-juergen-schupp\/\">DIW Econ<\/a>, Berlin<\/li>\n\n\n\n<li>2012-2024\u00a0 Mitglied der <a href=\"https:\/\/www.bgss.hu-berlin.de\/de\/bgss\/people\/faculty\">Faculty <\/a>der Berlin Graduate School of Social Sciences (BGSS) der Humboldt Universit\u00e4t zu Berlin<\/li>\n\n\n\n<li>2017-2025\u00a0 Mitglied des wissenschaftlichen Beirats f\u00fcr den <a href=\"https:\/\/www.umweltbundesamt.de\/themen\/nachhaltigkeit-strategien-internationales\/gesellschaft-erfolgreich-veraendern\/umweltbewusstsein-in-deutschland\">Umweltbewusstseinssurvey<\/a> 2019 und 2022<\/li>\n\n\n\n<li>2018-2021 Mitglied im wissenschaftlichen Projektbeirat f\u00fcr den Bundesbericht Wissenschaftlicher Nachwuchs <a href=\"https:\/\/www.iit-berlin.de\/de\/projekte\/bundesbericht-wissenschaftlicher-nachwuchs-2021-buwin-2021\">(BuWiN)<\/a> \u00a02021<\/li>\n\n\n\n<li>\u00a0September 2015 &#8211; Dezember 2021 Mitglied des Beirats der Gesch\u00e4ftsstelle \u201eZivilgesellschaft in Zahlen\u201c<a href=\"https:\/\/www.ziviz.info\"> (ZiviZ) <\/a>beim Stifterverband f\u00fcr die Deutsche Wissenschaft.<\/li>\n\n\n\n<li> Januar 2015 &#8211; Dezember 2021; Mitglied des<a style=\"font-size: 1.2em\" href=\"https:\/\/www.zbw.eu\/de\/ueber-uns\/profil\/beirat\/\" target=\"_blank\" rel=\"noopener noreferrer\"> Beirats<\/a><span style=\"font-size: 1.2em\"> der Deutschen Zentralbibliothek f\u00fcr Wirtschaftswissenschaften (ZBW); Juni 2019-Dezember 2021 Vorsitzender des Beirats<\/span> <\/li>\n\n\n\n<li>Dezember 2017 &#8211; Dezember 2024 Mitglied des Beirats f\u00fcr den<a href=\"https:\/\/www.dza.de\/forschung\/fws.html\"> 5. Freiwilligensurvey und 6. Freiwilligensurvey<\/a><\/li>\n\n\n\n<li>Dezember 2019 &#8211; Dezember 2021 Mitglied des wissenschaftlichen Beirats des <a href=\"https:\/\/ausschreibungen-deutschland.de\/568294_Erhebung_zum_Weiterbildungsverhalten_Adult_Education_Survey_-_nationale_Zwischenerhebung_im_2019_Berlin\">Adult Education Survey<\/a> (AES) 2020<\/li>\n\n\n\n<li>Dezember 2015\u00a0 bis Dezember 2021 Mitglied des <a href=\"https:\/\/www.rat-kulturelle-bildung.de\/index.php?id=12\" target=\"_blank\" rel=\"noopener noreferrer\">Rats f\u00fcr kulturelle Bildung<\/a>.<\/li>\n\n\n\n<li><a href=\"https:\/\/www.twin-life.de\/de\/wissenschaftlicher-beirat\" target=\"_blank\" rel=\"noopener noreferrer\">November 2013\u00a0 bis 2021 Mitglied im International <\/a>Advisory Board der DFG-gef\u00f6rderten L\u00e4ngsschnittstudie Twinlife<\/li>\n\n\n\n<li>1988-2021\u00a0 Mitglied der Sektion Sozialindikatoren der Deutschen Gesellschaft f\u00fcr Soziologie (1998-2007 zweiter stellvertretender Sprecher, <a href=\"https:\/\/www.soziologie.de\/de\/sektionen\/sektionen\/soziale-indikatoren\/geschichte-der-sektion.html\">2008-2012 Sprecher der Sektion<\/a>)<\/li>\n\n\n\n<li>M\u00e4rz 2009 bis 2021 Mitglied im <a href=\"https:\/\/www.pairfam.de\/de\/studie\/beirat.html\" target=\"_blank\" rel=\"noopener noreferrer\">Advisory Board<\/a> der DFG-gef\u00f6rderten L\u00e4ngsschnittstudie \u201ePanel Analysis of Intimate Relationships and Family Dynamics\u201c (pairfam)<\/li>\n\n\n\n<li>September 2008- November 2020 Mitglied im Vorstand der Arbeitsgemeinschaft Sozialwissenschaftlicher Institute <a href=\"https:\/\/www.asi-ev.org\/index.php?id=2\">(ASI) e.V.)<\/a><\/li>\n\n\n\n<li>Juli 2017-Juli 2020 Mitglied im <a href=\"https:\/\/www.ratswd.de\/\">Rat f\u00fcr Sozial- und Wirtschaftdaten<\/a> (RatSWD); seit November 2019 <a href=\"https:\/\/idw-online.de\/de\/news726995\">stellv. Vorsitzender<\/a><\/li>\n\n\n\n<li>2012 &#8211; 2018 Mitglied im Board of Overseers der Panel Study of Income Dynamics (<a href=\"https:\/\/psidonline.isr.umich.edu\/guide\/People.aspx\" target=\"_blank\" rel=\"noopener noreferrer\">PSID<\/a>), Ann Arbor, USA<\/li>\n\n\n\n<li>2011-2015 Mitglied in American Association of Sociology (ASA), Mitglied der Methodology Section; 2012 member of the Nominations Committee der Methodology Section<\/li>\n\n\n\n<li>2009 bis 2015 Mitglied des Beschwerderates des Rats der Deutschen Markt- und Sozialforschung e.V.<\/li>\n\n\n\n<li>2002 bis 2014 Mitglied im wissenschaftlichen Gutachtergremium f\u00fcr den (2., 3. und aktuell f\u00fcr den 4.) Armuts- und Reichtumsbericht der Bundesregierung beim Bundesministerium f\u00fcr Arbeit und Soziales (BMAS)<\/li>\n\n\n\n<li>Mai 2008-2013 Member of the international (and since December 2008 national) OECD-Expert Group for PIAAC Background Questionnaire (BQ)<\/li>\n\n\n\n<li>2011-2013\u00a0 Mitglied im Projektbeirat &#8220; Bonuszahlungen, Lohnzuw\u00e4chse und Gerechtigkeit: Akzeptanz und innerbetriebliche Folgewirkungen exklusiver Lohnzuw\u00e4chse in Deutschland&#8220; der Hans B\u00f6ckler Stiftung<\/li>\n\n\n\n<li>2013 &#8211; 2014 Sprecher des Interdisziplin\u00e4ren Verbundes Infrastruktureinrichtungen<br>(IVI) sowie Mitglied des Pr\u00e4sidiums in der Leibniz-Gemeinschaft (WGL) (2008-2012 stellvertretender Sprecher)<\/li>\n\n\n\n<li>2009-2014 Mitglied im Expert Team des Norface Research Programm on Migration<\/li>\n\n\n\n<li>2009-2013\u00a0 Vice-Dean of Graduate Studies, DIW Graduate Center of Economic and Social Research<\/li>\n\n\n\n<li>2007-2008\u00a0 Mitglied der Task Force \u201eIntegrierte DJI-Surveyforschung\u201c<\/li>\n\n\n\n<li>2006-2008 Mitglied im Projektbeirat &#8222;Haushaltsdienstleistungen: der potentielle Bedarf. Inanspruchnahme bezahlter Dienstleistungen im privaten Haushalt\u201c der Hans B\u00f6ckler Stiftung<\/li>\n\n\n\n<li>2003 &#8211; 2005\u00a0 Mitglied im Projektbeirat \u201eNeue Qualit\u00e4t der Arbeit \u2013 Anforderungen aus der Sicht der Besch\u00e4ftigten\u201c der Bundesanstalt f\u00fcr Arbeitsschutz und Arbeitsmedizin<\/li>\n\n\n\n<li>2002 &#8211; 2005\u00a0 Mitglied im Projektbeirat &#8222;Ausstiege aus dem unteren Einkommens\u00adbereich\u201c sowie im Projektbeirat &#8222;Besch\u00e4ftigungspotentiale im Dienstleistungssektor&#8220; der Hans B\u00f6ckler Stiftung<\/li>\n\n\n\n<li>2000 &#8211; 2004\u00a0 Mitglied des Projektbeirates \u201eMenschen in extremer Armut\u201c des Bundesministeriums f\u00fcr Gesundheit und soziale Sicherung<\/li>\n<\/ul>\n\n\n\n<ul class=\"wp-block-list\">\n<li>Download<\/li>\n\n\n\n<li><a href=\"https:\/\/userblogs.fu-berlin.de\/jschupp\/files\/2020\/09\/J-Schupp_Kurz-Bio_2020.pdf\">Kurz-Bio<\/a><\/li>\n\n\n\n<li><a href=\"https:\/\/www.diw.de\/documents\/dokumentenarchiv\/17\/diw_01.c.37381.de\/diwcvlong_de_jschupp.pdf\" target=\"_blank\" rel=\"noreferrer noopener\">CV_2023<\/a><\/li>\n\n\n\n<li><a href=\"https:\/\/userblogs.fu-berlin.de\/jschupp\/files\/2020\/10\/2020_10_Standardised-CV-Schupp.pdf\">CV as PDF (english)<\/a><\/li>\n<\/ul>\n\n\n\n<div class=\"wp-block-group\"><div class=\"wp-block-group__inner-container is-layout-flow wp-block-group-is-layout-flow\"><\/div><\/div>\n\n\n\n<hr class=\"wp-block-separator has-alpha-channel-opacity\" \/>\n\n\n\n<ul class=\"wp-block-list\">\n<li><strong><span style=\"font-family: Arial;font-size: small\">Ver\u00f6ffentlichungen<\/span><\/strong><\/li>\n\n\n\n<li><span style=\"font-family: Arial;font-size: small\"><a href=\"http:\/\/www.scopus.com\/authid\/detail.url?authorId=24069339300\" target=\"_blank\" rel=\"noopener noreferrer\">Scopus-Profile (SSCI)<\/a><\/span><\/li>\n\n\n\n<li><span style=\"font-family: Arial;font-size: small\"><a href=\"http:\/\/orcid.org\/0000-0001-5273-643X\" target=\"_blank\" rel=\"noopener noreferrer\">Orcid-ID<\/a><\/span><\/li>\n\n\n\n<li><span style=\"font-family: Arial;font-size: small\"><a href=\"http:\/\/www.researcherid.com\/rid\/D-2721-2011\" target=\"_blank\" rel=\"noopener noreferrer\">Researcher-ID ISI Web of Science (Thomson)\u00a0<\/a><\/span><\/li>\n\n\n\n<li><span style=\"font-family: Arial;font-size: small\"><a href=\"https:\/\/authors.repec.org\/pro\/psc174\/\">downloadbare Research-papers (repec)<\/a><\/span><\/li>\n\n\n\n<li><span style=\"font-family: Arial;font-size: small\"><a href=\"http:\/\/ssrn.com\/author=102306\" target=\"_blank\" rel=\"noopener noreferrer\">downloadbare Research-papers (SSRN)<\/a><\/span><\/li>\n\n\n\n<li><span style=\"font-family: Arial;font-size: small\"><a href=\"http:\/\/scholar.google.de\/citations?user=0Xl_7oUAAAAJ&amp;hl=de\" target=\"_blank\" rel=\"noopener noreferrer\">J\u00fcrgen Schupp bei Google Scholar<\/a><\/span><\/li>\n\n\n\n<li><span style=\"font-family: Arial;font-size: small\"><a href=\"http:\/\/academic.research.microsoft.com\/Author\/13302601\/jurgen-schupp?query=J%u00fcrgen%20Schupp\" target=\"_blank\" rel=\"noopener noreferrer\">J\u00fcrgen Schupp bei Microsoft Academics<\/a><\/span><\/li>\n\n\n\n<li><span style=\"font-family: Arial;font-size: small\"><a href=\"http:\/\/www.researchgate.net\/profile\/Juergen_Schupp\/\" target=\"_blank\" rel=\"noopener noreferrer\">J\u00fcrgen Schupp bei ResearchGate<\/a><\/span><\/li>\n\n\n\n<li><span style=\"font-family: Arial;font-size: small\"><a href=\"https:\/\/authors.econbiz.de\/111343453\" target=\"_blank\" rel=\"noopener noreferrer\">J\u00fcrgen Schupp bei EconBiz<\/a><\/span><\/li>\n\n\n\n<li><span style=\"font-family: Arial;font-size: small\"><a href=\"https:\/\/portal.d-nb.de\/opac.htm?query=atr%3D111343453++&amp;method=simpleSearch\" target=\"_blank\" rel=\"noopener noreferrer\">Deutsche Nationalbibliothek (DNB)<\/a><\/span><\/li>\n\n\n\n<li><strong>Kontakt<\/strong><\/li>\n\n\n\n<li><span style=\"font-family: Arial;font-size: small\">email &#8211; dienstlich\/DIW: <\/span><a href=\"mailto:jschupp@diw.de\"><span style=\"font-family: Arial;font-size: small\">jschupp@diw.de<\/span><\/a><\/li>\n\n\n\n<li>email &#8211; Lehre\/FU: <a href=\"mailto:j.schupp@fu-berlin.de\"><span style=\"font-family: Arial;font-size: small\">j.schupp@fu-berlin.de<\/span><\/a><\/li>\n\n\n\n<li><span style=\"font-family: Arial;font-size: small\">email &#8211; privat: <\/span><a href=\"mailto:Juergen.Schupp@T-Online.de\"><span style=\"font-family: Arial;font-size: small\">Juergen.Schupp@T-Online.de<\/span><\/a><\/li>\n\n\n\n<li><strong>Adresse<\/strong><\/li>\n\n\n\n<li><span style=\"font-family: Arial;font-size: small\">DIW Berlin<br>Sozio-oekonomisches Panel (SOEP)<br>Anton-Wilhelm-Amo Stra\u00dfe 58<br>D-10117<br><\/span><a href=\"https:\/\/www.tip-berlin.de\"><span style=\"font-family: Arial;font-size: small\">BERLIN<\/span><\/a><span style=\"font-family: Arial;font-size: small\"><br>Deutschland\u00a0<\/span><\/li>\n\n\n\n<li>FU Berlin<br>Institut f\u00fcr Soziologie<br>Garystra\u00dfe 55<br>14195 Berlin<\/li>\n<\/ul>\n\n\n\n<p><a href=\"https:\/\/sites.google.com\/view\/jschupp\/startseite\/vita\">CV auf Google-Sites<\/a><\/p>\n","protected":false},"excerpt":{"rendered":"<p>J\u00fcrgen Schupp, geb. am 12.1.1956 in Griesheim,\u00a0 Prof. Dr. rer. soc., ist Wissenschaftler (Honorary Fellow) der forschungsbasierten Infrastruktureinrichtung Sozio-oekonomisches Panel (SOEP) am Deutschen Institut f\u00fcr Wirtschaftsforschung (DIW Berlin) und war bis ziu seinem Ruhestand (2022) gemeinsam mit der Freien Universit\u00e4t &hellip; <a href=\"https:\/\/userblogs.fu-berlin.de\/jschupp\/vita\/\">Weiterlesen <span class=\"meta-nav\">&rarr;<\/span><\/a><\/p>\n","protected":false},"author":2039,"featured_media":0,"parent":0,"menu_order":2,"comment_status":"open","ping_status":"open","template":"","meta":{"footnotes":""},"class_list":["post-54","page","type-page","status-publish","hentry"],"_links":{"self":[{"href":"https:\/\/userblogs.fu-berlin.de\/jschupp\/wp-json\/wp\/v2\/pages\/54","targetHints":{"allow":["GET"]}}],"collection":[{"href":"https:\/\/userblogs.fu-berlin.de\/jschupp\/wp-json\/wp\/v2\/pages"}],"about":[{"href":"https:\/\/userblogs.fu-berlin.de\/jschupp\/wp-json\/wp\/v2\/types\/page"}],"author":[{"embeddable":true,"href":"https:\/\/userblogs.fu-berlin.de\/jschupp\/wp-json\/wp\/v2\/users\/2039"}],"replies":[{"embeddable":true,"href":"https:\/\/userblogs.fu-berlin.de\/jschupp\/wp-json\/wp\/v2\/comments?post=54"}],"version-history":[{"count":108,"href":"https:\/\/userblogs.fu-berlin.de\/jschupp\/wp-json\/wp\/v2\/pages\/54\/revisions"}],"predecessor-version":[{"id":1980,"href":"https:\/\/userblogs.fu-berlin.de\/jschupp\/wp-json\/wp\/v2\/pages\/54\/revisions\/1980"}],"wp:attachment":[{"href":"https:\/\/userblogs.fu-berlin.de\/jschupp\/wp-json\/wp\/v2\/media?parent=54"}],"curies":[{"name":"wp","href":"https:\/\/api.w.org\/{rel}","templated":true}]}}